{"id":433,"date":"2024-01-31T22:31:43","date_gmt":"2024-01-31T22:31:43","guid":{"rendered":"https:\/\/colecalatrava.es\/?page_id=433"},"modified":"2026-04-29T08:44:55","modified_gmt":"2026-04-29T08:44:55","slug":"actividades-complementarias","status":"publish","type":"page","link":"https:\/\/colecalatrava.es\/?page_id=433","title":{"rendered":"ACTIVIDADES COMPLEMENTARIAS"},"content":{"rendered":"\n<p><mark style=\"background-color:rgba(0, 0, 0, 0)\" class=\"has-inline-color has-vivid-cyan-blue-color\">CURSO 25\/26<\/mark><\/p>\n\n\n\n<p><strong><em><mark style=\"background-color:rgba(0, 0, 0, 0)\" class=\"has-inline-color has-vivid-red-color\">D\u00cdA DEL LIBRO <\/mark><\/em><\/strong>(23 de abril)<\/p>\n\n\n\n<p>De nuevo celebramos este d\u00eda con diversas actividades. <\/p>\n\n\n\n<p>En Infantil y 1\u00ba ciclo de Primaria, se han organizado distintas estaciones de lectura por la que han ido pasado los distintos grupos que han formado las tutoras mezclando las clases. Se han le\u00eddo cuentos como \u00abEl Gr\u00fafalo\u00bb, \u00abEl cazo de Lorenzo\u00bb, &#8230; Adem\u00e1s, han desarrollado un taller con un cuelgapuertas conmemorativo de este d\u00eda. <\/p>\n\n\n\n<figure class=\"wp-block-gallery has-nested-images columns-default is-cropped wp-block-gallery-1 is-layout-flex wp-block-gallery-is-layout-flex\">\n<figure class=\"wp-block-image size-large\"><img loading=\"lazy\" decoding=\"async\" width=\"1024\" height=\"472\" data-id=\"2367\" src=\"https:\/\/colecalatrava.es\/wp-content\/uploads\/2026\/04\/PHOTO-2026-04-23-15-49-55-1024x472.jpg\" alt=\"\" class=\"wp-image-2367\" srcset=\"https:\/\/colecalatrava.es\/wp-content\/uploads\/2026\/04\/PHOTO-2026-04-23-15-49-55-1024x472.jpg 1024w, https:\/\/colecalatrava.es\/wp-content\/uploads\/2026\/04\/PHOTO-2026-04-23-15-49-55-300x138.jpg 300w, https:\/\/colecalatrava.es\/wp-content\/uploads\/2026\/04\/PHOTO-2026-04-23-15-49-55-768x354.jpg 768w, https:\/\/colecalatrava.es\/wp-content\/uploads\/2026\/04\/PHOTO-2026-04-23-15-49-55-1536x708.jpg 1536w, https:\/\/colecalatrava.es\/wp-content\/uploads\/2026\/04\/PHOTO-2026-04-23-15-49-55.jpg 1600w\" sizes=\"auto, (max-width: 1024px) 100vw, 1024px\" \/><\/figure>\n\n\n\n<figure class=\"wp-block-image size-large\"><img loading=\"lazy\" decoding=\"async\" width=\"1024\" height=\"768\" data-id=\"2364\" src=\"https:\/\/colecalatrava.es\/wp-content\/uploads\/2026\/04\/PHOTO-2026-04-23-19-03-48-1024x768.jpg\" alt=\"\" class=\"wp-image-2364\" srcset=\"https:\/\/colecalatrava.es\/wp-content\/uploads\/2026\/04\/PHOTO-2026-04-23-19-03-48-1024x768.jpg 1024w, https:\/\/colecalatrava.es\/wp-content\/uploads\/2026\/04\/PHOTO-2026-04-23-19-03-48-300x225.jpg 300w, https:\/\/colecalatrava.es\/wp-content\/uploads\/2026\/04\/PHOTO-2026-04-23-19-03-48-768x576.jpg 768w, https:\/\/colecalatrava.es\/wp-content\/uploads\/2026\/04\/PHOTO-2026-04-23-19-03-48-1536x1152.jpg 1536w, https:\/\/colecalatrava.es\/wp-content\/uploads\/2026\/04\/PHOTO-2026-04-23-19-03-48.jpg 2000w\" sizes=\"auto, (max-width: 1024px) 100vw, 1024px\" \/><\/figure>\n\n\n\n<figure class=\"wp-block-image size-large\"><img loading=\"lazy\" decoding=\"async\" width=\"1024\" height=\"576\" data-id=\"2373\" src=\"https:\/\/colecalatrava.es\/wp-content\/uploads\/2026\/04\/PHOTO-2026-04-23-15-31-21-1024x576.jpg\" alt=\"\" class=\"wp-image-2373\" srcset=\"https:\/\/colecalatrava.es\/wp-content\/uploads\/2026\/04\/PHOTO-2026-04-23-15-31-21-1024x576.jpg 1024w, https:\/\/colecalatrava.es\/wp-content\/uploads\/2026\/04\/PHOTO-2026-04-23-15-31-21-300x169.jpg 300w, https:\/\/colecalatrava.es\/wp-content\/uploads\/2026\/04\/PHOTO-2026-04-23-15-31-21-768x432.jpg 768w, https:\/\/colecalatrava.es\/wp-content\/uploads\/2026\/04\/PHOTO-2026-04-23-15-31-21-1536x864.jpg 1536w, https:\/\/colecalatrava.es\/wp-content\/uploads\/2026\/04\/PHOTO-2026-04-23-15-31-21.jpg 1599w\" sizes=\"auto, (max-width: 1024px) 100vw, 1024px\" \/><\/figure>\n\n\n\n<figure class=\"wp-block-image size-large\"><img loading=\"lazy\" decoding=\"async\" width=\"640\" height=\"287\" data-id=\"2375\" src=\"https:\/\/colecalatrava.es\/wp-content\/uploads\/2026\/04\/PHOTO-2026-04-23-15-31-16.jpg\" alt=\"\" class=\"wp-image-2375\" srcset=\"https:\/\/colecalatrava.es\/wp-content\/uploads\/2026\/04\/PHOTO-2026-04-23-15-31-16.jpg 640w, https:\/\/colecalatrava.es\/wp-content\/uploads\/2026\/04\/PHOTO-2026-04-23-15-31-16-300x135.jpg 300w\" sizes=\"auto, (max-width: 640px) 100vw, 640px\" \/><\/figure>\n\n\n\n<figure class=\"wp-block-image size-large\"><img loading=\"lazy\" decoding=\"async\" width=\"1024\" height=\"768\" data-id=\"2372\" src=\"https:\/\/colecalatrava.es\/wp-content\/uploads\/2026\/04\/PHOTO-2026-04-23-15-34-51-1024x768.jpg\" alt=\"\" class=\"wp-image-2372\" srcset=\"https:\/\/colecalatrava.es\/wp-content\/uploads\/2026\/04\/PHOTO-2026-04-23-15-34-51-1024x768.jpg 1024w, https:\/\/colecalatrava.es\/wp-content\/uploads\/2026\/04\/PHOTO-2026-04-23-15-34-51-300x225.jpg 300w, https:\/\/colecalatrava.es\/wp-content\/uploads\/2026\/04\/PHOTO-2026-04-23-15-34-51-768x576.jpg 768w, https:\/\/colecalatrava.es\/wp-content\/uploads\/2026\/04\/PHOTO-2026-04-23-15-34-51-1536x1152.jpg 1536w, https:\/\/colecalatrava.es\/wp-content\/uploads\/2026\/04\/PHOTO-2026-04-23-15-34-51.jpg 1600w\" sizes=\"auto, (max-width: 1024px) 100vw, 1024px\" \/><\/figure>\n\n\n\n<figure class=\"wp-block-image size-large\"><img loading=\"lazy\" decoding=\"async\" width=\"1024\" height=\"473\" data-id=\"2368\" src=\"https:\/\/colecalatrava.es\/wp-content\/uploads\/2026\/04\/PHOTO-2026-04-23-15-39-51-1024x473.jpg\" alt=\"\" class=\"wp-image-2368\" srcset=\"https:\/\/colecalatrava.es\/wp-content\/uploads\/2026\/04\/PHOTO-2026-04-23-15-39-51-1024x473.jpg 1024w, https:\/\/colecalatrava.es\/wp-content\/uploads\/2026\/04\/PHOTO-2026-04-23-15-39-51-300x139.jpg 300w, https:\/\/colecalatrava.es\/wp-content\/uploads\/2026\/04\/PHOTO-2026-04-23-15-39-51-768x355.jpg 768w, https:\/\/colecalatrava.es\/wp-content\/uploads\/2026\/04\/PHOTO-2026-04-23-15-39-51-1536x709.jpg 1536w, https:\/\/colecalatrava.es\/wp-content\/uploads\/2026\/04\/PHOTO-2026-04-23-15-39-51.jpg 2040w\" sizes=\"auto, (max-width: 1024px) 100vw, 1024px\" \/><\/figure>\n\n\n\n<figure class=\"wp-block-image size-large\"><img loading=\"lazy\" decoding=\"async\" width=\"472\" height=\"1024\" data-id=\"2366\" src=\"https:\/\/colecalatrava.es\/wp-content\/uploads\/2026\/04\/PHOTO-2026-04-23-15-49-57-472x1024.jpg\" alt=\"\" class=\"wp-image-2366\" srcset=\"https:\/\/colecalatrava.es\/wp-content\/uploads\/2026\/04\/PHOTO-2026-04-23-15-49-57-472x1024.jpg 472w, https:\/\/colecalatrava.es\/wp-content\/uploads\/2026\/04\/PHOTO-2026-04-23-15-49-57-138x300.jpg 138w, https:\/\/colecalatrava.es\/wp-content\/uploads\/2026\/04\/PHOTO-2026-04-23-15-49-57-708x1536.jpg 708w, https:\/\/colecalatrava.es\/wp-content\/uploads\/2026\/04\/PHOTO-2026-04-23-15-49-57.jpg 738w\" sizes=\"auto, (max-width: 472px) 100vw, 472px\" \/><\/figure>\n\n\n\n<figure class=\"wp-block-image size-large\"><img loading=\"lazy\" decoding=\"async\" width=\"1024\" height=\"460\" data-id=\"2374\" src=\"https:\/\/colecalatrava.es\/wp-content\/uploads\/2026\/04\/PHOTO-2026-04-23-15-31-16-1-1024x460.jpg\" alt=\"\" class=\"wp-image-2374\" srcset=\"https:\/\/colecalatrava.es\/wp-content\/uploads\/2026\/04\/PHOTO-2026-04-23-15-31-16-1-1024x460.jpg 1024w, https:\/\/colecalatrava.es\/wp-content\/uploads\/2026\/04\/PHOTO-2026-04-23-15-31-16-1-300x135.jpg 300w, https:\/\/colecalatrava.es\/wp-content\/uploads\/2026\/04\/PHOTO-2026-04-23-15-31-16-1-768x345.jpg 768w, https:\/\/colecalatrava.es\/wp-content\/uploads\/2026\/04\/PHOTO-2026-04-23-15-31-16-1-1536x689.jpg 1536w, https:\/\/colecalatrava.es\/wp-content\/uploads\/2026\/04\/PHOTO-2026-04-23-15-31-16-1.jpg 1640w\" sizes=\"auto, (max-width: 1024px) 100vw, 1024px\" \/><\/figure>\n\n\n\n<figure class=\"wp-block-image size-large\"><img loading=\"lazy\" decoding=\"async\" width=\"1024\" height=\"460\" data-id=\"2376\" src=\"https:\/\/colecalatrava.es\/wp-content\/uploads\/2026\/04\/PHOTO-2026-04-23-15-31-15-1024x460.jpg\" alt=\"\" class=\"wp-image-2376\" srcset=\"https:\/\/colecalatrava.es\/wp-content\/uploads\/2026\/04\/PHOTO-2026-04-23-15-31-15-1024x460.jpg 1024w, https:\/\/colecalatrava.es\/wp-content\/uploads\/2026\/04\/PHOTO-2026-04-23-15-31-15-300x135.jpg 300w, https:\/\/colecalatrava.es\/wp-content\/uploads\/2026\/04\/PHOTO-2026-04-23-15-31-15-768x345.jpg 768w, https:\/\/colecalatrava.es\/wp-content\/uploads\/2026\/04\/PHOTO-2026-04-23-15-31-15-1536x689.jpg 1536w, https:\/\/colecalatrava.es\/wp-content\/uploads\/2026\/04\/PHOTO-2026-04-23-15-31-15.jpg 1640w\" sizes=\"auto, (max-width: 1024px) 100vw, 1024px\" \/><\/figure>\n<\/figure>\n\n\n\n<p>El 2\u00ba ciclo de E. primaria ha realizado un picnic literario en el parque del Carmen. Los cursos de quinto la han desarrollado en el parque conocido como \u00abla tirolina\u00bb.  Nuestros\/as chicos\/as se han llevado toallas de playa y mantas para realizar la actividad c\u00f3modamente. Primero han desayunado, para despu\u00e9s escuchar historias relatadas por padres, abuelos, &#8230; que no han querido perderse esta actividad. <\/p>\n\n\n\n<figure class=\"wp-block-gallery has-nested-images columns-default is-cropped wp-block-gallery-2 is-layout-flex wp-block-gallery-is-layout-flex\">\n<figure class=\"wp-block-image size-large\"><img loading=\"lazy\" decoding=\"async\" width=\"640\" height=\"360\" data-id=\"2352\" src=\"https:\/\/colecalatrava.es\/wp-content\/uploads\/2026\/04\/PHOTO-2026-04-23-17-16-05-2.jpg\" alt=\"\" class=\"wp-image-2352\" srcset=\"https:\/\/colecalatrava.es\/wp-content\/uploads\/2026\/04\/PHOTO-2026-04-23-17-16-05-2.jpg 640w, https:\/\/colecalatrava.es\/wp-content\/uploads\/2026\/04\/PHOTO-2026-04-23-17-16-05-2-300x169.jpg 300w\" sizes=\"auto, (max-width: 640px) 100vw, 640px\" \/><\/figure>\n\n\n\n<figure class=\"wp-block-image size-large\"><img loading=\"lazy\" decoding=\"async\" width=\"640\" height=\"360\" data-id=\"2355\" src=\"https:\/\/colecalatrava.es\/wp-content\/uploads\/2026\/04\/PHOTO-2026-04-23-17-16-04-3.jpg\" alt=\"\" class=\"wp-image-2355\" srcset=\"https:\/\/colecalatrava.es\/wp-content\/uploads\/2026\/04\/PHOTO-2026-04-23-17-16-04-3.jpg 640w, https:\/\/colecalatrava.es\/wp-content\/uploads\/2026\/04\/PHOTO-2026-04-23-17-16-04-3-300x169.jpg 300w\" sizes=\"auto, (max-width: 640px) 100vw, 640px\" \/><\/figure>\n\n\n\n<figure class=\"wp-block-image size-large\"><img loading=\"lazy\" decoding=\"async\" width=\"640\" height=\"360\" data-id=\"2354\" src=\"https:\/\/colecalatrava.es\/wp-content\/uploads\/2026\/04\/PHOTO-2026-04-23-17-16-05.jpg\" alt=\"\" class=\"wp-image-2354\" srcset=\"https:\/\/colecalatrava.es\/wp-content\/uploads\/2026\/04\/PHOTO-2026-04-23-17-16-05.jpg 640w, https:\/\/colecalatrava.es\/wp-content\/uploads\/2026\/04\/PHOTO-2026-04-23-17-16-05-300x169.jpg 300w\" sizes=\"auto, (max-width: 640px) 100vw, 640px\" \/><\/figure>\n\n\n\n<figure class=\"wp-block-image size-large\"><img loading=\"lazy\" decoding=\"async\" width=\"640\" height=\"360\" data-id=\"2353\" src=\"https:\/\/colecalatrava.es\/wp-content\/uploads\/2026\/04\/PHOTO-2026-04-23-17-16-05-1.jpg\" alt=\"\" class=\"wp-image-2353\" srcset=\"https:\/\/colecalatrava.es\/wp-content\/uploads\/2026\/04\/PHOTO-2026-04-23-17-16-05-1.jpg 640w, https:\/\/colecalatrava.es\/wp-content\/uploads\/2026\/04\/PHOTO-2026-04-23-17-16-05-1-300x169.jpg 300w\" sizes=\"auto, (max-width: 640px) 100vw, 640px\" \/><\/figure>\n\n\n\n<figure class=\"wp-block-image size-large\"><img loading=\"lazy\" decoding=\"async\" width=\"640\" height=\"296\" data-id=\"2356\" src=\"https:\/\/colecalatrava.es\/wp-content\/uploads\/2026\/04\/PHOTO-2026-04-23-17-16-04-2.jpg\" alt=\"\" class=\"wp-image-2356\" srcset=\"https:\/\/colecalatrava.es\/wp-content\/uploads\/2026\/04\/PHOTO-2026-04-23-17-16-04-2.jpg 640w, https:\/\/colecalatrava.es\/wp-content\/uploads\/2026\/04\/PHOTO-2026-04-23-17-16-04-2-300x139.jpg 300w\" sizes=\"auto, (max-width: 640px) 100vw, 640px\" \/><\/figure>\n\n\n\n<figure class=\"wp-block-image size-large\"><img loading=\"lazy\" decoding=\"async\" width=\"640\" height=\"480\" data-id=\"2362\" src=\"https:\/\/colecalatrava.es\/wp-content\/uploads\/2026\/04\/PHOTO-2026-04-23-12-53-24-1.jpg\" alt=\"\" class=\"wp-image-2362\" srcset=\"https:\/\/colecalatrava.es\/wp-content\/uploads\/2026\/04\/PHOTO-2026-04-23-12-53-24-1.jpg 640w, https:\/\/colecalatrava.es\/wp-content\/uploads\/2026\/04\/PHOTO-2026-04-23-12-53-24-1-300x225.jpg 300w\" sizes=\"auto, (max-width: 640px) 100vw, 640px\" \/><\/figure>\n\n\n\n<figure class=\"wp-block-image size-large\"><img loading=\"lazy\" decoding=\"async\" width=\"640\" height=\"480\" data-id=\"2363\" src=\"https:\/\/colecalatrava.es\/wp-content\/uploads\/2026\/04\/PHOTO-2026-04-23-12-53-24.jpg\" alt=\"\" class=\"wp-image-2363\" srcset=\"https:\/\/colecalatrava.es\/wp-content\/uploads\/2026\/04\/PHOTO-2026-04-23-12-53-24.jpg 640w, https:\/\/colecalatrava.es\/wp-content\/uploads\/2026\/04\/PHOTO-2026-04-23-12-53-24-300x225.jpg 300w\" sizes=\"auto, (max-width: 640px) 100vw, 640px\" \/><\/figure>\n\n\n\n<figure class=\"wp-block-image size-large\"><img loading=\"lazy\" decoding=\"async\" width=\"640\" height=\"480\" data-id=\"2361\" src=\"https:\/\/colecalatrava.es\/wp-content\/uploads\/2026\/04\/PHOTO-2026-04-23-12-54-01.jpg\" alt=\"\" class=\"wp-image-2361\" srcset=\"https:\/\/colecalatrava.es\/wp-content\/uploads\/2026\/04\/PHOTO-2026-04-23-12-54-01.jpg 640w, https:\/\/colecalatrava.es\/wp-content\/uploads\/2026\/04\/PHOTO-2026-04-23-12-54-01-300x225.jpg 300w\" sizes=\"auto, (max-width: 640px) 100vw, 640px\" \/><\/figure>\n\n\n\n<figure class=\"wp-block-image size-large\"><img loading=\"lazy\" decoding=\"async\" width=\"640\" height=\"360\" data-id=\"2358\" src=\"https:\/\/colecalatrava.es\/wp-content\/uploads\/2026\/04\/PHOTO-2026-04-23-17-16-04.jpg\" alt=\"\" class=\"wp-image-2358\" srcset=\"https:\/\/colecalatrava.es\/wp-content\/uploads\/2026\/04\/PHOTO-2026-04-23-17-16-04.jpg 640w, https:\/\/colecalatrava.es\/wp-content\/uploads\/2026\/04\/PHOTO-2026-04-23-17-16-04-300x169.jpg 300w\" sizes=\"auto, (max-width: 640px) 100vw, 640px\" \/><\/figure>\n\n\n\n<figure class=\"wp-block-image size-large\"><img loading=\"lazy\" decoding=\"async\" width=\"1024\" height=\"582\" data-id=\"2359\" src=\"https:\/\/colecalatrava.es\/wp-content\/uploads\/2026\/04\/PHOTO-2026-04-23-12-27-21-1024x582.jpg\" alt=\"\" class=\"wp-image-2359\" srcset=\"https:\/\/colecalatrava.es\/wp-content\/uploads\/2026\/04\/PHOTO-2026-04-23-12-27-21-1024x582.jpg 1024w, https:\/\/colecalatrava.es\/wp-content\/uploads\/2026\/04\/PHOTO-2026-04-23-12-27-21-300x170.jpg 300w, https:\/\/colecalatrava.es\/wp-content\/uploads\/2026\/04\/PHOTO-2026-04-23-12-27-21-768x436.jpg 768w, https:\/\/colecalatrava.es\/wp-content\/uploads\/2026\/04\/PHOTO-2026-04-23-12-27-21.jpg 1500w\" sizes=\"auto, (max-width: 1024px) 100vw, 1024px\" \/><\/figure>\n\n\n\n<figure class=\"wp-block-image size-large\"><img loading=\"lazy\" decoding=\"async\" width=\"640\" height=\"480\" data-id=\"2360\" src=\"https:\/\/colecalatrava.es\/wp-content\/uploads\/2026\/04\/PHOTO-2026-04-23-12-54-19.jpg\" alt=\"\" class=\"wp-image-2360\" srcset=\"https:\/\/colecalatrava.es\/wp-content\/uploads\/2026\/04\/PHOTO-2026-04-23-12-54-19.jpg 640w, https:\/\/colecalatrava.es\/wp-content\/uploads\/2026\/04\/PHOTO-2026-04-23-12-54-19-300x225.jpg 300w\" sizes=\"auto, (max-width: 640px) 100vw, 640px\" \/><\/figure>\n\n\n\n<figure class=\"wp-block-image size-large\"><img loading=\"lazy\" decoding=\"async\" width=\"1024\" height=\"472\" data-id=\"2357\" src=\"https:\/\/colecalatrava.es\/wp-content\/uploads\/2026\/04\/PHOTO-2026-04-23-17-16-04-1-1024x472.jpg\" alt=\"\" class=\"wp-image-2357\" srcset=\"https:\/\/colecalatrava.es\/wp-content\/uploads\/2026\/04\/PHOTO-2026-04-23-17-16-04-1-1024x472.jpg 1024w, https:\/\/colecalatrava.es\/wp-content\/uploads\/2026\/04\/PHOTO-2026-04-23-17-16-04-1-300x138.jpg 300w, https:\/\/colecalatrava.es\/wp-content\/uploads\/2026\/04\/PHOTO-2026-04-23-17-16-04-1-768x354.jpg 768w, https:\/\/colecalatrava.es\/wp-content\/uploads\/2026\/04\/PHOTO-2026-04-23-17-16-04-1-1536x708.jpg 1536w, https:\/\/colecalatrava.es\/wp-content\/uploads\/2026\/04\/PHOTO-2026-04-23-17-16-04-1.jpg 2000w\" sizes=\"auto, (max-width: 1024px) 100vw, 1024px\" \/><\/figure>\n\n\n\n<figure class=\"wp-block-image size-large\"><img loading=\"lazy\" decoding=\"async\" width=\"1024\" height=\"582\" data-id=\"2365\" src=\"https:\/\/colecalatrava.es\/wp-content\/uploads\/2026\/04\/PHOTO-2026-04-23-16-02-42-1024x582.jpg\" alt=\"\" class=\"wp-image-2365\" srcset=\"https:\/\/colecalatrava.es\/wp-content\/uploads\/2026\/04\/PHOTO-2026-04-23-16-02-42-1024x582.jpg 1024w, https:\/\/colecalatrava.es\/wp-content\/uploads\/2026\/04\/PHOTO-2026-04-23-16-02-42-300x170.jpg 300w, https:\/\/colecalatrava.es\/wp-content\/uploads\/2026\/04\/PHOTO-2026-04-23-16-02-42-768x436.jpg 768w, https:\/\/colecalatrava.es\/wp-content\/uploads\/2026\/04\/PHOTO-2026-04-23-16-02-42.jpg 1500w\" sizes=\"auto, (max-width: 1024px) 100vw, 1024px\" \/><\/figure>\n<\/figure>\n\n\n\n<p>Nuestro alumnado de sexto ha participado en un actividad de \u00abEl Quijote\u00bb organizada por el Ayuntamiento en el teatro Ayala. Se han le\u00eddo y teatralizado algunos pasajes de dicho texto. <\/p>\n\n\n\n<figure class=\"wp-block-gallery has-nested-images columns-default is-cropped wp-block-gallery-3 is-layout-flex wp-block-gallery-is-layout-flex\">\n<figure class=\"wp-block-image size-large\"><img loading=\"lazy\" decoding=\"async\" width=\"1024\" height=\"576\" data-id=\"2370\" src=\"https:\/\/colecalatrava.es\/wp-content\/uploads\/2026\/04\/PHOTO-2026-04-23-15-36-31-1-1024x576.jpg\" alt=\"\" class=\"wp-image-2370\" srcset=\"https:\/\/colecalatrava.es\/wp-content\/uploads\/2026\/04\/PHOTO-2026-04-23-15-36-31-1-1024x576.jpg 1024w, https:\/\/colecalatrava.es\/wp-content\/uploads\/2026\/04\/PHOTO-2026-04-23-15-36-31-1-300x169.jpg 300w, https:\/\/colecalatrava.es\/wp-content\/uploads\/2026\/04\/PHOTO-2026-04-23-15-36-31-1-768x432.jpg 768w, https:\/\/colecalatrava.es\/wp-content\/uploads\/2026\/04\/PHOTO-2026-04-23-15-36-31-1-1536x864.jpg 1536w, https:\/\/colecalatrava.es\/wp-content\/uploads\/2026\/04\/PHOTO-2026-04-23-15-36-31-1.jpg 1599w\" sizes=\"auto, (max-width: 1024px) 100vw, 1024px\" \/><\/figure>\n\n\n\n<figure class=\"wp-block-image size-large\"><img loading=\"lazy\" decoding=\"async\" width=\"1024\" height=\"576\" data-id=\"2371\" src=\"https:\/\/colecalatrava.es\/wp-content\/uploads\/2026\/04\/PHOTO-2026-04-23-15-36-31-1024x576.jpg\" alt=\"\" class=\"wp-image-2371\" srcset=\"https:\/\/colecalatrava.es\/wp-content\/uploads\/2026\/04\/PHOTO-2026-04-23-15-36-31-1024x576.jpg 1024w, https:\/\/colecalatrava.es\/wp-content\/uploads\/2026\/04\/PHOTO-2026-04-23-15-36-31-300x169.jpg 300w, https:\/\/colecalatrava.es\/wp-content\/uploads\/2026\/04\/PHOTO-2026-04-23-15-36-31-768x432.jpg 768w, https:\/\/colecalatrava.es\/wp-content\/uploads\/2026\/04\/PHOTO-2026-04-23-15-36-31-1536x864.jpg 1536w, https:\/\/colecalatrava.es\/wp-content\/uploads\/2026\/04\/PHOTO-2026-04-23-15-36-31.jpg 1599w\" sizes=\"auto, (max-width: 1024px) 100vw, 1024px\" \/><\/figure>\n\n\n\n<figure class=\"wp-block-image size-large\"><img loading=\"lazy\" decoding=\"async\" width=\"1024\" height=\"576\" data-id=\"2369\" src=\"https:\/\/colecalatrava.es\/wp-content\/uploads\/2026\/04\/PHOTO-2026-04-23-15-36-33-1024x576.jpg\" alt=\"\" class=\"wp-image-2369\" srcset=\"https:\/\/colecalatrava.es\/wp-content\/uploads\/2026\/04\/PHOTO-2026-04-23-15-36-33-1024x576.jpg 1024w, https:\/\/colecalatrava.es\/wp-content\/uploads\/2026\/04\/PHOTO-2026-04-23-15-36-33-300x169.jpg 300w, https:\/\/colecalatrava.es\/wp-content\/uploads\/2026\/04\/PHOTO-2026-04-23-15-36-33-768x432.jpg 768w, https:\/\/colecalatrava.es\/wp-content\/uploads\/2026\/04\/PHOTO-2026-04-23-15-36-33-1536x864.jpg 1536w, https:\/\/colecalatrava.es\/wp-content\/uploads\/2026\/04\/PHOTO-2026-04-23-15-36-33.jpg 1599w\" sizes=\"auto, (max-width: 1024px) 100vw, 1024px\" \/><\/figure>\n<\/figure>\n\n\n\n<p><strong><em><mark style=\"background-color:rgba(0, 0, 0, 0)\" class=\"has-inline-color has-vivid-red-color\">EXCURSI\u00d3N A SEG\u00d3BRIGA\/BELMONTE <\/mark><\/em><\/strong>(21 de abril)<\/p>\n\n\n\n<p>Nuestro alumnado de 3\u00ba de Primaria ha visitado el castillo de Belmonte y el yacimiento romano de Seg\u00f3briga. <\/p>\n\n\n\n<figure class=\"wp-block-image size-large\"><img loading=\"lazy\" decoding=\"async\" width=\"1024\" height=\"768\" src=\"https:\/\/colecalatrava.es\/wp-content\/uploads\/2026\/04\/PHOTO-2026-04-21-14-01-09-1024x768.jpg\" alt=\"\" class=\"wp-image-2351\" srcset=\"https:\/\/colecalatrava.es\/wp-content\/uploads\/2026\/04\/PHOTO-2026-04-21-14-01-09-1024x768.jpg 1024w, https:\/\/colecalatrava.es\/wp-content\/uploads\/2026\/04\/PHOTO-2026-04-21-14-01-09-300x225.jpg 300w, https:\/\/colecalatrava.es\/wp-content\/uploads\/2026\/04\/PHOTO-2026-04-21-14-01-09-768x576.jpg 768w, https:\/\/colecalatrava.es\/wp-content\/uploads\/2026\/04\/PHOTO-2026-04-21-14-01-09-1536x1152.jpg 1536w, https:\/\/colecalatrava.es\/wp-content\/uploads\/2026\/04\/PHOTO-2026-04-21-14-01-09.jpg 2048w\" sizes=\"auto, (max-width: 1024px) 100vw, 1024px\" \/><\/figure>\n\n\n\n<figure class=\"wp-block-gallery has-nested-images columns-default is-cropped wp-block-gallery-4 is-layout-flex wp-block-gallery-is-layout-flex\">\n<figure class=\"wp-block-image size-large\"><img loading=\"lazy\" decoding=\"async\" width=\"480\" height=\"640\" data-id=\"2349\" src=\"https:\/\/colecalatrava.es\/wp-content\/uploads\/2026\/04\/PHOTO-2026-04-21-14-03-19-1.jpg\" alt=\"\" class=\"wp-image-2349\" srcset=\"https:\/\/colecalatrava.es\/wp-content\/uploads\/2026\/04\/PHOTO-2026-04-21-14-03-19-1.jpg 480w, https:\/\/colecalatrava.es\/wp-content\/uploads\/2026\/04\/PHOTO-2026-04-21-14-03-19-1-225x300.jpg 225w\" sizes=\"auto, (max-width: 480px) 100vw, 480px\" \/><\/figure>\n\n\n\n<figure class=\"wp-block-image size-large\"><img loading=\"lazy\" decoding=\"async\" width=\"480\" height=\"640\" data-id=\"2350\" src=\"https:\/\/colecalatrava.es\/wp-content\/uploads\/2026\/04\/PHOTO-2026-04-21-14-03-19.jpg\" alt=\"\" class=\"wp-image-2350\" srcset=\"https:\/\/colecalatrava.es\/wp-content\/uploads\/2026\/04\/PHOTO-2026-04-21-14-03-19.jpg 480w, https:\/\/colecalatrava.es\/wp-content\/uploads\/2026\/04\/PHOTO-2026-04-21-14-03-19-225x300.jpg 225w\" sizes=\"auto, (max-width: 480px) 100vw, 480px\" \/><\/figure>\n\n\n\n<figure class=\"wp-block-image size-large\"><img loading=\"lazy\" decoding=\"async\" width=\"1024\" height=\"768\" data-id=\"2348\" src=\"https:\/\/colecalatrava.es\/wp-content\/uploads\/2026\/04\/PHOTO-2026-04-21-14-03-19-2-1024x768.jpg\" alt=\"\" class=\"wp-image-2348\" srcset=\"https:\/\/colecalatrava.es\/wp-content\/uploads\/2026\/04\/PHOTO-2026-04-21-14-03-19-2-1024x768.jpg 1024w, https:\/\/colecalatrava.es\/wp-content\/uploads\/2026\/04\/PHOTO-2026-04-21-14-03-19-2-300x225.jpg 300w, https:\/\/colecalatrava.es\/wp-content\/uploads\/2026\/04\/PHOTO-2026-04-21-14-03-19-2-768x576.jpg 768w, https:\/\/colecalatrava.es\/wp-content\/uploads\/2026\/04\/PHOTO-2026-04-21-14-03-19-2-1536x1152.jpg 1536w, https:\/\/colecalatrava.es\/wp-content\/uploads\/2026\/04\/PHOTO-2026-04-21-14-03-19-2.jpg 2048w\" sizes=\"auto, (max-width: 1024px) 100vw, 1024px\" \/><\/figure>\n\n\n\n<figure class=\"wp-block-image size-large\"><img loading=\"lazy\" decoding=\"async\" width=\"480\" height=\"640\" data-id=\"2347\" src=\"https:\/\/colecalatrava.es\/wp-content\/uploads\/2026\/04\/PHOTO-2026-04-21-14-03-20.jpg\" alt=\"\" class=\"wp-image-2347\" srcset=\"https:\/\/colecalatrava.es\/wp-content\/uploads\/2026\/04\/PHOTO-2026-04-21-14-03-20.jpg 480w, https:\/\/colecalatrava.es\/wp-content\/uploads\/2026\/04\/PHOTO-2026-04-21-14-03-20-225x300.jpg 225w\" sizes=\"auto, (max-width: 480px) 100vw, 480px\" \/><\/figure>\n\n\n\n<figure class=\"wp-block-image size-large\"><img loading=\"lazy\" decoding=\"async\" width=\"640\" height=\"480\" data-id=\"2346\" src=\"https:\/\/colecalatrava.es\/wp-content\/uploads\/2026\/04\/PHOTO-2026-04-21-16-09-15.jpg\" alt=\"\" class=\"wp-image-2346\" srcset=\"https:\/\/colecalatrava.es\/wp-content\/uploads\/2026\/04\/PHOTO-2026-04-21-16-09-15.jpg 640w, https:\/\/colecalatrava.es\/wp-content\/uploads\/2026\/04\/PHOTO-2026-04-21-16-09-15-300x225.jpg 300w\" sizes=\"auto, (max-width: 640px) 100vw, 640px\" \/><\/figure>\n\n\n\n<figure class=\"wp-block-image size-large\"><img loading=\"lazy\" decoding=\"async\" width=\"1024\" height=\"529\" data-id=\"2345\" src=\"https:\/\/colecalatrava.es\/wp-content\/uploads\/2026\/04\/PHOTO-2026-04-21-16-23-23-1024x529.jpg\" alt=\"\" class=\"wp-image-2345\" srcset=\"https:\/\/colecalatrava.es\/wp-content\/uploads\/2026\/04\/PHOTO-2026-04-21-16-23-23-1024x529.jpg 1024w, https:\/\/colecalatrava.es\/wp-content\/uploads\/2026\/04\/PHOTO-2026-04-21-16-23-23-300x155.jpg 300w, https:\/\/colecalatrava.es\/wp-content\/uploads\/2026\/04\/PHOTO-2026-04-21-16-23-23-768x397.jpg 768w, https:\/\/colecalatrava.es\/wp-content\/uploads\/2026\/04\/PHOTO-2026-04-21-16-23-23-1536x793.jpg 1536w, https:\/\/colecalatrava.es\/wp-content\/uploads\/2026\/04\/PHOTO-2026-04-21-16-23-23.jpg 1599w\" sizes=\"auto, (max-width: 1024px) 100vw, 1024px\" \/><\/figure>\n<\/figure>\n\n\n\n<p><strong><em><mark style=\"background-color:rgba(0, 0, 0, 0)\" class=\"has-inline-color has-vivid-red-color\">EXCURSI\u00d3N A URDA <\/mark><\/em><\/strong>(20 de abril)<\/p>\n\n\n\n<p>Nuestros chavales de 1\u00ba y 2\u00ba de Primaria se han desplazado a Urda, a \u00abLa Casa de los Forestales\u00bb . All\u00ed han disfrutado de unas jornadas de multiaventura, donde han realizado actividades de equilibrio, juegos tradicionales, escalada, tiro con arco y tirolina. \u00a1Han sido una jornada genial!<\/p>\n\n\n\n<figure class=\"wp-block-image size-full\"><img loading=\"lazy\" decoding=\"async\" width=\"640\" height=\"480\" src=\"https:\/\/colecalatrava.es\/wp-content\/uploads\/2026\/04\/PHOTO-2026-04-21-16-53-02.jpg\" alt=\"\" class=\"wp-image-2382\" srcset=\"https:\/\/colecalatrava.es\/wp-content\/uploads\/2026\/04\/PHOTO-2026-04-21-16-53-02.jpg 640w, https:\/\/colecalatrava.es\/wp-content\/uploads\/2026\/04\/PHOTO-2026-04-21-16-53-02-300x225.jpg 300w\" sizes=\"auto, (max-width: 640px) 100vw, 640px\" \/><\/figure>\n\n\n\n<figure class=\"wp-block-gallery has-nested-images columns-default is-cropped wp-block-gallery-5 is-layout-flex wp-block-gallery-is-layout-flex\">\n<figure class=\"wp-block-image size-large\"><img loading=\"lazy\" decoding=\"async\" width=\"480\" height=\"640\" data-id=\"2381\" src=\"https:\/\/colecalatrava.es\/wp-content\/uploads\/2026\/04\/PHOTO-2026-04-21-16-54-23.jpg\" alt=\"\" class=\"wp-image-2381\" srcset=\"https:\/\/colecalatrava.es\/wp-content\/uploads\/2026\/04\/PHOTO-2026-04-21-16-54-23.jpg 480w, https:\/\/colecalatrava.es\/wp-content\/uploads\/2026\/04\/PHOTO-2026-04-21-16-54-23-225x300.jpg 225w\" sizes=\"auto, (max-width: 480px) 100vw, 480px\" \/><\/figure>\n\n\n\n<figure class=\"wp-block-image size-large\"><img loading=\"lazy\" decoding=\"async\" width=\"1024\" height=\"629\" data-id=\"2380\" src=\"https:\/\/colecalatrava.es\/wp-content\/uploads\/2026\/04\/PHOTO-2026-04-21-17-24-38-1024x629.jpg\" alt=\"\" class=\"wp-image-2380\" srcset=\"https:\/\/colecalatrava.es\/wp-content\/uploads\/2026\/04\/PHOTO-2026-04-21-17-24-38-1024x629.jpg 1024w, https:\/\/colecalatrava.es\/wp-content\/uploads\/2026\/04\/PHOTO-2026-04-21-17-24-38-300x184.jpg 300w, https:\/\/colecalatrava.es\/wp-content\/uploads\/2026\/04\/PHOTO-2026-04-21-17-24-38-768x472.jpg 768w, https:\/\/colecalatrava.es\/wp-content\/uploads\/2026\/04\/PHOTO-2026-04-21-17-24-38.jpg 1534w\" sizes=\"auto, (max-width: 1024px) 100vw, 1024px\" \/><\/figure>\n\n\n\n<figure class=\"wp-block-image size-large\"><img loading=\"lazy\" decoding=\"async\" width=\"1024\" height=\"654\" data-id=\"2379\" src=\"https:\/\/colecalatrava.es\/wp-content\/uploads\/2026\/04\/PHOTO-2026-04-21-17-25-19-1024x654.jpg\" alt=\"\" class=\"wp-image-2379\" srcset=\"https:\/\/colecalatrava.es\/wp-content\/uploads\/2026\/04\/PHOTO-2026-04-21-17-25-19-1024x654.jpg 1024w, https:\/\/colecalatrava.es\/wp-content\/uploads\/2026\/04\/PHOTO-2026-04-21-17-25-19-300x192.jpg 300w, https:\/\/colecalatrava.es\/wp-content\/uploads\/2026\/04\/PHOTO-2026-04-21-17-25-19-768x491.jpg 768w, https:\/\/colecalatrava.es\/wp-content\/uploads\/2026\/04\/PHOTO-2026-04-21-17-25-19.jpg 1443w\" sizes=\"auto, (max-width: 1024px) 100vw, 1024px\" \/><\/figure>\n\n\n\n<figure class=\"wp-block-image size-large\"><img loading=\"lazy\" decoding=\"async\" width=\"480\" height=\"640\" data-id=\"2378\" src=\"https:\/\/colecalatrava.es\/wp-content\/uploads\/2026\/04\/PHOTO-2026-04-21-17-02-13.jpg\" alt=\"\" class=\"wp-image-2378\" srcset=\"https:\/\/colecalatrava.es\/wp-content\/uploads\/2026\/04\/PHOTO-2026-04-21-17-02-13.jpg 480w, https:\/\/colecalatrava.es\/wp-content\/uploads\/2026\/04\/PHOTO-2026-04-21-17-02-13-225x300.jpg 225w\" sizes=\"auto, (max-width: 480px) 100vw, 480px\" \/><\/figure>\n\n\n\n<figure class=\"wp-block-image size-large\"><img loading=\"lazy\" decoding=\"async\" width=\"1024\" height=\"472\" data-id=\"2377\" src=\"https:\/\/colecalatrava.es\/wp-content\/uploads\/2026\/04\/PHOTO-2026-04-21-18-19-50-1024x472.jpg\" alt=\"\" class=\"wp-image-2377\" srcset=\"https:\/\/colecalatrava.es\/wp-content\/uploads\/2026\/04\/PHOTO-2026-04-21-18-19-50-1024x472.jpg 1024w, https:\/\/colecalatrava.es\/wp-content\/uploads\/2026\/04\/PHOTO-2026-04-21-18-19-50-300x138.jpg 300w, https:\/\/colecalatrava.es\/wp-content\/uploads\/2026\/04\/PHOTO-2026-04-21-18-19-50-768x354.jpg 768w, https:\/\/colecalatrava.es\/wp-content\/uploads\/2026\/04\/PHOTO-2026-04-21-18-19-50-1536x708.jpg 1536w, https:\/\/colecalatrava.es\/wp-content\/uploads\/2026\/04\/PHOTO-2026-04-21-18-19-50.jpg 1600w\" sizes=\"auto, (max-width: 1024px) 100vw, 1024px\" \/><\/figure>\n<\/figure>\n\n\n\n<p><strong><em><mark style=\"background-color:rgba(0, 0, 0, 0)\" class=\"has-inline-color has-vivid-red-color\">D\u00cdA DEL AUTISMO <\/mark><\/em><\/strong>(27 de abril)<\/p>\n\n\n\n<p>Un a\u00f1o m\u00e1s conmemoramos este d\u00eda de concienciaci\u00f3n con diferentes actividades, desde un Genially explicativo sobre el autismo para los cursos de 1\u00ba, 2\u00ba, 4\u00ba y 6\u00ba de Primaria, pasando por una especie de escape room para 3\u00ba y 5\u00ba, hasta un fragmento de Barrio S\u00e9samo en la que presenta a una ni\u00f1a con autismo, para finalmente cerrar con la elaboraci\u00f3n de un mural del s\u00edmbolo de infinito&#8230;<\/p>\n\n\n\n<figure class=\"wp-block-gallery has-nested-images columns-default is-cropped wp-block-gallery-6 is-layout-flex wp-block-gallery-is-layout-flex\">\n<figure class=\"wp-block-image size-large\"><img loading=\"lazy\" decoding=\"async\" width=\"459\" height=\"1024\" data-id=\"2231\" src=\"https:\/\/colecalatrava.es\/wp-content\/uploads\/2026\/03\/PHOTO-2026-03-27-13-41-39-459x1024.jpg\" alt=\"\" class=\"wp-image-2231\" srcset=\"https:\/\/colecalatrava.es\/wp-content\/uploads\/2026\/03\/PHOTO-2026-03-27-13-41-39-459x1024.jpg 459w, https:\/\/colecalatrava.es\/wp-content\/uploads\/2026\/03\/PHOTO-2026-03-27-13-41-39-134x300.jpg 134w, https:\/\/colecalatrava.es\/wp-content\/uploads\/2026\/03\/PHOTO-2026-03-27-13-41-39-768x1714.jpg 768w, https:\/\/colecalatrava.es\/wp-content\/uploads\/2026\/03\/PHOTO-2026-03-27-13-41-39-688x1536.jpg 688w, https:\/\/colecalatrava.es\/wp-content\/uploads\/2026\/03\/PHOTO-2026-03-27-13-41-39.jpg 896w\" sizes=\"auto, (max-width: 459px) 100vw, 459px\" \/><\/figure>\n\n\n\n<figure class=\"wp-block-image size-large\"><img loading=\"lazy\" decoding=\"async\" width=\"1024\" height=\"459\" data-id=\"2232\" src=\"https:\/\/colecalatrava.es\/wp-content\/uploads\/2026\/03\/PHOTO-2026-03-27-13-41-38-1024x459.jpg\" alt=\"\" class=\"wp-image-2232\" srcset=\"https:\/\/colecalatrava.es\/wp-content\/uploads\/2026\/03\/PHOTO-2026-03-27-13-41-38-1024x459.jpg 1024w, https:\/\/colecalatrava.es\/wp-content\/uploads\/2026\/03\/PHOTO-2026-03-27-13-41-38-300x134.jpg 300w, https:\/\/colecalatrava.es\/wp-content\/uploads\/2026\/03\/PHOTO-2026-03-27-13-41-38-768x344.jpg 768w, https:\/\/colecalatrava.es\/wp-content\/uploads\/2026\/03\/PHOTO-2026-03-27-13-41-38-1536x688.jpg 1536w, https:\/\/colecalatrava.es\/wp-content\/uploads\/2026\/03\/PHOTO-2026-03-27-13-41-38.jpg 2000w\" sizes=\"auto, (max-width: 1024px) 100vw, 1024px\" \/><\/figure>\n\n\n\n<figure class=\"wp-block-image size-large\"><img loading=\"lazy\" decoding=\"async\" width=\"459\" height=\"1024\" data-id=\"2230\" src=\"https:\/\/colecalatrava.es\/wp-content\/uploads\/2026\/03\/PHOTO-2026-03-27-13-41-39-1-459x1024.jpg\" alt=\"\" class=\"wp-image-2230\" srcset=\"https:\/\/colecalatrava.es\/wp-content\/uploads\/2026\/03\/PHOTO-2026-03-27-13-41-39-1-459x1024.jpg 459w, https:\/\/colecalatrava.es\/wp-content\/uploads\/2026\/03\/PHOTO-2026-03-27-13-41-39-1-134x300.jpg 134w, https:\/\/colecalatrava.es\/wp-content\/uploads\/2026\/03\/PHOTO-2026-03-27-13-41-39-1-768x1714.jpg 768w, https:\/\/colecalatrava.es\/wp-content\/uploads\/2026\/03\/PHOTO-2026-03-27-13-41-39-1-688x1536.jpg 688w, https:\/\/colecalatrava.es\/wp-content\/uploads\/2026\/03\/PHOTO-2026-03-27-13-41-39-1.jpg 896w\" sizes=\"auto, (max-width: 459px) 100vw, 459px\" \/><\/figure>\n\n\n\n<figure class=\"wp-block-image size-large\"><img loading=\"lazy\" decoding=\"async\" width=\"459\" height=\"1024\" data-id=\"2229\" src=\"https:\/\/colecalatrava.es\/wp-content\/uploads\/2026\/03\/PHOTO-2026-03-27-13-41-39-2-459x1024.jpg\" alt=\"\" class=\"wp-image-2229\" srcset=\"https:\/\/colecalatrava.es\/wp-content\/uploads\/2026\/03\/PHOTO-2026-03-27-13-41-39-2-459x1024.jpg 459w, https:\/\/colecalatrava.es\/wp-content\/uploads\/2026\/03\/PHOTO-2026-03-27-13-41-39-2-134x300.jpg 134w, https:\/\/colecalatrava.es\/wp-content\/uploads\/2026\/03\/PHOTO-2026-03-27-13-41-39-2-768x1714.jpg 768w, https:\/\/colecalatrava.es\/wp-content\/uploads\/2026\/03\/PHOTO-2026-03-27-13-41-39-2-688x1536.jpg 688w, https:\/\/colecalatrava.es\/wp-content\/uploads\/2026\/03\/PHOTO-2026-03-27-13-41-39-2.jpg 896w\" sizes=\"auto, (max-width: 459px) 100vw, 459px\" \/><\/figure>\n\n\n\n<figure class=\"wp-block-image size-large\"><img loading=\"lazy\" decoding=\"async\" width=\"1024\" height=\"768\" data-id=\"2225\" src=\"https:\/\/colecalatrava.es\/wp-content\/uploads\/2026\/03\/PHOTO-2026-03-27-13-28-00-1024x768.jpg\" alt=\"\" class=\"wp-image-2225\" srcset=\"https:\/\/colecalatrava.es\/wp-content\/uploads\/2026\/03\/PHOTO-2026-03-27-13-28-00-1024x768.jpg 1024w, https:\/\/colecalatrava.es\/wp-content\/uploads\/2026\/03\/PHOTO-2026-03-27-13-28-00-300x225.jpg 300w, https:\/\/colecalatrava.es\/wp-content\/uploads\/2026\/03\/PHOTO-2026-03-27-13-28-00-768x576.jpg 768w, https:\/\/colecalatrava.es\/wp-content\/uploads\/2026\/03\/PHOTO-2026-03-27-13-28-00-1536x1152.jpg 1536w, https:\/\/colecalatrava.es\/wp-content\/uploads\/2026\/03\/PHOTO-2026-03-27-13-28-00.jpg 2000w\" sizes=\"auto, (max-width: 1024px) 100vw, 1024px\" \/><\/figure>\n\n\n\n<figure class=\"wp-block-image size-large\"><img loading=\"lazy\" decoding=\"async\" width=\"640\" height=\"480\" data-id=\"2223\" src=\"https:\/\/colecalatrava.es\/wp-content\/uploads\/2026\/03\/PHOTO-2026-03-27-13-28-01-1.jpg\" alt=\"\" class=\"wp-image-2223\" srcset=\"https:\/\/colecalatrava.es\/wp-content\/uploads\/2026\/03\/PHOTO-2026-03-27-13-28-01-1.jpg 640w, https:\/\/colecalatrava.es\/wp-content\/uploads\/2026\/03\/PHOTO-2026-03-27-13-28-01-1-300x225.jpg 300w\" sizes=\"auto, (max-width: 640px) 100vw, 640px\" \/><\/figure>\n\n\n\n<figure class=\"wp-block-image size-large\"><img loading=\"lazy\" decoding=\"async\" width=\"640\" height=\"480\" data-id=\"2224\" src=\"https:\/\/colecalatrava.es\/wp-content\/uploads\/2026\/03\/PHOTO-2026-03-27-13-28-01.jpg\" alt=\"\" class=\"wp-image-2224\" srcset=\"https:\/\/colecalatrava.es\/wp-content\/uploads\/2026\/03\/PHOTO-2026-03-27-13-28-01.jpg 640w, https:\/\/colecalatrava.es\/wp-content\/uploads\/2026\/03\/PHOTO-2026-03-27-13-28-01-300x225.jpg 300w\" sizes=\"auto, (max-width: 640px) 100vw, 640px\" \/><\/figure>\n\n\n\n<figure class=\"wp-block-image size-large\"><img loading=\"lazy\" decoding=\"async\" width=\"640\" height=\"480\" data-id=\"2233\" src=\"https:\/\/colecalatrava.es\/wp-content\/uploads\/2026\/03\/PHOTO-2026-03-27-13-29-02.jpg\" alt=\"\" class=\"wp-image-2233\" srcset=\"https:\/\/colecalatrava.es\/wp-content\/uploads\/2026\/03\/PHOTO-2026-03-27-13-29-02.jpg 640w, https:\/\/colecalatrava.es\/wp-content\/uploads\/2026\/03\/PHOTO-2026-03-27-13-29-02-300x225.jpg 300w\" sizes=\"auto, (max-width: 640px) 100vw, 640px\" \/><\/figure>\n<\/figure>\n\n\n\n<p><strong><em><mark style=\"background-color:rgba(0, 0, 0, 0)\" class=\"has-inline-color has-vivid-red-color\">JORNADAS CULTURALES <\/mark><\/em><\/strong><mark style=\"background-color:rgba(0, 0, 0, 0)\" class=\"has-inline-color has-black-color\">(25-26 de marzo)<\/mark><\/p>\n\n\n\n<figure class=\"wp-block-image size-large\"><img loading=\"lazy\" decoding=\"async\" width=\"1024\" height=\"687\" src=\"https:\/\/colecalatrava.es\/wp-content\/uploads\/2026\/03\/CULT-1024x687.png\" alt=\"\" class=\"wp-image-2295\" srcset=\"https:\/\/colecalatrava.es\/wp-content\/uploads\/2026\/03\/CULT-1024x687.png 1024w, https:\/\/colecalatrava.es\/wp-content\/uploads\/2026\/03\/CULT-300x201.png 300w, https:\/\/colecalatrava.es\/wp-content\/uploads\/2026\/03\/CULT-768x515.png 768w, https:\/\/colecalatrava.es\/wp-content\/uploads\/2026\/03\/CULT.png 1416w\" sizes=\"auto, (max-width: 1024px) 100vw, 1024px\" \/><\/figure>\n\n\n\n<p>Aqu\u00ed os dejamos algunas de las actividades de estos d\u00edas en los que nuestro alumnado ha disfrutado un mont\u00f3n!  <\/p>\n\n\n\n<figure class=\"wp-block-gallery has-nested-images columns-default is-cropped wp-block-gallery-7 is-layout-flex wp-block-gallery-is-layout-flex\">\n<figure class=\"wp-block-image size-large\"><img loading=\"lazy\" decoding=\"async\" width=\"640\" height=\"360\" data-id=\"2234\" src=\"https:\/\/colecalatrava.es\/wp-content\/uploads\/2026\/03\/PHOTO-2026-03-25-13-26-40.jpg\" alt=\"\" class=\"wp-image-2234\" srcset=\"https:\/\/colecalatrava.es\/wp-content\/uploads\/2026\/03\/PHOTO-2026-03-25-13-26-40.jpg 640w, https:\/\/colecalatrava.es\/wp-content\/uploads\/2026\/03\/PHOTO-2026-03-25-13-26-40-300x169.jpg 300w\" sizes=\"auto, (max-width: 640px) 100vw, 640px\" \/><\/figure>\n\n\n\n<figure class=\"wp-block-image size-large\"><img loading=\"lazy\" decoding=\"async\" width=\"1024\" height=\"460\" data-id=\"2221\" src=\"https:\/\/colecalatrava.es\/wp-content\/uploads\/2026\/03\/PHOTO-2026-03-25-17-17-47-1-1024x460.jpg\" alt=\"\" class=\"wp-image-2221\" srcset=\"https:\/\/colecalatrava.es\/wp-content\/uploads\/2026\/03\/PHOTO-2026-03-25-17-17-47-1-1024x460.jpg 1024w, https:\/\/colecalatrava.es\/wp-content\/uploads\/2026\/03\/PHOTO-2026-03-25-17-17-47-1-300x135.jpg 300w, https:\/\/colecalatrava.es\/wp-content\/uploads\/2026\/03\/PHOTO-2026-03-25-17-17-47-1-768x345.jpg 768w, https:\/\/colecalatrava.es\/wp-content\/uploads\/2026\/03\/PHOTO-2026-03-25-17-17-47-1-1536x689.jpg 1536w, https:\/\/colecalatrava.es\/wp-content\/uploads\/2026\/03\/PHOTO-2026-03-25-17-17-47-1.jpg 1640w\" sizes=\"auto, (max-width: 1024px) 100vw, 1024px\" \/><\/figure>\n\n\n\n<figure class=\"wp-block-image size-large\"><img loading=\"lazy\" decoding=\"async\" width=\"1024\" height=\"460\" data-id=\"2222\" src=\"https:\/\/colecalatrava.es\/wp-content\/uploads\/2026\/03\/PHOTO-2026-03-25-17-17-47-1024x460.jpg\" alt=\"\" class=\"wp-image-2222\" srcset=\"https:\/\/colecalatrava.es\/wp-content\/uploads\/2026\/03\/PHOTO-2026-03-25-17-17-47-1024x460.jpg 1024w, https:\/\/colecalatrava.es\/wp-content\/uploads\/2026\/03\/PHOTO-2026-03-25-17-17-47-300x135.jpg 300w, https:\/\/colecalatrava.es\/wp-content\/uploads\/2026\/03\/PHOTO-2026-03-25-17-17-47-768x345.jpg 768w, https:\/\/colecalatrava.es\/wp-content\/uploads\/2026\/03\/PHOTO-2026-03-25-17-17-47-1536x690.jpg 1536w, https:\/\/colecalatrava.es\/wp-content\/uploads\/2026\/03\/PHOTO-2026-03-25-17-17-47.jpg 2040w\" sizes=\"auto, (max-width: 1024px) 100vw, 1024px\" \/><\/figure>\n\n\n\n<figure class=\"wp-block-image size-large\"><img loading=\"lazy\" decoding=\"async\" width=\"1024\" height=\"768\" data-id=\"2219\" src=\"https:\/\/colecalatrava.es\/wp-content\/uploads\/2026\/03\/PHOTO-2026-03-25-17-21-32-1024x768.jpg\" alt=\"\" class=\"wp-image-2219\" srcset=\"https:\/\/colecalatrava.es\/wp-content\/uploads\/2026\/03\/PHOTO-2026-03-25-17-21-32-1024x768.jpg 1024w, https:\/\/colecalatrava.es\/wp-content\/uploads\/2026\/03\/PHOTO-2026-03-25-17-21-32-300x225.jpg 300w, https:\/\/colecalatrava.es\/wp-content\/uploads\/2026\/03\/PHOTO-2026-03-25-17-21-32-768x576.jpg 768w, https:\/\/colecalatrava.es\/wp-content\/uploads\/2026\/03\/PHOTO-2026-03-25-17-21-32-1536x1152.jpg 1536w, https:\/\/colecalatrava.es\/wp-content\/uploads\/2026\/03\/PHOTO-2026-03-25-17-21-32.jpg 1600w\" sizes=\"auto, (max-width: 1024px) 100vw, 1024px\" \/><\/figure>\n\n\n\n<figure class=\"wp-block-image size-large\"><img loading=\"lazy\" decoding=\"async\" width=\"1024\" height=\"460\" data-id=\"2220\" src=\"https:\/\/colecalatrava.es\/wp-content\/uploads\/2026\/03\/PHOTO-2026-03-25-17-17-47-2-1024x460.jpg\" alt=\"\" class=\"wp-image-2220\" srcset=\"https:\/\/colecalatrava.es\/wp-content\/uploads\/2026\/03\/PHOTO-2026-03-25-17-17-47-2-1024x460.jpg 1024w, https:\/\/colecalatrava.es\/wp-content\/uploads\/2026\/03\/PHOTO-2026-03-25-17-17-47-2-300x135.jpg 300w, https:\/\/colecalatrava.es\/wp-content\/uploads\/2026\/03\/PHOTO-2026-03-25-17-17-47-2-768x345.jpg 768w, https:\/\/colecalatrava.es\/wp-content\/uploads\/2026\/03\/PHOTO-2026-03-25-17-17-47-2-1536x689.jpg 1536w, https:\/\/colecalatrava.es\/wp-content\/uploads\/2026\/03\/PHOTO-2026-03-25-17-17-47-2.jpg 1640w\" sizes=\"auto, (max-width: 1024px) 100vw, 1024px\" \/><\/figure>\n\n\n\n<figure class=\"wp-block-image size-large\"><img loading=\"lazy\" decoding=\"async\" width=\"1024\" height=\"768\" data-id=\"2218\" src=\"https:\/\/colecalatrava.es\/wp-content\/uploads\/2026\/03\/PHOTO-2026-03-25-17-21-32-1-1024x768.jpg\" alt=\"\" class=\"wp-image-2218\" srcset=\"https:\/\/colecalatrava.es\/wp-content\/uploads\/2026\/03\/PHOTO-2026-03-25-17-21-32-1-1024x768.jpg 1024w, https:\/\/colecalatrava.es\/wp-content\/uploads\/2026\/03\/PHOTO-2026-03-25-17-21-32-1-300x225.jpg 300w, https:\/\/colecalatrava.es\/wp-content\/uploads\/2026\/03\/PHOTO-2026-03-25-17-21-32-1-768x576.jpg 768w, https:\/\/colecalatrava.es\/wp-content\/uploads\/2026\/03\/PHOTO-2026-03-25-17-21-32-1-1536x1152.jpg 1536w, https:\/\/colecalatrava.es\/wp-content\/uploads\/2026\/03\/PHOTO-2026-03-25-17-21-32-1.jpg 1600w\" sizes=\"auto, (max-width: 1024px) 100vw, 1024px\" \/><\/figure>\n\n\n\n<figure class=\"wp-block-image size-large\"><img loading=\"lazy\" decoding=\"async\" width=\"1024\" height=\"768\" data-id=\"2217\" src=\"https:\/\/colecalatrava.es\/wp-content\/uploads\/2026\/03\/PHOTO-2026-03-25-17-21-32-2-1024x768.jpg\" alt=\"\" class=\"wp-image-2217\" srcset=\"https:\/\/colecalatrava.es\/wp-content\/uploads\/2026\/03\/PHOTO-2026-03-25-17-21-32-2-1024x768.jpg 1024w, https:\/\/colecalatrava.es\/wp-content\/uploads\/2026\/03\/PHOTO-2026-03-25-17-21-32-2-300x225.jpg 300w, https:\/\/colecalatrava.es\/wp-content\/uploads\/2026\/03\/PHOTO-2026-03-25-17-21-32-2-768x576.jpg 768w, https:\/\/colecalatrava.es\/wp-content\/uploads\/2026\/03\/PHOTO-2026-03-25-17-21-32-2-1536x1152.jpg 1536w, https:\/\/colecalatrava.es\/wp-content\/uploads\/2026\/03\/PHOTO-2026-03-25-17-21-32-2.jpg 1600w\" sizes=\"auto, (max-width: 1024px) 100vw, 1024px\" \/><\/figure>\n\n\n\n<figure class=\"wp-block-image size-large\"><img loading=\"lazy\" decoding=\"async\" width=\"1024\" height=\"576\" data-id=\"2213\" src=\"https:\/\/colecalatrava.es\/wp-content\/uploads\/2026\/03\/PHOTO-2026-03-25-13-41-22-1024x576.jpg\" alt=\"\" class=\"wp-image-2213\" srcset=\"https:\/\/colecalatrava.es\/wp-content\/uploads\/2026\/03\/PHOTO-2026-03-25-13-41-22-1024x576.jpg 1024w, https:\/\/colecalatrava.es\/wp-content\/uploads\/2026\/03\/PHOTO-2026-03-25-13-41-22-300x169.jpg 300w, https:\/\/colecalatrava.es\/wp-content\/uploads\/2026\/03\/PHOTO-2026-03-25-13-41-22-768x432.jpg 768w, https:\/\/colecalatrava.es\/wp-content\/uploads\/2026\/03\/PHOTO-2026-03-25-13-41-22-1536x864.jpg 1536w, https:\/\/colecalatrava.es\/wp-content\/uploads\/2026\/03\/PHOTO-2026-03-25-13-41-22.jpg 1600w\" sizes=\"auto, (max-width: 1024px) 100vw, 1024px\" \/><\/figure>\n\n\n\n<figure class=\"wp-block-image size-large\"><img loading=\"lazy\" decoding=\"async\" width=\"1024\" height=\"768\" data-id=\"2215\" src=\"https:\/\/colecalatrava.es\/wp-content\/uploads\/2026\/03\/PHOTO-2026-03-25-18-08-13-1024x768.jpg\" alt=\"\" class=\"wp-image-2215\" srcset=\"https:\/\/colecalatrava.es\/wp-content\/uploads\/2026\/03\/PHOTO-2026-03-25-18-08-13-1024x768.jpg 1024w, https:\/\/colecalatrava.es\/wp-content\/uploads\/2026\/03\/PHOTO-2026-03-25-18-08-13-300x225.jpg 300w, https:\/\/colecalatrava.es\/wp-content\/uploads\/2026\/03\/PHOTO-2026-03-25-18-08-13-768x576.jpg 768w, https:\/\/colecalatrava.es\/wp-content\/uploads\/2026\/03\/PHOTO-2026-03-25-18-08-13-1536x1152.jpg 1536w, https:\/\/colecalatrava.es\/wp-content\/uploads\/2026\/03\/PHOTO-2026-03-25-18-08-13.jpg 1600w\" sizes=\"auto, (max-width: 1024px) 100vw, 1024px\" \/><\/figure>\n\n\n\n<figure class=\"wp-block-image size-large\"><img loading=\"lazy\" decoding=\"async\" width=\"1024\" height=\"473\" data-id=\"2214\" src=\"https:\/\/colecalatrava.es\/wp-content\/uploads\/2026\/03\/PHOTO-2026-03-25-15-19-11-1024x473.jpg\" alt=\"\" class=\"wp-image-2214\" srcset=\"https:\/\/colecalatrava.es\/wp-content\/uploads\/2026\/03\/PHOTO-2026-03-25-15-19-11-1024x473.jpg 1024w, https:\/\/colecalatrava.es\/wp-content\/uploads\/2026\/03\/PHOTO-2026-03-25-15-19-11-300x139.jpg 300w, https:\/\/colecalatrava.es\/wp-content\/uploads\/2026\/03\/PHOTO-2026-03-25-15-19-11-768x355.jpg 768w, https:\/\/colecalatrava.es\/wp-content\/uploads\/2026\/03\/PHOTO-2026-03-25-15-19-11-1536x709.jpg 1536w, https:\/\/colecalatrava.es\/wp-content\/uploads\/2026\/03\/PHOTO-2026-03-25-15-19-11.jpg 2040w\" sizes=\"auto, (max-width: 1024px) 100vw, 1024px\" \/><\/figure>\n<\/figure>\n\n\n\n<p><strong><em><mark style=\"background-color:rgba(0, 0, 0, 0)\" class=\"has-inline-color has-vivid-red-color\">CARRERA SOLIDARIA <\/mark><\/em><\/strong><mark style=\"background-color:rgba(0, 0, 0, 0)\" class=\"has-inline-color has-black-color\">(24 de marzo)<\/mark><\/p>\n\n\n\n<p>Este lunes hemos desarrollado por fin la carrera solidaria a beneficio Save the Children. Nuestros\/as alumnos\/as han podido compartir este momento con las familias que han querido acompa\u00f1arles.<\/p>\n\n\n\n<p>Previo a cada carrera, nuestro alumnado ha depositado en la URNA SOLIDARIA el dinero que ha recaudado cada grupo.<\/p>\n\n\n\n<figure class=\"wp-block-gallery has-nested-images columns-default is-cropped wp-block-gallery-8 is-layout-flex wp-block-gallery-is-layout-flex\">\n<figure class=\"wp-block-image size-large\"><img loading=\"lazy\" decoding=\"async\" width=\"480\" height=\"640\" data-id=\"2271\" src=\"https:\/\/colecalatrava.es\/wp-content\/uploads\/2026\/03\/IMG_6642-rotated.jpg\" alt=\"\" class=\"wp-image-2271\" srcset=\"https:\/\/colecalatrava.es\/wp-content\/uploads\/2026\/03\/IMG_6642-rotated.jpg 480w, https:\/\/colecalatrava.es\/wp-content\/uploads\/2026\/03\/IMG_6642-225x300.jpg 225w\" sizes=\"auto, (max-width: 480px) 100vw, 480px\" \/><\/figure>\n\n\n\n<figure class=\"wp-block-image size-large\"><img loading=\"lazy\" decoding=\"async\" width=\"480\" height=\"640\" data-id=\"2267\" src=\"https:\/\/colecalatrava.es\/wp-content\/uploads\/2026\/03\/IMG_6650-rotated.jpg\" alt=\"\" class=\"wp-image-2267\" srcset=\"https:\/\/colecalatrava.es\/wp-content\/uploads\/2026\/03\/IMG_6650-rotated.jpg 480w, https:\/\/colecalatrava.es\/wp-content\/uploads\/2026\/03\/IMG_6650-225x300.jpg 225w\" sizes=\"auto, (max-width: 480px) 100vw, 480px\" \/><\/figure>\n\n\n\n<figure class=\"wp-block-image size-large\"><img loading=\"lazy\" decoding=\"async\" width=\"480\" height=\"640\" data-id=\"2265\" src=\"https:\/\/colecalatrava.es\/wp-content\/uploads\/2026\/03\/IMG_6658.jpg\" alt=\"\" class=\"wp-image-2265\" srcset=\"https:\/\/colecalatrava.es\/wp-content\/uploads\/2026\/03\/IMG_6658.jpg 480w, https:\/\/colecalatrava.es\/wp-content\/uploads\/2026\/03\/IMG_6658-225x300.jpg 225w\" sizes=\"auto, (max-width: 480px) 100vw, 480px\" \/><\/figure>\n\n\n\n<figure class=\"wp-block-image size-large\"><img loading=\"lazy\" decoding=\"async\" width=\"640\" height=\"480\" data-id=\"2260\" src=\"https:\/\/colecalatrava.es\/wp-content\/uploads\/2026\/03\/IMG_6671.jpg\" alt=\"\" class=\"wp-image-2260\" srcset=\"https:\/\/colecalatrava.es\/wp-content\/uploads\/2026\/03\/IMG_6671.jpg 640w, https:\/\/colecalatrava.es\/wp-content\/uploads\/2026\/03\/IMG_6671-300x225.jpg 300w\" sizes=\"auto, (max-width: 640px) 100vw, 640px\" \/><\/figure>\n\n\n\n<figure class=\"wp-block-image size-large\"><img loading=\"lazy\" decoding=\"async\" width=\"480\" height=\"640\" data-id=\"2258\" src=\"https:\/\/colecalatrava.es\/wp-content\/uploads\/2026\/03\/IMG_6677-rotated.jpg\" alt=\"\" class=\"wp-image-2258\" srcset=\"https:\/\/colecalatrava.es\/wp-content\/uploads\/2026\/03\/IMG_6677-rotated.jpg 480w, https:\/\/colecalatrava.es\/wp-content\/uploads\/2026\/03\/IMG_6677-225x300.jpg 225w\" sizes=\"auto, (max-width: 480px) 100vw, 480px\" \/><\/figure>\n\n\n\n<figure class=\"wp-block-image size-large\"><img loading=\"lazy\" decoding=\"async\" width=\"640\" height=\"480\" data-id=\"2255\" src=\"https:\/\/colecalatrava.es\/wp-content\/uploads\/2026\/03\/IMG_6687.jpg\" alt=\"\" class=\"wp-image-2255\" srcset=\"https:\/\/colecalatrava.es\/wp-content\/uploads\/2026\/03\/IMG_6687.jpg 640w, https:\/\/colecalatrava.es\/wp-content\/uploads\/2026\/03\/IMG_6687-300x225.jpg 300w\" sizes=\"auto, (max-width: 640px) 100vw, 640px\" \/><\/figure>\n\n\n\n<figure class=\"wp-block-image size-large\"><img loading=\"lazy\" decoding=\"async\" width=\"640\" height=\"480\" data-id=\"2253\" src=\"https:\/\/colecalatrava.es\/wp-content\/uploads\/2026\/03\/IMG_6693.jpg\" alt=\"\" class=\"wp-image-2253\" srcset=\"https:\/\/colecalatrava.es\/wp-content\/uploads\/2026\/03\/IMG_6693.jpg 640w, https:\/\/colecalatrava.es\/wp-content\/uploads\/2026\/03\/IMG_6693-300x225.jpg 300w\" sizes=\"auto, (max-width: 640px) 100vw, 640px\" \/><\/figure>\n\n\n\n<figure class=\"wp-block-image size-large\"><img loading=\"lazy\" decoding=\"async\" width=\"640\" height=\"480\" data-id=\"2250\" src=\"https:\/\/colecalatrava.es\/wp-content\/uploads\/2026\/03\/IMG_6700.jpg\" alt=\"\" class=\"wp-image-2250\" srcset=\"https:\/\/colecalatrava.es\/wp-content\/uploads\/2026\/03\/IMG_6700.jpg 640w, https:\/\/colecalatrava.es\/wp-content\/uploads\/2026\/03\/IMG_6700-300x225.jpg 300w\" sizes=\"auto, (max-width: 640px) 100vw, 640px\" \/><\/figure>\n\n\n\n<figure class=\"wp-block-image size-large\"><img loading=\"lazy\" decoding=\"async\" width=\"640\" height=\"480\" data-id=\"2247\" src=\"https:\/\/colecalatrava.es\/wp-content\/uploads\/2026\/03\/IMG_6705.jpg\" alt=\"\" class=\"wp-image-2247\" srcset=\"https:\/\/colecalatrava.es\/wp-content\/uploads\/2026\/03\/IMG_6705.jpg 640w, https:\/\/colecalatrava.es\/wp-content\/uploads\/2026\/03\/IMG_6705-300x225.jpg 300w\" sizes=\"auto, (max-width: 640px) 100vw, 640px\" \/><\/figure>\n\n\n\n<figure class=\"wp-block-image size-large\"><img loading=\"lazy\" decoding=\"async\" width=\"640\" height=\"480\" data-id=\"2243\" src=\"https:\/\/colecalatrava.es\/wp-content\/uploads\/2026\/03\/IMG_6715.jpg\" alt=\"\" class=\"wp-image-2243\" srcset=\"https:\/\/colecalatrava.es\/wp-content\/uploads\/2026\/03\/IMG_6715.jpg 640w, https:\/\/colecalatrava.es\/wp-content\/uploads\/2026\/03\/IMG_6715-300x225.jpg 300w\" sizes=\"auto, (max-width: 640px) 100vw, 640px\" \/><\/figure>\n\n\n\n<figure class=\"wp-block-image size-large\"><img loading=\"lazy\" decoding=\"async\" width=\"640\" height=\"480\" data-id=\"2240\" src=\"https:\/\/colecalatrava.es\/wp-content\/uploads\/2026\/03\/IMG_6722.jpg\" alt=\"\" class=\"wp-image-2240\" srcset=\"https:\/\/colecalatrava.es\/wp-content\/uploads\/2026\/03\/IMG_6722.jpg 640w, https:\/\/colecalatrava.es\/wp-content\/uploads\/2026\/03\/IMG_6722-300x225.jpg 300w\" sizes=\"auto, (max-width: 640px) 100vw, 640px\" \/><\/figure>\n\n\n\n<figure class=\"wp-block-image size-large\"><img loading=\"lazy\" decoding=\"async\" width=\"640\" height=\"480\" data-id=\"2239\" src=\"https:\/\/colecalatrava.es\/wp-content\/uploads\/2026\/03\/IMG_6728.jpg\" alt=\"\" class=\"wp-image-2239\" srcset=\"https:\/\/colecalatrava.es\/wp-content\/uploads\/2026\/03\/IMG_6728.jpg 640w, https:\/\/colecalatrava.es\/wp-content\/uploads\/2026\/03\/IMG_6728-300x225.jpg 300w\" sizes=\"auto, (max-width: 640px) 100vw, 640px\" \/><\/figure>\n\n\n\n<figure class=\"wp-block-image size-large\"><img loading=\"lazy\" decoding=\"async\" width=\"640\" height=\"480\" data-id=\"2238\" src=\"https:\/\/colecalatrava.es\/wp-content\/uploads\/2026\/03\/IMG_6730.jpg\" alt=\"\" class=\"wp-image-2238\" srcset=\"https:\/\/colecalatrava.es\/wp-content\/uploads\/2026\/03\/IMG_6730.jpg 640w, https:\/\/colecalatrava.es\/wp-content\/uploads\/2026\/03\/IMG_6730-300x225.jpg 300w\" sizes=\"auto, (max-width: 640px) 100vw, 640px\" \/><\/figure>\n\n\n\n<figure class=\"wp-block-image size-large\"><img loading=\"lazy\" decoding=\"async\" width=\"640\" height=\"480\" data-id=\"2237\" src=\"https:\/\/colecalatrava.es\/wp-content\/uploads\/2026\/03\/IMG_6734.jpg\" alt=\"\" class=\"wp-image-2237\" srcset=\"https:\/\/colecalatrava.es\/wp-content\/uploads\/2026\/03\/IMG_6734.jpg 640w, https:\/\/colecalatrava.es\/wp-content\/uploads\/2026\/03\/IMG_6734-300x225.jpg 300w\" sizes=\"auto, (max-width: 640px) 100vw, 640px\" \/><\/figure>\n\n\n\n<figure class=\"wp-block-image size-large\"><img loading=\"lazy\" decoding=\"async\" width=\"640\" height=\"480\" data-id=\"2236\" src=\"https:\/\/colecalatrava.es\/wp-content\/uploads\/2026\/03\/IMG_6739.jpg\" alt=\"\" class=\"wp-image-2236\" srcset=\"https:\/\/colecalatrava.es\/wp-content\/uploads\/2026\/03\/IMG_6739.jpg 640w, https:\/\/colecalatrava.es\/wp-content\/uploads\/2026\/03\/IMG_6739-300x225.jpg 300w\" sizes=\"auto, (max-width: 640px) 100vw, 640px\" \/><\/figure>\n<\/figure>\n\n\n\n<p>Despu\u00e9s, se han desarrollado las distintas carreras&#8230;<\/p>\n\n\n\n<figure class=\"wp-block-gallery has-nested-images columns-default is-cropped wp-block-gallery-9 is-layout-flex wp-block-gallery-is-layout-flex\">\n<figure class=\"wp-block-image size-large\"><img loading=\"lazy\" decoding=\"async\" width=\"1024\" height=\"576\" data-id=\"2285\" src=\"https:\/\/colecalatrava.es\/wp-content\/uploads\/2026\/03\/PHOTO-2026-03-24-15-05-41-1024x576.jpg\" alt=\"\" class=\"wp-image-2285\" srcset=\"https:\/\/colecalatrava.es\/wp-content\/uploads\/2026\/03\/PHOTO-2026-03-24-15-05-41-1024x576.jpg 1024w, https:\/\/colecalatrava.es\/wp-content\/uploads\/2026\/03\/PHOTO-2026-03-24-15-05-41-300x169.jpg 300w, https:\/\/colecalatrava.es\/wp-content\/uploads\/2026\/03\/PHOTO-2026-03-24-15-05-41-768x432.jpg 768w, https:\/\/colecalatrava.es\/wp-content\/uploads\/2026\/03\/PHOTO-2026-03-24-15-05-41-1536x864.jpg 1536w, https:\/\/colecalatrava.es\/wp-content\/uploads\/2026\/03\/PHOTO-2026-03-24-15-05-41.jpg 1600w\" sizes=\"auto, (max-width: 1024px) 100vw, 1024px\" \/><\/figure>\n\n\n\n<figure class=\"wp-block-image size-large\"><img loading=\"lazy\" decoding=\"async\" width=\"1024\" height=\"576\" data-id=\"2283\" src=\"https:\/\/colecalatrava.es\/wp-content\/uploads\/2026\/03\/PHOTO-2026-03-24-15-05-43-1024x576.jpg\" alt=\"\" class=\"wp-image-2283\" srcset=\"https:\/\/colecalatrava.es\/wp-content\/uploads\/2026\/03\/PHOTO-2026-03-24-15-05-43-1024x576.jpg 1024w, https:\/\/colecalatrava.es\/wp-content\/uploads\/2026\/03\/PHOTO-2026-03-24-15-05-43-300x169.jpg 300w, https:\/\/colecalatrava.es\/wp-content\/uploads\/2026\/03\/PHOTO-2026-03-24-15-05-43-768x432.jpg 768w, https:\/\/colecalatrava.es\/wp-content\/uploads\/2026\/03\/PHOTO-2026-03-24-15-05-43-1536x864.jpg 1536w, https:\/\/colecalatrava.es\/wp-content\/uploads\/2026\/03\/PHOTO-2026-03-24-15-05-43.jpg 1600w\" sizes=\"auto, (max-width: 1024px) 100vw, 1024px\" \/><\/figure>\n\n\n\n<figure class=\"wp-block-image size-large\"><img loading=\"lazy\" decoding=\"async\" width=\"1024\" height=\"576\" data-id=\"2284\" src=\"https:\/\/colecalatrava.es\/wp-content\/uploads\/2026\/03\/PHOTO-2026-03-24-15-05-42-1024x576.jpg\" alt=\"\" class=\"wp-image-2284\" srcset=\"https:\/\/colecalatrava.es\/wp-content\/uploads\/2026\/03\/PHOTO-2026-03-24-15-05-42-1024x576.jpg 1024w, https:\/\/colecalatrava.es\/wp-content\/uploads\/2026\/03\/PHOTO-2026-03-24-15-05-42-300x169.jpg 300w, https:\/\/colecalatrava.es\/wp-content\/uploads\/2026\/03\/PHOTO-2026-03-24-15-05-42-768x432.jpg 768w, https:\/\/colecalatrava.es\/wp-content\/uploads\/2026\/03\/PHOTO-2026-03-24-15-05-42-1536x864.jpg 1536w, https:\/\/colecalatrava.es\/wp-content\/uploads\/2026\/03\/PHOTO-2026-03-24-15-05-42.jpg 1600w\" sizes=\"auto, (max-width: 1024px) 100vw, 1024px\" \/><\/figure>\n\n\n\n<figure class=\"wp-block-image size-large\"><img loading=\"lazy\" decoding=\"async\" width=\"1024\" height=\"576\" data-id=\"2281\" src=\"https:\/\/colecalatrava.es\/wp-content\/uploads\/2026\/03\/PHOTO-2026-03-24-15-05-45-1024x576.jpg\" alt=\"\" class=\"wp-image-2281\" srcset=\"https:\/\/colecalatrava.es\/wp-content\/uploads\/2026\/03\/PHOTO-2026-03-24-15-05-45-1024x576.jpg 1024w, https:\/\/colecalatrava.es\/wp-content\/uploads\/2026\/03\/PHOTO-2026-03-24-15-05-45-300x169.jpg 300w, https:\/\/colecalatrava.es\/wp-content\/uploads\/2026\/03\/PHOTO-2026-03-24-15-05-45-768x432.jpg 768w, https:\/\/colecalatrava.es\/wp-content\/uploads\/2026\/03\/PHOTO-2026-03-24-15-05-45-1536x864.jpg 1536w, https:\/\/colecalatrava.es\/wp-content\/uploads\/2026\/03\/PHOTO-2026-03-24-15-05-45.jpg 1600w\" sizes=\"auto, (max-width: 1024px) 100vw, 1024px\" \/><\/figure>\n\n\n\n<figure class=\"wp-block-image size-large\"><img loading=\"lazy\" decoding=\"async\" width=\"1024\" height=\"576\" data-id=\"2282\" src=\"https:\/\/colecalatrava.es\/wp-content\/uploads\/2026\/03\/PHOTO-2026-03-24-15-05-44-1024x576.jpg\" alt=\"\" class=\"wp-image-2282\" srcset=\"https:\/\/colecalatrava.es\/wp-content\/uploads\/2026\/03\/PHOTO-2026-03-24-15-05-44-1024x576.jpg 1024w, https:\/\/colecalatrava.es\/wp-content\/uploads\/2026\/03\/PHOTO-2026-03-24-15-05-44-300x169.jpg 300w, https:\/\/colecalatrava.es\/wp-content\/uploads\/2026\/03\/PHOTO-2026-03-24-15-05-44-768x432.jpg 768w, https:\/\/colecalatrava.es\/wp-content\/uploads\/2026\/03\/PHOTO-2026-03-24-15-05-44-1536x864.jpg 1536w, https:\/\/colecalatrava.es\/wp-content\/uploads\/2026\/03\/PHOTO-2026-03-24-15-05-44.jpg 1600w\" sizes=\"auto, (max-width: 1024px) 100vw, 1024px\" \/><\/figure>\n\n\n\n<figure class=\"wp-block-image size-large\"><img loading=\"lazy\" decoding=\"async\" width=\"1024\" height=\"576\" data-id=\"2280\" src=\"https:\/\/colecalatrava.es\/wp-content\/uploads\/2026\/03\/PHOTO-2026-03-24-15-05-46-1024x576.jpg\" alt=\"\" class=\"wp-image-2280\" srcset=\"https:\/\/colecalatrava.es\/wp-content\/uploads\/2026\/03\/PHOTO-2026-03-24-15-05-46-1024x576.jpg 1024w, https:\/\/colecalatrava.es\/wp-content\/uploads\/2026\/03\/PHOTO-2026-03-24-15-05-46-300x169.jpg 300w, https:\/\/colecalatrava.es\/wp-content\/uploads\/2026\/03\/PHOTO-2026-03-24-15-05-46-768x432.jpg 768w, https:\/\/colecalatrava.es\/wp-content\/uploads\/2026\/03\/PHOTO-2026-03-24-15-05-46-1536x864.jpg 1536w, https:\/\/colecalatrava.es\/wp-content\/uploads\/2026\/03\/PHOTO-2026-03-24-15-05-46.jpg 1600w\" sizes=\"auto, (max-width: 1024px) 100vw, 1024px\" \/><\/figure>\n\n\n\n<figure class=\"wp-block-image size-large\"><img loading=\"lazy\" decoding=\"async\" width=\"1024\" height=\"576\" data-id=\"2278\" src=\"https:\/\/colecalatrava.es\/wp-content\/uploads\/2026\/03\/PHOTO-2026-03-24-15-05-49-1024x576.jpg\" alt=\"\" class=\"wp-image-2278\" srcset=\"https:\/\/colecalatrava.es\/wp-content\/uploads\/2026\/03\/PHOTO-2026-03-24-15-05-49-1024x576.jpg 1024w, https:\/\/colecalatrava.es\/wp-content\/uploads\/2026\/03\/PHOTO-2026-03-24-15-05-49-300x169.jpg 300w, https:\/\/colecalatrava.es\/wp-content\/uploads\/2026\/03\/PHOTO-2026-03-24-15-05-49-768x432.jpg 768w, https:\/\/colecalatrava.es\/wp-content\/uploads\/2026\/03\/PHOTO-2026-03-24-15-05-49-1536x864.jpg 1536w, https:\/\/colecalatrava.es\/wp-content\/uploads\/2026\/03\/PHOTO-2026-03-24-15-05-49.jpg 1600w\" sizes=\"auto, (max-width: 1024px) 100vw, 1024px\" \/><\/figure>\n\n\n\n<figure class=\"wp-block-image size-large\"><img loading=\"lazy\" decoding=\"async\" width=\"1024\" height=\"576\" data-id=\"2279\" src=\"https:\/\/colecalatrava.es\/wp-content\/uploads\/2026\/03\/PHOTO-2026-03-24-15-05-48-1024x576.jpg\" alt=\"\" class=\"wp-image-2279\" srcset=\"https:\/\/colecalatrava.es\/wp-content\/uploads\/2026\/03\/PHOTO-2026-03-24-15-05-48-1024x576.jpg 1024w, https:\/\/colecalatrava.es\/wp-content\/uploads\/2026\/03\/PHOTO-2026-03-24-15-05-48-300x169.jpg 300w, https:\/\/colecalatrava.es\/wp-content\/uploads\/2026\/03\/PHOTO-2026-03-24-15-05-48-768x432.jpg 768w, https:\/\/colecalatrava.es\/wp-content\/uploads\/2026\/03\/PHOTO-2026-03-24-15-05-48-1536x864.jpg 1536w, https:\/\/colecalatrava.es\/wp-content\/uploads\/2026\/03\/PHOTO-2026-03-24-15-05-48.jpg 1600w\" sizes=\"auto, (max-width: 1024px) 100vw, 1024px\" \/><\/figure>\n\n\n\n<figure class=\"wp-block-image size-large\"><img loading=\"lazy\" decoding=\"async\" width=\"1024\" height=\"576\" data-id=\"2277\" src=\"https:\/\/colecalatrava.es\/wp-content\/uploads\/2026\/03\/PHOTO-2026-03-24-15-05-49-1-1024x576.jpg\" alt=\"\" class=\"wp-image-2277\" srcset=\"https:\/\/colecalatrava.es\/wp-content\/uploads\/2026\/03\/PHOTO-2026-03-24-15-05-49-1-1024x576.jpg 1024w, https:\/\/colecalatrava.es\/wp-content\/uploads\/2026\/03\/PHOTO-2026-03-24-15-05-49-1-300x169.jpg 300w, https:\/\/colecalatrava.es\/wp-content\/uploads\/2026\/03\/PHOTO-2026-03-24-15-05-49-1-768x432.jpg 768w, https:\/\/colecalatrava.es\/wp-content\/uploads\/2026\/03\/PHOTO-2026-03-24-15-05-49-1-1536x864.jpg 1536w, https:\/\/colecalatrava.es\/wp-content\/uploads\/2026\/03\/PHOTO-2026-03-24-15-05-49-1.jpg 1600w\" sizes=\"auto, (max-width: 1024px) 100vw, 1024px\" \/><\/figure>\n\n\n\n<figure class=\"wp-block-image size-large\"><img loading=\"lazy\" decoding=\"async\" width=\"1024\" height=\"576\" data-id=\"2276\" src=\"https:\/\/colecalatrava.es\/wp-content\/uploads\/2026\/03\/PHOTO-2026-03-24-15-05-50-1024x576.jpg\" alt=\"\" class=\"wp-image-2276\" srcset=\"https:\/\/colecalatrava.es\/wp-content\/uploads\/2026\/03\/PHOTO-2026-03-24-15-05-50-1024x576.jpg 1024w, https:\/\/colecalatrava.es\/wp-content\/uploads\/2026\/03\/PHOTO-2026-03-24-15-05-50-300x169.jpg 300w, https:\/\/colecalatrava.es\/wp-content\/uploads\/2026\/03\/PHOTO-2026-03-24-15-05-50-768x432.jpg 768w, https:\/\/colecalatrava.es\/wp-content\/uploads\/2026\/03\/PHOTO-2026-03-24-15-05-50-1536x864.jpg 1536w, https:\/\/colecalatrava.es\/wp-content\/uploads\/2026\/03\/PHOTO-2026-03-24-15-05-50.jpg 1600w\" sizes=\"auto, (max-width: 1024px) 100vw, 1024px\" \/><\/figure>\n\n\n\n<figure class=\"wp-block-image size-large\"><img loading=\"lazy\" decoding=\"async\" width=\"480\" height=\"640\" data-id=\"2274\" src=\"https:\/\/colecalatrava.es\/wp-content\/uploads\/2026\/03\/IMG_6635-rotated.jpg\" alt=\"\" class=\"wp-image-2274\" srcset=\"https:\/\/colecalatrava.es\/wp-content\/uploads\/2026\/03\/IMG_6635-rotated.jpg 480w, https:\/\/colecalatrava.es\/wp-content\/uploads\/2026\/03\/IMG_6635-225x300.jpg 225w\" sizes=\"auto, (max-width: 480px) 100vw, 480px\" \/><\/figure>\n\n\n\n<figure class=\"wp-block-image size-large\"><img loading=\"lazy\" decoding=\"async\" width=\"1024\" height=\"576\" data-id=\"2275\" src=\"https:\/\/colecalatrava.es\/wp-content\/uploads\/2026\/03\/PHOTO-2026-03-24-15-05-50-1-1024x576.jpg\" alt=\"\" class=\"wp-image-2275\" srcset=\"https:\/\/colecalatrava.es\/wp-content\/uploads\/2026\/03\/PHOTO-2026-03-24-15-05-50-1-1024x576.jpg 1024w, https:\/\/colecalatrava.es\/wp-content\/uploads\/2026\/03\/PHOTO-2026-03-24-15-05-50-1-300x169.jpg 300w, https:\/\/colecalatrava.es\/wp-content\/uploads\/2026\/03\/PHOTO-2026-03-24-15-05-50-1-768x432.jpg 768w, https:\/\/colecalatrava.es\/wp-content\/uploads\/2026\/03\/PHOTO-2026-03-24-15-05-50-1-1536x864.jpg 1536w, https:\/\/colecalatrava.es\/wp-content\/uploads\/2026\/03\/PHOTO-2026-03-24-15-05-50-1.jpg 1600w\" sizes=\"auto, (max-width: 1024px) 100vw, 1024px\" \/><\/figure>\n\n\n\n<figure class=\"wp-block-image size-large\"><img loading=\"lazy\" decoding=\"async\" width=\"480\" height=\"640\" data-id=\"2272\" src=\"https:\/\/colecalatrava.es\/wp-content\/uploads\/2026\/03\/IMG_6640-rotated.jpg\" alt=\"\" class=\"wp-image-2272\" srcset=\"https:\/\/colecalatrava.es\/wp-content\/uploads\/2026\/03\/IMG_6640-rotated.jpg 480w, https:\/\/colecalatrava.es\/wp-content\/uploads\/2026\/03\/IMG_6640-225x300.jpg 225w\" sizes=\"auto, (max-width: 480px) 100vw, 480px\" \/><\/figure>\n\n\n\n<figure class=\"wp-block-image size-large\"><img loading=\"lazy\" decoding=\"async\" width=\"640\" height=\"480\" data-id=\"2273\" src=\"https:\/\/colecalatrava.es\/wp-content\/uploads\/2026\/03\/IMG_6639.jpg\" alt=\"\" class=\"wp-image-2273\" srcset=\"https:\/\/colecalatrava.es\/wp-content\/uploads\/2026\/03\/IMG_6639.jpg 640w, https:\/\/colecalatrava.es\/wp-content\/uploads\/2026\/03\/IMG_6639-300x225.jpg 300w\" sizes=\"auto, (max-width: 640px) 100vw, 640px\" \/><\/figure>\n\n\n\n<figure class=\"wp-block-image size-large\"><img loading=\"lazy\" decoding=\"async\" width=\"480\" height=\"640\" data-id=\"2269\" src=\"https:\/\/colecalatrava.es\/wp-content\/uploads\/2026\/03\/IMG_6646-rotated.jpg\" alt=\"\" class=\"wp-image-2269\" srcset=\"https:\/\/colecalatrava.es\/wp-content\/uploads\/2026\/03\/IMG_6646-rotated.jpg 480w, https:\/\/colecalatrava.es\/wp-content\/uploads\/2026\/03\/IMG_6646-225x300.jpg 225w\" sizes=\"auto, (max-width: 480px) 100vw, 480px\" \/><\/figure>\n\n\n\n<figure class=\"wp-block-image size-large\"><img loading=\"lazy\" decoding=\"async\" width=\"480\" height=\"640\" data-id=\"2268\" src=\"https:\/\/colecalatrava.es\/wp-content\/uploads\/2026\/03\/IMG_6649-rotated.jpg\" alt=\"\" class=\"wp-image-2268\" srcset=\"https:\/\/colecalatrava.es\/wp-content\/uploads\/2026\/03\/IMG_6649-rotated.jpg 480w, https:\/\/colecalatrava.es\/wp-content\/uploads\/2026\/03\/IMG_6649-225x300.jpg 225w\" sizes=\"auto, (max-width: 480px) 100vw, 480px\" \/><\/figure>\n\n\n\n<figure class=\"wp-block-image size-large\"><img loading=\"lazy\" decoding=\"async\" width=\"640\" height=\"480\" data-id=\"2270\" src=\"https:\/\/colecalatrava.es\/wp-content\/uploads\/2026\/03\/IMG_6644.jpg\" alt=\"\" class=\"wp-image-2270\" srcset=\"https:\/\/colecalatrava.es\/wp-content\/uploads\/2026\/03\/IMG_6644.jpg 640w, https:\/\/colecalatrava.es\/wp-content\/uploads\/2026\/03\/IMG_6644-300x225.jpg 300w\" sizes=\"auto, (max-width: 640px) 100vw, 640px\" \/><\/figure>\n\n\n\n<figure class=\"wp-block-image size-large\"><img loading=\"lazy\" decoding=\"async\" width=\"640\" height=\"480\" data-id=\"2266\" src=\"https:\/\/colecalatrava.es\/wp-content\/uploads\/2026\/03\/IMG_6654.jpg\" alt=\"\" class=\"wp-image-2266\" srcset=\"https:\/\/colecalatrava.es\/wp-content\/uploads\/2026\/03\/IMG_6654.jpg 640w, https:\/\/colecalatrava.es\/wp-content\/uploads\/2026\/03\/IMG_6654-300x225.jpg 300w\" sizes=\"auto, (max-width: 640px) 100vw, 640px\" \/><\/figure>\n\n\n\n<figure class=\"wp-block-image size-large\"><img loading=\"lazy\" decoding=\"async\" width=\"640\" height=\"480\" data-id=\"2264\" src=\"https:\/\/colecalatrava.es\/wp-content\/uploads\/2026\/03\/IMG_6660.jpg\" alt=\"\" class=\"wp-image-2264\" srcset=\"https:\/\/colecalatrava.es\/wp-content\/uploads\/2026\/03\/IMG_6660.jpg 640w, https:\/\/colecalatrava.es\/wp-content\/uploads\/2026\/03\/IMG_6660-300x225.jpg 300w\" sizes=\"auto, (max-width: 640px) 100vw, 640px\" \/><\/figure>\n\n\n\n<figure class=\"wp-block-image size-large\"><img loading=\"lazy\" decoding=\"async\" width=\"480\" height=\"640\" data-id=\"2263\" src=\"https:\/\/colecalatrava.es\/wp-content\/uploads\/2026\/03\/IMG_6662-rotated.jpg\" alt=\"\" class=\"wp-image-2263\" srcset=\"https:\/\/colecalatrava.es\/wp-content\/uploads\/2026\/03\/IMG_6662-rotated.jpg 480w, https:\/\/colecalatrava.es\/wp-content\/uploads\/2026\/03\/IMG_6662-225x300.jpg 225w\" sizes=\"auto, (max-width: 480px) 100vw, 480px\" \/><\/figure>\n\n\n\n<figure class=\"wp-block-image size-large\"><img loading=\"lazy\" decoding=\"async\" width=\"480\" height=\"640\" data-id=\"2261\" src=\"https:\/\/colecalatrava.es\/wp-content\/uploads\/2026\/03\/IMG_6669-rotated.jpg\" alt=\"\" class=\"wp-image-2261\" srcset=\"https:\/\/colecalatrava.es\/wp-content\/uploads\/2026\/03\/IMG_6669-rotated.jpg 480w, https:\/\/colecalatrava.es\/wp-content\/uploads\/2026\/03\/IMG_6669-225x300.jpg 225w\" sizes=\"auto, (max-width: 480px) 100vw, 480px\" \/><\/figure>\n\n\n\n<figure class=\"wp-block-image size-large\"><img loading=\"lazy\" decoding=\"async\" width=\"480\" height=\"640\" data-id=\"2262\" src=\"https:\/\/colecalatrava.es\/wp-content\/uploads\/2026\/03\/IMG_6666-rotated.jpg\" alt=\"\" class=\"wp-image-2262\" srcset=\"https:\/\/colecalatrava.es\/wp-content\/uploads\/2026\/03\/IMG_6666-rotated.jpg 480w, https:\/\/colecalatrava.es\/wp-content\/uploads\/2026\/03\/IMG_6666-225x300.jpg 225w\" sizes=\"auto, (max-width: 480px) 100vw, 480px\" \/><\/figure>\n\n\n\n<figure class=\"wp-block-image size-large\"><img loading=\"lazy\" decoding=\"async\" width=\"640\" height=\"480\" data-id=\"2259\" src=\"https:\/\/colecalatrava.es\/wp-content\/uploads\/2026\/03\/IMG_6675.jpg\" alt=\"\" class=\"wp-image-2259\" srcset=\"https:\/\/colecalatrava.es\/wp-content\/uploads\/2026\/03\/IMG_6675.jpg 640w, https:\/\/colecalatrava.es\/wp-content\/uploads\/2026\/03\/IMG_6675-300x225.jpg 300w\" sizes=\"auto, (max-width: 640px) 100vw, 640px\" \/><\/figure>\n\n\n\n<figure class=\"wp-block-image size-large\"><img loading=\"lazy\" decoding=\"async\" width=\"640\" height=\"480\" data-id=\"2257\" src=\"https:\/\/colecalatrava.es\/wp-content\/uploads\/2026\/03\/IMG_6681.jpg\" alt=\"\" class=\"wp-image-2257\" srcset=\"https:\/\/colecalatrava.es\/wp-content\/uploads\/2026\/03\/IMG_6681.jpg 640w, https:\/\/colecalatrava.es\/wp-content\/uploads\/2026\/03\/IMG_6681-300x225.jpg 300w\" sizes=\"auto, (max-width: 640px) 100vw, 640px\" \/><\/figure>\n\n\n\n<figure class=\"wp-block-image size-large\"><img loading=\"lazy\" decoding=\"async\" width=\"640\" height=\"480\" data-id=\"2254\" src=\"https:\/\/colecalatrava.es\/wp-content\/uploads\/2026\/03\/IMG_6691.jpg\" alt=\"\" class=\"wp-image-2254\" srcset=\"https:\/\/colecalatrava.es\/wp-content\/uploads\/2026\/03\/IMG_6691.jpg 640w, https:\/\/colecalatrava.es\/wp-content\/uploads\/2026\/03\/IMG_6691-300x225.jpg 300w\" sizes=\"auto, (max-width: 640px) 100vw, 640px\" \/><\/figure>\n\n\n\n<figure class=\"wp-block-image size-large\"><img loading=\"lazy\" decoding=\"async\" width=\"480\" height=\"640\" data-id=\"2256\" src=\"https:\/\/colecalatrava.es\/wp-content\/uploads\/2026\/03\/IMG_6683-rotated.jpg\" alt=\"\" class=\"wp-image-2256\" srcset=\"https:\/\/colecalatrava.es\/wp-content\/uploads\/2026\/03\/IMG_6683-rotated.jpg 480w, https:\/\/colecalatrava.es\/wp-content\/uploads\/2026\/03\/IMG_6683-225x300.jpg 225w\" sizes=\"auto, (max-width: 480px) 100vw, 480px\" \/><\/figure>\n\n\n\n<figure class=\"wp-block-image size-large\"><img loading=\"lazy\" decoding=\"async\" width=\"640\" height=\"480\" data-id=\"2251\" src=\"https:\/\/colecalatrava.es\/wp-content\/uploads\/2026\/03\/IMG_6696.jpg\" alt=\"\" class=\"wp-image-2251\" srcset=\"https:\/\/colecalatrava.es\/wp-content\/uploads\/2026\/03\/IMG_6696.jpg 640w, https:\/\/colecalatrava.es\/wp-content\/uploads\/2026\/03\/IMG_6696-300x225.jpg 300w\" sizes=\"auto, (max-width: 640px) 100vw, 640px\" \/><\/figure>\n\n\n\n<figure class=\"wp-block-image size-large\"><img loading=\"lazy\" decoding=\"async\" width=\"640\" height=\"480\" data-id=\"2249\" src=\"https:\/\/colecalatrava.es\/wp-content\/uploads\/2026\/03\/IMG_6703.jpg\" alt=\"\" class=\"wp-image-2249\" srcset=\"https:\/\/colecalatrava.es\/wp-content\/uploads\/2026\/03\/IMG_6703.jpg 640w, https:\/\/colecalatrava.es\/wp-content\/uploads\/2026\/03\/IMG_6703-300x225.jpg 300w\" sizes=\"auto, (max-width: 640px) 100vw, 640px\" \/><\/figure>\n\n\n\n<figure class=\"wp-block-image size-large\"><img loading=\"lazy\" decoding=\"async\" width=\"640\" height=\"480\" data-id=\"2248\" src=\"https:\/\/colecalatrava.es\/wp-content\/uploads\/2026\/03\/IMG_6704.jpg\" alt=\"\" class=\"wp-image-2248\" srcset=\"https:\/\/colecalatrava.es\/wp-content\/uploads\/2026\/03\/IMG_6704.jpg 640w, https:\/\/colecalatrava.es\/wp-content\/uploads\/2026\/03\/IMG_6704-300x225.jpg 300w\" sizes=\"auto, (max-width: 640px) 100vw, 640px\" \/><\/figure>\n\n\n\n<figure class=\"wp-block-image size-large\"><img loading=\"lazy\" decoding=\"async\" width=\"640\" height=\"480\" data-id=\"2246\" src=\"https:\/\/colecalatrava.es\/wp-content\/uploads\/2026\/03\/IMG_6709.jpg\" alt=\"\" class=\"wp-image-2246\" srcset=\"https:\/\/colecalatrava.es\/wp-content\/uploads\/2026\/03\/IMG_6709.jpg 640w, https:\/\/colecalatrava.es\/wp-content\/uploads\/2026\/03\/IMG_6709-300x225.jpg 300w\" sizes=\"auto, (max-width: 640px) 100vw, 640px\" \/><\/figure>\n\n\n\n<figure class=\"wp-block-image size-large\"><img loading=\"lazy\" decoding=\"async\" width=\"640\" height=\"480\" data-id=\"2245\" src=\"https:\/\/colecalatrava.es\/wp-content\/uploads\/2026\/03\/IMG_6711.jpg\" alt=\"\" class=\"wp-image-2245\" srcset=\"https:\/\/colecalatrava.es\/wp-content\/uploads\/2026\/03\/IMG_6711.jpg 640w, https:\/\/colecalatrava.es\/wp-content\/uploads\/2026\/03\/IMG_6711-300x225.jpg 300w\" sizes=\"auto, (max-width: 640px) 100vw, 640px\" \/><\/figure>\n\n\n\n<figure class=\"wp-block-image size-large\"><img loading=\"lazy\" decoding=\"async\" width=\"640\" height=\"480\" data-id=\"2244\" src=\"https:\/\/colecalatrava.es\/wp-content\/uploads\/2026\/03\/IMG_6712.jpg\" alt=\"\" class=\"wp-image-2244\" srcset=\"https:\/\/colecalatrava.es\/wp-content\/uploads\/2026\/03\/IMG_6712.jpg 640w, https:\/\/colecalatrava.es\/wp-content\/uploads\/2026\/03\/IMG_6712-300x225.jpg 300w\" sizes=\"auto, (max-width: 640px) 100vw, 640px\" \/><\/figure>\n\n\n\n<figure class=\"wp-block-image size-large\"><img loading=\"lazy\" decoding=\"async\" width=\"480\" height=\"640\" data-id=\"2242\" src=\"https:\/\/colecalatrava.es\/wp-content\/uploads\/2026\/03\/IMG_6718-rotated.jpg\" alt=\"\" class=\"wp-image-2242\" srcset=\"https:\/\/colecalatrava.es\/wp-content\/uploads\/2026\/03\/IMG_6718-rotated.jpg 480w, https:\/\/colecalatrava.es\/wp-content\/uploads\/2026\/03\/IMG_6718-225x300.jpg 225w\" sizes=\"auto, (max-width: 480px) 100vw, 480px\" \/><\/figure>\n<\/figure>\n\n\n\n<p>La carrera ha sido un \u00e9xito, y los fondos recaudados han sido de 918,39\u20ac. \u00a1gracias a las familias por esta gran aportaci\u00f3n!<\/p>\n\n\n\n<figure class=\"wp-block-image size-large\"><img loading=\"lazy\" decoding=\"async\" width=\"1024\" height=\"1024\" src=\"https:\/\/colecalatrava.es\/wp-content\/uploads\/2026\/03\/Banner_centro_solidario_cast-1024x1024.png\" alt=\"\" class=\"wp-image-2288\" srcset=\"https:\/\/colecalatrava.es\/wp-content\/uploads\/2026\/03\/Banner_centro_solidario_cast-1024x1024.png 1024w, https:\/\/colecalatrava.es\/wp-content\/uploads\/2026\/03\/Banner_centro_solidario_cast-300x300.png 300w, https:\/\/colecalatrava.es\/wp-content\/uploads\/2026\/03\/Banner_centro_solidario_cast-150x150.png 150w, https:\/\/colecalatrava.es\/wp-content\/uploads\/2026\/03\/Banner_centro_solidario_cast-768x768.png 768w, https:\/\/colecalatrava.es\/wp-content\/uploads\/2026\/03\/Banner_centro_solidario_cast.png 1080w\" sizes=\"auto, (max-width: 1024px) 100vw, 1024px\" \/><\/figure>\n\n\n\n<p><strong><em><mark style=\"background-color:rgba(0, 0, 0, 0)\" class=\"has-inline-color has-vivid-red-color\">D\u00cdA DE LA POES\u00cdA<\/mark><\/em><\/strong> (21 de marzo)<\/p>\n\n\n\n<p>Este curso hemos celebrado este d\u00eda con lecturas en familias. Var\u00edas familias han venido a clase de sus hijos\/as a leer poemas con ellos\/as. <\/p>\n\n\n\n<p>Los mayores han preparado canap\u00e9s con poemas para llevarse a casa y repartir a la salida del cole entre las familias.<\/p>\n\n\n\n<figure class=\"wp-block-gallery has-nested-images columns-default is-cropped wp-block-gallery-10 is-layout-flex wp-block-gallery-is-layout-flex\">\n<figure class=\"wp-block-image size-large\"><img loading=\"lazy\" decoding=\"async\" width=\"1024\" height=\"576\" data-id=\"2199\" src=\"https:\/\/colecalatrava.es\/wp-content\/uploads\/2026\/03\/PHOTO-2026-03-20-12-14-23-1024x576.jpg\" alt=\"\" class=\"wp-image-2199\" srcset=\"https:\/\/colecalatrava.es\/wp-content\/uploads\/2026\/03\/PHOTO-2026-03-20-12-14-23-1024x576.jpg 1024w, https:\/\/colecalatrava.es\/wp-content\/uploads\/2026\/03\/PHOTO-2026-03-20-12-14-23-300x169.jpg 300w, https:\/\/colecalatrava.es\/wp-content\/uploads\/2026\/03\/PHOTO-2026-03-20-12-14-23-768x432.jpg 768w, https:\/\/colecalatrava.es\/wp-content\/uploads\/2026\/03\/PHOTO-2026-03-20-12-14-23-1536x864.jpg 1536w, https:\/\/colecalatrava.es\/wp-content\/uploads\/2026\/03\/PHOTO-2026-03-20-12-14-23.jpg 1600w\" sizes=\"auto, (max-width: 1024px) 100vw, 1024px\" \/><\/figure>\n\n\n\n<figure class=\"wp-block-image size-large\"><img loading=\"lazy\" decoding=\"async\" width=\"1024\" height=\"576\" data-id=\"2197\" src=\"https:\/\/colecalatrava.es\/wp-content\/uploads\/2026\/03\/PHOTO-2026-03-20-12-14-24-1-1024x576.jpg\" alt=\"\" class=\"wp-image-2197\" srcset=\"https:\/\/colecalatrava.es\/wp-content\/uploads\/2026\/03\/PHOTO-2026-03-20-12-14-24-1-1024x576.jpg 1024w, https:\/\/colecalatrava.es\/wp-content\/uploads\/2026\/03\/PHOTO-2026-03-20-12-14-24-1-300x169.jpg 300w, https:\/\/colecalatrava.es\/wp-content\/uploads\/2026\/03\/PHOTO-2026-03-20-12-14-24-1-768x432.jpg 768w, https:\/\/colecalatrava.es\/wp-content\/uploads\/2026\/03\/PHOTO-2026-03-20-12-14-24-1-1536x864.jpg 1536w, https:\/\/colecalatrava.es\/wp-content\/uploads\/2026\/03\/PHOTO-2026-03-20-12-14-24-1.jpg 1600w\" sizes=\"auto, (max-width: 1024px) 100vw, 1024px\" \/><\/figure>\n\n\n\n<figure class=\"wp-block-image size-large\"><img loading=\"lazy\" decoding=\"async\" width=\"1024\" height=\"576\" data-id=\"2198\" src=\"https:\/\/colecalatrava.es\/wp-content\/uploads\/2026\/03\/PHOTO-2026-03-20-12-14-24-1024x576.jpg\" alt=\"\" class=\"wp-image-2198\" srcset=\"https:\/\/colecalatrava.es\/wp-content\/uploads\/2026\/03\/PHOTO-2026-03-20-12-14-24-1024x576.jpg 1024w, https:\/\/colecalatrava.es\/wp-content\/uploads\/2026\/03\/PHOTO-2026-03-20-12-14-24-300x169.jpg 300w, https:\/\/colecalatrava.es\/wp-content\/uploads\/2026\/03\/PHOTO-2026-03-20-12-14-24-768x432.jpg 768w, https:\/\/colecalatrava.es\/wp-content\/uploads\/2026\/03\/PHOTO-2026-03-20-12-14-24-1536x864.jpg 1536w, https:\/\/colecalatrava.es\/wp-content\/uploads\/2026\/03\/PHOTO-2026-03-20-12-14-24.jpg 1600w\" sizes=\"auto, (max-width: 1024px) 100vw, 1024px\" \/><\/figure>\n\n\n\n<figure class=\"wp-block-image size-large\"><img loading=\"lazy\" decoding=\"async\" width=\"1024\" height=\"576\" data-id=\"2196\" src=\"https:\/\/colecalatrava.es\/wp-content\/uploads\/2026\/03\/PHOTO-2026-03-20-12-14-25-1024x576.jpg\" alt=\"\" class=\"wp-image-2196\" srcset=\"https:\/\/colecalatrava.es\/wp-content\/uploads\/2026\/03\/PHOTO-2026-03-20-12-14-25-1024x576.jpg 1024w, https:\/\/colecalatrava.es\/wp-content\/uploads\/2026\/03\/PHOTO-2026-03-20-12-14-25-300x169.jpg 300w, https:\/\/colecalatrava.es\/wp-content\/uploads\/2026\/03\/PHOTO-2026-03-20-12-14-25-768x432.jpg 768w, https:\/\/colecalatrava.es\/wp-content\/uploads\/2026\/03\/PHOTO-2026-03-20-12-14-25-1536x864.jpg 1536w, https:\/\/colecalatrava.es\/wp-content\/uploads\/2026\/03\/PHOTO-2026-03-20-12-14-25.jpg 1600w\" sizes=\"auto, (max-width: 1024px) 100vw, 1024px\" \/><\/figure>\n<\/figure>\n\n\n\n<figure class=\"wp-block-image size-large\"><img loading=\"lazy\" decoding=\"async\" width=\"1024\" height=\"576\" src=\"https:\/\/colecalatrava.es\/wp-content\/uploads\/2026\/03\/PHOTO-2026-03-20-12-14-25-1-1024x576.jpg\" alt=\"\" class=\"wp-image-2195\" srcset=\"https:\/\/colecalatrava.es\/wp-content\/uploads\/2026\/03\/PHOTO-2026-03-20-12-14-25-1-1024x576.jpg 1024w, https:\/\/colecalatrava.es\/wp-content\/uploads\/2026\/03\/PHOTO-2026-03-20-12-14-25-1-300x169.jpg 300w, https:\/\/colecalatrava.es\/wp-content\/uploads\/2026\/03\/PHOTO-2026-03-20-12-14-25-1-768x432.jpg 768w, https:\/\/colecalatrava.es\/wp-content\/uploads\/2026\/03\/PHOTO-2026-03-20-12-14-25-1-1536x864.jpg 1536w, https:\/\/colecalatrava.es\/wp-content\/uploads\/2026\/03\/PHOTO-2026-03-20-12-14-25-1.jpg 1600w\" sizes=\"auto, (max-width: 1024px) 100vw, 1024px\" \/><\/figure>\n\n\n\n<p><strong><em><mark style=\"background-color:rgba(0, 0, 0, 0)\" class=\"has-inline-color has-vivid-red-color\">D\u00cdA DE LA MUJER<\/mark><\/em><\/strong> (6 de marzo)<\/p>\n\n\n\n<p>Aunque la fecha en que se conmemora este d\u00eda es el 8 de marzo, nosotros lo desarrollamos el d\u00eda 6 con el mensaje \u00abLas mujeres de nuestras vidas\u00bb. <\/p>\n\n\n\n<p>A lo largo de la semana, nuestro alumnado complet\u00f3 y decor\u00f3 un marco de fotos con un dibujo o foto de la mujer de su vida (madre, abuela, t\u00eda, hermana, &#8230;). El resultado ha sido muy bonito&#8230;<\/p>\n\n\n\n<figure class=\"wp-block-image size-full is-resized\"><img loading=\"lazy\" decoding=\"async\" width=\"640\" height=\"254\" src=\"https:\/\/colecalatrava.es\/wp-content\/uploads\/2026\/03\/IMG_6560.jpg\" alt=\"\" class=\"wp-image-2185\" style=\"width:830px;height:auto\" srcset=\"https:\/\/colecalatrava.es\/wp-content\/uploads\/2026\/03\/IMG_6560.jpg 640w, https:\/\/colecalatrava.es\/wp-content\/uploads\/2026\/03\/IMG_6560-300x119.jpg 300w\" sizes=\"auto, (max-width: 640px) 100vw, 640px\" \/><\/figure>\n\n\n\n<figure class=\"wp-block-image size-full is-resized\"><img loading=\"lazy\" decoding=\"async\" width=\"640\" height=\"206\" src=\"https:\/\/colecalatrava.es\/wp-content\/uploads\/2026\/03\/IMG_6561.jpg\" alt=\"\" class=\"wp-image-2184\" style=\"width:840px;height:auto\" srcset=\"https:\/\/colecalatrava.es\/wp-content\/uploads\/2026\/03\/IMG_6561.jpg 640w, https:\/\/colecalatrava.es\/wp-content\/uploads\/2026\/03\/IMG_6561-300x97.jpg 300w\" sizes=\"auto, (max-width: 640px) 100vw, 640px\" \/><\/figure>\n\n\n\n<figure class=\"wp-block-image size-full is-resized\"><img loading=\"lazy\" decoding=\"async\" width=\"640\" height=\"480\" src=\"https:\/\/colecalatrava.es\/wp-content\/uploads\/2026\/03\/IMG_6554.jpg\" alt=\"\" class=\"wp-image-2187\" style=\"width:599px;height:auto\" srcset=\"https:\/\/colecalatrava.es\/wp-content\/uploads\/2026\/03\/IMG_6554.jpg 640w, https:\/\/colecalatrava.es\/wp-content\/uploads\/2026\/03\/IMG_6554-300x225.jpg 300w\" sizes=\"auto, (max-width: 640px) 100vw, 640px\" \/><\/figure>\n\n\n\n<p>To\u00f1i, la encargada del proyecto de la radio del cole, ha preparado un podcast con los\/las mayores sobre este d\u00eda.<\/p>\n\n\n\n<figure class=\"wp-block-image size-full\"><img loading=\"lazy\" decoding=\"async\" width=\"640\" height=\"468\" src=\"https:\/\/colecalatrava.es\/wp-content\/uploads\/2026\/03\/IMG_6562.jpg\" alt=\"\" class=\"wp-image-2183\" srcset=\"https:\/\/colecalatrava.es\/wp-content\/uploads\/2026\/03\/IMG_6562.jpg 640w, https:\/\/colecalatrava.es\/wp-content\/uploads\/2026\/03\/IMG_6562-300x219.jpg 300w\" sizes=\"auto, (max-width: 640px) 100vw, 640px\" \/><\/figure>\n\n\n\n<figure class=\"wp-block-image size-full\"><img loading=\"lazy\" decoding=\"async\" width=\"640\" height=\"468\" src=\"https:\/\/colecalatrava.es\/wp-content\/uploads\/2026\/03\/IMG_6563.jpg\" alt=\"\" class=\"wp-image-2182\" srcset=\"https:\/\/colecalatrava.es\/wp-content\/uploads\/2026\/03\/IMG_6563.jpg 640w, https:\/\/colecalatrava.es\/wp-content\/uploads\/2026\/03\/IMG_6563-300x219.jpg 300w\" sizes=\"auto, (max-width: 640px) 100vw, 640px\" \/><\/figure>\n\n\n\n<p><strong><em><mark style=\"background-color:rgba(0, 0, 0, 0)\" class=\"has-inline-color has-vivid-red-color\">D\u00cdA DE LA PAZ <\/mark><\/em><\/strong><mark style=\"background-color:rgba(0, 0, 0, 0)\" class=\"has-inline-color has-black-color\">(<\/mark>30 de enero)<\/p>\n\n\n\n<p>Aunque hemos tenido que retrasar la carrera solidaria a una fecha a\u00fan sin determinar, el tiempo nos ha permitido realizar en la conmemoraci\u00f3n de este d\u00eda la lectura del manifiesto por la paz realizado por los alumnos de sexto y el baile de la canci\u00f3n \u00abpor qu\u00e9 no se amigos\u00bb de Hombres G. <\/p>\n\n\n\n<p>Aqu\u00ed os dejo el enlace al v\u00eddeo&#8230;<\/p>\n\n\n\n<p><a href=\"https:\/\/youtu.be\/gmHxFZ_FCro?si=Dt3V6Q6lPA9vMlXc\">https:\/\/youtu.be\/gmHxFZ_FCro?si=Dt3V6Q6lPA9vMlXc<\/a><\/p>\n\n\n\n<p><strong><em><mark style=\"background-color:rgba(0, 0, 0, 0)\" class=\"has-inline-color has-vivid-red-color\">D\u00cdA DE LA CONSTITUCI\u00d3N <\/mark><\/em><\/strong><mark style=\"background-color:rgba(0, 0, 0, 0)\" class=\"has-inline-color has-black-color\">(5 de diciembre)<\/mark><\/p>\n\n\n\n<p>\u00bfQu\u00e9 mejora manera de conmemorar este d\u00eda que realizando unas elecciones? En nuestro cole ya es tradici\u00f3n que nuestros chicos y chicas elijan el tema del Carnaval votando. Despu\u00e9s de marcar su preferencia en sus papeletas, cada grupo ha ejercido su derecho al voto en las dos mesas electorales habilitadas. El resultado ha estado re\u00f1ido, pero es que elegir entre EL CIRCO y LOS MUSICALES ha sido muy dif\u00edcil. \u00bfEl resultado? que os lo cuenten vuestros hijos\/as.<\/p>\n\n\n\n<figure class=\"wp-block-gallery has-nested-images columns-default is-cropped wp-block-gallery-11 is-layout-flex wp-block-gallery-is-layout-flex\">\n<figure class=\"wp-block-image size-large\"><img loading=\"lazy\" decoding=\"async\" width=\"480\" height=\"640\" data-id=\"1927\" src=\"https:\/\/colecalatrava.es\/wp-content\/uploads\/2025\/12\/IMG_6183-1.jpg\" alt=\"\" class=\"wp-image-1927\" srcset=\"https:\/\/colecalatrava.es\/wp-content\/uploads\/2025\/12\/IMG_6183-1.jpg 480w, https:\/\/colecalatrava.es\/wp-content\/uploads\/2025\/12\/IMG_6183-1-225x300.jpg 225w\" sizes=\"auto, (max-width: 480px) 100vw, 480px\" \/><\/figure>\n<\/figure>\n\n\n\n<p><strong><em><mark style=\"background-color:rgba(0, 0, 0, 0)\" class=\"has-inline-color has-vivid-red-color\">D\u00cdA DE LA DISCAPACIDAD <\/mark><\/em><\/strong>(3 de diciembre)<\/p>\n\n\n\n<p>Nuestro alumnado de 5\u00ba ha participado en unas jornadas que ha desarrollado el Ayuntamiento para concienciar sobre las barreras con las que se encuentran las personas con discapacidad. <\/p>\n\n\n\n<p>La primera parte la ha desarrollado el CB Daimiel, realizando actividades con trabas f\u00edsicas, como los ojos cerrados, piernas atadas, &#8230;<\/p>\n\n\n\n<figure class=\"wp-block-gallery has-nested-images columns-default is-cropped wp-block-gallery-12 is-layout-flex wp-block-gallery-is-layout-flex\">\n<figure class=\"wp-block-image size-large\"><img loading=\"lazy\" decoding=\"async\" width=\"1024\" height=\"576\" data-id=\"1938\" src=\"https:\/\/colecalatrava.es\/wp-content\/uploads\/2025\/12\/PHOTO-2025-12-03-12-32-44-1024x576.jpg\" alt=\"\" class=\"wp-image-1938\" srcset=\"https:\/\/colecalatrava.es\/wp-content\/uploads\/2025\/12\/PHOTO-2025-12-03-12-32-44-1024x576.jpg 1024w, https:\/\/colecalatrava.es\/wp-content\/uploads\/2025\/12\/PHOTO-2025-12-03-12-32-44-300x169.jpg 300w, https:\/\/colecalatrava.es\/wp-content\/uploads\/2025\/12\/PHOTO-2025-12-03-12-32-44-768x432.jpg 768w, https:\/\/colecalatrava.es\/wp-content\/uploads\/2025\/12\/PHOTO-2025-12-03-12-32-44-1536x864.jpg 1536w, https:\/\/colecalatrava.es\/wp-content\/uploads\/2025\/12\/PHOTO-2025-12-03-12-32-44.jpg 2040w\" sizes=\"auto, (max-width: 1024px) 100vw, 1024px\" \/><\/figure>\n\n\n\n<figure class=\"wp-block-image size-large\"><img loading=\"lazy\" decoding=\"async\" width=\"576\" height=\"1024\" data-id=\"1937\" src=\"https:\/\/colecalatrava.es\/wp-content\/uploads\/2025\/12\/PHOTO-2025-12-03-12-32-44-1-576x1024.jpg\" alt=\"\" class=\"wp-image-1937\" srcset=\"https:\/\/colecalatrava.es\/wp-content\/uploads\/2025\/12\/PHOTO-2025-12-03-12-32-44-1-576x1024.jpg 576w, https:\/\/colecalatrava.es\/wp-content\/uploads\/2025\/12\/PHOTO-2025-12-03-12-32-44-1-169x300.jpg 169w, https:\/\/colecalatrava.es\/wp-content\/uploads\/2025\/12\/PHOTO-2025-12-03-12-32-44-1-768x1365.jpg 768w, https:\/\/colecalatrava.es\/wp-content\/uploads\/2025\/12\/PHOTO-2025-12-03-12-32-44-1-864x1536.jpg 864w, https:\/\/colecalatrava.es\/wp-content\/uploads\/2025\/12\/PHOTO-2025-12-03-12-32-44-1.jpg 1148w\" sizes=\"auto, (max-width: 576px) 100vw, 576px\" \/><\/figure>\n\n\n\n<figure class=\"wp-block-image size-large\"><img loading=\"lazy\" decoding=\"async\" width=\"576\" height=\"1024\" data-id=\"1936\" src=\"https:\/\/colecalatrava.es\/wp-content\/uploads\/2025\/12\/PHOTO-2025-12-03-12-32-45-576x1024.jpg\" alt=\"\" class=\"wp-image-1936\" srcset=\"https:\/\/colecalatrava.es\/wp-content\/uploads\/2025\/12\/PHOTO-2025-12-03-12-32-45-576x1024.jpg 576w, https:\/\/colecalatrava.es\/wp-content\/uploads\/2025\/12\/PHOTO-2025-12-03-12-32-45-169x300.jpg 169w, https:\/\/colecalatrava.es\/wp-content\/uploads\/2025\/12\/PHOTO-2025-12-03-12-32-45-768x1365.jpg 768w, https:\/\/colecalatrava.es\/wp-content\/uploads\/2025\/12\/PHOTO-2025-12-03-12-32-45-864x1536.jpg 864w, https:\/\/colecalatrava.es\/wp-content\/uploads\/2025\/12\/PHOTO-2025-12-03-12-32-45.jpg 1148w\" sizes=\"auto, (max-width: 576px) 100vw, 576px\" \/><\/figure>\n\n\n\n<figure class=\"wp-block-image size-large\"><img loading=\"lazy\" decoding=\"async\" width=\"1024\" height=\"576\" data-id=\"1935\" src=\"https:\/\/colecalatrava.es\/wp-content\/uploads\/2025\/12\/PHOTO-2025-12-03-12-32-45-1-1024x576.jpg\" alt=\"\" class=\"wp-image-1935\" srcset=\"https:\/\/colecalatrava.es\/wp-content\/uploads\/2025\/12\/PHOTO-2025-12-03-12-32-45-1-1024x576.jpg 1024w, https:\/\/colecalatrava.es\/wp-content\/uploads\/2025\/12\/PHOTO-2025-12-03-12-32-45-1-300x169.jpg 300w, https:\/\/colecalatrava.es\/wp-content\/uploads\/2025\/12\/PHOTO-2025-12-03-12-32-45-1-768x432.jpg 768w, https:\/\/colecalatrava.es\/wp-content\/uploads\/2025\/12\/PHOTO-2025-12-03-12-32-45-1-1536x864.jpg 1536w, https:\/\/colecalatrava.es\/wp-content\/uploads\/2025\/12\/PHOTO-2025-12-03-12-32-45-1.jpg 2040w\" sizes=\"auto, (max-width: 1024px) 100vw, 1024px\" \/><\/figure>\n<\/figure>\n\n\n\n<p>La \u00faltima parte de la actividad ha sido en el cine, para ver la pel\u00edcula \u00abWonder\u00bb. Sin duda una jornada muy enriquecedora para nuestros alumnos\/as.<\/p>\n\n\n\n<p><\/p>\n\n\n\n<p><mark style=\"background-color:rgba(0, 0, 0, 0)\" class=\"has-inline-color has-vivid-red-color\"><strong><em>D\u00cdA INTERNACIONAL PARA LA ELIMINACI\u00d3N DE LA VIOLENCIA CONTRA LA MUJER <\/em><\/strong><\/mark>(25 de noviembre)<\/p>\n\n\n\n<p>Un a\u00f1o m\u00e1s hemos conmemorado este d\u00eda en el cole. Aunque esta gran lacra se combate d\u00eda a d\u00eda ense\u00f1\u00e1ndole a nuestro alumnado a crecer en igualdad, hoy hemos desarrollado un mural con el mensaje \u00abDAMOS NUESTROS PASOS POR LA IGUALDAD\u00bb. Nuestros\/as alumnos\/as han decorado una huella con un mensaje relacionado con el tema y han bajado a pegarla en el mural. \u00a1Ha quedado preciosos!<\/p>\n\n\n\n<figure class=\"wp-block-gallery has-nested-images columns-default is-cropped wp-block-gallery-13 is-layout-flex wp-block-gallery-is-layout-flex\">\n<figure class=\"wp-block-image size-large\"><img loading=\"lazy\" decoding=\"async\" width=\"1024\" height=\"771\" data-id=\"1889\" src=\"https:\/\/colecalatrava.es\/wp-content\/uploads\/2025\/11\/PHOTO-2025-11-25-11-44-54-1024x771.jpg\" alt=\"\" class=\"wp-image-1889\" srcset=\"https:\/\/colecalatrava.es\/wp-content\/uploads\/2025\/11\/PHOTO-2025-11-25-11-44-54-1024x771.jpg 1024w, https:\/\/colecalatrava.es\/wp-content\/uploads\/2025\/11\/PHOTO-2025-11-25-11-44-54-300x226.jpg 300w, https:\/\/colecalatrava.es\/wp-content\/uploads\/2025\/11\/PHOTO-2025-11-25-11-44-54-768x578.jpg 768w, https:\/\/colecalatrava.es\/wp-content\/uploads\/2025\/11\/PHOTO-2025-11-25-11-44-54-1536x1157.jpg 1536w, https:\/\/colecalatrava.es\/wp-content\/uploads\/2025\/11\/PHOTO-2025-11-25-11-44-54.jpg 2040w\" sizes=\"auto, (max-width: 1024px) 100vw, 1024px\" \/><\/figure>\n\n\n\n<figure class=\"wp-block-image size-large\"><img loading=\"lazy\" decoding=\"async\" width=\"1024\" height=\"771\" data-id=\"1887\" src=\"https:\/\/colecalatrava.es\/wp-content\/uploads\/2025\/11\/PHOTO-2025-11-25-11-45-54-1024x771.jpg\" alt=\"\" class=\"wp-image-1887\" srcset=\"https:\/\/colecalatrava.es\/wp-content\/uploads\/2025\/11\/PHOTO-2025-11-25-11-45-54-1024x771.jpg 1024w, https:\/\/colecalatrava.es\/wp-content\/uploads\/2025\/11\/PHOTO-2025-11-25-11-45-54-300x226.jpg 300w, https:\/\/colecalatrava.es\/wp-content\/uploads\/2025\/11\/PHOTO-2025-11-25-11-45-54-768x578.jpg 768w, https:\/\/colecalatrava.es\/wp-content\/uploads\/2025\/11\/PHOTO-2025-11-25-11-45-54-1536x1157.jpg 1536w, https:\/\/colecalatrava.es\/wp-content\/uploads\/2025\/11\/PHOTO-2025-11-25-11-45-54.jpg 2040w\" sizes=\"auto, (max-width: 1024px) 100vw, 1024px\" \/><\/figure>\n\n\n\n<figure class=\"wp-block-image size-large\"><img loading=\"lazy\" decoding=\"async\" width=\"771\" height=\"1024\" data-id=\"1888\" src=\"https:\/\/colecalatrava.es\/wp-content\/uploads\/2025\/11\/PHOTO-2025-11-25-11-45-34-771x1024.jpg\" alt=\"\" class=\"wp-image-1888\" srcset=\"https:\/\/colecalatrava.es\/wp-content\/uploads\/2025\/11\/PHOTO-2025-11-25-11-45-34-771x1024.jpg 771w, https:\/\/colecalatrava.es\/wp-content\/uploads\/2025\/11\/PHOTO-2025-11-25-11-45-34-226x300.jpg 226w, https:\/\/colecalatrava.es\/wp-content\/uploads\/2025\/11\/PHOTO-2025-11-25-11-45-34-768x1020.jpg 768w, https:\/\/colecalatrava.es\/wp-content\/uploads\/2025\/11\/PHOTO-2025-11-25-11-45-34-1157x1536.jpg 1157w, https:\/\/colecalatrava.es\/wp-content\/uploads\/2025\/11\/PHOTO-2025-11-25-11-45-34.jpg 1536w\" sizes=\"auto, (max-width: 771px) 100vw, 771px\" \/><\/figure>\n\n\n\n<figure class=\"wp-block-image size-large\"><img loading=\"lazy\" decoding=\"async\" width=\"1024\" height=\"768\" data-id=\"1885\" src=\"https:\/\/colecalatrava.es\/wp-content\/uploads\/2025\/11\/PHOTO-2025-11-25-16-16-36-1024x768.jpg\" alt=\"\" class=\"wp-image-1885\" srcset=\"https:\/\/colecalatrava.es\/wp-content\/uploads\/2025\/11\/PHOTO-2025-11-25-16-16-36-1024x768.jpg 1024w, https:\/\/colecalatrava.es\/wp-content\/uploads\/2025\/11\/PHOTO-2025-11-25-16-16-36-300x225.jpg 300w, https:\/\/colecalatrava.es\/wp-content\/uploads\/2025\/11\/PHOTO-2025-11-25-16-16-36-768x576.jpg 768w, https:\/\/colecalatrava.es\/wp-content\/uploads\/2025\/11\/PHOTO-2025-11-25-16-16-36-1536x1152.jpg 1536w, https:\/\/colecalatrava.es\/wp-content\/uploads\/2025\/11\/PHOTO-2025-11-25-16-16-36.jpg 1600w\" sizes=\"auto, (max-width: 1024px) 100vw, 1024px\" \/><\/figure>\n\n\n\n<figure class=\"wp-block-image size-large\"><img loading=\"lazy\" decoding=\"async\" width=\"1024\" height=\"771\" data-id=\"1886\" src=\"https:\/\/colecalatrava.es\/wp-content\/uploads\/2025\/11\/PHOTO-2025-11-25-11-46-42-1024x771.jpg\" alt=\"\" class=\"wp-image-1886\" srcset=\"https:\/\/colecalatrava.es\/wp-content\/uploads\/2025\/11\/PHOTO-2025-11-25-11-46-42-1024x771.jpg 1024w, https:\/\/colecalatrava.es\/wp-content\/uploads\/2025\/11\/PHOTO-2025-11-25-11-46-42-300x226.jpg 300w, https:\/\/colecalatrava.es\/wp-content\/uploads\/2025\/11\/PHOTO-2025-11-25-11-46-42-768x578.jpg 768w, https:\/\/colecalatrava.es\/wp-content\/uploads\/2025\/11\/PHOTO-2025-11-25-11-46-42-1536x1157.jpg 1536w, https:\/\/colecalatrava.es\/wp-content\/uploads\/2025\/11\/PHOTO-2025-11-25-11-46-42.jpg 2040w\" sizes=\"auto, (max-width: 1024px) 100vw, 1024px\" \/><\/figure>\n<\/figure>\n\n\n\n<figure class=\"wp-block-gallery has-nested-images columns-default is-cropped wp-block-gallery-14 is-layout-flex wp-block-gallery-is-layout-flex\">\n<figure class=\"wp-block-image size-large\"><img loading=\"lazy\" decoding=\"async\" width=\"640\" height=\"480\" data-id=\"1891\" src=\"https:\/\/colecalatrava.es\/wp-content\/uploads\/2025\/11\/IMG_6125.jpg\" alt=\"\" class=\"wp-image-1891\" srcset=\"https:\/\/colecalatrava.es\/wp-content\/uploads\/2025\/11\/IMG_6125.jpg 640w, https:\/\/colecalatrava.es\/wp-content\/uploads\/2025\/11\/IMG_6125-300x225.jpg 300w\" sizes=\"auto, (max-width: 640px) 100vw, 640px\" \/><\/figure>\n<\/figure>\n\n\n\n<figure class=\"wp-block-image size-full\"><img loading=\"lazy\" decoding=\"async\" width=\"480\" height=\"640\" src=\"https:\/\/colecalatrava.es\/wp-content\/uploads\/2025\/11\/IMG_6126-rotated.jpg\" alt=\"\" class=\"wp-image-1890\" srcset=\"https:\/\/colecalatrava.es\/wp-content\/uploads\/2025\/11\/IMG_6126-rotated.jpg 480w, https:\/\/colecalatrava.es\/wp-content\/uploads\/2025\/11\/IMG_6126-225x300.jpg 225w\" sizes=\"auto, (max-width: 480px) 100vw, 480px\" \/><\/figure>\n\n\n\n<p>Adem\u00e1s, hemos terminado de completar los escalones de ambos edificios con frases sobre este tema en el color violeta que se ha convertido en el color de la igualdad. Prontito os ense\u00f1aremos c\u00f3mo han quedado&#8230;<\/p>\n\n\n\n<figure class=\"wp-block-image size-full\"><img loading=\"lazy\" decoding=\"async\" width=\"640\" height=\"480\" src=\"https:\/\/colecalatrava.es\/wp-content\/uploads\/2025\/12\/IMG_6200.jpg\" alt=\"\" class=\"wp-image-1940\" srcset=\"https:\/\/colecalatrava.es\/wp-content\/uploads\/2025\/12\/IMG_6200.jpg 640w, https:\/\/colecalatrava.es\/wp-content\/uploads\/2025\/12\/IMG_6200-300x225.jpg 300w\" sizes=\"auto, (max-width: 640px) 100vw, 640px\" \/><\/figure>\n\n\n\n<figure class=\"wp-block-image size-full\"><img loading=\"lazy\" decoding=\"async\" width=\"480\" height=\"640\" src=\"https:\/\/colecalatrava.es\/wp-content\/uploads\/2025\/12\/IMG_6173-rotated.jpg\" alt=\"\" class=\"wp-image-1942\" srcset=\"https:\/\/colecalatrava.es\/wp-content\/uploads\/2025\/12\/IMG_6173-rotated.jpg 480w, https:\/\/colecalatrava.es\/wp-content\/uploads\/2025\/12\/IMG_6173-225x300.jpg 225w\" sizes=\"auto, (max-width: 480px) 100vw, 480px\" \/><\/figure>\n\n\n\n<figure class=\"wp-block-image size-full\"><img loading=\"lazy\" decoding=\"async\" width=\"480\" height=\"640\" src=\"https:\/\/colecalatrava.es\/wp-content\/uploads\/2025\/12\/IMG_6174-rotated.jpg\" alt=\"\" class=\"wp-image-1943\" srcset=\"https:\/\/colecalatrava.es\/wp-content\/uploads\/2025\/12\/IMG_6174-rotated.jpg 480w, https:\/\/colecalatrava.es\/wp-content\/uploads\/2025\/12\/IMG_6174-225x300.jpg 225w\" sizes=\"auto, (max-width: 480px) 100vw, 480px\" \/><\/figure>\n\n\n\n<p><strong><em><mark style=\"background-color:rgba(0, 0, 0, 0)\" class=\"has-inline-color has-vivid-red-color\">D\u00cdA DE LA TOLERANCIA <\/mark><\/em><\/strong>(16 de noviembre)<\/p>\n\n\n\n<p>El lunes, 17 de noviembre conmemoramos este d\u00eda en el cole, aunque en realidad se trabaja desde todos los \u00e1mbitos cada d\u00eda. \u00a1Qu\u00e9 importante es ser tolerante!<\/p>\n\n\n\n<p>Durante la semana anterior, se trabajo en las clases sobre este tema, y se crearon distintas frases sobre la tolerancia que hemos plasmado en nuestros escalones de ambos edificios. Hoy por fin nuestro alumnado va a poder leerlas todas y localizar la de su clase.<\/p>\n\n\n\n<figure class=\"wp-block-image size-large\"><img loading=\"lazy\" decoding=\"async\" width=\"768\" height=\"1024\" src=\"https:\/\/colecalatrava.es\/wp-content\/uploads\/2025\/11\/IMG_6103-768x1024.jpg\" alt=\"\" class=\"wp-image-1879\" srcset=\"https:\/\/colecalatrava.es\/wp-content\/uploads\/2025\/11\/IMG_6103-768x1024.jpg 768w, https:\/\/colecalatrava.es\/wp-content\/uploads\/2025\/11\/IMG_6103-225x300.jpg 225w, https:\/\/colecalatrava.es\/wp-content\/uploads\/2025\/11\/IMG_6103-1152x1536.jpg 1152w, https:\/\/colecalatrava.es\/wp-content\/uploads\/2025\/11\/IMG_6103-1536x2048.jpg 1536w, https:\/\/colecalatrava.es\/wp-content\/uploads\/2025\/11\/IMG_6103-scaled.jpg 1920w\" sizes=\"auto, (max-width: 768px) 100vw, 768px\" \/><\/figure>\n\n\n\n<figure class=\"wp-block-image size-large\"><img loading=\"lazy\" decoding=\"async\" width=\"576\" height=\"1024\" src=\"https:\/\/colecalatrava.es\/wp-content\/uploads\/2025\/11\/PHOTO-2025-11-20-13-14-32-576x1024.jpg\" alt=\"\" class=\"wp-image-1880\" srcset=\"https:\/\/colecalatrava.es\/wp-content\/uploads\/2025\/11\/PHOTO-2025-11-20-13-14-32-576x1024.jpg 576w, https:\/\/colecalatrava.es\/wp-content\/uploads\/2025\/11\/PHOTO-2025-11-20-13-14-32-169x300.jpg 169w, https:\/\/colecalatrava.es\/wp-content\/uploads\/2025\/11\/PHOTO-2025-11-20-13-14-32-768x1365.jpg 768w, https:\/\/colecalatrava.es\/wp-content\/uploads\/2025\/11\/PHOTO-2025-11-20-13-14-32-864x1536.jpg 864w, https:\/\/colecalatrava.es\/wp-content\/uploads\/2025\/11\/PHOTO-2025-11-20-13-14-32.jpg 1148w\" sizes=\"auto, (max-width: 576px) 100vw, 576px\" \/><\/figure>\n\n\n\n<figure class=\"wp-block-image size-large\"><img loading=\"lazy\" decoding=\"async\" width=\"768\" height=\"1024\" src=\"https:\/\/colecalatrava.es\/wp-content\/uploads\/2025\/11\/IMG_6102-768x1024.jpg\" alt=\"\" class=\"wp-image-1878\" srcset=\"https:\/\/colecalatrava.es\/wp-content\/uploads\/2025\/11\/IMG_6102-768x1024.jpg 768w, https:\/\/colecalatrava.es\/wp-content\/uploads\/2025\/11\/IMG_6102-225x300.jpg 225w, https:\/\/colecalatrava.es\/wp-content\/uploads\/2025\/11\/IMG_6102-1152x1536.jpg 1152w, https:\/\/colecalatrava.es\/wp-content\/uploads\/2025\/11\/IMG_6102-1536x2048.jpg 1536w, https:\/\/colecalatrava.es\/wp-content\/uploads\/2025\/11\/IMG_6102-scaled.jpg 1920w\" sizes=\"auto, (max-width: 768px) 100vw, 768px\" \/><\/figure>\n\n\n\n<p><strong><em><mark style=\"background-color:rgba(0, 0, 0, 0)\" class=\"has-inline-color has-vivid-red-color\">ACTIVIDADES DE OTO\u00d1O DE LA BIBLIOTECA <\/mark><\/em><\/strong><mark style=\"background-color:rgba(0, 0, 0, 0)\" class=\"has-inline-color has-black-color\">(20 de noviembre)<\/mark><\/p>\n\n\n\n<p>Los peques de 1\u00ba Primaria se han desplazado hoy a la Biblioteca para disfrutar de un cuentacuentos de la mano de Ana Torres, la cual tiene una gran trayectoria profesional relacionada con el teatro y el arte de contar cuentos. \u00a1Se lo han pasado genial!<\/p>\n\n\n\n<figure class=\"wp-block-image size-large\"><img loading=\"lazy\" decoding=\"async\" width=\"1024\" height=\"472\" src=\"https:\/\/colecalatrava.es\/wp-content\/uploads\/2025\/11\/PHOTO-2025-11-20-11-47-25-1024x472.jpg\" alt=\"\" class=\"wp-image-1870\" srcset=\"https:\/\/colecalatrava.es\/wp-content\/uploads\/2025\/11\/PHOTO-2025-11-20-11-47-25-1024x472.jpg 1024w, https:\/\/colecalatrava.es\/wp-content\/uploads\/2025\/11\/PHOTO-2025-11-20-11-47-25-300x138.jpg 300w, https:\/\/colecalatrava.es\/wp-content\/uploads\/2025\/11\/PHOTO-2025-11-20-11-47-25-768x354.jpg 768w, https:\/\/colecalatrava.es\/wp-content\/uploads\/2025\/11\/PHOTO-2025-11-20-11-47-25-1536x708.jpg 1536w, https:\/\/colecalatrava.es\/wp-content\/uploads\/2025\/11\/PHOTO-2025-11-20-11-47-25.jpg 1600w\" sizes=\"auto, (max-width: 1024px) 100vw, 1024px\" \/><\/figure>\n\n\n\n<p><strong><em><mark style=\"background-color:rgba(0, 0, 0, 0)\" class=\"has-inline-color has-vivid-red-color\">VISITA A LA MOTILLA <\/mark><\/em><\/strong><mark style=\"background-color:rgba(0, 0, 0, 0)\" class=\"has-inline-color has-black-color\">(11 de noviembre)<\/mark><\/p>\n\n\n\n<p>Un a\u00f1o m\u00e1s nuestro alumnado de quinto ha visitado esta \u00abjoya\u00bb de la localidad. Cada a\u00f1o el Ayuntamiento organiza esta salida a la Motilla del Azuer para este grupo de alumnado con el fin de dar a conocer este yacimiento prehist\u00f3rico. Este a\u00f1o, los grupos de Elena y Fernando han podido disfrutar de esta actividad acompa\u00f1ados por Laura y Diana.<\/p>\n\n\n\n<figure class=\"wp-block-image size-large\"><img loading=\"lazy\" decoding=\"async\" width=\"1024\" height=\"576\" src=\"https:\/\/colecalatrava.es\/wp-content\/uploads\/2025\/11\/PHOTO-2025-11-11-12-07-36-1024x576.jpg\" alt=\"\" class=\"wp-image-1863\" srcset=\"https:\/\/colecalatrava.es\/wp-content\/uploads\/2025\/11\/PHOTO-2025-11-11-12-07-36-1024x576.jpg 1024w, https:\/\/colecalatrava.es\/wp-content\/uploads\/2025\/11\/PHOTO-2025-11-11-12-07-36-300x169.jpg 300w, https:\/\/colecalatrava.es\/wp-content\/uploads\/2025\/11\/PHOTO-2025-11-11-12-07-36-768x432.jpg 768w, https:\/\/colecalatrava.es\/wp-content\/uploads\/2025\/11\/PHOTO-2025-11-11-12-07-36-1536x864.jpg 1536w, https:\/\/colecalatrava.es\/wp-content\/uploads\/2025\/11\/PHOTO-2025-11-11-12-07-36.jpg 2040w\" sizes=\"auto, (max-width: 1024px) 100vw, 1024px\" \/><\/figure>\n\n\n\n<figure class=\"wp-block-image size-large\"><img loading=\"lazy\" decoding=\"async\" width=\"1024\" height=\"576\" src=\"https:\/\/colecalatrava.es\/wp-content\/uploads\/2025\/11\/PHOTO-2025-11-11-13-12-27-1024x576.jpg\" alt=\"\" class=\"wp-image-1861\" srcset=\"https:\/\/colecalatrava.es\/wp-content\/uploads\/2025\/11\/PHOTO-2025-11-11-13-12-27-1024x576.jpg 1024w, https:\/\/colecalatrava.es\/wp-content\/uploads\/2025\/11\/PHOTO-2025-11-11-13-12-27-300x169.jpg 300w, https:\/\/colecalatrava.es\/wp-content\/uploads\/2025\/11\/PHOTO-2025-11-11-13-12-27-768x432.jpg 768w, https:\/\/colecalatrava.es\/wp-content\/uploads\/2025\/11\/PHOTO-2025-11-11-13-12-27-1536x864.jpg 1536w, https:\/\/colecalatrava.es\/wp-content\/uploads\/2025\/11\/PHOTO-2025-11-11-13-12-27.jpg 2000w\" sizes=\"auto, (max-width: 1024px) 100vw, 1024px\" \/><\/figure>\n\n\n\n<p><strong><em><mark style=\"background-color:rgba(0, 0, 0, 0)\" class=\"has-inline-color has-vivid-red-color\">HALLOWEEN <\/mark><\/em><\/strong><mark style=\"background-color:rgba(0, 0, 0, 0)\" class=\"has-inline-color has-black-color\">(30 de octubre)<\/mark><\/p>\n\n\n\n<p>Este curso hemos vuelto a celebrar esta festividad, muy relacionada con el \u00e1rea de ingl\u00e9s y sus aspectos socioculturales. Hemos vuelto a realizar un concurso, pero esta vez de \u00abfotos terror\u00edficas\u00bb.<\/p>\n\n\n\n<figure class=\"wp-block-image size-full\"><img loading=\"lazy\" decoding=\"async\" width=\"640\" height=\"480\" src=\"https:\/\/colecalatrava.es\/wp-content\/uploads\/2025\/11\/IMG_6037.jpg\" alt=\"\" class=\"wp-image-1830\" srcset=\"https:\/\/colecalatrava.es\/wp-content\/uploads\/2025\/11\/IMG_6037.jpg 640w, https:\/\/colecalatrava.es\/wp-content\/uploads\/2025\/11\/IMG_6037-300x225.jpg 300w\" sizes=\"auto, (max-width: 640px) 100vw, 640px\" \/><\/figure>\n\n\n\n<figure class=\"wp-block-gallery has-nested-images columns-default is-cropped wp-block-gallery-15 is-layout-flex wp-block-gallery-is-layout-flex\">\n<figure class=\"wp-block-image size-large\"><img loading=\"lazy\" decoding=\"async\" width=\"480\" height=\"640\" data-id=\"1828\" src=\"https:\/\/colecalatrava.es\/wp-content\/uploads\/2025\/11\/IMG_6040-rotated.jpg\" alt=\"\" class=\"wp-image-1828\" srcset=\"https:\/\/colecalatrava.es\/wp-content\/uploads\/2025\/11\/IMG_6040-rotated.jpg 480w, https:\/\/colecalatrava.es\/wp-content\/uploads\/2025\/11\/IMG_6040-225x300.jpg 225w\" sizes=\"auto, (max-width: 480px) 100vw, 480px\" \/><\/figure>\n\n\n\n<figure class=\"wp-block-image size-large\"><img loading=\"lazy\" decoding=\"async\" width=\"480\" height=\"640\" data-id=\"1827\" src=\"https:\/\/colecalatrava.es\/wp-content\/uploads\/2025\/11\/IMG_6041-rotated.jpg\" alt=\"\" class=\"wp-image-1827\" srcset=\"https:\/\/colecalatrava.es\/wp-content\/uploads\/2025\/11\/IMG_6041-rotated.jpg 480w, https:\/\/colecalatrava.es\/wp-content\/uploads\/2025\/11\/IMG_6041-225x300.jpg 225w\" sizes=\"auto, (max-width: 480px) 100vw, 480px\" \/><\/figure>\n<\/figure>\n\n\n\n<p>Adem\u00e1s de las actividades de aula, se han realizado lecturas relacionadas con esta tem\u00e1tica:  Rosa en E. Infantil, Ana en 1\u00ba, 2\u00ba y 3\u00ba de E. Primaria y To\u00f1i en 4\u00ba, 5\u00ba y 6\u00ba.<\/p>\n\n\n\n<figure class=\"wp-block-gallery has-nested-images columns-default is-cropped wp-block-gallery-16 is-layout-flex wp-block-gallery-is-layout-flex\">\n<figure class=\"wp-block-image size-large\"><img loading=\"lazy\" decoding=\"async\" width=\"1024\" height=\"459\" data-id=\"1813\" src=\"https:\/\/colecalatrava.es\/wp-content\/uploads\/2025\/11\/PHOTO-2025-10-30-14-20-23-1024x459.jpg\" alt=\"\" class=\"wp-image-1813\" srcset=\"https:\/\/colecalatrava.es\/wp-content\/uploads\/2025\/11\/PHOTO-2025-10-30-14-20-23-1024x459.jpg 1024w, https:\/\/colecalatrava.es\/wp-content\/uploads\/2025\/11\/PHOTO-2025-10-30-14-20-23-300x134.jpg 300w, https:\/\/colecalatrava.es\/wp-content\/uploads\/2025\/11\/PHOTO-2025-10-30-14-20-23-768x344.jpg 768w, https:\/\/colecalatrava.es\/wp-content\/uploads\/2025\/11\/PHOTO-2025-10-30-14-20-23-1536x688.jpg 1536w, https:\/\/colecalatrava.es\/wp-content\/uploads\/2025\/11\/PHOTO-2025-10-30-14-20-23.jpg 2000w\" sizes=\"auto, (max-width: 1024px) 100vw, 1024px\" \/><\/figure>\n\n\n\n<figure class=\"wp-block-image size-large\"><img loading=\"lazy\" decoding=\"async\" width=\"1024\" height=\"576\" data-id=\"1812\" src=\"https:\/\/colecalatrava.es\/wp-content\/uploads\/2025\/11\/PHOTO-2025-10-30-15-47-46-1-1024x576.jpg\" alt=\"\" class=\"wp-image-1812\" srcset=\"https:\/\/colecalatrava.es\/wp-content\/uploads\/2025\/11\/PHOTO-2025-10-30-15-47-46-1-1024x576.jpg 1024w, https:\/\/colecalatrava.es\/wp-content\/uploads\/2025\/11\/PHOTO-2025-10-30-15-47-46-1-300x169.jpg 300w, https:\/\/colecalatrava.es\/wp-content\/uploads\/2025\/11\/PHOTO-2025-10-30-15-47-46-1-768x432.jpg 768w, https:\/\/colecalatrava.es\/wp-content\/uploads\/2025\/11\/PHOTO-2025-10-30-15-47-46-1-1536x864.jpg 1536w, https:\/\/colecalatrava.es\/wp-content\/uploads\/2025\/11\/PHOTO-2025-10-30-15-47-46-1.jpg 2040w\" sizes=\"auto, (max-width: 1024px) 100vw, 1024px\" \/><\/figure>\n\n\n\n<figure class=\"wp-block-image size-large\"><img loading=\"lazy\" decoding=\"async\" width=\"1024\" height=\"576\" data-id=\"1814\" src=\"https:\/\/colecalatrava.es\/wp-content\/uploads\/2025\/11\/PHOTO-2025-10-30-13-55-34-1024x576.jpg\" alt=\"\" class=\"wp-image-1814\" srcset=\"https:\/\/colecalatrava.es\/wp-content\/uploads\/2025\/11\/PHOTO-2025-10-30-13-55-34-1024x576.jpg 1024w, https:\/\/colecalatrava.es\/wp-content\/uploads\/2025\/11\/PHOTO-2025-10-30-13-55-34-300x169.jpg 300w, https:\/\/colecalatrava.es\/wp-content\/uploads\/2025\/11\/PHOTO-2025-10-30-13-55-34-768x432.jpg 768w, https:\/\/colecalatrava.es\/wp-content\/uploads\/2025\/11\/PHOTO-2025-10-30-13-55-34-1536x864.jpg 1536w, https:\/\/colecalatrava.es\/wp-content\/uploads\/2025\/11\/PHOTO-2025-10-30-13-55-34.jpg 1600w\" sizes=\"auto, (max-width: 1024px) 100vw, 1024px\" \/><\/figure>\n\n\n\n<figure class=\"wp-block-image size-large\"><img loading=\"lazy\" decoding=\"async\" width=\"1024\" height=\"768\" data-id=\"1808\" src=\"https:\/\/colecalatrava.es\/wp-content\/uploads\/2025\/11\/PHOTO-2025-10-30-17-49-22-1024x768.jpg\" alt=\"\" class=\"wp-image-1808\" srcset=\"https:\/\/colecalatrava.es\/wp-content\/uploads\/2025\/11\/PHOTO-2025-10-30-17-49-22-1024x768.jpg 1024w, https:\/\/colecalatrava.es\/wp-content\/uploads\/2025\/11\/PHOTO-2025-10-30-17-49-22-300x225.jpg 300w, https:\/\/colecalatrava.es\/wp-content\/uploads\/2025\/11\/PHOTO-2025-10-30-17-49-22-768x576.jpg 768w, https:\/\/colecalatrava.es\/wp-content\/uploads\/2025\/11\/PHOTO-2025-10-30-17-49-22-1536x1152.jpg 1536w, https:\/\/colecalatrava.es\/wp-content\/uploads\/2025\/11\/PHOTO-2025-10-30-17-49-22.jpg 1600w\" sizes=\"auto, (max-width: 1024px) 100vw, 1024px\" \/><\/figure>\n\n\n\n<figure class=\"wp-block-image size-large\"><img loading=\"lazy\" decoding=\"async\" width=\"1024\" height=\"768\" data-id=\"1806\" src=\"https:\/\/colecalatrava.es\/wp-content\/uploads\/2025\/11\/PHOTO-2025-11-01-13-20-30-1024x768.jpg\" alt=\"\" class=\"wp-image-1806\" srcset=\"https:\/\/colecalatrava.es\/wp-content\/uploads\/2025\/11\/PHOTO-2025-11-01-13-20-30-1024x768.jpg 1024w, https:\/\/colecalatrava.es\/wp-content\/uploads\/2025\/11\/PHOTO-2025-11-01-13-20-30-300x225.jpg 300w, https:\/\/colecalatrava.es\/wp-content\/uploads\/2025\/11\/PHOTO-2025-11-01-13-20-30-768x576.jpg 768w, https:\/\/colecalatrava.es\/wp-content\/uploads\/2025\/11\/PHOTO-2025-11-01-13-20-30-1536x1152.jpg 1536w, https:\/\/colecalatrava.es\/wp-content\/uploads\/2025\/11\/PHOTO-2025-11-01-13-20-30.jpg 1600w\" sizes=\"auto, (max-width: 1024px) 100vw, 1024px\" \/><\/figure>\n<\/figure>\n\n\n\n<p>La AMPA ha organizado una vez m\u00e1s un pasaje del terror \u00a1y esta vez se ha superado! Nuestro alumnado lo ha disfrutado mucho.<\/p>\n\n\n\n<p>El Infantil han realizado diversos talleres&#8230;<\/p>\n\n\n\n<figure class=\"wp-block-gallery has-nested-images columns-default is-cropped wp-block-gallery-17 is-layout-flex wp-block-gallery-is-layout-flex\">\n<figure class=\"wp-block-image size-large\"><img loading=\"lazy\" decoding=\"async\" width=\"1024\" height=\"768\" data-id=\"1809\" src=\"https:\/\/colecalatrava.es\/wp-content\/uploads\/2025\/11\/PHOTO-2025-10-30-16-14-38-1024x768.jpg\" alt=\"\" class=\"wp-image-1809\" srcset=\"https:\/\/colecalatrava.es\/wp-content\/uploads\/2025\/11\/PHOTO-2025-10-30-16-14-38-1024x768.jpg 1024w, https:\/\/colecalatrava.es\/wp-content\/uploads\/2025\/11\/PHOTO-2025-10-30-16-14-38-300x225.jpg 300w, https:\/\/colecalatrava.es\/wp-content\/uploads\/2025\/11\/PHOTO-2025-10-30-16-14-38-768x576.jpg 768w, https:\/\/colecalatrava.es\/wp-content\/uploads\/2025\/11\/PHOTO-2025-10-30-16-14-38-1536x1152.jpg 1536w, https:\/\/colecalatrava.es\/wp-content\/uploads\/2025\/11\/PHOTO-2025-10-30-16-14-38.jpg 1600w\" sizes=\"auto, (max-width: 1024px) 100vw, 1024px\" \/><\/figure>\n\n\n\n<figure class=\"wp-block-image size-large\"><img loading=\"lazy\" decoding=\"async\" width=\"1024\" height=\"461\" data-id=\"1807\" src=\"https:\/\/colecalatrava.es\/wp-content\/uploads\/2025\/11\/PHOTO-2025-10-30-20-01-30-1024x461.jpg\" alt=\"\" class=\"wp-image-1807\" srcset=\"https:\/\/colecalatrava.es\/wp-content\/uploads\/2025\/11\/PHOTO-2025-10-30-20-01-30-1024x461.jpg 1024w, https:\/\/colecalatrava.es\/wp-content\/uploads\/2025\/11\/PHOTO-2025-10-30-20-01-30-300x135.jpg 300w, https:\/\/colecalatrava.es\/wp-content\/uploads\/2025\/11\/PHOTO-2025-10-30-20-01-30-768x346.jpg 768w, https:\/\/colecalatrava.es\/wp-content\/uploads\/2025\/11\/PHOTO-2025-10-30-20-01-30-1536x691.jpg 1536w, https:\/\/colecalatrava.es\/wp-content\/uploads\/2025\/11\/PHOTO-2025-10-30-20-01-30.jpg 2000w\" sizes=\"auto, (max-width: 1024px) 100vw, 1024px\" \/><\/figure>\n<\/figure>\n\n\n\n<p>Despu\u00e9s del recreo, nos hemos quedado en el patio para el primer lanzamiento de nuestro juego de \u00abCalatrav\u00edn Lector\u00bb, despu\u00e9s todo el colegio hemos realizado de \u00abThriller\u00bb de Michael Jackson con las mejores core\u00f3grafas, la profe M. Jes\u00fas y nuestras maestras de pr\u00e1cticas. \u00a1Ha quedado genial!<\/p>\n\n\n\n<figure class=\"wp-block-gallery has-nested-images columns-default is-cropped wp-block-gallery-18 is-layout-flex wp-block-gallery-is-layout-flex\">\n<figure class=\"wp-block-image size-large\"><img loading=\"lazy\" decoding=\"async\" width=\"640\" height=\"243\" data-id=\"1823\" src=\"https:\/\/colecalatrava.es\/wp-content\/uploads\/2025\/11\/IMG_6047.jpg\" alt=\"\" class=\"wp-image-1823\" srcset=\"https:\/\/colecalatrava.es\/wp-content\/uploads\/2025\/11\/IMG_6047.jpg 640w, https:\/\/colecalatrava.es\/wp-content\/uploads\/2025\/11\/IMG_6047-300x114.jpg 300w\" sizes=\"auto, (max-width: 640px) 100vw, 640px\" \/><\/figure>\n\n\n\n<figure class=\"wp-block-image size-large\"><img loading=\"lazy\" decoding=\"async\" width=\"640\" height=\"480\" data-id=\"1824\" src=\"https:\/\/colecalatrava.es\/wp-content\/uploads\/2025\/11\/IMG_6044.jpg\" alt=\"\" class=\"wp-image-1824\" srcset=\"https:\/\/colecalatrava.es\/wp-content\/uploads\/2025\/11\/IMG_6044.jpg 640w, https:\/\/colecalatrava.es\/wp-content\/uploads\/2025\/11\/IMG_6044-300x225.jpg 300w\" sizes=\"auto, (max-width: 640px) 100vw, 640px\" \/><\/figure>\n\n\n\n<figure class=\"wp-block-image size-large\"><img loading=\"lazy\" decoding=\"async\" width=\"1024\" height=\"576\" data-id=\"1815\" src=\"https:\/\/colecalatrava.es\/wp-content\/uploads\/2025\/11\/PHOTO-2025-10-30-13-55-32-1024x576.jpg\" alt=\"\" class=\"wp-image-1815\" srcset=\"https:\/\/colecalatrava.es\/wp-content\/uploads\/2025\/11\/PHOTO-2025-10-30-13-55-32-1024x576.jpg 1024w, https:\/\/colecalatrava.es\/wp-content\/uploads\/2025\/11\/PHOTO-2025-10-30-13-55-32-300x169.jpg 300w, https:\/\/colecalatrava.es\/wp-content\/uploads\/2025\/11\/PHOTO-2025-10-30-13-55-32-768x432.jpg 768w, https:\/\/colecalatrava.es\/wp-content\/uploads\/2025\/11\/PHOTO-2025-10-30-13-55-32-1536x864.jpg 1536w, https:\/\/colecalatrava.es\/wp-content\/uploads\/2025\/11\/PHOTO-2025-10-30-13-55-32.jpg 1600w\" sizes=\"auto, (max-width: 1024px) 100vw, 1024px\" \/><\/figure>\n<\/figure>\n\n\n\n<p>Y por \u00faltimo, la entrega de premios por parte de la AMPA del concurso de fotos terror\u00edficas. Los premiados han sido:<\/p>\n\n\n\n<ul class=\"wp-block-list\">\n<li>Laia en 3 a\u00f1os.<\/li>\n\n\n\n<li>Sof\u00eda en 4 a\u00f1os.<\/li>\n\n\n\n<li>David en 5 a\u00f1os.<\/li>\n\n\n\n<li>Lucas en 1\u00ba de E. Primaria.<\/li>\n\n\n\n<li>Ingrid en 2\u00ba.<\/li>\n\n\n\n<li>Nazaret en 3\u00ba.<\/li>\n\n\n\n<li>Fran en 4\u00ba.<\/li>\n\n\n\n<li>Sa\u00fal en 5\u00ba.<\/li>\n\n\n\n<li>Manuel en 6\u00ba.<\/li>\n<\/ul>\n\n\n\n<p>\u00a1Enhorabuena a los ganadores y mil gracias a la AMPA y su participaci\u00f3n en todas las actividades del centro!<\/p>\n\n\n\n<p><em><strong><mark style=\"background-color:rgba(0, 0, 0, 0)\" class=\"has-inline-color has-white-color\">HALLOWEEN <\/mark><\/strong><\/em><\/p>\n\n\n\n<p><mark style=\"background-color:rgba(0, 0, 0, 0)\" class=\"has-inline-color has-vivid-red-color\"><em><strong>LECTURAS COMPARTIDAS CON FAMILIAS.<\/strong><\/em><\/mark><\/p>\n\n\n\n<p>Este curso retomamos las \u00ablecturas compartidas\u00bb con familias. Como recordareis, las familias van al aula de su hijo\/a a compartir una lectura con ellos y a nuestros\/as alumnos\/as les encanta que vengan sus familiares.<\/p>\n\n\n\n<figure class=\"wp-block-gallery has-nested-images columns-default is-cropped wp-block-gallery-19 is-layout-flex wp-block-gallery-is-layout-flex\">\n<figure class=\"wp-block-image size-large\"><img loading=\"lazy\" decoding=\"async\" width=\"1024\" height=\"768\" data-id=\"1796\" src=\"https:\/\/colecalatrava.es\/wp-content\/uploads\/2025\/10\/PHOTO-2025-10-07-14-21-36-1024x768.jpg\" alt=\"\" class=\"wp-image-1796\" srcset=\"https:\/\/colecalatrava.es\/wp-content\/uploads\/2025\/10\/PHOTO-2025-10-07-14-21-36-1024x768.jpg 1024w, https:\/\/colecalatrava.es\/wp-content\/uploads\/2025\/10\/PHOTO-2025-10-07-14-21-36-300x225.jpg 300w, https:\/\/colecalatrava.es\/wp-content\/uploads\/2025\/10\/PHOTO-2025-10-07-14-21-36-768x576.jpg 768w, https:\/\/colecalatrava.es\/wp-content\/uploads\/2025\/10\/PHOTO-2025-10-07-14-21-36-1536x1152.jpg 1536w, https:\/\/colecalatrava.es\/wp-content\/uploads\/2025\/10\/PHOTO-2025-10-07-14-21-36.jpg 1600w\" sizes=\"auto, (max-width: 1024px) 100vw, 1024px\" \/><\/figure>\n\n\n\n<figure class=\"wp-block-image size-large\"><img loading=\"lazy\" decoding=\"async\" width=\"1024\" height=\"576\" data-id=\"1795\" src=\"https:\/\/colecalatrava.es\/wp-content\/uploads\/2025\/10\/PHOTO-2025-10-07-11-15-22-1024x576.jpg\" alt=\"\" class=\"wp-image-1795\" srcset=\"https:\/\/colecalatrava.es\/wp-content\/uploads\/2025\/10\/PHOTO-2025-10-07-11-15-22-1024x576.jpg 1024w, https:\/\/colecalatrava.es\/wp-content\/uploads\/2025\/10\/PHOTO-2025-10-07-11-15-22-300x169.jpg 300w, https:\/\/colecalatrava.es\/wp-content\/uploads\/2025\/10\/PHOTO-2025-10-07-11-15-22-768x432.jpg 768w, https:\/\/colecalatrava.es\/wp-content\/uploads\/2025\/10\/PHOTO-2025-10-07-11-15-22-1536x864.jpg 1536w, https:\/\/colecalatrava.es\/wp-content\/uploads\/2025\/10\/PHOTO-2025-10-07-11-15-22.jpg 1600w\" sizes=\"auto, (max-width: 1024px) 100vw, 1024px\" \/><\/figure>\n\n\n\n<figure class=\"wp-block-image size-large\"><img loading=\"lazy\" decoding=\"async\" width=\"1024\" height=\"472\" data-id=\"1794\" src=\"https:\/\/colecalatrava.es\/wp-content\/uploads\/2025\/10\/PHOTO-2025-10-07-10-54-49-1024x472.jpg\" alt=\"\" class=\"wp-image-1794\" srcset=\"https:\/\/colecalatrava.es\/wp-content\/uploads\/2025\/10\/PHOTO-2025-10-07-10-54-49-1024x472.jpg 1024w, https:\/\/colecalatrava.es\/wp-content\/uploads\/2025\/10\/PHOTO-2025-10-07-10-54-49-300x138.jpg 300w, https:\/\/colecalatrava.es\/wp-content\/uploads\/2025\/10\/PHOTO-2025-10-07-10-54-49-768x354.jpg 768w, https:\/\/colecalatrava.es\/wp-content\/uploads\/2025\/10\/PHOTO-2025-10-07-10-54-49-1536x708.jpg 1536w, https:\/\/colecalatrava.es\/wp-content\/uploads\/2025\/10\/PHOTO-2025-10-07-10-54-49.jpg 2000w\" sizes=\"auto, (max-width: 1024px) 100vw, 1024px\" \/><\/figure>\n\n\n\n<figure class=\"wp-block-image size-large\"><img loading=\"lazy\" decoding=\"async\" width=\"1024\" height=\"768\" data-id=\"1792\" src=\"https:\/\/colecalatrava.es\/wp-content\/uploads\/2025\/10\/PHOTO-2025-10-07-22-01-05-1024x768.jpg\" alt=\"\" class=\"wp-image-1792\" srcset=\"https:\/\/colecalatrava.es\/wp-content\/uploads\/2025\/10\/PHOTO-2025-10-07-22-01-05-1024x768.jpg 1024w, https:\/\/colecalatrava.es\/wp-content\/uploads\/2025\/10\/PHOTO-2025-10-07-22-01-05-300x225.jpg 300w, https:\/\/colecalatrava.es\/wp-content\/uploads\/2025\/10\/PHOTO-2025-10-07-22-01-05-768x576.jpg 768w, https:\/\/colecalatrava.es\/wp-content\/uploads\/2025\/10\/PHOTO-2025-10-07-22-01-05-1536x1152.jpg 1536w, https:\/\/colecalatrava.es\/wp-content\/uploads\/2025\/10\/PHOTO-2025-10-07-22-01-05.jpg 1600w\" sizes=\"auto, (max-width: 1024px) 100vw, 1024px\" \/><\/figure>\n\n\n\n<figure class=\"wp-block-image size-large\"><img loading=\"lazy\" decoding=\"async\" width=\"1024\" height=\"768\" data-id=\"1791\" src=\"https:\/\/colecalatrava.es\/wp-content\/uploads\/2025\/10\/PHOTO-2025-10-07-15-35-41-1024x768.jpg\" alt=\"\" class=\"wp-image-1791\" srcset=\"https:\/\/colecalatrava.es\/wp-content\/uploads\/2025\/10\/PHOTO-2025-10-07-15-35-41-1024x768.jpg 1024w, https:\/\/colecalatrava.es\/wp-content\/uploads\/2025\/10\/PHOTO-2025-10-07-15-35-41-300x225.jpg 300w, https:\/\/colecalatrava.es\/wp-content\/uploads\/2025\/10\/PHOTO-2025-10-07-15-35-41-768x576.jpg 768w, https:\/\/colecalatrava.es\/wp-content\/uploads\/2025\/10\/PHOTO-2025-10-07-15-35-41-1536x1152.jpg 1536w, https:\/\/colecalatrava.es\/wp-content\/uploads\/2025\/10\/PHOTO-2025-10-07-15-35-41.jpg 1600w\" sizes=\"auto, (max-width: 1024px) 100vw, 1024px\" \/><\/figure>\n\n\n\n<figure class=\"wp-block-image size-large\"><img loading=\"lazy\" decoding=\"async\" width=\"1024\" height=\"768\" data-id=\"1790\" src=\"https:\/\/colecalatrava.es\/wp-content\/uploads\/2025\/10\/PHOTO-2025-10-07-11-03-32-1024x768.jpg\" alt=\"\" class=\"wp-image-1790\" srcset=\"https:\/\/colecalatrava.es\/wp-content\/uploads\/2025\/10\/PHOTO-2025-10-07-11-03-32-1024x768.jpg 1024w, https:\/\/colecalatrava.es\/wp-content\/uploads\/2025\/10\/PHOTO-2025-10-07-11-03-32-300x225.jpg 300w, https:\/\/colecalatrava.es\/wp-content\/uploads\/2025\/10\/PHOTO-2025-10-07-11-03-32-768x576.jpg 768w, https:\/\/colecalatrava.es\/wp-content\/uploads\/2025\/10\/PHOTO-2025-10-07-11-03-32-1536x1152.jpg 1536w, https:\/\/colecalatrava.es\/wp-content\/uploads\/2025\/10\/PHOTO-2025-10-07-11-03-32.jpg 1600w\" sizes=\"auto, (max-width: 1024px) 100vw, 1024px\" \/><\/figure>\n<\/figure>\n\n\n\n<p>\u00a1GRACIAS, FAMILIAS! \u00bfEsta actividad no ser\u00eda lo mismo sin vosotros\/as!<\/p>\n\n\n\n<p><mark style=\"background-color:rgba(0, 0, 0, 0)\" class=\"has-inline-color has-vivid-cyan-blue-color\">CURSO 24\/25<\/mark><\/p>\n\n\n\n<p><strong><em><mark style=\"background-color:rgba(0, 0, 0, 0)\" class=\"has-inline-color has-vivid-red-color\">LOS TERCEROS SE VA A LA FINCA ALARCOS <\/mark><\/em><\/strong><mark style=\"background-color:rgba(0, 0, 0, 0)\" class=\"has-inline-color has-black-color\">(mayo)<\/mark><\/p>\n\n\n\n<p>El pasado martes nuestro alumnado de tercero se fue de excursi\u00f3n a la Finca Alarcos. All\u00ed se distribuyeron en grupos y realizaron actividades y talleres relacionados con los dinosaurios. Acompa\u00f1ados por sus profes, J. Leonardo, Domi y Lourdes, pasaron una jornada divertida, aunque un poco calurosa. \u00a1Nada que no se pueda remediar con un buen manguerazo!<\/p>\n\n\n\n<figure class=\"wp-block-gallery has-nested-images columns-default is-cropped wp-block-gallery-20 is-layout-flex wp-block-gallery-is-layout-flex\">\n<figure class=\"wp-block-image size-large\"><img loading=\"lazy\" decoding=\"async\" width=\"1024\" height=\"768\" data-id=\"1695\" src=\"https:\/\/colecalatrava.es\/wp-content\/uploads\/2025\/06\/PHOTO-2025-05-29-09-34-04-1024x768.jpg\" alt=\"\" class=\"wp-image-1695\" srcset=\"https:\/\/colecalatrava.es\/wp-content\/uploads\/2025\/06\/PHOTO-2025-05-29-09-34-04-1024x768.jpg 1024w, https:\/\/colecalatrava.es\/wp-content\/uploads\/2025\/06\/PHOTO-2025-05-29-09-34-04-300x225.jpg 300w, https:\/\/colecalatrava.es\/wp-content\/uploads\/2025\/06\/PHOTO-2025-05-29-09-34-04-768x576.jpg 768w, https:\/\/colecalatrava.es\/wp-content\/uploads\/2025\/06\/PHOTO-2025-05-29-09-34-04-1536x1152.jpg 1536w, https:\/\/colecalatrava.es\/wp-content\/uploads\/2025\/06\/PHOTO-2025-05-29-09-34-04.jpg 1600w\" sizes=\"auto, (max-width: 1024px) 100vw, 1024px\" \/><\/figure>\n\n\n\n<figure class=\"wp-block-image size-large\"><img loading=\"lazy\" decoding=\"async\" width=\"1024\" height=\"768\" data-id=\"1694\" src=\"https:\/\/colecalatrava.es\/wp-content\/uploads\/2025\/06\/PHOTO-2025-05-29-09-34-36-1024x768.jpg\" alt=\"\" class=\"wp-image-1694\" srcset=\"https:\/\/colecalatrava.es\/wp-content\/uploads\/2025\/06\/PHOTO-2025-05-29-09-34-36-1024x768.jpg 1024w, https:\/\/colecalatrava.es\/wp-content\/uploads\/2025\/06\/PHOTO-2025-05-29-09-34-36-300x225.jpg 300w, https:\/\/colecalatrava.es\/wp-content\/uploads\/2025\/06\/PHOTO-2025-05-29-09-34-36-768x576.jpg 768w, https:\/\/colecalatrava.es\/wp-content\/uploads\/2025\/06\/PHOTO-2025-05-29-09-34-36-1536x1152.jpg 1536w, https:\/\/colecalatrava.es\/wp-content\/uploads\/2025\/06\/PHOTO-2025-05-29-09-34-36.jpg 1600w\" sizes=\"auto, (max-width: 1024px) 100vw, 1024px\" \/><\/figure>\n<\/figure>\n\n\n\n<p><strong><em><mark style=\"background-color:rgba(0, 0, 0, 0)\" class=\"has-inline-color has-vivid-red-color\">E. INFANTIL SE VA A LA FINCA ALARCOS <\/mark><\/em><\/strong><mark style=\"background-color:rgba(0, 0, 0, 0)\" class=\"has-inline-color has-black-color\">(mayo)<\/mark><\/p>\n\n\n\n<p>El pasado viernes 16 de mayo, los peques de E. Infantil se fueron de excursi\u00f3n a vivir una dinoaventura en Finca Alarcos.<\/p>\n\n\n\n<figure class=\"wp-block-image size-large\"><img loading=\"lazy\" decoding=\"async\" width=\"1024\" height=\"576\" src=\"https:\/\/colecalatrava.es\/wp-content\/uploads\/2025\/05\/b8638a50-a590-4164-99b6-1e6d47487585-1024x576.jpg\" alt=\"\" class=\"wp-image-1578\" srcset=\"https:\/\/colecalatrava.es\/wp-content\/uploads\/2025\/05\/b8638a50-a590-4164-99b6-1e6d47487585-1024x576.jpg 1024w, https:\/\/colecalatrava.es\/wp-content\/uploads\/2025\/05\/b8638a50-a590-4164-99b6-1e6d47487585-300x169.jpg 300w, https:\/\/colecalatrava.es\/wp-content\/uploads\/2025\/05\/b8638a50-a590-4164-99b6-1e6d47487585-768x432.jpg 768w, https:\/\/colecalatrava.es\/wp-content\/uploads\/2025\/05\/b8638a50-a590-4164-99b6-1e6d47487585-1536x864.jpg 1536w, https:\/\/colecalatrava.es\/wp-content\/uploads\/2025\/05\/b8638a50-a590-4164-99b6-1e6d47487585.jpg 1600w\" sizes=\"auto, (max-width: 1024px) 100vw, 1024px\" \/><\/figure>\n\n\n\n<p>All\u00ed realizaron b\u00fasqueda de peque\u00f1os dinosaurios por las instalaciones, taller de excavaci\u00f3n, manejo de motodinos, juegos de equilibrio, &#8230; Adem\u00e1s conocieron a un dinosaurio beb\u00e9 y a su gran mam\u00e1. \u00a1Se quedaron un poco impactados al verla!<\/p>\n\n\n\n<p><strong><em><mark style=\"background-color:rgba(0, 0, 0, 0)\" class=\"has-inline-color has-vivid-red-color\">D\u00cdA DE LA FAMILIA <\/mark><\/em><\/strong><mark style=\"background-color:rgba(0, 0, 0, 0)\" class=\"has-inline-color has-black-color\">(15 de mayo)<\/mark><\/p>\n\n\n\n<p>Este a\u00f1o hemos dedicado este d\u00eda a la figura de los abuelos\/as. Nuestro alumnado ha podido disfrutar de la visita de sus abuelos a clase y les han contado c\u00f3mo fue su infancia, su profesi\u00f3n, algunos han le\u00eddo cuentos, &#8230; <\/p>\n\n\n\n<p>Si duda una actividad muy enriquecedora, gracias a esos abuelos\/as por llevarla a cabo.<\/p>\n\n\n\n<figure class=\"wp-block-gallery has-nested-images columns-default is-cropped wp-block-gallery-21 is-layout-flex wp-block-gallery-is-layout-flex\">\n<figure class=\"wp-block-image size-large\"><img loading=\"lazy\" decoding=\"async\" width=\"1024\" height=\"768\" data-id=\"1575\" src=\"https:\/\/colecalatrava.es\/wp-content\/uploads\/2025\/05\/PHOTO-2025-05-15-13-06-43-1024x768.jpg\" alt=\"\" class=\"wp-image-1575\" srcset=\"https:\/\/colecalatrava.es\/wp-content\/uploads\/2025\/05\/PHOTO-2025-05-15-13-06-43-1024x768.jpg 1024w, https:\/\/colecalatrava.es\/wp-content\/uploads\/2025\/05\/PHOTO-2025-05-15-13-06-43-300x225.jpg 300w, https:\/\/colecalatrava.es\/wp-content\/uploads\/2025\/05\/PHOTO-2025-05-15-13-06-43-768x576.jpg 768w, https:\/\/colecalatrava.es\/wp-content\/uploads\/2025\/05\/PHOTO-2025-05-15-13-06-43-1536x1152.jpg 1536w, https:\/\/colecalatrava.es\/wp-content\/uploads\/2025\/05\/PHOTO-2025-05-15-13-06-43.jpg 1600w\" sizes=\"auto, (max-width: 1024px) 100vw, 1024px\" \/><\/figure>\n\n\n\n<figure class=\"wp-block-image size-large\"><img loading=\"lazy\" decoding=\"async\" width=\"1024\" height=\"768\" data-id=\"1572\" src=\"https:\/\/colecalatrava.es\/wp-content\/uploads\/2025\/05\/PHOTO-2025-05-15-16-32-09-1024x768.jpg\" alt=\"\" class=\"wp-image-1572\" srcset=\"https:\/\/colecalatrava.es\/wp-content\/uploads\/2025\/05\/PHOTO-2025-05-15-16-32-09-1024x768.jpg 1024w, https:\/\/colecalatrava.es\/wp-content\/uploads\/2025\/05\/PHOTO-2025-05-15-16-32-09-300x225.jpg 300w, https:\/\/colecalatrava.es\/wp-content\/uploads\/2025\/05\/PHOTO-2025-05-15-16-32-09-768x576.jpg 768w, https:\/\/colecalatrava.es\/wp-content\/uploads\/2025\/05\/PHOTO-2025-05-15-16-32-09-1536x1152.jpg 1536w, https:\/\/colecalatrava.es\/wp-content\/uploads\/2025\/05\/PHOTO-2025-05-15-16-32-09.jpg 2000w\" sizes=\"auto, (max-width: 1024px) 100vw, 1024px\" \/><\/figure>\n<\/figure>\n\n\n\n<p><strong><em><mark style=\"background-color:rgba(0, 0, 0, 0)\" class=\"has-inline-color has-vivid-red-color\">ACTIVIDAD \u00abCIENCIA DIVERTIDA\u00bb<\/mark><\/em><\/strong> (mayo)<\/p>\n\n\n\n<p>Ayer desarrollamos esta actividad promovida por la Facultad de Ciencias y Tecnolog\u00edas Qu\u00edmicas de la Universidad de Castilla-La Mancha\u00bb. Nuestro alumnado de distribuy\u00f3 en distintos grupos y a lo largo de la ma\u00f1ana fue pasando por distintas zonas donde se realizaban experimento cient\u00edficos. <\/p>\n\n\n\n<figure class=\"wp-block-gallery has-nested-images columns-default is-cropped wp-block-gallery-22 is-layout-flex wp-block-gallery-is-layout-flex\">\n<figure class=\"wp-block-image size-large\"><img loading=\"lazy\" decoding=\"async\" width=\"576\" height=\"640\" data-id=\"1545\" src=\"https:\/\/colecalatrava.es\/wp-content\/uploads\/2025\/05\/IMG_5229.jpg\" alt=\"\" class=\"wp-image-1545\" srcset=\"https:\/\/colecalatrava.es\/wp-content\/uploads\/2025\/05\/IMG_5229.jpg 576w, https:\/\/colecalatrava.es\/wp-content\/uploads\/2025\/05\/IMG_5229-270x300.jpg 270w\" sizes=\"auto, (max-width: 576px) 100vw, 576px\" \/><\/figure>\n\n\n\n<figure class=\"wp-block-image size-large\"><img loading=\"lazy\" decoding=\"async\" width=\"542\" height=\"640\" data-id=\"1544\" src=\"https:\/\/colecalatrava.es\/wp-content\/uploads\/2025\/05\/IMG_5230.jpg\" alt=\"\" class=\"wp-image-1544\" srcset=\"https:\/\/colecalatrava.es\/wp-content\/uploads\/2025\/05\/IMG_5230.jpg 542w, https:\/\/colecalatrava.es\/wp-content\/uploads\/2025\/05\/IMG_5230-254x300.jpg 254w\" sizes=\"auto, (max-width: 542px) 100vw, 542px\" \/><\/figure>\n\n\n\n<figure class=\"wp-block-image size-large\"><img loading=\"lazy\" decoding=\"async\" width=\"470\" height=\"640\" data-id=\"1542\" src=\"https:\/\/colecalatrava.es\/wp-content\/uploads\/2025\/05\/IMG_5234.jpg\" alt=\"\" class=\"wp-image-1542\" srcset=\"https:\/\/colecalatrava.es\/wp-content\/uploads\/2025\/05\/IMG_5234.jpg 470w, https:\/\/colecalatrava.es\/wp-content\/uploads\/2025\/05\/IMG_5234-220x300.jpg 220w\" sizes=\"auto, (max-width: 470px) 100vw, 470px\" \/><\/figure>\n\n\n\n<figure class=\"wp-block-image size-large\"><img loading=\"lazy\" decoding=\"async\" width=\"406\" height=\"640\" data-id=\"1538\" src=\"https:\/\/colecalatrava.es\/wp-content\/uploads\/2025\/05\/IMG_5241.jpg\" alt=\"\" class=\"wp-image-1538\" srcset=\"https:\/\/colecalatrava.es\/wp-content\/uploads\/2025\/05\/IMG_5241.jpg 406w, https:\/\/colecalatrava.es\/wp-content\/uploads\/2025\/05\/IMG_5241-190x300.jpg 190w\" sizes=\"auto, (max-width: 406px) 100vw, 406px\" \/><\/figure>\n\n\n\n<figure class=\"wp-block-image size-large\"><img loading=\"lazy\" decoding=\"async\" width=\"416\" height=\"640\" data-id=\"1540\" src=\"https:\/\/colecalatrava.es\/wp-content\/uploads\/2025\/05\/IMG_5237.jpg\" alt=\"\" class=\"wp-image-1540\" srcset=\"https:\/\/colecalatrava.es\/wp-content\/uploads\/2025\/05\/IMG_5237.jpg 416w, https:\/\/colecalatrava.es\/wp-content\/uploads\/2025\/05\/IMG_5237-195x300.jpg 195w\" sizes=\"auto, (max-width: 416px) 100vw, 416px\" \/><\/figure>\n<\/figure>\n\n\n\n<p>Nuestros\/as alumnos\/as han podido acercarse a la ciencia a trav\u00e9s de estos experimentos cient\u00edficos, explicados de una manera divertida y sencillas. <\/p>\n\n\n\n<figure class=\"wp-block-gallery has-nested-images columns-default is-cropped wp-block-gallery-23 is-layout-flex wp-block-gallery-is-layout-flex\">\n<figure class=\"wp-block-image size-large\"><img loading=\"lazy\" decoding=\"async\" width=\"1024\" height=\"771\" data-id=\"1559\" src=\"https:\/\/colecalatrava.es\/wp-content\/uploads\/2025\/05\/3fc6eee3-b5c7-4d5e-80e0-f8f5822d388a-1024x771.jpg\" alt=\"\" class=\"wp-image-1559\" srcset=\"https:\/\/colecalatrava.es\/wp-content\/uploads\/2025\/05\/3fc6eee3-b5c7-4d5e-80e0-f8f5822d388a-1024x771.jpg 1024w, https:\/\/colecalatrava.es\/wp-content\/uploads\/2025\/05\/3fc6eee3-b5c7-4d5e-80e0-f8f5822d388a-300x226.jpg 300w, https:\/\/colecalatrava.es\/wp-content\/uploads\/2025\/05\/3fc6eee3-b5c7-4d5e-80e0-f8f5822d388a-768x578.jpg 768w, https:\/\/colecalatrava.es\/wp-content\/uploads\/2025\/05\/3fc6eee3-b5c7-4d5e-80e0-f8f5822d388a-1536x1156.jpg 1536w, https:\/\/colecalatrava.es\/wp-content\/uploads\/2025\/05\/3fc6eee3-b5c7-4d5e-80e0-f8f5822d388a.jpg 1600w\" sizes=\"auto, (max-width: 1024px) 100vw, 1024px\" \/><\/figure>\n\n\n\n<figure class=\"wp-block-image size-large\"><img loading=\"lazy\" decoding=\"async\" width=\"640\" height=\"360\" data-id=\"1557\" src=\"https:\/\/colecalatrava.es\/wp-content\/uploads\/2025\/05\/13fa850d-f6a2-4f1c-a946-2bd5e8b64128.jpg\" alt=\"\" class=\"wp-image-1557\" srcset=\"https:\/\/colecalatrava.es\/wp-content\/uploads\/2025\/05\/13fa850d-f6a2-4f1c-a946-2bd5e8b64128.jpg 640w, https:\/\/colecalatrava.es\/wp-content\/uploads\/2025\/05\/13fa850d-f6a2-4f1c-a946-2bd5e8b64128-300x169.jpg 300w\" sizes=\"auto, (max-width: 640px) 100vw, 640px\" \/><\/figure>\n\n\n\n<figure class=\"wp-block-image size-large\"><img loading=\"lazy\" decoding=\"async\" width=\"640\" height=\"295\" data-id=\"1556\" src=\"https:\/\/colecalatrava.es\/wp-content\/uploads\/2025\/05\/b5c79bde-6b92-442f-a3da-c6811b8512b1.jpg\" alt=\"\" class=\"wp-image-1556\" srcset=\"https:\/\/colecalatrava.es\/wp-content\/uploads\/2025\/05\/b5c79bde-6b92-442f-a3da-c6811b8512b1.jpg 640w, https:\/\/colecalatrava.es\/wp-content\/uploads\/2025\/05\/b5c79bde-6b92-442f-a3da-c6811b8512b1-300x138.jpg 300w\" sizes=\"auto, (max-width: 640px) 100vw, 640px\" \/><\/figure>\n\n\n\n<figure class=\"wp-block-image size-large\"><img loading=\"lazy\" decoding=\"async\" width=\"640\" height=\"480\" data-id=\"1558\" src=\"https:\/\/colecalatrava.es\/wp-content\/uploads\/2025\/05\/5ce18701-90a5-4e61-ba5c-12040c0dea1d.jpg\" alt=\"\" class=\"wp-image-1558\" srcset=\"https:\/\/colecalatrava.es\/wp-content\/uploads\/2025\/05\/5ce18701-90a5-4e61-ba5c-12040c0dea1d.jpg 640w, https:\/\/colecalatrava.es\/wp-content\/uploads\/2025\/05\/5ce18701-90a5-4e61-ba5c-12040c0dea1d-300x225.jpg 300w\" sizes=\"auto, (max-width: 640px) 100vw, 640px\" \/><\/figure>\n\n\n\n<figure class=\"wp-block-image size-large\"><img loading=\"lazy\" decoding=\"async\" width=\"640\" height=\"480\" data-id=\"1555\" src=\"https:\/\/colecalatrava.es\/wp-content\/uploads\/2025\/05\/b8ce83a6-4efc-4821-a0e1-efd36aaf71ca.jpg\" alt=\"\" class=\"wp-image-1555\" srcset=\"https:\/\/colecalatrava.es\/wp-content\/uploads\/2025\/05\/b8ce83a6-4efc-4821-a0e1-efd36aaf71ca.jpg 640w, https:\/\/colecalatrava.es\/wp-content\/uploads\/2025\/05\/b8ce83a6-4efc-4821-a0e1-efd36aaf71ca-300x225.jpg 300w\" sizes=\"auto, (max-width: 640px) 100vw, 640px\" \/><\/figure>\n\n\n\n<figure class=\"wp-block-image size-large\"><img loading=\"lazy\" decoding=\"async\" width=\"640\" height=\"480\" data-id=\"1553\" src=\"https:\/\/colecalatrava.es\/wp-content\/uploads\/2025\/05\/c426ab29-1547-40fe-99a9-842e0c2e0816.jpg\" alt=\"\" class=\"wp-image-1553\" srcset=\"https:\/\/colecalatrava.es\/wp-content\/uploads\/2025\/05\/c426ab29-1547-40fe-99a9-842e0c2e0816.jpg 640w, https:\/\/colecalatrava.es\/wp-content\/uploads\/2025\/05\/c426ab29-1547-40fe-99a9-842e0c2e0816-300x225.jpg 300w\" sizes=\"auto, (max-width: 640px) 100vw, 640px\" \/><\/figure>\n\n\n\n<figure class=\"wp-block-image size-large\"><img loading=\"lazy\" decoding=\"async\" width=\"480\" height=\"640\" data-id=\"1547\" src=\"https:\/\/colecalatrava.es\/wp-content\/uploads\/2025\/05\/IMG_5223-rotated.jpg\" alt=\"\" class=\"wp-image-1547\" srcset=\"https:\/\/colecalatrava.es\/wp-content\/uploads\/2025\/05\/IMG_5223-rotated.jpg 480w, https:\/\/colecalatrava.es\/wp-content\/uploads\/2025\/05\/IMG_5223-225x300.jpg 225w\" sizes=\"auto, (max-width: 480px) 100vw, 480px\" \/><\/figure>\n\n\n\n<figure class=\"wp-block-image size-large\"><img loading=\"lazy\" decoding=\"async\" width=\"480\" height=\"640\" data-id=\"1546\" src=\"https:\/\/colecalatrava.es\/wp-content\/uploads\/2025\/05\/IMG_5228-rotated.jpg\" alt=\"\" class=\"wp-image-1546\" srcset=\"https:\/\/colecalatrava.es\/wp-content\/uploads\/2025\/05\/IMG_5228-rotated.jpg 480w, https:\/\/colecalatrava.es\/wp-content\/uploads\/2025\/05\/IMG_5228-225x300.jpg 225w\" sizes=\"auto, (max-width: 480px) 100vw, 480px\" \/><\/figure>\n\n\n\n<figure class=\"wp-block-image size-large\"><img loading=\"lazy\" decoding=\"async\" width=\"480\" height=\"640\" data-id=\"1543\" src=\"https:\/\/colecalatrava.es\/wp-content\/uploads\/2025\/05\/IMG_5233-rotated.jpg\" alt=\"\" class=\"wp-image-1543\" srcset=\"https:\/\/colecalatrava.es\/wp-content\/uploads\/2025\/05\/IMG_5233-rotated.jpg 480w, https:\/\/colecalatrava.es\/wp-content\/uploads\/2025\/05\/IMG_5233-225x300.jpg 225w\" sizes=\"auto, (max-width: 480px) 100vw, 480px\" \/><\/figure>\n\n\n\n<figure class=\"wp-block-image size-large\"><img loading=\"lazy\" decoding=\"async\" width=\"480\" height=\"640\" data-id=\"1541\" src=\"https:\/\/colecalatrava.es\/wp-content\/uploads\/2025\/05\/IMG_5236-rotated.jpg\" alt=\"\" class=\"wp-image-1541\" srcset=\"https:\/\/colecalatrava.es\/wp-content\/uploads\/2025\/05\/IMG_5236-rotated.jpg 480w, https:\/\/colecalatrava.es\/wp-content\/uploads\/2025\/05\/IMG_5236-225x300.jpg 225w\" sizes=\"auto, (max-width: 480px) 100vw, 480px\" \/><\/figure>\n\n\n\n<figure class=\"wp-block-image size-large\"><img loading=\"lazy\" decoding=\"async\" width=\"480\" height=\"640\" data-id=\"1539\" src=\"https:\/\/colecalatrava.es\/wp-content\/uploads\/2025\/05\/IMG_5239-rotated.jpg\" alt=\"\" class=\"wp-image-1539\" srcset=\"https:\/\/colecalatrava.es\/wp-content\/uploads\/2025\/05\/IMG_5239-rotated.jpg 480w, https:\/\/colecalatrava.es\/wp-content\/uploads\/2025\/05\/IMG_5239-225x300.jpg 225w\" sizes=\"auto, (max-width: 480px) 100vw, 480px\" \/><\/figure>\n<\/figure>\n\n\n\n<p>Nuestro agradecimiento a Yasmina y sus compa\u00f1eros\/as por acercar a nuestro alumnado a la ciencia de una manera tan divertida y curiosa.<\/p>\n\n\n\n<p><strong><em><mark style=\"background-color:rgba(0, 0, 0, 0)\" class=\"has-inline-color has-vivid-red-color\">ENCUENTRO LITERARIO <\/mark><\/em><\/strong><mark style=\"background-color:rgba(0, 0, 0, 0)\" class=\"has-inline-color has-black-color\">(MAYO)<\/mark><\/p>\n\n\n\n<p>Nuestro alumnado de tercero se ha desplazado hoy a la Biblioteca Municipal para participar en un encuentro con la autora Margarita del Mazo, autora  entre otros libros, de \u00abCamu\u00f1as\u00bb. Tal y como nos ha relatado, Margarita tiene \u00abnombre de flor y alma de cuentista desde que naci\u00f3\u00bb. Nuestros\/as alumnos\/as han podido escuchar e interactuar algunos de sus cuentos.<\/p>\n\n\n\n<figure class=\"wp-block-image size-full\"><img loading=\"lazy\" decoding=\"async\" width=\"640\" height=\"480\" src=\"https:\/\/colecalatrava.es\/wp-content\/uploads\/2025\/05\/IMG_5205.jpg\" alt=\"\" class=\"wp-image-1515\" srcset=\"https:\/\/colecalatrava.es\/wp-content\/uploads\/2025\/05\/IMG_5205.jpg 640w, https:\/\/colecalatrava.es\/wp-content\/uploads\/2025\/05\/IMG_5205-300x225.jpg 300w\" sizes=\"auto, (max-width: 640px) 100vw, 640px\" \/><\/figure>\n\n\n\n<p>\u00a1Muchas gracias a Margarita y a Anal\u00eda por esta actividad tan chula!<\/p>\n\n\n\n<p><strong><em><mark style=\"background-color:rgba(0, 0, 0, 0)\" class=\"has-inline-color has-vivid-red-color\">VISITA A LAS TABLAS<\/mark><\/em><\/strong> (MAYO)<\/p>\n\n\n\n<p>Este a\u00f1o la visita a las Tablas ha estado llena de sorpresas: adem\u00e1s de la visita guiada y el taller que han desarrollado nuestros\/as alumnos\/as, Diego Lamp\u00f3n y Dar\u00edo Garz\u00e1s han sido premiados en el concurso \u00abDibuja tu parque\u00bb (Dar\u00edo primer premio y Diego acc\u00e9sit). <\/p>\n\n\n\n<p>All\u00ed mismo se ha hecho la entrega del premio adem\u00e1s de recibir todo el alumnado una camiseta y una gorra conmemorativa del aniversario del Parque. M\u00e1s adelante Dar\u00edo y su profe podr\u00e1n disfrutar de una visita en todoterreno por el interior de parque. \u00a1Enhorabuena!<\/p>\n\n\n\n<figure class=\"wp-block-image size-large\"><img loading=\"lazy\" decoding=\"async\" width=\"1024\" height=\"768\" src=\"https:\/\/colecalatrava.es\/wp-content\/uploads\/2025\/05\/PHOTO-2025-05-06-12-28-35-1024x768.jpg\" alt=\"\" class=\"wp-image-1519\" srcset=\"https:\/\/colecalatrava.es\/wp-content\/uploads\/2025\/05\/PHOTO-2025-05-06-12-28-35-1024x768.jpg 1024w, https:\/\/colecalatrava.es\/wp-content\/uploads\/2025\/05\/PHOTO-2025-05-06-12-28-35-300x225.jpg 300w, https:\/\/colecalatrava.es\/wp-content\/uploads\/2025\/05\/PHOTO-2025-05-06-12-28-35-768x576.jpg 768w, https:\/\/colecalatrava.es\/wp-content\/uploads\/2025\/05\/PHOTO-2025-05-06-12-28-35-1536x1153.jpg 1536w, https:\/\/colecalatrava.es\/wp-content\/uploads\/2025\/05\/PHOTO-2025-05-06-12-28-35.jpg 1599w\" sizes=\"auto, (max-width: 1024px) 100vw, 1024px\" \/><\/figure>\n\n\n\n<figure class=\"wp-block-image size-full\"><img loading=\"lazy\" decoding=\"async\" width=\"640\" height=\"482\" src=\"https:\/\/colecalatrava.es\/wp-content\/uploads\/2025\/05\/PHOTO-2025-05-06-10-12-52.jpg\" alt=\"\" class=\"wp-image-1518\" srcset=\"https:\/\/colecalatrava.es\/wp-content\/uploads\/2025\/05\/PHOTO-2025-05-06-10-12-52.jpg 640w, https:\/\/colecalatrava.es\/wp-content\/uploads\/2025\/05\/PHOTO-2025-05-06-10-12-52-300x226.jpg 300w\" sizes=\"auto, (max-width: 640px) 100vw, 640px\" \/><\/figure>\n\n\n\n<p><strong><em><mark style=\"background-color:rgba(0, 0, 0, 0)\" class=\"has-inline-color has-vivid-red-color\">LECTURA AL AIRE LIBRE: D\u00cdA DEL LIBRO <\/mark><\/em><\/strong>(25 de abril)<\/p>\n\n\n\n<p>Hemos conmemorado el d\u00eda del libro con esta actividad. Nuestro alumnado de 2\u00ba y 3\u00ba ciclo se han desplazado a parques de la localidad para realizar lecturas al aire libre. Lo han convertido en un picnic literario en el que familias y profes han le\u00eddo distintos cuentos a los\/las alumnos\/as. <\/p>\n\n\n\n<figure class=\"wp-block-gallery has-nested-images columns-default is-cropped wp-block-gallery-24 is-layout-flex wp-block-gallery-is-layout-flex\">\n<figure class=\"wp-block-image size-large\"><img loading=\"lazy\" decoding=\"async\" width=\"640\" height=\"480\" data-id=\"1500\" src=\"https:\/\/colecalatrava.es\/wp-content\/uploads\/2025\/04\/8d000ede-79df-4a2d-8eac-93ebbd2507cb-2.jpg\" alt=\"\" class=\"wp-image-1500\" srcset=\"https:\/\/colecalatrava.es\/wp-content\/uploads\/2025\/04\/8d000ede-79df-4a2d-8eac-93ebbd2507cb-2.jpg 640w, https:\/\/colecalatrava.es\/wp-content\/uploads\/2025\/04\/8d000ede-79df-4a2d-8eac-93ebbd2507cb-2-300x225.jpg 300w\" sizes=\"auto, (max-width: 640px) 100vw, 640px\" \/><\/figure>\n\n\n\n<figure class=\"wp-block-image size-large\"><img loading=\"lazy\" decoding=\"async\" width=\"640\" height=\"480\" data-id=\"1498\" src=\"https:\/\/colecalatrava.es\/wp-content\/uploads\/2025\/04\/148a1e81-a3f0-4049-b4a0-f8708521e9af.jpg\" alt=\"\" class=\"wp-image-1498\" srcset=\"https:\/\/colecalatrava.es\/wp-content\/uploads\/2025\/04\/148a1e81-a3f0-4049-b4a0-f8708521e9af.jpg 640w, https:\/\/colecalatrava.es\/wp-content\/uploads\/2025\/04\/148a1e81-a3f0-4049-b4a0-f8708521e9af-300x225.jpg 300w\" sizes=\"auto, (max-width: 640px) 100vw, 640px\" \/><\/figure>\n\n\n\n<figure class=\"wp-block-image size-large\"><img loading=\"lazy\" decoding=\"async\" width=\"640\" height=\"360\" data-id=\"1492\" src=\"https:\/\/colecalatrava.es\/wp-content\/uploads\/2025\/04\/b4775243-d214-46de-9a21-93ae7de394d8.jpg\" alt=\"\" class=\"wp-image-1492\" srcset=\"https:\/\/colecalatrava.es\/wp-content\/uploads\/2025\/04\/b4775243-d214-46de-9a21-93ae7de394d8.jpg 640w, https:\/\/colecalatrava.es\/wp-content\/uploads\/2025\/04\/b4775243-d214-46de-9a21-93ae7de394d8-300x169.jpg 300w\" sizes=\"auto, (max-width: 640px) 100vw, 640px\" \/><\/figure>\n<\/figure>\n\n\n\n<p>Los grupos de Infantil y 1\u00ba ciclo se han quedado en el centro y a trav\u00e9s de distintos grupos, los\/las ni\u00f1os\/as se han desplazado a distintas zonas del cole para escuchar cuentos y realizar manualidades. <\/p>\n\n\n\n<figure class=\"wp-block-gallery has-nested-images columns-default is-cropped wp-block-gallery-25 is-layout-flex wp-block-gallery-is-layout-flex\">\n<figure class=\"wp-block-image size-large\"><img loading=\"lazy\" decoding=\"async\" width=\"640\" height=\"287\" data-id=\"1496\" src=\"https:\/\/colecalatrava.es\/wp-content\/uploads\/2025\/04\/241a0ea6-5385-4e7a-a4e7-d010f1569d94.jpg\" alt=\"\" class=\"wp-image-1496\" srcset=\"https:\/\/colecalatrava.es\/wp-content\/uploads\/2025\/04\/241a0ea6-5385-4e7a-a4e7-d010f1569d94.jpg 640w, https:\/\/colecalatrava.es\/wp-content\/uploads\/2025\/04\/241a0ea6-5385-4e7a-a4e7-d010f1569d94-300x135.jpg 300w\" sizes=\"auto, (max-width: 640px) 100vw, 640px\" \/><\/figure>\n\n\n\n<figure class=\"wp-block-image size-large\"><img loading=\"lazy\" decoding=\"async\" width=\"640\" height=\"360\" data-id=\"1497\" src=\"https:\/\/colecalatrava.es\/wp-content\/uploads\/2025\/04\/187e9a6f-4852-4e4f-81ac-0103fb83a644.jpg\" alt=\"\" class=\"wp-image-1497\" srcset=\"https:\/\/colecalatrava.es\/wp-content\/uploads\/2025\/04\/187e9a6f-4852-4e4f-81ac-0103fb83a644.jpg 640w, https:\/\/colecalatrava.es\/wp-content\/uploads\/2025\/04\/187e9a6f-4852-4e4f-81ac-0103fb83a644-300x169.jpg 300w\" sizes=\"auto, (max-width: 640px) 100vw, 640px\" \/><\/figure>\n\n\n\n<figure class=\"wp-block-image size-large\"><img loading=\"lazy\" decoding=\"async\" width=\"1024\" height=\"460\" data-id=\"1495\" src=\"https:\/\/colecalatrava.es\/wp-content\/uploads\/2025\/04\/b0e0538d-05dc-4710-8bd0-80369a1bf056-1024x460.jpg\" alt=\"\" class=\"wp-image-1495\" srcset=\"https:\/\/colecalatrava.es\/wp-content\/uploads\/2025\/04\/b0e0538d-05dc-4710-8bd0-80369a1bf056-1024x460.jpg 1024w, https:\/\/colecalatrava.es\/wp-content\/uploads\/2025\/04\/b0e0538d-05dc-4710-8bd0-80369a1bf056-300x135.jpg 300w, https:\/\/colecalatrava.es\/wp-content\/uploads\/2025\/04\/b0e0538d-05dc-4710-8bd0-80369a1bf056-768x345.jpg 768w, https:\/\/colecalatrava.es\/wp-content\/uploads\/2025\/04\/b0e0538d-05dc-4710-8bd0-80369a1bf056-1536x689.jpg 1536w, https:\/\/colecalatrava.es\/wp-content\/uploads\/2025\/04\/b0e0538d-05dc-4710-8bd0-80369a1bf056.jpg 1640w\" sizes=\"auto, (max-width: 1024px) 100vw, 1024px\" \/><\/figure>\n\n\n\n<figure class=\"wp-block-image size-large\"><img loading=\"lazy\" decoding=\"async\" width=\"640\" height=\"287\" data-id=\"1493\" src=\"https:\/\/colecalatrava.es\/wp-content\/uploads\/2025\/04\/b02f0f61-de17-4154-b45b-a9badfaff8b4.jpg\" alt=\"\" class=\"wp-image-1493\" srcset=\"https:\/\/colecalatrava.es\/wp-content\/uploads\/2025\/04\/b02f0f61-de17-4154-b45b-a9badfaff8b4.jpg 640w, https:\/\/colecalatrava.es\/wp-content\/uploads\/2025\/04\/b02f0f61-de17-4154-b45b-a9badfaff8b4-300x135.jpg 300w\" sizes=\"auto, (max-width: 640px) 100vw, 640px\" \/><\/figure>\n<\/figure>\n\n\n\n<p>Una actividad muy chula que nuestro alumnado ha disfrutado. Mil gracias a las familias que han colaborado en esta actividad.<\/p>\n\n\n\n<p><strong><em><mark style=\"background-color:rgba(0, 0, 0, 0)\" class=\"has-inline-color has-vivid-red-color\">SEMANA CULTURAL <\/mark><\/em><\/strong><mark style=\"background-color:rgba(0, 0, 0, 0)\" class=\"has-inline-color has-black-color\">(10 y 11 de abril)<\/mark><\/p>\n\n\n\n<p>Estos dos d\u00edas hemos desarrollado muchas actividades relacionadas con nuestra tem\u00e1tica de Carnaval: Del rev\u00e9s, las emociones. Aqu\u00ed os mostramos algunas de ellas&#8230;<\/p>\n\n\n\n<figure class=\"wp-block-image size-large is-resized\"><img loading=\"lazy\" decoding=\"async\" width=\"1024\" height=\"771\" src=\"https:\/\/colecalatrava.es\/wp-content\/uploads\/2025\/04\/PHOTO-2025-04-11-18-07-27-1024x771.jpg\" alt=\"\" class=\"wp-image-1481\" style=\"width:640px;height:auto\" srcset=\"https:\/\/colecalatrava.es\/wp-content\/uploads\/2025\/04\/PHOTO-2025-04-11-18-07-27-1024x771.jpg 1024w, https:\/\/colecalatrava.es\/wp-content\/uploads\/2025\/04\/PHOTO-2025-04-11-18-07-27-300x226.jpg 300w, https:\/\/colecalatrava.es\/wp-content\/uploads\/2025\/04\/PHOTO-2025-04-11-18-07-27-768x578.jpg 768w, https:\/\/colecalatrava.es\/wp-content\/uploads\/2025\/04\/PHOTO-2025-04-11-18-07-27-1536x1157.jpg 1536w, https:\/\/colecalatrava.es\/wp-content\/uploads\/2025\/04\/PHOTO-2025-04-11-18-07-27.jpg 2040w\" sizes=\"auto, (max-width: 1024px) 100vw, 1024px\" \/><\/figure>\n\n\n\n<figure class=\"wp-block-image size-large is-resized\"><img loading=\"lazy\" decoding=\"async\" width=\"1024\" height=\"771\" src=\"https:\/\/colecalatrava.es\/wp-content\/uploads\/2025\/04\/PHOTO-2025-04-11-18-06-55-1024x771.jpg\" alt=\"\" class=\"wp-image-1480\" style=\"width:639px;height:auto\" srcset=\"https:\/\/colecalatrava.es\/wp-content\/uploads\/2025\/04\/PHOTO-2025-04-11-18-06-55-1024x771.jpg 1024w, https:\/\/colecalatrava.es\/wp-content\/uploads\/2025\/04\/PHOTO-2025-04-11-18-06-55-300x226.jpg 300w, https:\/\/colecalatrava.es\/wp-content\/uploads\/2025\/04\/PHOTO-2025-04-11-18-06-55-768x578.jpg 768w, https:\/\/colecalatrava.es\/wp-content\/uploads\/2025\/04\/PHOTO-2025-04-11-18-06-55-1536x1157.jpg 1536w, https:\/\/colecalatrava.es\/wp-content\/uploads\/2025\/04\/PHOTO-2025-04-11-18-06-55.jpg 2040w\" sizes=\"auto, (max-width: 1024px) 100vw, 1024px\" \/><\/figure>\n\n\n\n<figure class=\"wp-block-image size-full\"><img loading=\"lazy\" decoding=\"async\" width=\"640\" height=\"482\" src=\"https:\/\/colecalatrava.es\/wp-content\/uploads\/2025\/04\/5f67a244-9cb0-4c40-9f46-b306068ae000.jpg\" alt=\"\" class=\"wp-image-1479\" srcset=\"https:\/\/colecalatrava.es\/wp-content\/uploads\/2025\/04\/5f67a244-9cb0-4c40-9f46-b306068ae000.jpg 640w, https:\/\/colecalatrava.es\/wp-content\/uploads\/2025\/04\/5f67a244-9cb0-4c40-9f46-b306068ae000-300x226.jpg 300w\" sizes=\"auto, (max-width: 640px) 100vw, 640px\" \/><\/figure>\n\n\n\n<figure class=\"wp-block-image size-large is-resized\"><img loading=\"lazy\" decoding=\"async\" width=\"768\" height=\"1024\" src=\"https:\/\/colecalatrava.es\/wp-content\/uploads\/2025\/04\/540497af-655a-4c50-a45f-3d93f76aa665-768x1024.jpg\" alt=\"\" class=\"wp-image-1478\" style=\"width:641px;height:auto\" srcset=\"https:\/\/colecalatrava.es\/wp-content\/uploads\/2025\/04\/540497af-655a-4c50-a45f-3d93f76aa665-768x1023.jpg 768w, https:\/\/colecalatrava.es\/wp-content\/uploads\/2025\/04\/540497af-655a-4c50-a45f-3d93f76aa665-225x300.jpg 225w, https:\/\/colecalatrava.es\/wp-content\/uploads\/2025\/04\/540497af-655a-4c50-a45f-3d93f76aa665-1153x1536.jpg 1153w, https:\/\/colecalatrava.es\/wp-content\/uploads\/2025\/04\/540497af-655a-4c50-a45f-3d93f76aa665.jpg 1200w\" sizes=\"auto, (max-width: 768px) 100vw, 768px\" \/><\/figure>\n\n\n\n<figure class=\"wp-block-image size-large is-resized\"><img loading=\"lazy\" decoding=\"async\" width=\"768\" height=\"1024\" src=\"https:\/\/colecalatrava.es\/wp-content\/uploads\/2025\/04\/702c2895-28c8-4213-b2e1-fc04554af51b-768x1024.jpg\" alt=\"\" class=\"wp-image-1476\" style=\"width:641px;height:auto\" srcset=\"https:\/\/colecalatrava.es\/wp-content\/uploads\/2025\/04\/702c2895-28c8-4213-b2e1-fc04554af51b-768x1023.jpg 768w, https:\/\/colecalatrava.es\/wp-content\/uploads\/2025\/04\/702c2895-28c8-4213-b2e1-fc04554af51b-225x300.jpg 225w, https:\/\/colecalatrava.es\/wp-content\/uploads\/2025\/04\/702c2895-28c8-4213-b2e1-fc04554af51b-1153x1536.jpg 1153w, https:\/\/colecalatrava.es\/wp-content\/uploads\/2025\/04\/702c2895-28c8-4213-b2e1-fc04554af51b.jpg 1200w\" sizes=\"auto, (max-width: 768px) 100vw, 768px\" \/><\/figure>\n\n\n\n<figure class=\"wp-block-image size-large is-resized\"><img loading=\"lazy\" decoding=\"async\" width=\"1024\" height=\"472\" src=\"https:\/\/colecalatrava.es\/wp-content\/uploads\/2025\/04\/fea6e3d3-6207-486f-98aa-e13df2039c65-1024x472.jpg\" alt=\"\" class=\"wp-image-1473\" style=\"width:642px;height:auto\" srcset=\"https:\/\/colecalatrava.es\/wp-content\/uploads\/2025\/04\/fea6e3d3-6207-486f-98aa-e13df2039c65-1024x472.jpg 1024w, https:\/\/colecalatrava.es\/wp-content\/uploads\/2025\/04\/fea6e3d3-6207-486f-98aa-e13df2039c65-300x138.jpg 300w, https:\/\/colecalatrava.es\/wp-content\/uploads\/2025\/04\/fea6e3d3-6207-486f-98aa-e13df2039c65-768x354.jpg 768w, https:\/\/colecalatrava.es\/wp-content\/uploads\/2025\/04\/fea6e3d3-6207-486f-98aa-e13df2039c65-1536x708.jpg 1536w, https:\/\/colecalatrava.es\/wp-content\/uploads\/2025\/04\/fea6e3d3-6207-486f-98aa-e13df2039c65.jpg 2000w\" sizes=\"auto, (max-width: 1024px) 100vw, 1024px\" \/><\/figure>\n\n\n\n<figure class=\"wp-block-image size-full\"><img loading=\"lazy\" decoding=\"async\" width=\"480\" height=\"640\" src=\"https:\/\/colecalatrava.es\/wp-content\/uploads\/2025\/04\/IMG_5078-rotated.jpg\" alt=\"\" class=\"wp-image-1472\" srcset=\"https:\/\/colecalatrava.es\/wp-content\/uploads\/2025\/04\/IMG_5078-rotated.jpg 480w, https:\/\/colecalatrava.es\/wp-content\/uploads\/2025\/04\/IMG_5078-225x300.jpg 225w\" sizes=\"auto, (max-width: 480px) 100vw, 480px\" \/><\/figure>\n\n\n\n<figure class=\"wp-block-image size-large is-resized\"><img loading=\"lazy\" decoding=\"async\" width=\"1024\" height=\"768\" src=\"https:\/\/colecalatrava.es\/wp-content\/uploads\/2025\/04\/cbf6fd79-f941-4e3f-ae03-6675a9694772-1024x768.jpg\" alt=\"\" class=\"wp-image-1470\" style=\"width:639px;height:auto\" srcset=\"https:\/\/colecalatrava.es\/wp-content\/uploads\/2025\/04\/cbf6fd79-f941-4e3f-ae03-6675a9694772-1024x768.jpg 1024w, https:\/\/colecalatrava.es\/wp-content\/uploads\/2025\/04\/cbf6fd79-f941-4e3f-ae03-6675a9694772-300x225.jpg 300w, https:\/\/colecalatrava.es\/wp-content\/uploads\/2025\/04\/cbf6fd79-f941-4e3f-ae03-6675a9694772-768x576.jpg 768w, https:\/\/colecalatrava.es\/wp-content\/uploads\/2025\/04\/cbf6fd79-f941-4e3f-ae03-6675a9694772-1536x1152.jpg 1536w, https:\/\/colecalatrava.es\/wp-content\/uploads\/2025\/04\/cbf6fd79-f941-4e3f-ae03-6675a9694772.jpg 2000w\" sizes=\"auto, (max-width: 1024px) 100vw, 1024px\" \/><\/figure>\n\n\n\n<figure class=\"wp-block-image size-large is-resized\"><img loading=\"lazy\" decoding=\"async\" width=\"1024\" height=\"768\" src=\"https:\/\/colecalatrava.es\/wp-content\/uploads\/2025\/04\/3a288591-fde1-4da0-af32-1ccf896dda1c-1024x768.jpg\" alt=\"\" class=\"wp-image-1468\" style=\"width:637px;height:auto\" srcset=\"https:\/\/colecalatrava.es\/wp-content\/uploads\/2025\/04\/3a288591-fde1-4da0-af32-1ccf896dda1c-1024x768.jpg 1024w, https:\/\/colecalatrava.es\/wp-content\/uploads\/2025\/04\/3a288591-fde1-4da0-af32-1ccf896dda1c-300x225.jpg 300w, https:\/\/colecalatrava.es\/wp-content\/uploads\/2025\/04\/3a288591-fde1-4da0-af32-1ccf896dda1c-768x576.jpg 768w, https:\/\/colecalatrava.es\/wp-content\/uploads\/2025\/04\/3a288591-fde1-4da0-af32-1ccf896dda1c-1536x1152.jpg 1536w, https:\/\/colecalatrava.es\/wp-content\/uploads\/2025\/04\/3a288591-fde1-4da0-af32-1ccf896dda1c.jpg 2000w\" sizes=\"auto, (max-width: 1024px) 100vw, 1024px\" \/><\/figure>\n\n\n\n<figure class=\"wp-block-image size-full\"><img loading=\"lazy\" decoding=\"async\" width=\"640\" height=\"296\" src=\"https:\/\/colecalatrava.es\/wp-content\/uploads\/2025\/04\/IMG_5085.jpg\" alt=\"\" class=\"wp-image-1467\" srcset=\"https:\/\/colecalatrava.es\/wp-content\/uploads\/2025\/04\/IMG_5085.jpg 640w, https:\/\/colecalatrava.es\/wp-content\/uploads\/2025\/04\/IMG_5085-300x139.jpg 300w\" sizes=\"auto, (max-width: 640px) 100vw, 640px\" \/><\/figure>\n\n\n\n<p>\u00ab<strong><em><mark style=\"background-color:rgba(0, 0, 0, 0)\" class=\"has-inline-color has-vivid-red-color\">LA MAGIA EST\u00c1 EN LOS BUENOS TRATOS\u00bb <\/mark><\/em><\/strong><mark style=\"background-color:rgba(0, 0, 0, 0)\" class=\"has-inline-color has-black-color\">(abril)<\/mark><\/p>\n\n\n\n<p>Nuestros chicos y chicas de 3\u00ba y 4\u00ba se han desplazado al Teatro Ayala para desarrollar esta actividad de magia programada desde el Centro de la Mujer con motivo del 8 de marzo, pero que tuvo que retrasarse por motivos meteorol\u00f3gicos. <\/p>\n\n\n\n<figure class=\"wp-block-image size-large\"><img loading=\"lazy\" decoding=\"async\" width=\"1024\" height=\"472\" src=\"https:\/\/colecalatrava.es\/wp-content\/uploads\/2025\/04\/PHOTO-2025-04-09-10-05-45-1024x472.jpg\" alt=\"\" class=\"wp-image-1403\" srcset=\"https:\/\/colecalatrava.es\/wp-content\/uploads\/2025\/04\/PHOTO-2025-04-09-10-05-45-1024x472.jpg 1024w, https:\/\/colecalatrava.es\/wp-content\/uploads\/2025\/04\/PHOTO-2025-04-09-10-05-45-300x138.jpg 300w, https:\/\/colecalatrava.es\/wp-content\/uploads\/2025\/04\/PHOTO-2025-04-09-10-05-45-768x354.jpg 768w, https:\/\/colecalatrava.es\/wp-content\/uploads\/2025\/04\/PHOTO-2025-04-09-10-05-45-1536x708.jpg 1536w, https:\/\/colecalatrava.es\/wp-content\/uploads\/2025\/04\/PHOTO-2025-04-09-10-05-45.jpg 1600w\" sizes=\"auto, (max-width: 1024px) 100vw, 1024px\" \/><\/figure>\n\n\n\n<figure class=\"wp-block-image size-large\"><img loading=\"lazy\" decoding=\"async\" width=\"1024\" height=\"768\" src=\"https:\/\/colecalatrava.es\/wp-content\/uploads\/2025\/04\/PHOTO-2025-04-09-10-58-54-1024x768.jpg\" alt=\"\" class=\"wp-image-1429\" srcset=\"https:\/\/colecalatrava.es\/wp-content\/uploads\/2025\/04\/PHOTO-2025-04-09-10-58-54-1024x768.jpg 1024w, https:\/\/colecalatrava.es\/wp-content\/uploads\/2025\/04\/PHOTO-2025-04-09-10-58-54-300x225.jpg 300w, https:\/\/colecalatrava.es\/wp-content\/uploads\/2025\/04\/PHOTO-2025-04-09-10-58-54-768x576.jpg 768w, https:\/\/colecalatrava.es\/wp-content\/uploads\/2025\/04\/PHOTO-2025-04-09-10-58-54-1536x1152.jpg 1536w, https:\/\/colecalatrava.es\/wp-content\/uploads\/2025\/04\/PHOTO-2025-04-09-10-58-54.jpg 1600w\" sizes=\"auto, (max-width: 1024px) 100vw, 1024px\" \/><\/figure>\n\n\n\n<p><strong><em><mark style=\"background-color:rgba(0, 0, 0, 0)\" class=\"has-inline-color has-vivid-red-color\">EXCURSI\u00d3N A COBISA <\/mark><\/em><\/strong><mark style=\"background-color:rgba(0, 0, 0, 0)\" class=\"has-inline-color has-black-color\">(abril)<\/mark><\/p>\n\n\n\n<p>\ud83e\udded&nbsp;<strong>\u00a1Una Aventura Inolvidable en Indiana Camp!<\/strong>&nbsp;\ud83d\udc34\ud83e\uddfc\ud83e\uddd7\u200d\u2642\ufe0f<\/p>\n\n\n\n<p>Ayer, lunes 8 de abril, los alumnos y alumnas de 1\u00ba y 2\u00ba de Primaria vivieron una jornada llena de emoci\u00f3n, naturaleza y aprendizaje en la&nbsp;<strong>Granja Escuela Indiana Camp<\/strong>, situada en Cobisa (Toledo). Una excursi\u00f3n que dif\u00edcilmente olvidar\u00e1n y que convirti\u00f3 un d\u00eda de clase en una aut\u00e9ntica aventura.<\/p>\n\n\n\n<figure class=\"wp-block-image size-large is-resized\"><img loading=\"lazy\" decoding=\"async\" width=\"576\" height=\"1024\" src=\"https:\/\/colecalatrava.es\/wp-content\/uploads\/2025\/04\/PHOTO-2025-04-10-10-19-42-576x1024.jpg\" alt=\"\" class=\"wp-image-1461\" style=\"width:497px;height:auto\" srcset=\"https:\/\/colecalatrava.es\/wp-content\/uploads\/2025\/04\/PHOTO-2025-04-10-10-19-42-576x1024.jpg 576w, https:\/\/colecalatrava.es\/wp-content\/uploads\/2025\/04\/PHOTO-2025-04-10-10-19-42-169x300.jpg 169w, https:\/\/colecalatrava.es\/wp-content\/uploads\/2025\/04\/PHOTO-2025-04-10-10-19-42-768x1365.jpg 768w, https:\/\/colecalatrava.es\/wp-content\/uploads\/2025\/04\/PHOTO-2025-04-10-10-19-42-864x1536.jpg 864w, https:\/\/colecalatrava.es\/wp-content\/uploads\/2025\/04\/PHOTO-2025-04-10-10-19-42.jpg 900w\" sizes=\"auto, (max-width: 576px) 100vw, 576px\" \/><\/figure>\n\n\n\n<p>Desde el primer momento, la emoci\u00f3n se palpaba en el ambiente. Al llegar, los ni\u00f1os y ni\u00f1as tuvieron la oportunidad de montar en&nbsp;<strong>poni<\/strong>, experimentando la conexi\u00f3n con estos simp\u00e1ticos animales de una forma divertida y segura. Despu\u00e9s, se convirtieron en peque\u00f1os artesanos durante un&nbsp;<strong>taller de elaboraci\u00f3n de jab\u00f3n<\/strong>, donde aprendieron los secretos de esta actividad tradicional y crearon sus propias pastillas con aromas naturales.<\/p>\n\n\n\n<p>La visita continu\u00f3 en la zona de animales, donde nuestros peque\u00f1os exploradores pudieron&nbsp;<strong>dar de comer, acariciar y jugar con los animales de la granja<\/strong>: gallinas, ovejas, cabras, conejos\u2026 \u00a1incluso alg\u00fan que otro pato curioso!<\/p>\n\n\n\n<p>Pero la aventura no terminaba ah\u00ed. Los m\u00e1s intr\u00e9pidos probaron su punter\u00eda en la&nbsp;<strong>zona de tiro con arco<\/strong>, sinti\u00e9ndose como aut\u00e9nticos arqueros del bosque. Y, para finalizar, treparon hasta lo m\u00e1s alto en el&nbsp;<strong>roc\u00f3dromo<\/strong>, desafiando la gravedad con risas, energ\u00eda y mucho compa\u00f1erismo.<\/p>\n\n\n\n<p>Sin duda, una experiencia enriquecedora que reforz\u00f3 el v\u00ednculo con la naturaleza, foment\u00f3 el trabajo en equipo y dej\u00f3 en todos un recuerdo lleno de alegr\u00eda y descubrimiento.<\/p>\n\n\n\n<p><strong><em><mark style=\"background-color:rgba(0, 0, 0, 0)\" class=\"has-inline-color has-vivid-red-color\">EXCURSI\u00d3N A MADRID <\/mark><\/em><\/strong><mark style=\"background-color:rgba(0, 0, 0, 0)\" class=\"has-inline-color has-black-color\">(abril)<\/mark><\/p>\n\n\n\n<p>Nuestro alumnado de 4\u00ba y 5\u00ba de E. Primaria se ha desplazado a Madrid para visitar Micr\u00f3polis y Xanad\u00fa. Acompa\u00f1ados por sus tutores\/as, han podido sentirse adultos por un d\u00eda en Micr\u00f3polis y disfrutar de la nieve. \u00a1Ha sido un d\u00eda genial!<\/p>\n\n\n\n<figure class=\"wp-block-image size-large\"><img loading=\"lazy\" decoding=\"async\" width=\"1024\" height=\"472\" src=\"https:\/\/colecalatrava.es\/wp-content\/uploads\/2025\/04\/PHOTO-2025-04-04-14-12-30-1024x472.jpg\" alt=\"\" class=\"wp-image-1411\" srcset=\"https:\/\/colecalatrava.es\/wp-content\/uploads\/2025\/04\/PHOTO-2025-04-04-14-12-30-1024x472.jpg 1024w, https:\/\/colecalatrava.es\/wp-content\/uploads\/2025\/04\/PHOTO-2025-04-04-14-12-30-300x138.jpg 300w, https:\/\/colecalatrava.es\/wp-content\/uploads\/2025\/04\/PHOTO-2025-04-04-14-12-30-768x354.jpg 768w, https:\/\/colecalatrava.es\/wp-content\/uploads\/2025\/04\/PHOTO-2025-04-04-14-12-30-1536x708.jpg 1536w, https:\/\/colecalatrava.es\/wp-content\/uploads\/2025\/04\/PHOTO-2025-04-04-14-12-30.jpg 1600w\" sizes=\"auto, (max-width: 1024px) 100vw, 1024px\" \/><\/figure>\n\n\n\n<figure class=\"wp-block-image size-large\"><img loading=\"lazy\" decoding=\"async\" width=\"1024\" height=\"576\" src=\"https:\/\/colecalatrava.es\/wp-content\/uploads\/2025\/04\/PHOTO-2025-04-04-13-48-10-1024x576.jpg\" alt=\"\" class=\"wp-image-1410\" srcset=\"https:\/\/colecalatrava.es\/wp-content\/uploads\/2025\/04\/PHOTO-2025-04-04-13-48-10-1024x576.jpg 1024w, https:\/\/colecalatrava.es\/wp-content\/uploads\/2025\/04\/PHOTO-2025-04-04-13-48-10-300x169.jpg 300w, https:\/\/colecalatrava.es\/wp-content\/uploads\/2025\/04\/PHOTO-2025-04-04-13-48-10-768x432.jpg 768w, https:\/\/colecalatrava.es\/wp-content\/uploads\/2025\/04\/PHOTO-2025-04-04-13-48-10-1536x864.jpg 1536w, https:\/\/colecalatrava.es\/wp-content\/uploads\/2025\/04\/PHOTO-2025-04-04-13-48-10.jpg 1599w\" sizes=\"auto, (max-width: 1024px) 100vw, 1024px\" \/><\/figure>\n\n\n\n<p><\/p>\n\n\n\n<p><strong><em><mark style=\"background-color:rgba(0, 0, 0, 0)\" class=\"has-inline-color has-vivid-red-color\">D\u00cdA DEL AUTISMO <\/mark><\/em><\/strong><mark style=\"background-color:rgba(0, 0, 0, 0)\" class=\"has-inline-color has-black-color\">(2 de abril)<\/mark><\/p>\n\n\n\n<p>En nuestro centro nos unimos a esta causa para concienciar a nuestra comunidad educativa sobre la importancia de reconocer la diversidad de habilidades y retos a los que se enfrentan los alumnos\/as TEA.<\/p>\n\n\n\n<p>Desde el CEIP Calatrava buscamos crear un entorno inclusivo donde todos nuestros estudiantes puedan aprender y desarrollarse de manera equitativa, sin importar sus diferencias.<\/p>\n\n\n\n<figure class=\"wp-block-image size-large\"><img loading=\"lazy\" decoding=\"async\" width=\"1024\" height=\"768\" src=\"https:\/\/colecalatrava.es\/wp-content\/uploads\/2025\/04\/PHOTO-2025-04-02-13-05-11-1024x768.jpg\" alt=\"\" class=\"wp-image-1395\" srcset=\"https:\/\/colecalatrava.es\/wp-content\/uploads\/2025\/04\/PHOTO-2025-04-02-13-05-11-1024x768.jpg 1024w, https:\/\/colecalatrava.es\/wp-content\/uploads\/2025\/04\/PHOTO-2025-04-02-13-05-11-300x225.jpg 300w, https:\/\/colecalatrava.es\/wp-content\/uploads\/2025\/04\/PHOTO-2025-04-02-13-05-11-768x576.jpg 768w, https:\/\/colecalatrava.es\/wp-content\/uploads\/2025\/04\/PHOTO-2025-04-02-13-05-11-1536x1152.jpg 1536w, https:\/\/colecalatrava.es\/wp-content\/uploads\/2025\/04\/PHOTO-2025-04-02-13-05-11.jpg 1600w\" sizes=\"auto, (max-width: 1024px) 100vw, 1024px\" \/><\/figure>\n\n\n\n<figure class=\"wp-block-image size-large\"><img loading=\"lazy\" decoding=\"async\" width=\"1024\" height=\"540\" src=\"https:\/\/colecalatrava.es\/wp-content\/uploads\/2025\/04\/PHOTO-2025-04-02-13-05-10-1024x540.jpg\" alt=\"\" class=\"wp-image-1396\" srcset=\"https:\/\/colecalatrava.es\/wp-content\/uploads\/2025\/04\/PHOTO-2025-04-02-13-05-10-1024x540.jpg 1024w, https:\/\/colecalatrava.es\/wp-content\/uploads\/2025\/04\/PHOTO-2025-04-02-13-05-10-300x158.jpg 300w, https:\/\/colecalatrava.es\/wp-content\/uploads\/2025\/04\/PHOTO-2025-04-02-13-05-10-768x405.jpg 768w, https:\/\/colecalatrava.es\/wp-content\/uploads\/2025\/04\/PHOTO-2025-04-02-13-05-10-1536x809.jpg 1536w, https:\/\/colecalatrava.es\/wp-content\/uploads\/2025\/04\/PHOTO-2025-04-02-13-05-10.jpg 1600w\" sizes=\"auto, (max-width: 1024px) 100vw, 1024px\" \/><\/figure>\n\n\n\n<figure class=\"wp-block-image size-large\"><img loading=\"lazy\" decoding=\"async\" width=\"1024\" height=\"713\" src=\"https:\/\/colecalatrava.es\/wp-content\/uploads\/2025\/04\/PHOTO-2025-04-02-13-06-04-1024x713.jpg\" alt=\"\" class=\"wp-image-1394\" srcset=\"https:\/\/colecalatrava.es\/wp-content\/uploads\/2025\/04\/PHOTO-2025-04-02-13-06-04-1024x713.jpg 1024w, https:\/\/colecalatrava.es\/wp-content\/uploads\/2025\/04\/PHOTO-2025-04-02-13-06-04-300x209.jpg 300w, https:\/\/colecalatrava.es\/wp-content\/uploads\/2025\/04\/PHOTO-2025-04-02-13-06-04-768x535.jpg 768w, https:\/\/colecalatrava.es\/wp-content\/uploads\/2025\/04\/PHOTO-2025-04-02-13-06-04-1536x1069.jpg 1536w, https:\/\/colecalatrava.es\/wp-content\/uploads\/2025\/04\/PHOTO-2025-04-02-13-06-04.jpg 1600w\" sizes=\"auto, (max-width: 1024px) 100vw, 1024px\" \/><\/figure>\n\n\n\n<p><\/p>\n\n\n\n<p><strong><em><mark style=\"background-color:rgba(0, 0, 0, 0)\" class=\"has-inline-color has-vivid-red-color\">LOS PRIMEROS VAN A LA BIBLIOTECA <\/mark><\/em><\/strong><mark style=\"background-color:rgba(0, 0, 0, 0)\" class=\"has-inline-color has-black-color\">(marzo)<\/mark><\/p>\n\n\n\n<p>Siguiendo con las actividades programadas por la Biblioteca Local, nuestros primeros se han desplazado all\u00ed. Anal\u00eda les ha contado cuentos (\u00a1lo hace fenomenal!) y despu\u00e9s han podido consultar todos los libros que han querido. Costaba decidirse, porque&#8230; \u00a1hay tantos d\u00f3nde elegir!<\/p>\n\n\n\n<figure class=\"wp-block-image size-large\"><img loading=\"lazy\" decoding=\"async\" width=\"1024\" height=\"478\" src=\"https:\/\/colecalatrava.es\/wp-content\/uploads\/2025\/03\/PHOTO-2025-03-25-16-53-59-1-1024x478.jpg\" alt=\"\" class=\"wp-image-1371\" srcset=\"https:\/\/colecalatrava.es\/wp-content\/uploads\/2025\/03\/PHOTO-2025-03-25-16-53-59-1-1024x478.jpg 1024w, https:\/\/colecalatrava.es\/wp-content\/uploads\/2025\/03\/PHOTO-2025-03-25-16-53-59-1-300x140.jpg 300w, https:\/\/colecalatrava.es\/wp-content\/uploads\/2025\/03\/PHOTO-2025-03-25-16-53-59-1-768x359.jpg 768w, https:\/\/colecalatrava.es\/wp-content\/uploads\/2025\/03\/PHOTO-2025-03-25-16-53-59-1-1536x717.jpg 1536w, https:\/\/colecalatrava.es\/wp-content\/uploads\/2025\/03\/PHOTO-2025-03-25-16-53-59-1.jpg 2000w\" sizes=\"auto, (max-width: 1024px) 100vw, 1024px\" \/><\/figure>\n\n\n\n<figure class=\"wp-block-image size-full\"><img loading=\"lazy\" decoding=\"async\" width=\"299\" height=\"640\" src=\"https:\/\/colecalatrava.es\/wp-content\/uploads\/2025\/03\/PHOTO-2025-03-25-16-53-58-2.jpg\" alt=\"\" class=\"wp-image-1370\" srcset=\"https:\/\/colecalatrava.es\/wp-content\/uploads\/2025\/03\/PHOTO-2025-03-25-16-53-58-2.jpg 299w, https:\/\/colecalatrava.es\/wp-content\/uploads\/2025\/03\/PHOTO-2025-03-25-16-53-58-2-140x300.jpg 140w\" sizes=\"auto, (max-width: 299px) 100vw, 299px\" \/><\/figure>\n\n\n\n<p><strong><em><mark style=\"background-color:rgba(0, 0, 0, 0)\" class=\"has-inline-color has-vivid-red-color\">NOS VISITAN SANITARIOS <\/mark><\/em><\/strong><mark style=\"background-color:rgba(0, 0, 0, 0)\" class=\"has-inline-color has-black-color\">(marzo)<\/mark><\/p>\n\n\n\n<p>Siguiendo el proyecto del 112, nuestros peques de Infantil han recibido la visita de una enfermera y una m\u00e9dico.<\/p>\n\n\n\n<figure class=\"wp-block-image size-large\"><img loading=\"lazy\" decoding=\"async\" width=\"1024\" height=\"460\" src=\"https:\/\/colecalatrava.es\/wp-content\/uploads\/2025\/03\/9013544b-4a15-43d9-970f-a296b41d26bb-1024x460.jpg\" alt=\"\" class=\"wp-image-1375\" srcset=\"https:\/\/colecalatrava.es\/wp-content\/uploads\/2025\/03\/9013544b-4a15-43d9-970f-a296b41d26bb-1024x460.jpg 1024w, https:\/\/colecalatrava.es\/wp-content\/uploads\/2025\/03\/9013544b-4a15-43d9-970f-a296b41d26bb-300x135.jpg 300w, https:\/\/colecalatrava.es\/wp-content\/uploads\/2025\/03\/9013544b-4a15-43d9-970f-a296b41d26bb-768x345.jpg 768w, https:\/\/colecalatrava.es\/wp-content\/uploads\/2025\/03\/9013544b-4a15-43d9-970f-a296b41d26bb-1536x689.jpg 1536w, https:\/\/colecalatrava.es\/wp-content\/uploads\/2025\/03\/9013544b-4a15-43d9-970f-a296b41d26bb.jpg 1600w\" sizes=\"auto, (max-width: 1024px) 100vw, 1024px\" \/><\/figure>\n\n\n\n<p>Nos han hablado sobre el 112 y su trabajo ayudando y curando gente. Hemos podido escuchar el coraz\u00f3n usando el fonendoscopio y \u00a1hasta hemos curado a nuestros peluches!<\/p>\n\n\n\n<figure class=\"wp-block-image size-large\"><img loading=\"lazy\" decoding=\"async\" width=\"460\" height=\"1024\" src=\"https:\/\/colecalatrava.es\/wp-content\/uploads\/2025\/03\/0101aaf6-e6da-4ad1-9fda-3a66f7ee5b09-460x1024.jpg\" alt=\"\" class=\"wp-image-1376\" srcset=\"https:\/\/colecalatrava.es\/wp-content\/uploads\/2025\/03\/0101aaf6-e6da-4ad1-9fda-3a66f7ee5b09-460x1024.jpg 460w, https:\/\/colecalatrava.es\/wp-content\/uploads\/2025\/03\/0101aaf6-e6da-4ad1-9fda-3a66f7ee5b09-135x300.jpg 135w, https:\/\/colecalatrava.es\/wp-content\/uploads\/2025\/03\/0101aaf6-e6da-4ad1-9fda-3a66f7ee5b09-689x1536.jpg 689w, https:\/\/colecalatrava.es\/wp-content\/uploads\/2025\/03\/0101aaf6-e6da-4ad1-9fda-3a66f7ee5b09.jpg 736w\" sizes=\"auto, (max-width: 460px) 100vw, 460px\" \/><\/figure>\n\n\n\n<figure class=\"wp-block-image size-large\"><img loading=\"lazy\" decoding=\"async\" width=\"460\" height=\"1024\" src=\"https:\/\/colecalatrava.es\/wp-content\/uploads\/2025\/03\/cf11df2d-123b-47f8-b7ae-1856a03b3578-460x1024.jpg\" alt=\"\" class=\"wp-image-1377\" srcset=\"https:\/\/colecalatrava.es\/wp-content\/uploads\/2025\/03\/cf11df2d-123b-47f8-b7ae-1856a03b3578-460x1024.jpg 460w, https:\/\/colecalatrava.es\/wp-content\/uploads\/2025\/03\/cf11df2d-123b-47f8-b7ae-1856a03b3578-135x300.jpg 135w, https:\/\/colecalatrava.es\/wp-content\/uploads\/2025\/03\/cf11df2d-123b-47f8-b7ae-1856a03b3578-768x1708.jpg 768w, https:\/\/colecalatrava.es\/wp-content\/uploads\/2025\/03\/cf11df2d-123b-47f8-b7ae-1856a03b3578-691x1536.jpg 691w, https:\/\/colecalatrava.es\/wp-content\/uploads\/2025\/03\/cf11df2d-123b-47f8-b7ae-1856a03b3578.jpg 916w\" sizes=\"auto, (max-width: 460px) 100vw, 460px\" \/><\/figure>\n\n\n\n<p>\u00a1Much\u00edsimas gracias a la t\u00eda de Martina, que es enfermera y a \u00c1gueda la m\u00e9dico!<\/p>\n\n\n\n<p><strong><em><mark style=\"background-color:rgba(0, 0, 0, 0)\" class=\"has-inline-color has-vivid-red-color\">D\u00cdA DE LA POES\u00cdA <\/mark><\/em><\/strong><mark style=\"background-color:rgba(0, 0, 0, 0)\" class=\"has-inline-color has-black-color\">(21 de marzo)<\/mark><\/p>\n\n\n\n<p>Hoy ha sido uno de los d\u00edas m\u00e1s bonitos en el cole celebrando el D\u00eda de la Poes\u00eda. Los profes han invitado a las familias a sus aulas a leer poemas. La respuesta de las familias ha sido enorme, y ha hecho posible un d\u00eda especial&#8230;<\/p>\n\n\n\n<figure class=\"wp-block-image size-large\"><img loading=\"lazy\" decoding=\"async\" width=\"1024\" height=\"819\" src=\"https:\/\/colecalatrava.es\/wp-content\/uploads\/2025\/03\/Green-and-orange-moodboard-scrapbook-family-Photo-Collage-1024x819.png\" alt=\"\" class=\"wp-image-1301\" srcset=\"https:\/\/colecalatrava.es\/wp-content\/uploads\/2025\/03\/Green-and-orange-moodboard-scrapbook-family-Photo-Collage-1024x819.png 1024w, https:\/\/colecalatrava.es\/wp-content\/uploads\/2025\/03\/Green-and-orange-moodboard-scrapbook-family-Photo-Collage-300x240.png 300w, https:\/\/colecalatrava.es\/wp-content\/uploads\/2025\/03\/Green-and-orange-moodboard-scrapbook-family-Photo-Collage-768x614.png 768w, https:\/\/colecalatrava.es\/wp-content\/uploads\/2025\/03\/Green-and-orange-moodboard-scrapbook-family-Photo-Collage-1536x1229.png 1536w, https:\/\/colecalatrava.es\/wp-content\/uploads\/2025\/03\/Green-and-orange-moodboard-scrapbook-family-Photo-Collage.png 2000w\" sizes=\"auto, (max-width: 1024px) 100vw, 1024px\" \/><\/figure>\n\n\n\n<figure class=\"wp-block-image size-large\"><img loading=\"lazy\" decoding=\"async\" width=\"1024\" height=\"819\" src=\"https:\/\/colecalatrava.es\/wp-content\/uploads\/2025\/03\/Green-and-orange-moodboard-scrapbook-family-Photo-Collage-1-1024x819.png\" alt=\"\" class=\"wp-image-1304\" srcset=\"https:\/\/colecalatrava.es\/wp-content\/uploads\/2025\/03\/Green-and-orange-moodboard-scrapbook-family-Photo-Collage-1-1024x819.png 1024w, https:\/\/colecalatrava.es\/wp-content\/uploads\/2025\/03\/Green-and-orange-moodboard-scrapbook-family-Photo-Collage-1-300x240.png 300w, https:\/\/colecalatrava.es\/wp-content\/uploads\/2025\/03\/Green-and-orange-moodboard-scrapbook-family-Photo-Collage-1-768x614.png 768w, https:\/\/colecalatrava.es\/wp-content\/uploads\/2025\/03\/Green-and-orange-moodboard-scrapbook-family-Photo-Collage-1-1536x1229.png 1536w, https:\/\/colecalatrava.es\/wp-content\/uploads\/2025\/03\/Green-and-orange-moodboard-scrapbook-family-Photo-Collage-1.png 2000w\" sizes=\"auto, (max-width: 1024px) 100vw, 1024px\" \/><\/figure>\n\n\n\n<figure class=\"wp-block-image size-large\"><img loading=\"lazy\" decoding=\"async\" width=\"1024\" height=\"819\" src=\"https:\/\/colecalatrava.es\/wp-content\/uploads\/2025\/03\/Green-and-orange-moodboard-scrapbook-family-Photo-Collage-2-1024x819.png\" alt=\"\" class=\"wp-image-1303\" srcset=\"https:\/\/colecalatrava.es\/wp-content\/uploads\/2025\/03\/Green-and-orange-moodboard-scrapbook-family-Photo-Collage-2-1024x819.png 1024w, https:\/\/colecalatrava.es\/wp-content\/uploads\/2025\/03\/Green-and-orange-moodboard-scrapbook-family-Photo-Collage-2-300x240.png 300w, https:\/\/colecalatrava.es\/wp-content\/uploads\/2025\/03\/Green-and-orange-moodboard-scrapbook-family-Photo-Collage-2-768x614.png 768w, https:\/\/colecalatrava.es\/wp-content\/uploads\/2025\/03\/Green-and-orange-moodboard-scrapbook-family-Photo-Collage-2-1536x1229.png 1536w, https:\/\/colecalatrava.es\/wp-content\/uploads\/2025\/03\/Green-and-orange-moodboard-scrapbook-family-Photo-Collage-2.png 2000w\" sizes=\"auto, (max-width: 1024px) 100vw, 1024px\" \/><\/figure>\n\n\n\n<figure class=\"wp-block-image size-large\"><img loading=\"lazy\" decoding=\"async\" width=\"1024\" height=\"819\" src=\"https:\/\/colecalatrava.es\/wp-content\/uploads\/2025\/03\/Green-and-orange-moodboard-scrapbook-family-Photo-Collage-3-1024x819.png\" alt=\"\" class=\"wp-image-1302\" srcset=\"https:\/\/colecalatrava.es\/wp-content\/uploads\/2025\/03\/Green-and-orange-moodboard-scrapbook-family-Photo-Collage-3-1024x819.png 1024w, https:\/\/colecalatrava.es\/wp-content\/uploads\/2025\/03\/Green-and-orange-moodboard-scrapbook-family-Photo-Collage-3-300x240.png 300w, https:\/\/colecalatrava.es\/wp-content\/uploads\/2025\/03\/Green-and-orange-moodboard-scrapbook-family-Photo-Collage-3-768x614.png 768w, https:\/\/colecalatrava.es\/wp-content\/uploads\/2025\/03\/Green-and-orange-moodboard-scrapbook-family-Photo-Collage-3-1536x1229.png 1536w, https:\/\/colecalatrava.es\/wp-content\/uploads\/2025\/03\/Green-and-orange-moodboard-scrapbook-family-Photo-Collage-3.png 2000w\" sizes=\"auto, (max-width: 1024px) 100vw, 1024px\" \/><\/figure>\n\n\n\n<figure class=\"wp-block-image size-large\"><img loading=\"lazy\" decoding=\"async\" width=\"1024\" height=\"819\" src=\"https:\/\/colecalatrava.es\/wp-content\/uploads\/2025\/03\/Green-Back-to-School-Photo-Collage-1024x819.png\" alt=\"\" class=\"wp-image-1296\" srcset=\"https:\/\/colecalatrava.es\/wp-content\/uploads\/2025\/03\/Green-Back-to-School-Photo-Collage-1024x819.png 1024w, https:\/\/colecalatrava.es\/wp-content\/uploads\/2025\/03\/Green-Back-to-School-Photo-Collage-300x240.png 300w, https:\/\/colecalatrava.es\/wp-content\/uploads\/2025\/03\/Green-Back-to-School-Photo-Collage-768x614.png 768w, https:\/\/colecalatrava.es\/wp-content\/uploads\/2025\/03\/Green-Back-to-School-Photo-Collage-1536x1229.png 1536w, https:\/\/colecalatrava.es\/wp-content\/uploads\/2025\/03\/Green-Back-to-School-Photo-Collage.png 2000w\" sizes=\"auto, (max-width: 1024px) 100vw, 1024px\" \/><\/figure>\n\n\n\n<figure class=\"wp-block-image size-large\"><img loading=\"lazy\" decoding=\"async\" width=\"1024\" height=\"819\" src=\"https:\/\/colecalatrava.es\/wp-content\/uploads\/2025\/03\/Green-Back-to-School-Photo-Collage-1-1024x819.png\" alt=\"\" class=\"wp-image-1300\" srcset=\"https:\/\/colecalatrava.es\/wp-content\/uploads\/2025\/03\/Green-Back-to-School-Photo-Collage-1-1024x819.png 1024w, https:\/\/colecalatrava.es\/wp-content\/uploads\/2025\/03\/Green-Back-to-School-Photo-Collage-1-300x240.png 300w, https:\/\/colecalatrava.es\/wp-content\/uploads\/2025\/03\/Green-Back-to-School-Photo-Collage-1-768x614.png 768w, https:\/\/colecalatrava.es\/wp-content\/uploads\/2025\/03\/Green-Back-to-School-Photo-Collage-1-1536x1229.png 1536w, https:\/\/colecalatrava.es\/wp-content\/uploads\/2025\/03\/Green-Back-to-School-Photo-Collage-1.png 2000w\" sizes=\"auto, (max-width: 1024px) 100vw, 1024px\" \/><\/figure>\n\n\n\n<figure class=\"wp-block-gallery has-nested-images columns-default is-cropped wp-block-gallery-26 is-layout-flex wp-block-gallery-is-layout-flex\">\n<figure class=\"wp-block-image size-large\"><img loading=\"lazy\" decoding=\"async\" width=\"1024\" height=\"819\" data-id=\"1351\" src=\"https:\/\/colecalatrava.es\/wp-content\/uploads\/2025\/03\/Green-Back-to-School-Photo-Collage-5-1-1024x819.png\" alt=\"\" class=\"wp-image-1351\" srcset=\"https:\/\/colecalatrava.es\/wp-content\/uploads\/2025\/03\/Green-Back-to-School-Photo-Collage-5-1-1024x819.png 1024w, https:\/\/colecalatrava.es\/wp-content\/uploads\/2025\/03\/Green-Back-to-School-Photo-Collage-5-1-300x240.png 300w, https:\/\/colecalatrava.es\/wp-content\/uploads\/2025\/03\/Green-Back-to-School-Photo-Collage-5-1-768x614.png 768w, https:\/\/colecalatrava.es\/wp-content\/uploads\/2025\/03\/Green-Back-to-School-Photo-Collage-5-1-1536x1229.png 1536w, https:\/\/colecalatrava.es\/wp-content\/uploads\/2025\/03\/Green-Back-to-School-Photo-Collage-5-1.png 2000w\" sizes=\"auto, (max-width: 1024px) 100vw, 1024px\" \/><\/figure>\n<\/figure>\n\n\n\n<figure class=\"wp-block-gallery has-nested-images columns-default is-cropped wp-block-gallery-27 is-layout-flex wp-block-gallery-is-layout-flex\">\n<figure class=\"wp-block-image size-large\"><img loading=\"lazy\" decoding=\"async\" width=\"1024\" height=\"819\" data-id=\"1350\" src=\"https:\/\/colecalatrava.es\/wp-content\/uploads\/2025\/03\/Green-Back-to-School-Photo-Collage-6-1024x819.png\" alt=\"\" class=\"wp-image-1350\" srcset=\"https:\/\/colecalatrava.es\/wp-content\/uploads\/2025\/03\/Green-Back-to-School-Photo-Collage-6-1024x819.png 1024w, https:\/\/colecalatrava.es\/wp-content\/uploads\/2025\/03\/Green-Back-to-School-Photo-Collage-6-300x240.png 300w, https:\/\/colecalatrava.es\/wp-content\/uploads\/2025\/03\/Green-Back-to-School-Photo-Collage-6-768x614.png 768w, https:\/\/colecalatrava.es\/wp-content\/uploads\/2025\/03\/Green-Back-to-School-Photo-Collage-6-1536x1229.png 1536w, https:\/\/colecalatrava.es\/wp-content\/uploads\/2025\/03\/Green-Back-to-School-Photo-Collage-6.png 2000w\" sizes=\"auto, (max-width: 1024px) 100vw, 1024px\" \/><\/figure>\n<\/figure>\n\n\n\n<figure class=\"wp-block-image size-full\"><img loading=\"lazy\" decoding=\"async\" width=\"640\" height=\"640\" src=\"https:\/\/colecalatrava.es\/wp-content\/uploads\/2025\/03\/cb7a7f68-2a03-4e52-a05d-6e0d873a2e27.jpg\" alt=\"\" class=\"wp-image-1310\" srcset=\"https:\/\/colecalatrava.es\/wp-content\/uploads\/2025\/03\/cb7a7f68-2a03-4e52-a05d-6e0d873a2e27.jpg 640w, https:\/\/colecalatrava.es\/wp-content\/uploads\/2025\/03\/cb7a7f68-2a03-4e52-a05d-6e0d873a2e27-300x300.jpg 300w, https:\/\/colecalatrava.es\/wp-content\/uploads\/2025\/03\/cb7a7f68-2a03-4e52-a05d-6e0d873a2e27-150x150.jpg 150w\" sizes=\"auto, (max-width: 640px) 100vw, 640px\" \/><\/figure>\n\n\n\n<figure class=\"wp-block-image size-large\"><img loading=\"lazy\" decoding=\"async\" width=\"1024\" height=\"819\" src=\"https:\/\/colecalatrava.es\/wp-content\/uploads\/2025\/03\/Green-Back-to-School-Photo-Collage-2-2-1024x819.png\" alt=\"\" class=\"wp-image-1355\" srcset=\"https:\/\/colecalatrava.es\/wp-content\/uploads\/2025\/03\/Green-Back-to-School-Photo-Collage-2-2-1024x819.png 1024w, https:\/\/colecalatrava.es\/wp-content\/uploads\/2025\/03\/Green-Back-to-School-Photo-Collage-2-2-300x240.png 300w, https:\/\/colecalatrava.es\/wp-content\/uploads\/2025\/03\/Green-Back-to-School-Photo-Collage-2-2-768x614.png 768w, https:\/\/colecalatrava.es\/wp-content\/uploads\/2025\/03\/Green-Back-to-School-Photo-Collage-2-2-1536x1229.png 1536w, https:\/\/colecalatrava.es\/wp-content\/uploads\/2025\/03\/Green-Back-to-School-Photo-Collage-2-2.png 2000w\" sizes=\"auto, (max-width: 1024px) 100vw, 1024px\" \/><\/figure>\n\n\n\n<p>Para cerrar la actividad, a la hora de la salida del cole, algunos\/as alumnos\/as han salido a repartir canap\u00e9s, pero eran unos canap\u00e9s diferentes&#8230; POEMAS. Estos\/as chicos\/as han dedicado varios d\u00edas a completarlos con poemas para que las familias los disfruten.<\/p>\n\n\n\n<figure class=\"wp-block-image size-large\"><img loading=\"lazy\" decoding=\"async\" width=\"1024\" height=\"819\" src=\"https:\/\/colecalatrava.es\/wp-content\/uploads\/2025\/03\/Green-Back-to-School-Photo-Collage-3-1-1024x819.png\" alt=\"\" class=\"wp-image-1353\" srcset=\"https:\/\/colecalatrava.es\/wp-content\/uploads\/2025\/03\/Green-Back-to-School-Photo-Collage-3-1-1024x819.png 1024w, https:\/\/colecalatrava.es\/wp-content\/uploads\/2025\/03\/Green-Back-to-School-Photo-Collage-3-1-300x240.png 300w, https:\/\/colecalatrava.es\/wp-content\/uploads\/2025\/03\/Green-Back-to-School-Photo-Collage-3-1-768x614.png 768w, https:\/\/colecalatrava.es\/wp-content\/uploads\/2025\/03\/Green-Back-to-School-Photo-Collage-3-1-1536x1229.png 1536w, https:\/\/colecalatrava.es\/wp-content\/uploads\/2025\/03\/Green-Back-to-School-Photo-Collage-3-1.png 2000w\" sizes=\"auto, (max-width: 1024px) 100vw, 1024px\" \/><\/figure>\n\n\n\n<figure class=\"wp-block-image size-large\"><img loading=\"lazy\" decoding=\"async\" width=\"1024\" height=\"819\" src=\"https:\/\/colecalatrava.es\/wp-content\/uploads\/2025\/03\/Green-Back-to-School-Photo-Collage-4-1-1024x819.png\" alt=\"\" class=\"wp-image-1352\" srcset=\"https:\/\/colecalatrava.es\/wp-content\/uploads\/2025\/03\/Green-Back-to-School-Photo-Collage-4-1-1024x819.png 1024w, https:\/\/colecalatrava.es\/wp-content\/uploads\/2025\/03\/Green-Back-to-School-Photo-Collage-4-1-300x240.png 300w, https:\/\/colecalatrava.es\/wp-content\/uploads\/2025\/03\/Green-Back-to-School-Photo-Collage-4-1-768x614.png 768w, https:\/\/colecalatrava.es\/wp-content\/uploads\/2025\/03\/Green-Back-to-School-Photo-Collage-4-1-1536x1229.png 1536w, https:\/\/colecalatrava.es\/wp-content\/uploads\/2025\/03\/Green-Back-to-School-Photo-Collage-4-1.png 2000w\" sizes=\"auto, (max-width: 1024px) 100vw, 1024px\" \/><\/figure>\n\n\n\n<p>\u00a1Qu\u00e9 bien salen las cosas cuando la comunidad educativa trabaja en equipo! Familias, sois una parte muy importante, \u00a1GRACIAS POR VENIR! <\/p>\n\n\n\n<p><strong><em><mark style=\"background-color:rgba(0, 0, 0, 0)\" class=\"has-inline-color has-vivid-red-color\">ACTIVIDAD \u00abCENTRO DE LA MUJER<\/mark><\/em><\/strong>\u00bb (marzo)<\/p>\n\n\n\n<p>Con motivo del 8 de marzo, el Centro de la Mujer ha organizado unos talleres para el alumnado de 5\u00ba de E. Primaria. Las actividades han hecho reflexionar a nuestros\/as alumnos\/as acerca de los roles y estereotipos de g\u00e9nero que se dan en la sociedad a trav\u00e9s de diferentes juegos.<\/p>\n\n\n\n<figure class=\"wp-block-image size-large\"><img loading=\"lazy\" decoding=\"async\" width=\"1024\" height=\"576\" src=\"https:\/\/colecalatrava.es\/wp-content\/uploads\/2025\/03\/PHOTO-2025-03-18-12-11-39-3-1024x576.jpg\" alt=\"\" class=\"wp-image-1251\" srcset=\"https:\/\/colecalatrava.es\/wp-content\/uploads\/2025\/03\/PHOTO-2025-03-18-12-11-39-3-1024x576.jpg 1024w, https:\/\/colecalatrava.es\/wp-content\/uploads\/2025\/03\/PHOTO-2025-03-18-12-11-39-3-300x169.jpg 300w, https:\/\/colecalatrava.es\/wp-content\/uploads\/2025\/03\/PHOTO-2025-03-18-12-11-39-3-768x432.jpg 768w, https:\/\/colecalatrava.es\/wp-content\/uploads\/2025\/03\/PHOTO-2025-03-18-12-11-39-3-1536x864.jpg 1536w, https:\/\/colecalatrava.es\/wp-content\/uploads\/2025\/03\/PHOTO-2025-03-18-12-11-39-3.jpg 1920w\" sizes=\"auto, (max-width: 1024px) 100vw, 1024px\" \/><\/figure>\n\n\n\n<figure class=\"wp-block-image size-large\"><img loading=\"lazy\" decoding=\"async\" width=\"768\" height=\"1024\" src=\"https:\/\/colecalatrava.es\/wp-content\/uploads\/2025\/03\/PHOTO-2025-03-18-11-57-17-768x1024.jpg\" alt=\"\" class=\"wp-image-1259\" srcset=\"https:\/\/colecalatrava.es\/wp-content\/uploads\/2025\/03\/PHOTO-2025-03-18-11-57-17-768x1024.jpg 768w, https:\/\/colecalatrava.es\/wp-content\/uploads\/2025\/03\/PHOTO-2025-03-18-11-57-17-225x300.jpg 225w, https:\/\/colecalatrava.es\/wp-content\/uploads\/2025\/03\/PHOTO-2025-03-18-11-57-17-1152x1536.jpg 1152w, https:\/\/colecalatrava.es\/wp-content\/uploads\/2025\/03\/PHOTO-2025-03-18-11-57-17.jpg 1200w\" sizes=\"auto, (max-width: 768px) 100vw, 768px\" \/><\/figure>\n\n\n\n<p>Tambi\u00e9n han reflexionado sobre ideas para poder aplicar la corresponsabilidad en el hogar y lograr una participaci\u00f3n equitativa en las tareas de todos los miembros de la unidad de convivencia.<\/p>\n\n\n\n<figure class=\"wp-block-image size-large\"><img loading=\"lazy\" decoding=\"async\" width=\"1024\" height=\"576\" src=\"https:\/\/colecalatrava.es\/wp-content\/uploads\/2025\/03\/PHOTO-2025-03-18-12-11-39-1024x576.jpg\" alt=\"\" class=\"wp-image-1254\" srcset=\"https:\/\/colecalatrava.es\/wp-content\/uploads\/2025\/03\/PHOTO-2025-03-18-12-11-39-1024x576.jpg 1024w, https:\/\/colecalatrava.es\/wp-content\/uploads\/2025\/03\/PHOTO-2025-03-18-12-11-39-300x169.jpg 300w, https:\/\/colecalatrava.es\/wp-content\/uploads\/2025\/03\/PHOTO-2025-03-18-12-11-39-768x432.jpg 768w, https:\/\/colecalatrava.es\/wp-content\/uploads\/2025\/03\/PHOTO-2025-03-18-12-11-39-1536x864.jpg 1536w, https:\/\/colecalatrava.es\/wp-content\/uploads\/2025\/03\/PHOTO-2025-03-18-12-11-39.jpg 1920w\" sizes=\"auto, (max-width: 1024px) 100vw, 1024px\" \/><\/figure>\n\n\n\n<figure class=\"wp-block-image size-large\"><img loading=\"lazy\" decoding=\"async\" width=\"1024\" height=\"576\" src=\"https:\/\/colecalatrava.es\/wp-content\/uploads\/2025\/03\/PHOTO-2025-03-18-12-11-38-1024x576.jpg\" alt=\"\" class=\"wp-image-1256\" srcset=\"https:\/\/colecalatrava.es\/wp-content\/uploads\/2025\/03\/PHOTO-2025-03-18-12-11-38-1024x576.jpg 1024w, https:\/\/colecalatrava.es\/wp-content\/uploads\/2025\/03\/PHOTO-2025-03-18-12-11-38-300x169.jpg 300w, https:\/\/colecalatrava.es\/wp-content\/uploads\/2025\/03\/PHOTO-2025-03-18-12-11-38-768x432.jpg 768w, https:\/\/colecalatrava.es\/wp-content\/uploads\/2025\/03\/PHOTO-2025-03-18-12-11-38-1536x864.jpg 1536w, https:\/\/colecalatrava.es\/wp-content\/uploads\/2025\/03\/PHOTO-2025-03-18-12-11-38.jpg 1920w\" sizes=\"auto, (max-width: 1024px) 100vw, 1024px\" \/><\/figure>\n\n\n\n<figure class=\"wp-block-image size-large\"><img loading=\"lazy\" decoding=\"async\" width=\"1024\" height=\"576\" src=\"https:\/\/colecalatrava.es\/wp-content\/uploads\/2025\/03\/PHOTO-2025-03-18-12-11-38-1-1024x576.jpg\" alt=\"\" class=\"wp-image-1255\" srcset=\"https:\/\/colecalatrava.es\/wp-content\/uploads\/2025\/03\/PHOTO-2025-03-18-12-11-38-1-1024x576.jpg 1024w, https:\/\/colecalatrava.es\/wp-content\/uploads\/2025\/03\/PHOTO-2025-03-18-12-11-38-1-300x169.jpg 300w, https:\/\/colecalatrava.es\/wp-content\/uploads\/2025\/03\/PHOTO-2025-03-18-12-11-38-1-768x432.jpg 768w, https:\/\/colecalatrava.es\/wp-content\/uploads\/2025\/03\/PHOTO-2025-03-18-12-11-38-1-1536x864.jpg 1536w, https:\/\/colecalatrava.es\/wp-content\/uploads\/2025\/03\/PHOTO-2025-03-18-12-11-38-1.jpg 1920w\" sizes=\"auto, (max-width: 1024px) 100vw, 1024px\" \/><\/figure>\n\n\n\n<p>Much\u00edsimas gracias a Bea, la monitora que ha desarrollado la actividad, \u00a1ha sido genial!<\/p>\n\n\n\n<p><strong><em><mark style=\"background-color:rgba(0, 0, 0, 0)\" class=\"has-inline-color has-vivid-red-color\">NOS VISITAN LOS BOMBEROS <\/mark><\/em><\/strong><mark style=\"background-color:rgba(0, 0, 0, 0)\" class=\"has-inline-color has-black-color\">(marzo)<\/mark><\/p>\n\n\n\n<p>Siguiendo con el proyecto del 112, nuestros\/as alumnos\/as de E. Infantil han recibido la visita del cuerpo de bomberos, en concreto el pap\u00e1 de Jorge. <\/p>\n\n\n\n<p>Nos ha ense\u00f1ado todas las cosas que hacen, como apagar incendios, ayudar en accidentes de tr\u00e1fico, problemas relacionados con crecidas de agua, &#8230;<\/p>\n\n\n\n<figure class=\"wp-block-image size-full\"><img loading=\"lazy\" decoding=\"async\" width=\"480\" height=\"640\" src=\"https:\/\/colecalatrava.es\/wp-content\/uploads\/2025\/03\/IMG_4853-rotated.jpg\" alt=\"\" class=\"wp-image-1244\" srcset=\"https:\/\/colecalatrava.es\/wp-content\/uploads\/2025\/03\/IMG_4853-rotated.jpg 480w, https:\/\/colecalatrava.es\/wp-content\/uploads\/2025\/03\/IMG_4853-225x300.jpg 225w\" sizes=\"auto, (max-width: 480px) 100vw, 480px\" \/><\/figure>\n\n\n\n<p>Nos ha ense\u00f1ado los distintos cascos que usan dependiendo del tipo de emergencia, la se\u00f1al ac\u00fastica que reciben para identificar cada tipo de emergencia, &#8230; <\/p>\n\n\n\n<p>Tambi\u00e9n nos ha ense\u00f1ado el traje y la equipaci\u00f3n necesaria para extinguir un incendio&#8230;<\/p>\n\n\n\n<figure class=\"wp-block-image size-full\"><img loading=\"lazy\" decoding=\"async\" width=\"480\" height=\"640\" src=\"https:\/\/colecalatrava.es\/wp-content\/uploads\/2025\/03\/IMG_4849-rotated.jpg\" alt=\"\" class=\"wp-image-1245\" srcset=\"https:\/\/colecalatrava.es\/wp-content\/uploads\/2025\/03\/IMG_4849-rotated.jpg 480w, https:\/\/colecalatrava.es\/wp-content\/uploads\/2025\/03\/IMG_4849-225x300.jpg 225w\" sizes=\"auto, (max-width: 480px) 100vw, 480px\" \/><\/figure>\n\n\n\n<p>Y algunos v\u00eddeos muy interesantes con consejos sobre este tema, os compartimos un enlace con un de ello&#8230;<\/p>\n\n\n\n<p><a href=\"https:\/\/www.youtube.com\/watch?v=O1M7Ncg0vU4\">https:\/\/www.youtube.com\/watch?v=O1M7Ncg0vU4<\/a><\/p>\n\n\n\n<p>Ha sido muy interesante y a nuestros\/as ni\u00f1os\/as les ha encantado, \u00a1muchas gracias al pap\u00e1 de Jorge!<\/p>\n\n\n\n<p><strong><em><mark style=\"background-color:rgba(0, 0, 0, 0)\" class=\"has-inline-color has-vivid-red-color\">VISITA T\u00c9CNICO SANITARIO DE EMERGENCIAS <\/mark><\/em><\/strong><mark style=\"background-color:rgba(0, 0, 0, 0)\" class=\"has-inline-color has-black-color\">(marzo)<\/mark><\/p>\n\n\n\n<p>Nuestros peques siguen aprendiendo sobre los servicios del 112. Ahora ha tocado el turno del t\u00e9cnico sanitario de emergencias, que nos ha explicado en qu\u00e9 consiste su trabajo, mostrando las cosas que hay dentro de una ambulancia y c\u00f3mo actuar ante una emergencia. <\/p>\n\n\n\n<figure class=\"wp-block-image size-large\"><img loading=\"lazy\" decoding=\"async\" width=\"1024\" height=\"768\" src=\"https:\/\/colecalatrava.es\/wp-content\/uploads\/2025\/03\/PHOTO-2025-03-11-12-18-46-1-1024x768.jpg\" alt=\"\" class=\"wp-image-1227\" srcset=\"https:\/\/colecalatrava.es\/wp-content\/uploads\/2025\/03\/PHOTO-2025-03-11-12-18-46-1-1024x768.jpg 1024w, https:\/\/colecalatrava.es\/wp-content\/uploads\/2025\/03\/PHOTO-2025-03-11-12-18-46-1-300x225.jpg 300w, https:\/\/colecalatrava.es\/wp-content\/uploads\/2025\/03\/PHOTO-2025-03-11-12-18-46-1-768x576.jpg 768w, https:\/\/colecalatrava.es\/wp-content\/uploads\/2025\/03\/PHOTO-2025-03-11-12-18-46-1-1536x1152.jpg 1536w, https:\/\/colecalatrava.es\/wp-content\/uploads\/2025\/03\/PHOTO-2025-03-11-12-18-46-1.jpg 2040w\" sizes=\"auto, (max-width: 1024px) 100vw, 1024px\" \/><\/figure>\n\n\n\n<p>\u00a1Much\u00edsimas gracias al pap\u00e1 de Emma y sus compa\u00f1eros por venir al cole a mostrarnos su labor!<\/p>\n\n\n\n<p><strong><em><mark style=\"background-color:rgba(0, 0, 0, 0)\" class=\"has-inline-color has-vivid-red-color\">VISITA A LA BIBLIOTECA<\/mark><\/em><\/strong> (marzo)<\/p>\n\n\n\n<p>Durante esta semana hemos ido los grupos de Educaci\u00f3n Infantil de visita a la Biblioteca municipal. All\u00ed Anal\u00eda nos ha contado varios cuentos.<\/p>\n\n\n\n<figure class=\"wp-block-image size-full\"><img loading=\"lazy\" decoding=\"async\" width=\"640\" height=\"482\" src=\"https:\/\/colecalatrava.es\/wp-content\/uploads\/2025\/03\/PHOTO-2025-03-07-13-21-43.jpg\" alt=\"\" class=\"wp-image-1219\" srcset=\"https:\/\/colecalatrava.es\/wp-content\/uploads\/2025\/03\/PHOTO-2025-03-07-13-21-43.jpg 640w, https:\/\/colecalatrava.es\/wp-content\/uploads\/2025\/03\/PHOTO-2025-03-07-13-21-43-300x226.jpg 300w\" sizes=\"auto, (max-width: 640px) 100vw, 640px\" \/><\/figure>\n\n\n\n<figure class=\"wp-block-image size-large is-resized\"><img loading=\"lazy\" decoding=\"async\" width=\"1024\" height=\"460\" src=\"https:\/\/colecalatrava.es\/wp-content\/uploads\/2025\/03\/PHOTO-2025-03-08-09-15-04-1024x460.jpg\" alt=\"\" class=\"wp-image-1217\" style=\"width:641px;height:auto\" srcset=\"https:\/\/colecalatrava.es\/wp-content\/uploads\/2025\/03\/PHOTO-2025-03-08-09-15-04-1024x460.jpg 1024w, https:\/\/colecalatrava.es\/wp-content\/uploads\/2025\/03\/PHOTO-2025-03-08-09-15-04-300x135.jpg 300w, https:\/\/colecalatrava.es\/wp-content\/uploads\/2025\/03\/PHOTO-2025-03-08-09-15-04-768x345.jpg 768w, https:\/\/colecalatrava.es\/wp-content\/uploads\/2025\/03\/PHOTO-2025-03-08-09-15-04-1536x690.jpg 1536w, https:\/\/colecalatrava.es\/wp-content\/uploads\/2025\/03\/PHOTO-2025-03-08-09-15-04.jpg 2040w\" sizes=\"auto, (max-width: 1024px) 100vw, 1024px\" \/><\/figure>\n\n\n\n<figure class=\"wp-block-image size-full\"><img loading=\"lazy\" decoding=\"async\" width=\"640\" height=\"618\" src=\"https:\/\/colecalatrava.es\/wp-content\/uploads\/2025\/03\/PHOTO-2025-03-08-09-18-25.jpg\" alt=\"\" class=\"wp-image-1216\" srcset=\"https:\/\/colecalatrava.es\/wp-content\/uploads\/2025\/03\/PHOTO-2025-03-08-09-18-25.jpg 640w, https:\/\/colecalatrava.es\/wp-content\/uploads\/2025\/03\/PHOTO-2025-03-08-09-18-25-300x290.jpg 300w\" sizes=\"auto, (max-width: 640px) 100vw, 640px\" \/><\/figure>\n\n\n\n<figure class=\"wp-block-image size-large is-resized\"><img loading=\"lazy\" decoding=\"async\" width=\"1024\" height=\"771\" src=\"https:\/\/colecalatrava.es\/wp-content\/uploads\/2025\/03\/PHOTO-2025-03-07-13-22-20-1024x771.jpg\" alt=\"\" class=\"wp-image-1218\" style=\"width:659px;height:auto\" srcset=\"https:\/\/colecalatrava.es\/wp-content\/uploads\/2025\/03\/PHOTO-2025-03-07-13-22-20-1024x771.jpg 1024w, https:\/\/colecalatrava.es\/wp-content\/uploads\/2025\/03\/PHOTO-2025-03-07-13-22-20-300x226.jpg 300w, https:\/\/colecalatrava.es\/wp-content\/uploads\/2025\/03\/PHOTO-2025-03-07-13-22-20-768x578.jpg 768w, https:\/\/colecalatrava.es\/wp-content\/uploads\/2025\/03\/PHOTO-2025-03-07-13-22-20-1536x1157.jpg 1536w, https:\/\/colecalatrava.es\/wp-content\/uploads\/2025\/03\/PHOTO-2025-03-07-13-22-20.jpg 2040w\" sizes=\"auto, (max-width: 1024px) 100vw, 1024px\" \/><\/figure>\n\n\n\n<p>Despu\u00e9s hemos podido elegir un libro para llevarlo a casa. Ha sido dif\u00edcil elegir uno porque hay tantos&#8230; Los ni\u00f1os\/as que no ten\u00edan carnet han tenido la oportunidad de hac\u00e9rselo. <\/p>\n\n\n\n<figure class=\"wp-block-image size-full\"><img loading=\"lazy\" decoding=\"async\" width=\"480\" height=\"640\" src=\"https:\/\/colecalatrava.es\/wp-content\/uploads\/2025\/03\/PHOTO-2025-03-06-14-21-00.jpg\" alt=\"\" class=\"wp-image-1221\" srcset=\"https:\/\/colecalatrava.es\/wp-content\/uploads\/2025\/03\/PHOTO-2025-03-06-14-21-00.jpg 480w, https:\/\/colecalatrava.es\/wp-content\/uploads\/2025\/03\/PHOTO-2025-03-06-14-21-00-225x300.jpg 225w\" sizes=\"auto, (max-width: 480px) 100vw, 480px\" \/><\/figure>\n\n\n\n<figure class=\"wp-block-image size-full\"><img loading=\"lazy\" decoding=\"async\" width=\"640\" height=\"360\" src=\"https:\/\/colecalatrava.es\/wp-content\/uploads\/2025\/03\/PHOTO-2025-03-06-13-37-25.jpg\" alt=\"\" class=\"wp-image-1222\" srcset=\"https:\/\/colecalatrava.es\/wp-content\/uploads\/2025\/03\/PHOTO-2025-03-06-13-37-25.jpg 640w, https:\/\/colecalatrava.es\/wp-content\/uploads\/2025\/03\/PHOTO-2025-03-06-13-37-25-300x169.jpg 300w\" sizes=\"auto, (max-width: 640px) 100vw, 640px\" \/><\/figure>\n\n\n\n<p>Como siempre, muchas gracias a Anal\u00eda por transmitir esa pasi\u00f3n por la lectura a nuestros ni\u00f1os\/as.<\/p>\n\n\n\n<p><strong><em><mark style=\"background-color:rgba(0, 0, 0, 0)\" class=\"has-inline-color has-vivid-red-color\">D\u00cdA DE LA MUJER <\/mark><\/em><\/strong><mark style=\"background-color:rgba(0, 0, 0, 0)\" class=\"has-inline-color has-black-color\">(8 de marzo)<\/mark><\/p>\n\n\n\n<p>Aunque este d\u00eda se conmemora ma\u00f1ana, hoy lo hemos celebrado en el cole. Este a\u00f1o nuestro mensaje ha sido \u00abCuando las ni\u00f1as vuelan alto&#8230;\u00bb y qui\u00e9n mejor que nuestra nadadora ol\u00edmpica Laura Cabanes para representarlo. Laura estudi\u00f3 en nuestro centro y los profes que la conocen, coinciden en que de ni\u00f1a ya era un ejemplo de esfuerzo y constancia. <\/p>\n\n\n\n<figure class=\"wp-block-image size-full\"><img loading=\"lazy\" decoding=\"async\" width=\"640\" height=\"416\" src=\"https:\/\/colecalatrava.es\/wp-content\/uploads\/2025\/03\/IMG_4806.jpg\" alt=\"\" class=\"wp-image-1213\" srcset=\"https:\/\/colecalatrava.es\/wp-content\/uploads\/2025\/03\/IMG_4806.jpg 640w, https:\/\/colecalatrava.es\/wp-content\/uploads\/2025\/03\/IMG_4806-300x195.jpg 300w\" sizes=\"auto, (max-width: 640px) 100vw, 640px\" \/><\/figure>\n\n\n\n<p>Hace un par de semanas cada curso prepar\u00f3 preguntas para Laura, de las cuales elegimos varias para hac\u00e9rselas llegar. Laura las ha contestado todas, con respuestas muy coherentes y maduras en las que hace hincapi\u00e9 en la pr\u00e1ctica del deporte, el esfuerzo y la constancia en nuestra vida diaria.  El resultado ha sido este v\u00eddeo&#8230;<\/p>\n\n\n\n<p><a href=\"https:\/\/www.youtube.com\/watch?v=RaRHweP9Cuc\">https:\/\/www.youtube.com\/watch?v=RaRHweP9Cuc<\/a><\/p>\n\n\n\n<p>Despu\u00e9s, nuestros\/as alumnos\/as han recopilado informaci\u00f3n sobre ella, elaborando murales&#8230;<\/p>\n\n\n\n<figure class=\"wp-block-image size-full\"><img loading=\"lazy\" decoding=\"async\" width=\"640\" height=\"480\" src=\"https:\/\/colecalatrava.es\/wp-content\/uploads\/2025\/03\/IMG_4803.jpg\" alt=\"\" class=\"wp-image-1211\" srcset=\"https:\/\/colecalatrava.es\/wp-content\/uploads\/2025\/03\/IMG_4803.jpg 640w, https:\/\/colecalatrava.es\/wp-content\/uploads\/2025\/03\/IMG_4803-300x225.jpg 300w\" sizes=\"auto, (max-width: 640px) 100vw, 640px\" \/><\/figure>\n\n\n\n<figure class=\"wp-block-image size-full\"><img loading=\"lazy\" decoding=\"async\" width=\"640\" height=\"480\" src=\"https:\/\/colecalatrava.es\/wp-content\/uploads\/2025\/03\/IMG_4804.jpg\" alt=\"\" class=\"wp-image-1212\" srcset=\"https:\/\/colecalatrava.es\/wp-content\/uploads\/2025\/03\/IMG_4804.jpg 640w, https:\/\/colecalatrava.es\/wp-content\/uploads\/2025\/03\/IMG_4804-300x225.jpg 300w\" sizes=\"auto, (max-width: 640px) 100vw, 640px\" \/><\/figure>\n\n\n\n<p>Incluso hemos rescatado un trabajo suyo de su \u00e9poca de estudiante en el que ya hablaba de la nataci\u00f3n como una de sus actividades favoritas.<\/p>\n\n\n\n<figure class=\"wp-block-image size-full\"><img loading=\"lazy\" decoding=\"async\" width=\"480\" height=\"640\" src=\"https:\/\/colecalatrava.es\/wp-content\/uploads\/2025\/03\/IMG_4797-rotated.jpg\" alt=\"\" class=\"wp-image-1205\" srcset=\"https:\/\/colecalatrava.es\/wp-content\/uploads\/2025\/03\/IMG_4797-rotated.jpg 480w, https:\/\/colecalatrava.es\/wp-content\/uploads\/2025\/03\/IMG_4797-225x300.jpg 225w\" sizes=\"auto, (max-width: 480px) 100vw, 480px\" \/><\/figure>\n\n\n\n<p>El mural se ha completado tambi\u00e9n con aves con adjetivos que describan a Laura Cabanes&#8230;<\/p>\n\n\n\n<figure class=\"wp-block-image size-full\"><img loading=\"lazy\" decoding=\"async\" width=\"480\" height=\"640\" src=\"https:\/\/colecalatrava.es\/wp-content\/uploads\/2025\/03\/IMG_4794-rotated.jpg\" alt=\"\" class=\"wp-image-1202\" srcset=\"https:\/\/colecalatrava.es\/wp-content\/uploads\/2025\/03\/IMG_4794-rotated.jpg 480w, https:\/\/colecalatrava.es\/wp-content\/uploads\/2025\/03\/IMG_4794-225x300.jpg 225w\" sizes=\"auto, (max-width: 480px) 100vw, 480px\" \/><\/figure>\n\n\n\n<figure class=\"wp-block-image size-full\"><img loading=\"lazy\" decoding=\"async\" width=\"480\" height=\"640\" src=\"https:\/\/colecalatrava.es\/wp-content\/uploads\/2025\/03\/IMG_4795-rotated.jpg\" alt=\"\" class=\"wp-image-1203\" srcset=\"https:\/\/colecalatrava.es\/wp-content\/uploads\/2025\/03\/IMG_4795-rotated.jpg 480w, https:\/\/colecalatrava.es\/wp-content\/uploads\/2025\/03\/IMG_4795-225x300.jpg 225w\" sizes=\"auto, (max-width: 480px) 100vw, 480px\" \/><\/figure>\n\n\n\n<p>Nuestro agradecimiento a Laura por hacer esto posible. \u00a1Muy orgullosos de que hayas sido alumna nuestra!<\/p>\n\n\n\n<p><strong><em><mark style=\"background-color:rgba(0, 0, 0, 0)\" class=\"has-inline-color has-vivid-red-color\">DESFILE DE CARNAVAL<\/mark><\/em><\/strong> (28 de febrero)<\/p>\n\n\n\n<p>Como todos los a\u00f1os, seguimos manteniendo esta tradici\u00f3n. Este a\u00f1o el tema ha sido \u00abLAS EMOCIONES: DEL REV\u00c9S\u00bb (tema elegido por nuestros\/as alumnos\/as mediante votaci\u00f3n cuando conmemoramos el d\u00eda de la Constituci\u00f3n). <\/p>\n\n\n\n<figure class=\"wp-block-image size-full is-resized\"><img loading=\"lazy\" decoding=\"async\" width=\"640\" height=\"480\" src=\"https:\/\/colecalatrava.es\/wp-content\/uploads\/2024\/04\/IMG_4740.jpg\" alt=\"\" class=\"wp-image-1193\" style=\"width:420px;height:auto\" srcset=\"https:\/\/colecalatrava.es\/wp-content\/uploads\/2024\/04\/IMG_4740.jpg 640w, https:\/\/colecalatrava.es\/wp-content\/uploads\/2024\/04\/IMG_4740-300x225.jpg 300w\" sizes=\"auto, (max-width: 640px) 100vw, 640px\" \/><\/figure>\n\n\n\n<p>Hemos podido ver a \u00abtristeza\u00bb, \u00abalegr\u00eda\u00bb, \u00abira\u00bb y el resto de personajes de esta pel\u00edcula.<\/p>\n\n\n\n<figure class=\"wp-block-image size-full\"><img loading=\"lazy\" decoding=\"async\" width=\"640\" height=\"480\" src=\"https:\/\/colecalatrava.es\/wp-content\/uploads\/2024\/04\/IMG_4745.jpg\" alt=\"\" class=\"wp-image-1190\" srcset=\"https:\/\/colecalatrava.es\/wp-content\/uploads\/2024\/04\/IMG_4745.jpg 640w, https:\/\/colecalatrava.es\/wp-content\/uploads\/2024\/04\/IMG_4745-300x225.jpg 300w\" sizes=\"auto, (max-width: 640px) 100vw, 640px\" \/><\/figure>\n\n\n\n<figure class=\"wp-block-image size-large\"><img loading=\"lazy\" decoding=\"async\" width=\"1024\" height=\"377\" src=\"https:\/\/colecalatrava.es\/wp-content\/uploads\/2024\/04\/PHOTO-2025-02-28-19-37-05-1024x377.jpg\" alt=\"\" class=\"wp-image-1177\" srcset=\"https:\/\/colecalatrava.es\/wp-content\/uploads\/2024\/04\/PHOTO-2025-02-28-19-37-05-1024x377.jpg 1024w, https:\/\/colecalatrava.es\/wp-content\/uploads\/2024\/04\/PHOTO-2025-02-28-19-37-05-300x110.jpg 300w, https:\/\/colecalatrava.es\/wp-content\/uploads\/2024\/04\/PHOTO-2025-02-28-19-37-05-768x283.jpg 768w, https:\/\/colecalatrava.es\/wp-content\/uploads\/2024\/04\/PHOTO-2025-02-28-19-37-05.jpg 1394w\" sizes=\"auto, (max-width: 1024px) 100vw, 1024px\" \/><\/figure>\n\n\n\n<figure class=\"wp-block-image size-large is-resized\"><img loading=\"lazy\" decoding=\"async\" width=\"1024\" height=\"768\" src=\"https:\/\/colecalatrava.es\/wp-content\/uploads\/2024\/04\/PHOTO-2025-02-28-19-18-12-1024x768.jpg\" alt=\"\" class=\"wp-image-1178\" style=\"width:579px;height:auto\" srcset=\"https:\/\/colecalatrava.es\/wp-content\/uploads\/2024\/04\/PHOTO-2025-02-28-19-18-12-1024x768.jpg 1024w, https:\/\/colecalatrava.es\/wp-content\/uploads\/2024\/04\/PHOTO-2025-02-28-19-18-12-300x225.jpg 300w, https:\/\/colecalatrava.es\/wp-content\/uploads\/2024\/04\/PHOTO-2025-02-28-19-18-12-768x576.jpg 768w, https:\/\/colecalatrava.es\/wp-content\/uploads\/2024\/04\/PHOTO-2025-02-28-19-18-12-1536x1152.jpg 1536w, https:\/\/colecalatrava.es\/wp-content\/uploads\/2024\/04\/PHOTO-2025-02-28-19-18-12.jpg 2000w\" sizes=\"auto, (max-width: 1024px) 100vw, 1024px\" \/><\/figure>\n\n\n\n<figure class=\"wp-block-image size-full\"><img loading=\"lazy\" decoding=\"async\" width=\"640\" height=\"480\" src=\"https:\/\/colecalatrava.es\/wp-content\/uploads\/2024\/04\/PHOTO-2025-02-28-19-04-20.jpg\" alt=\"\" class=\"wp-image-1181\" srcset=\"https:\/\/colecalatrava.es\/wp-content\/uploads\/2024\/04\/PHOTO-2025-02-28-19-04-20.jpg 640w, https:\/\/colecalatrava.es\/wp-content\/uploads\/2024\/04\/PHOTO-2025-02-28-19-04-20-300x225.jpg 300w\" sizes=\"auto, (max-width: 640px) 100vw, 640px\" \/><\/figure>\n\n\n\n<p>Este a\u00f1o Jes\u00fas, el profe de M\u00fasica y tutor de 6\u00ba, ha preparado una batucada de acompa\u00f1amiento durante el desfile con nuestro alumnado de 5\u00ba y 6\u00ba. \u00a1Ha sido todo un \u00e9xito!<\/p>\n\n\n\n<figure class=\"wp-block-image size-full\"><img loading=\"lazy\" decoding=\"async\" width=\"480\" height=\"640\" src=\"https:\/\/colecalatrava.es\/wp-content\/uploads\/2024\/04\/IMG_4749-rotated.jpg\" alt=\"\" class=\"wp-image-1187\" srcset=\"https:\/\/colecalatrava.es\/wp-content\/uploads\/2024\/04\/IMG_4749-rotated.jpg 480w, https:\/\/colecalatrava.es\/wp-content\/uploads\/2024\/04\/IMG_4749-225x300.jpg 225w\" sizes=\"auto, (max-width: 480px) 100vw, 480px\" \/><\/figure>\n\n\n\n<p>Una vez finalizado el desfile, en el cole hemos bailado todos\/as en el patio temas de Carnaval y una canci\u00f3n para la que preparamos una coreograf\u00eda, con confeti final como colof\u00f3n.<\/p>\n\n\n\n<figure class=\"wp-block-image size-full\"><img loading=\"lazy\" decoding=\"async\" width=\"640\" height=\"480\" src=\"https:\/\/colecalatrava.es\/wp-content\/uploads\/2024\/04\/IMG_4753.jpg\" alt=\"\" class=\"wp-image-1184\" srcset=\"https:\/\/colecalatrava.es\/wp-content\/uploads\/2024\/04\/IMG_4753.jpg 640w, https:\/\/colecalatrava.es\/wp-content\/uploads\/2024\/04\/IMG_4753-300x225.jpg 300w\" sizes=\"auto, (max-width: 640px) 100vw, 640px\" \/><\/figure>\n\n\n\n<figure class=\"wp-block-image size-large\"><img loading=\"lazy\" decoding=\"async\" width=\"768\" height=\"1024\" src=\"https:\/\/colecalatrava.es\/wp-content\/uploads\/2024\/04\/PHOTO-2025-02-28-14-53-28-768x1024.jpg\" alt=\"\" class=\"wp-image-1183\" srcset=\"https:\/\/colecalatrava.es\/wp-content\/uploads\/2024\/04\/PHOTO-2025-02-28-14-53-28-768x1024.jpg 768w, https:\/\/colecalatrava.es\/wp-content\/uploads\/2024\/04\/PHOTO-2025-02-28-14-53-28-225x300.jpg 225w, https:\/\/colecalatrava.es\/wp-content\/uploads\/2024\/04\/PHOTO-2025-02-28-14-53-28-1152x1536.jpg 1152w, https:\/\/colecalatrava.es\/wp-content\/uploads\/2024\/04\/PHOTO-2025-02-28-14-53-28.jpg 1530w\" sizes=\"auto, (max-width: 768px) 100vw, 768px\" \/><\/figure>\n\n\n\n<p>Si quer\u00e9is ver c\u00f3mo nos hemos divertido, aqu\u00ed os dejo el enlace al video tan fant\u00e1stico que ha preparado el pap\u00e1 de Mart\u00edn, de 4 a\u00f1os. <\/p>\n\n\n\n<p><a href=\"https:\/\/youtu.be\/8sNdaNZ-f9Y\">https:\/\/youtu.be\/8sNdaNZ-f9Y<\/a><\/p>\n\n\n\n<p><strong><em><mark style=\"background-color:rgba(0, 0, 0, 0)\" class=\"has-inline-color has-vivid-red-color\">NOS VISITA UN POLIC\u00cdA LOCAL <\/mark><\/em><\/strong><mark style=\"background-color:rgba(0, 0, 0, 0)\" class=\"has-inline-color has-black-color\">(febrero)<\/mark><\/p>\n\n\n\n<p>Siguiendo con el proyecto del 112 que est\u00e1n desarrollando en Infantil, hemos recibido la visita del pap\u00e1 de Helena, nuestra alumna de 5 a\u00f1os. Su pap\u00e1 es polic\u00eda local en Manzanares y nos ha explicado y ense\u00f1ado c\u00f3mo es su trabajo d\u00eda a d\u00eda. \u00a1Muchas gracias por la visita!<\/p>\n\n\n\n<figure class=\"wp-block-image size-large\"><img loading=\"lazy\" decoding=\"async\" width=\"1024\" height=\"576\" src=\"https:\/\/colecalatrava.es\/wp-content\/uploads\/2025\/02\/PHOTO-2025-02-25-13-54-14-1-1024x576.jpg\" alt=\"\" class=\"wp-image-1165\" srcset=\"https:\/\/colecalatrava.es\/wp-content\/uploads\/2025\/02\/PHOTO-2025-02-25-13-54-14-1-1024x576.jpg 1024w, https:\/\/colecalatrava.es\/wp-content\/uploads\/2025\/02\/PHOTO-2025-02-25-13-54-14-1-300x169.jpg 300w, https:\/\/colecalatrava.es\/wp-content\/uploads\/2025\/02\/PHOTO-2025-02-25-13-54-14-1-768x432.jpg 768w, https:\/\/colecalatrava.es\/wp-content\/uploads\/2025\/02\/PHOTO-2025-02-25-13-54-14-1-1536x864.jpg 1536w, https:\/\/colecalatrava.es\/wp-content\/uploads\/2025\/02\/PHOTO-2025-02-25-13-54-14-1.jpg 2040w\" sizes=\"auto, (max-width: 1024px) 100vw, 1024px\" \/><\/figure>\n\n\n\n<figure class=\"wp-block-image size-large\"><img loading=\"lazy\" decoding=\"async\" width=\"1024\" height=\"576\" src=\"https:\/\/colecalatrava.es\/wp-content\/uploads\/2025\/02\/PHOTO-2025-02-25-13-54-14-1024x576.jpg\" alt=\"\" class=\"wp-image-1167\" srcset=\"https:\/\/colecalatrava.es\/wp-content\/uploads\/2025\/02\/PHOTO-2025-02-25-13-54-14-1024x576.jpg 1024w, https:\/\/colecalatrava.es\/wp-content\/uploads\/2025\/02\/PHOTO-2025-02-25-13-54-14-300x169.jpg 300w, https:\/\/colecalatrava.es\/wp-content\/uploads\/2025\/02\/PHOTO-2025-02-25-13-54-14-768x432.jpg 768w, https:\/\/colecalatrava.es\/wp-content\/uploads\/2025\/02\/PHOTO-2025-02-25-13-54-14-1536x864.jpg 1536w, https:\/\/colecalatrava.es\/wp-content\/uploads\/2025\/02\/PHOTO-2025-02-25-13-54-14.jpg 2000w\" sizes=\"auto, (max-width: 1024px) 100vw, 1024px\" \/><\/figure>\n\n\n\n<p><strong><em><mark style=\"background-color:rgba(0, 0, 0, 0)\" class=\"has-inline-color has-vivid-red-color\">HUERTO ESCOLAR <\/mark><\/em><\/strong>(febrero)<\/p>\n\n\n\n<p>Con la llegada del buen tiempo los huertos del cole empiezan funcionar. <\/p>\n\n\n\n<p>Los cursos de primero han preparado uno vertical con las plantas de cada ni\u00f1o\/a&#8230;<\/p>\n\n\n\n<figure class=\"wp-block-image size-full\"><img loading=\"lazy\" decoding=\"async\" width=\"480\" height=\"640\" src=\"https:\/\/colecalatrava.es\/wp-content\/uploads\/2025\/02\/IMG_4680-rotated.jpg\" alt=\"\" class=\"wp-image-1142\" srcset=\"https:\/\/colecalatrava.es\/wp-content\/uploads\/2025\/02\/IMG_4680-rotated.jpg 480w, https:\/\/colecalatrava.es\/wp-content\/uploads\/2025\/02\/IMG_4680-225x300.jpg 225w\" sizes=\"auto, (max-width: 480px) 100vw, 480px\" \/><\/figure>\n\n\n\n<figure class=\"wp-block-image size-full\"><img loading=\"lazy\" decoding=\"async\" width=\"480\" height=\"640\" src=\"https:\/\/colecalatrava.es\/wp-content\/uploads\/2025\/02\/IMG_4682-rotated.jpg\" alt=\"\" class=\"wp-image-1140\" srcset=\"https:\/\/colecalatrava.es\/wp-content\/uploads\/2025\/02\/IMG_4682-rotated.jpg 480w, https:\/\/colecalatrava.es\/wp-content\/uploads\/2025\/02\/IMG_4682-225x300.jpg 225w\" sizes=\"auto, (max-width: 480px) 100vw, 480px\" \/><\/figure>\n\n\n\n<p>Tambi\u00e9n han sembrado tomillo con la ayuda de nuestro compa\u00f1ero Juanma, el hortelano oficial del cole. <\/p>\n\n\n\n<figure class=\"wp-block-image size-full\"><img loading=\"lazy\" decoding=\"async\" width=\"640\" height=\"480\" src=\"https:\/\/colecalatrava.es\/wp-content\/uploads\/2025\/02\/IMG_4687.jpg\" alt=\"\" class=\"wp-image-1135\" srcset=\"https:\/\/colecalatrava.es\/wp-content\/uploads\/2025\/02\/IMG_4687.jpg 640w, https:\/\/colecalatrava.es\/wp-content\/uploads\/2025\/02\/IMG_4687-300x225.jpg 300w\" sizes=\"auto, (max-width: 640px) 100vw, 640px\" \/><\/figure>\n\n\n\n<p>Juanma ha renovado el huerto escolar, y hemos decorado los carteles acompa\u00f1\u00e1ndolos de alguna curiosidad o refr\u00e1n sobre esa planta.<\/p>\n\n\n\n<figure class=\"wp-block-image size-full\"><img loading=\"lazy\" decoding=\"async\" width=\"640\" height=\"480\" src=\"https:\/\/colecalatrava.es\/wp-content\/uploads\/2025\/02\/IMG_4684.jpg\" alt=\"\" class=\"wp-image-1138\" srcset=\"https:\/\/colecalatrava.es\/wp-content\/uploads\/2025\/02\/IMG_4684.jpg 640w, https:\/\/colecalatrava.es\/wp-content\/uploads\/2025\/02\/IMG_4684-300x225.jpg 300w\" sizes=\"auto, (max-width: 640px) 100vw, 640px\" \/><\/figure>\n\n\n\n<figure class=\"wp-block-image size-full\"><img loading=\"lazy\" decoding=\"async\" width=\"640\" height=\"480\" src=\"https:\/\/colecalatrava.es\/wp-content\/uploads\/2025\/02\/IMG_4685.jpg\" alt=\"\" class=\"wp-image-1137\" srcset=\"https:\/\/colecalatrava.es\/wp-content\/uploads\/2025\/02\/IMG_4685.jpg 640w, https:\/\/colecalatrava.es\/wp-content\/uploads\/2025\/02\/IMG_4685-300x225.jpg 300w\" sizes=\"auto, (max-width: 640px) 100vw, 640px\" \/><\/figure>\n\n\n\n<figure class=\"wp-block-image size-full\"><img loading=\"lazy\" decoding=\"async\" width=\"640\" height=\"480\" src=\"https:\/\/colecalatrava.es\/wp-content\/uploads\/2025\/02\/IMG_4686.jpg\" alt=\"\" class=\"wp-image-1136\" srcset=\"https:\/\/colecalatrava.es\/wp-content\/uploads\/2025\/02\/IMG_4686.jpg 640w, https:\/\/colecalatrava.es\/wp-content\/uploads\/2025\/02\/IMG_4686-300x225.jpg 300w\" sizes=\"auto, (max-width: 640px) 100vw, 640px\" \/><\/figure>\n\n\n\n<p><strong><em><mark style=\"background-color:rgba(0, 0, 0, 0)\" class=\"has-inline-color has-vivid-red-color\">VISITA A LA POLIC\u00cdA LOCAL<\/mark><\/em><\/strong> (febrero)<\/p>\n\n\n\n<p>Nuestros peques de Infantil siguen trabajando sobre emergencias. Hoy han visitado en distintos turnos la comisar\u00eda de Polic\u00eda Local. Han podido ver las c\u00e1maras de vigilancia que hay en la localidad, los vestuarios de la polic\u00eda, los calabozos, el coche de polic\u00eda e incluso han conocido al Jefe de la Polic\u00eda.<\/p>\n\n\n\n<figure class=\"wp-block-image size-large is-resized\"><img loading=\"lazy\" decoding=\"async\" width=\"1024\" height=\"576\" src=\"https:\/\/colecalatrava.es\/wp-content\/uploads\/2025\/02\/PHOTO-2025-02-19-14-35-00-1024x576.jpg\" alt=\"\" class=\"wp-image-1120\" style=\"width:501px;height:auto\" srcset=\"https:\/\/colecalatrava.es\/wp-content\/uploads\/2025\/02\/PHOTO-2025-02-19-14-35-00-1024x576.jpg 1024w, https:\/\/colecalatrava.es\/wp-content\/uploads\/2025\/02\/PHOTO-2025-02-19-14-35-00-300x169.jpg 300w, https:\/\/colecalatrava.es\/wp-content\/uploads\/2025\/02\/PHOTO-2025-02-19-14-35-00-768x432.jpg 768w, https:\/\/colecalatrava.es\/wp-content\/uploads\/2025\/02\/PHOTO-2025-02-19-14-35-00-1536x864.jpg 1536w, https:\/\/colecalatrava.es\/wp-content\/uploads\/2025\/02\/PHOTO-2025-02-19-14-35-00.jpg 2040w\" sizes=\"auto, (max-width: 1024px) 100vw, 1024px\" \/><\/figure>\n\n\n\n<figure class=\"wp-block-image size-full is-resized\"><img loading=\"lazy\" decoding=\"async\" width=\"320\" height=\"240\" src=\"https:\/\/colecalatrava.es\/wp-content\/uploads\/2025\/02\/IMG_4658.jpg\" alt=\"\" class=\"wp-image-1112\" style=\"width:405px;height:auto\" srcset=\"https:\/\/colecalatrava.es\/wp-content\/uploads\/2025\/02\/IMG_4658.jpg 320w, https:\/\/colecalatrava.es\/wp-content\/uploads\/2025\/02\/IMG_4658-300x225.jpg 300w\" sizes=\"auto, (max-width: 320px) 100vw, 320px\" \/><\/figure>\n\n\n\n<figure class=\"wp-block-image size-full is-resized\"><img loading=\"lazy\" decoding=\"async\" width=\"320\" height=\"240\" src=\"https:\/\/colecalatrava.es\/wp-content\/uploads\/2025\/02\/IMG_4661.jpg\" alt=\"\" class=\"wp-image-1110\" style=\"width:401px;height:auto\" srcset=\"https:\/\/colecalatrava.es\/wp-content\/uploads\/2025\/02\/IMG_4661.jpg 320w, https:\/\/colecalatrava.es\/wp-content\/uploads\/2025\/02\/IMG_4661-300x225.jpg 300w\" sizes=\"auto, (max-width: 320px) 100vw, 320px\" \/><\/figure>\n\n\n\n<figure class=\"wp-block-image size-full is-resized\"><img loading=\"lazy\" decoding=\"async\" width=\"320\" height=\"240\" src=\"https:\/\/colecalatrava.es\/wp-content\/uploads\/2025\/02\/IMG_4651.jpg\" alt=\"\" class=\"wp-image-1119\" style=\"width:367px;height:auto\" srcset=\"https:\/\/colecalatrava.es\/wp-content\/uploads\/2025\/02\/IMG_4651.jpg 320w, https:\/\/colecalatrava.es\/wp-content\/uploads\/2025\/02\/IMG_4651-300x225.jpg 300w\" sizes=\"auto, (max-width: 320px) 100vw, 320px\" \/><\/figure>\n\n\n\n<figure class=\"wp-block-image size-full\"><img loading=\"lazy\" decoding=\"async\" width=\"320\" height=\"240\" src=\"https:\/\/colecalatrava.es\/wp-content\/uploads\/2025\/02\/IMG_4653.jpg\" alt=\"\" class=\"wp-image-1118\" srcset=\"https:\/\/colecalatrava.es\/wp-content\/uploads\/2025\/02\/IMG_4653.jpg 320w, https:\/\/colecalatrava.es\/wp-content\/uploads\/2025\/02\/IMG_4653-300x225.jpg 300w\" sizes=\"auto, (max-width: 320px) 100vw, 320px\" \/><\/figure>\n\n\n\n<p>Muchas gracias al pap\u00e1 de Marcos, que se ha encargado en ense\u00f1arnos todo esto y nos ha mostrado todas las cosas que lleva la polic\u00eda (walkie talkies, linterna, defensa, &#8230;). Pero sobre todo, nos ha ense\u00f1ado que LA POLIC\u00cdA EST\u00c1 PARA AYUDAR.<\/p>\n\n\n\n<p><strong><em><mark style=\"background-color:rgba(0, 0, 0, 0)\" class=\"has-inline-color has-vivid-red-color\">VISITA DE LA POLIC\u00cdA NACIONAL <\/mark><\/em><\/strong>(febrero)<\/p>\n\n\n\n<p>Los peques de E. Infantil est\u00e1n desarrollando un proyecto sobre emergencias (112). <\/p>\n\n\n\n<figure class=\"wp-block-image size-full is-resized\"><img loading=\"lazy\" decoding=\"async\" width=\"640\" height=\"448\" src=\"https:\/\/colecalatrava.es\/wp-content\/uploads\/2025\/02\/IMG_4606.jpg\" alt=\"\" class=\"wp-image-1104\" style=\"width:536px;height:auto\" srcset=\"https:\/\/colecalatrava.es\/wp-content\/uploads\/2025\/02\/IMG_4606.jpg 640w, https:\/\/colecalatrava.es\/wp-content\/uploads\/2025\/02\/IMG_4606-300x210.jpg 300w\" sizes=\"auto, (max-width: 640px) 100vw, 640px\" \/><\/figure>\n\n\n\n<p>Por eso, los grupos de 4 a\u00f1os han recibido hoy la visita de la Polic\u00eda Nacional y les han ense\u00f1ado en qu\u00e9 consiste su trabajo: qu\u00e9 elementos complementan su uniforme, c\u00f3mo es el coche que utilizan, &#8230;). Much\u00edsimas gracias al pap\u00e1 de Vega que era uno de ellos, \u00a1los peques se lo han pasado pipa!<\/p>\n\n\n\n<figure class=\"wp-block-image size-large\"><img loading=\"lazy\" decoding=\"async\" width=\"1024\" height=\"445\" src=\"https:\/\/colecalatrava.es\/wp-content\/uploads\/2025\/02\/PHOTO-2025-02-18-22-26-23-1024x445.jpg\" alt=\"\" class=\"wp-image-1100\" srcset=\"https:\/\/colecalatrava.es\/wp-content\/uploads\/2025\/02\/PHOTO-2025-02-18-22-26-23-1024x445.jpg 1024w, https:\/\/colecalatrava.es\/wp-content\/uploads\/2025\/02\/PHOTO-2025-02-18-22-26-23-300x130.jpg 300w, https:\/\/colecalatrava.es\/wp-content\/uploads\/2025\/02\/PHOTO-2025-02-18-22-26-23-768x334.jpg 768w, https:\/\/colecalatrava.es\/wp-content\/uploads\/2025\/02\/PHOTO-2025-02-18-22-26-23-1536x667.jpg 1536w, https:\/\/colecalatrava.es\/wp-content\/uploads\/2025\/02\/PHOTO-2025-02-18-22-26-23.jpg 1600w\" sizes=\"auto, (max-width: 1024px) 100vw, 1024px\" \/><\/figure>\n\n\n\n<figure class=\"wp-block-image size-large\"><img loading=\"lazy\" decoding=\"async\" width=\"1024\" height=\"460\" src=\"https:\/\/colecalatrava.es\/wp-content\/uploads\/2025\/02\/PHOTO-2025-02-18-22-26-01-1-1024x460.jpg\" alt=\"\" class=\"wp-image-1102\" srcset=\"https:\/\/colecalatrava.es\/wp-content\/uploads\/2025\/02\/PHOTO-2025-02-18-22-26-01-1-1024x460.jpg 1024w, https:\/\/colecalatrava.es\/wp-content\/uploads\/2025\/02\/PHOTO-2025-02-18-22-26-01-1-300x135.jpg 300w, https:\/\/colecalatrava.es\/wp-content\/uploads\/2025\/02\/PHOTO-2025-02-18-22-26-01-1-768x345.jpg 768w, https:\/\/colecalatrava.es\/wp-content\/uploads\/2025\/02\/PHOTO-2025-02-18-22-26-01-1-1536x689.jpg 1536w, https:\/\/colecalatrava.es\/wp-content\/uploads\/2025\/02\/PHOTO-2025-02-18-22-26-01-1.jpg 1600w\" sizes=\"auto, (max-width: 1024px) 100vw, 1024px\" \/><\/figure>\n\n\n\n<figure class=\"wp-block-image size-full is-resized\"><img loading=\"lazy\" decoding=\"async\" width=\"640\" height=\"482\" src=\"https:\/\/colecalatrava.es\/wp-content\/uploads\/2025\/02\/PHOTO-2025-02-19-09-50-35-1.jpg\" alt=\"\" class=\"wp-image-1106\" style=\"width:450px;height:auto\" srcset=\"https:\/\/colecalatrava.es\/wp-content\/uploads\/2025\/02\/PHOTO-2025-02-19-09-50-35-1.jpg 640w, https:\/\/colecalatrava.es\/wp-content\/uploads\/2025\/02\/PHOTO-2025-02-19-09-50-35-1-300x226.jpg 300w\" sizes=\"auto, (max-width: 640px) 100vw, 640px\" \/><\/figure>\n\n\n\n<figure class=\"wp-block-image size-full is-resized\"><img loading=\"lazy\" decoding=\"async\" width=\"640\" height=\"482\" src=\"https:\/\/colecalatrava.es\/wp-content\/uploads\/2025\/02\/PHOTO-2025-02-19-09-50-35.jpg\" alt=\"\" class=\"wp-image-1107\" style=\"width:470px;height:auto\" srcset=\"https:\/\/colecalatrava.es\/wp-content\/uploads\/2025\/02\/PHOTO-2025-02-19-09-50-35.jpg 640w, https:\/\/colecalatrava.es\/wp-content\/uploads\/2025\/02\/PHOTO-2025-02-19-09-50-35-300x226.jpg 300w\" sizes=\"auto, (max-width: 640px) 100vw, 640px\" \/><\/figure>\n\n\n\n<p><strong><em><mark style=\"background-color:rgba(0, 0, 0, 0)\" class=\"has-inline-color has-vivid-red-color\">D\u00cdA INTERNACIONAL DE LA MUJER EN LA CIENCIA<\/mark><\/em><\/strong> (11 de febrero)<\/p>\n\n\n\n<p>Nuestros peques de primero han trabajado sobre este tema y han elaborado un mural muy chulo con mujeres cient\u00edficas&#8230;<\/p>\n\n\n\n<figure class=\"wp-block-image size-full is-resized\"><img loading=\"lazy\" decoding=\"async\" width=\"640\" height=\"480\" src=\"https:\/\/colecalatrava.es\/wp-content\/uploads\/2025\/02\/IMG_4681.jpg\" alt=\"\" class=\"wp-image-1141\" style=\"width:837px;height:auto\" srcset=\"https:\/\/colecalatrava.es\/wp-content\/uploads\/2025\/02\/IMG_4681.jpg 640w, https:\/\/colecalatrava.es\/wp-content\/uploads\/2025\/02\/IMG_4681-300x225.jpg 300w\" sizes=\"auto, (max-width: 640px) 100vw, 640px\" \/><\/figure>\n\n\n\n<p><\/p>\n\n\n\n<p><strong><em><mark style=\"background-color:rgba(0, 0, 0, 0)\" class=\"has-inline-color has-vivid-red-color\">D\u00cdA DE LA PAZ <\/mark><\/em><\/strong><mark style=\"background-color:rgba(0, 0, 0, 0)\" class=\"has-inline-color has-black-color\">(30 de enero)<\/mark><\/p>\n\n\n\n<p>Un a\u00f1o m\u00e1s hemos conmemorado este d\u00eda tan importante en los tiempos tan convulsos que vivimos. Aunque todos los d\u00edas hacemos una educaci\u00f3n para la paz, ense\u00f1\u00e1ndoles a vivir juntos en armon\u00eda, esta semana hemos preparado pulseras y formado cadenetas con mensajes y palabras de paz. <\/p>\n\n\n\n<figure class=\"wp-block-image size-full\"><img loading=\"lazy\" decoding=\"async\" width=\"640\" height=\"480\" src=\"https:\/\/colecalatrava.es\/wp-content\/uploads\/2025\/01\/IMG_4536-1.jpg\" alt=\"\" class=\"wp-image-1066\" srcset=\"https:\/\/colecalatrava.es\/wp-content\/uploads\/2025\/01\/IMG_4536-1.jpg 640w, https:\/\/colecalatrava.es\/wp-content\/uploads\/2025\/01\/IMG_4536-1-300x225.jpg 300w\" sizes=\"auto, (max-width: 640px) 100vw, 640px\" \/><\/figure>\n\n\n\n<figure class=\"wp-block-image size-full\"><img loading=\"lazy\" decoding=\"async\" width=\"640\" height=\"480\" src=\"https:\/\/colecalatrava.es\/wp-content\/uploads\/2025\/01\/IMG_4537.jpg\" alt=\"\" class=\"wp-image-1067\" srcset=\"https:\/\/colecalatrava.es\/wp-content\/uploads\/2025\/01\/IMG_4537.jpg 640w, https:\/\/colecalatrava.es\/wp-content\/uploads\/2025\/01\/IMG_4537-300x225.jpg 300w\" sizes=\"auto, (max-width: 640px) 100vw, 640px\" \/><\/figure>\n\n\n\n<p>Primero, los alumnos\/as de sexto han le\u00eddo un manifiesto por la paz&#8230;<\/p>\n\n\n\n<figure class=\"wp-block-image size-full is-resized\"><img loading=\"lazy\" decoding=\"async\" width=\"640\" height=\"480\" src=\"https:\/\/colecalatrava.es\/wp-content\/uploads\/2025\/01\/IMG_4535.jpg\" alt=\"\" class=\"wp-image-1068\" style=\"width:591px;height:auto\" srcset=\"https:\/\/colecalatrava.es\/wp-content\/uploads\/2025\/01\/IMG_4535.jpg 640w, https:\/\/colecalatrava.es\/wp-content\/uploads\/2025\/01\/IMG_4535-300x225.jpg 300w\" sizes=\"auto, (max-width: 640px) 100vw, 640px\" \/><\/figure>\n\n\n\n<p>La se\u00f1o Elena y el profe Jes\u00fas se han encargado de preparar la canci\u00f3n de Manuel Carrasco \u00abQu\u00e9 bonito es querer\u00bb para bailarla en el patio, con alumnos\/as de los grupos mayores acompa\u00f1ando con instrumentos. \u00a1La verdad es que ha sido una pasada! <\/p>\n\n\n\n<figure class=\"wp-block-image size-full\"><img loading=\"lazy\" decoding=\"async\" width=\"640\" height=\"480\" src=\"https:\/\/colecalatrava.es\/wp-content\/uploads\/2025\/01\/IMG_4532.jpg\" alt=\"\" class=\"wp-image-1069\" srcset=\"https:\/\/colecalatrava.es\/wp-content\/uploads\/2025\/01\/IMG_4532.jpg 640w, https:\/\/colecalatrava.es\/wp-content\/uploads\/2025\/01\/IMG_4532-300x225.jpg 300w\" sizes=\"auto, (max-width: 640px) 100vw, 640px\" \/><\/figure>\n\n\n\n<p>Todos\/as la hemos bailado en el patio, con nuestras camisetas blancas y un dibujo de un coraz\u00f3n entre las manos colocado en el pecho de estas. Gracias a todos\/as por vuestra implicaci\u00f3n, sobre todo a Elena y Jes\u00fas por su trabajo con nuestro alumnado para preparar la canci\u00f3n.<\/p>\n\n\n\n<figure class=\"wp-block-image size-full\"><img loading=\"lazy\" decoding=\"async\" width=\"640\" height=\"360\" src=\"https:\/\/colecalatrava.es\/wp-content\/uploads\/2025\/01\/PHOTO-2025-01-30-14-05-35.jpg\" alt=\"\" class=\"wp-image-1070\" srcset=\"https:\/\/colecalatrava.es\/wp-content\/uploads\/2025\/01\/PHOTO-2025-01-30-14-05-35.jpg 640w, https:\/\/colecalatrava.es\/wp-content\/uploads\/2025\/01\/PHOTO-2025-01-30-14-05-35-300x169.jpg 300w\" sizes=\"auto, (max-width: 640px) 100vw, 640px\" \/><\/figure>\n\n\n\n<figure class=\"wp-block-image size-large\"><img loading=\"lazy\" decoding=\"async\" width=\"1024\" height=\"576\" src=\"https:\/\/colecalatrava.es\/wp-content\/uploads\/2025\/01\/PHOTO-2025-01-30-15-40-24-1024x576.jpg\" alt=\"\" class=\"wp-image-1071\" srcset=\"https:\/\/colecalatrava.es\/wp-content\/uploads\/2025\/01\/PHOTO-2025-01-30-15-40-24-1024x576.jpg 1024w, https:\/\/colecalatrava.es\/wp-content\/uploads\/2025\/01\/PHOTO-2025-01-30-15-40-24-300x169.jpg 300w, https:\/\/colecalatrava.es\/wp-content\/uploads\/2025\/01\/PHOTO-2025-01-30-15-40-24-768x432.jpg 768w, https:\/\/colecalatrava.es\/wp-content\/uploads\/2025\/01\/PHOTO-2025-01-30-15-40-24-1536x864.jpg 1536w, https:\/\/colecalatrava.es\/wp-content\/uploads\/2025\/01\/PHOTO-2025-01-30-15-40-24.jpg 2040w\" sizes=\"auto, (max-width: 1024px) 100vw, 1024px\" \/><\/figure>\n\n\n\n<p><strong><em><mark style=\"background-color:rgba(0, 0, 0, 0)\" class=\"has-inline-color has-vivid-red-color\">CONCURSO: \u00abPEQUE\u00d1OS GIGANTES DE LA LECTURA<\/mark><\/em><\/strong>\u00bb (enero)<\/p>\n\n\n\n<p>El mi\u00e9rcoles 29 de enero nuestra alumna Paula Rodr\u00edguez Barbero Ruiz de la Hermosa ha participado en la final auton\u00f3mica del concurso <strong>\u201cLos peque\u00f1os gigantes de la lectura\u201d<\/strong>, juego promovido para fomentar la lectura. Esta final auton\u00f3mica se ha celebrado en Alc\u00e1zar de San Juan, hasta donde se han trasladado 15 colegios participantes de diferentes puntos de Castilla-La Mancha, con sus respectivos\/as representantes.<\/p>\n\n\n\n<figure class=\"wp-block-image size-large is-resized\"><img loading=\"lazy\" decoding=\"async\" width=\"1024\" height=\"758\" src=\"https:\/\/colecalatrava.es\/wp-content\/uploads\/2025\/01\/2caec3a9-4bde-42cb-ad08-2872ae02c055-1024x758.jpg\" alt=\"\" class=\"wp-image-1056\" style=\"width:539px;height:auto\" srcset=\"https:\/\/colecalatrava.es\/wp-content\/uploads\/2025\/01\/2caec3a9-4bde-42cb-ad08-2872ae02c055-1024x758.jpg 1024w, https:\/\/colecalatrava.es\/wp-content\/uploads\/2025\/01\/2caec3a9-4bde-42cb-ad08-2872ae02c055-300x222.jpg 300w, https:\/\/colecalatrava.es\/wp-content\/uploads\/2025\/01\/2caec3a9-4bde-42cb-ad08-2872ae02c055-768x568.jpg 768w, https:\/\/colecalatrava.es\/wp-content\/uploads\/2025\/01\/2caec3a9-4bde-42cb-ad08-2872ae02c055.jpg 1150w\" sizes=\"auto, (max-width: 1024px) 100vw, 1024px\" \/><\/figure>\n\n\n\n<p>Para llegar hasta all\u00ed, Paula y sus compa\u00f1eros y compa\u00f1eras  han partido desde el colegio para marchar en autob\u00fas hasta el teatro donde se celebraba la final.<\/p>\n\n\n\n<figure class=\"wp-block-image size-large is-resized\"><img loading=\"lazy\" decoding=\"async\" width=\"1024\" height=\"588\" src=\"https:\/\/colecalatrava.es\/wp-content\/uploads\/2025\/01\/alc-1024x588.jpg\" alt=\"\" class=\"wp-image-1057\" style=\"width:503px;height:auto\" srcset=\"https:\/\/colecalatrava.es\/wp-content\/uploads\/2025\/01\/alc-1024x588.jpg 1024w, https:\/\/colecalatrava.es\/wp-content\/uploads\/2025\/01\/alc-300x172.jpg 300w, https:\/\/colecalatrava.es\/wp-content\/uploads\/2025\/01\/alc-768x441.jpg 768w, https:\/\/colecalatrava.es\/wp-content\/uploads\/2025\/01\/alc.jpg 1467w\" sizes=\"auto, (max-width: 1024px) 100vw, 1024px\" \/><\/figure>\n\n\n\n<p>Paula fue elegida como representante del colegio en dicha final tras realizar una la lectura en voz alta durante tres minutos de un libro elegido por ella misma. En su caso, eligi\u00f3 un fragmento del cap\u00edtulo trece de la colecci\u00f3n de \u00a8Los Futbol\u00edsticos\u00a8. La lectura la realiz\u00f3 ante un jurado de alumnos de 5\u00ba y 6\u00ba de Primaria que valor\u00f3 las lecturas realizadas por ella y por un numeroso grupo de alumnos\/as de 4\u00ba de Primaria.<\/p>\n\n\n\n<figure class=\"wp-block-image size-large is-resized\"><img loading=\"lazy\" decoding=\"async\" width=\"1024\" height=\"510\" src=\"https:\/\/colecalatrava.es\/wp-content\/uploads\/2025\/01\/a-1024x510.jpg\" alt=\"\" class=\"wp-image-1058\" style=\"width:488px;height:auto\" srcset=\"https:\/\/colecalatrava.es\/wp-content\/uploads\/2025\/01\/a-1024x510.jpg 1024w, https:\/\/colecalatrava.es\/wp-content\/uploads\/2025\/01\/a-300x149.jpg 300w, https:\/\/colecalatrava.es\/wp-content\/uploads\/2025\/01\/a-768x382.jpg 768w, https:\/\/colecalatrava.es\/wp-content\/uploads\/2025\/01\/a.jpg 1328w\" sizes=\"auto, (max-width: 1024px) 100vw, 1024px\" \/><\/figure>\n\n\n\n<figure class=\"wp-block-image size-large is-resized\"><img loading=\"lazy\" decoding=\"async\" width=\"1024\" height=\"771\" src=\"https:\/\/colecalatrava.es\/wp-content\/uploads\/2025\/01\/PHOTO-2025-01-29-17-31-45-1024x771.jpg\" alt=\"\" class=\"wp-image-1059\" style=\"width:542px;height:auto\" srcset=\"https:\/\/colecalatrava.es\/wp-content\/uploads\/2025\/01\/PHOTO-2025-01-29-17-31-45-1024x771.jpg 1024w, https:\/\/colecalatrava.es\/wp-content\/uploads\/2025\/01\/PHOTO-2025-01-29-17-31-45-300x226.jpg 300w, https:\/\/colecalatrava.es\/wp-content\/uploads\/2025\/01\/PHOTO-2025-01-29-17-31-45-768x578.jpg 768w, https:\/\/colecalatrava.es\/wp-content\/uploads\/2025\/01\/PHOTO-2025-01-29-17-31-45-1536x1156.jpg 1536w, https:\/\/colecalatrava.es\/wp-content\/uploads\/2025\/01\/PHOTO-2025-01-29-17-31-45.jpg 1600w\" sizes=\"auto, (max-width: 1024px) 100vw, 1024px\" \/><\/figure>\n\n\n\n<p>Aunque Paula no ha conseguido ganar la final auton\u00f3mica, ella y sus compa\u00f1eros\/as han vivido una experiencia genial y para nosotros\/as, \u00a1es nuestra ganadora!<\/p>\n\n\n\n<figure class=\"wp-block-image size-large is-resized\"><img loading=\"lazy\" decoding=\"async\" width=\"1024\" height=\"472\" src=\"https:\/\/colecalatrava.es\/wp-content\/uploads\/2025\/01\/PHOTO-2025-01-29-13-41-22-1024x472.jpg\" alt=\"\" class=\"wp-image-1060\" style=\"width:633px;height:auto\" srcset=\"https:\/\/colecalatrava.es\/wp-content\/uploads\/2025\/01\/PHOTO-2025-01-29-13-41-22-1024x472.jpg 1024w, https:\/\/colecalatrava.es\/wp-content\/uploads\/2025\/01\/PHOTO-2025-01-29-13-41-22-300x138.jpg 300w, https:\/\/colecalatrava.es\/wp-content\/uploads\/2025\/01\/PHOTO-2025-01-29-13-41-22-768x354.jpg 768w, https:\/\/colecalatrava.es\/wp-content\/uploads\/2025\/01\/PHOTO-2025-01-29-13-41-22-1536x708.jpg 1536w, https:\/\/colecalatrava.es\/wp-content\/uploads\/2025\/01\/PHOTO-2025-01-29-13-41-22.jpg 1600w\" sizes=\"auto, (max-width: 1024px) 100vw, 1024px\" \/><\/figure>\n\n\n\n<p><strong><mark style=\"background-color:rgba(0, 0, 0, 0)\" class=\"has-inline-color has-vivid-red-color\"><em>NAVIDAD<\/em><\/mark><\/strong> (diciembre)<\/p>\n\n\n\n<p>Hemos tenido unos d\u00edas muy intensos&#8230;<\/p>\n\n\n\n<p>Los peques han hecho talleres navide\u00f1os en clase:<\/p>\n\n\n\n<figure class=\"wp-block-image size-full is-resized\"><img loading=\"lazy\" decoding=\"async\" width=\"640\" height=\"480\" src=\"https:\/\/colecalatrava.es\/wp-content\/uploads\/2024\/12\/e2452e37-e6c1-4bf6-9f56-a05bf44e0ce1.jpg\" alt=\"\" class=\"wp-image-1020\" style=\"width:421px;height:auto\" srcset=\"https:\/\/colecalatrava.es\/wp-content\/uploads\/2024\/12\/e2452e37-e6c1-4bf6-9f56-a05bf44e0ce1.jpg 640w, https:\/\/colecalatrava.es\/wp-content\/uploads\/2024\/12\/e2452e37-e6c1-4bf6-9f56-a05bf44e0ce1-300x225.jpg 300w\" sizes=\"auto, (max-width: 640px) 100vw, 640px\" \/><\/figure>\n\n\n\n<p>En el concurso de puertas que organiza la AMPA, \u00a1el nivel es cada vez m\u00e1s alto! Ah\u00ed ten\u00e9is las puertas premiadas tanto en Infantil como en Primaria&#8230;<\/p>\n\n\n\n<figure class=\"wp-block-image size-full\"><img loading=\"lazy\" decoding=\"async\" width=\"322\" height=\"640\" src=\"https:\/\/colecalatrava.es\/wp-content\/uploads\/2024\/12\/IMG_4417.jpg\" alt=\"\" class=\"wp-image-1004\" srcset=\"https:\/\/colecalatrava.es\/wp-content\/uploads\/2024\/12\/IMG_4417.jpg 322w, https:\/\/colecalatrava.es\/wp-content\/uploads\/2024\/12\/IMG_4417-151x300.jpg 151w\" sizes=\"auto, (max-width: 322px) 100vw, 322px\" \/><\/figure>\n\n\n\n<figure class=\"wp-block-image size-full\"><img loading=\"lazy\" decoding=\"async\" width=\"306\" height=\"640\" src=\"https:\/\/colecalatrava.es\/wp-content\/uploads\/2024\/12\/IMG_4415.jpg\" alt=\"\" class=\"wp-image-1005\" srcset=\"https:\/\/colecalatrava.es\/wp-content\/uploads\/2024\/12\/IMG_4415.jpg 306w, https:\/\/colecalatrava.es\/wp-content\/uploads\/2024\/12\/IMG_4415-143x300.jpg 143w\" sizes=\"auto, (max-width: 306px) 100vw, 306px\" \/><\/figure>\n\n\n\n<figure class=\"wp-block-image size-full\"><img loading=\"lazy\" decoding=\"async\" width=\"280\" height=\"640\" src=\"https:\/\/colecalatrava.es\/wp-content\/uploads\/2024\/12\/IMG_4414.jpg\" alt=\"\" class=\"wp-image-1006\" srcset=\"https:\/\/colecalatrava.es\/wp-content\/uploads\/2024\/12\/IMG_4414.jpg 280w, https:\/\/colecalatrava.es\/wp-content\/uploads\/2024\/12\/IMG_4414-131x300.jpg 131w\" sizes=\"auto, (max-width: 280px) 100vw, 280px\" \/><\/figure>\n\n\n\n<figure class=\"wp-block-image size-full is-resized\"><img loading=\"lazy\" decoding=\"async\" width=\"640\" height=\"480\" src=\"https:\/\/colecalatrava.es\/wp-content\/uploads\/2024\/12\/IMG_4412.jpg\" alt=\"\" class=\"wp-image-1007\" style=\"width:438px;height:auto\" srcset=\"https:\/\/colecalatrava.es\/wp-content\/uploads\/2024\/12\/IMG_4412.jpg 640w, https:\/\/colecalatrava.es\/wp-content\/uploads\/2024\/12\/IMG_4412-300x225.jpg 300w\" sizes=\"auto, (max-width: 640px) 100vw, 640px\" \/><\/figure>\n\n\n\n<figure class=\"wp-block-image size-full\"><img loading=\"lazy\" decoding=\"async\" width=\"304\" height=\"640\" src=\"https:\/\/colecalatrava.es\/wp-content\/uploads\/2024\/12\/IMG_4410.jpg\" alt=\"\" class=\"wp-image-1009\" srcset=\"https:\/\/colecalatrava.es\/wp-content\/uploads\/2024\/12\/IMG_4410.jpg 304w, https:\/\/colecalatrava.es\/wp-content\/uploads\/2024\/12\/IMG_4410-143x300.jpg 143w\" sizes=\"auto, (max-width: 304px) 100vw, 304px\" \/><\/figure>\n\n\n\n<figure class=\"wp-block-image size-full is-resized\"><img loading=\"lazy\" decoding=\"async\" width=\"480\" height=\"640\" src=\"https:\/\/colecalatrava.es\/wp-content\/uploads\/2024\/12\/IMG_4409-rotated.jpg\" alt=\"\" class=\"wp-image-1010\" style=\"width:326px;height:auto\" srcset=\"https:\/\/colecalatrava.es\/wp-content\/uploads\/2024\/12\/IMG_4409-rotated.jpg 480w, https:\/\/colecalatrava.es\/wp-content\/uploads\/2024\/12\/IMG_4409-225x300.jpg 225w\" sizes=\"auto, (max-width: 480px) 100vw, 480px\" \/><\/figure>\n\n\n\n<p>El Festival de Navidad del d\u00eda 18 ha sido un \u00e9xito. Tanto los peques como los mayores, han realizado bailes e interpretado villancicos. Algunos de ellos acompa\u00f1ados a guitarra por sus profes. \u00a1Enhorabuena a todos\/as y muchas gracias a los\/as profes por su esfuerzo! \u00a1Somos un equipazo!<\/p>\n\n\n\n<figure class=\"wp-block-image size-full\"><img loading=\"lazy\" decoding=\"async\" width=\"640\" height=\"480\" src=\"https:\/\/colecalatrava.es\/wp-content\/uploads\/2024\/12\/IMG_4397.jpg\" alt=\"\" class=\"wp-image-1013\" srcset=\"https:\/\/colecalatrava.es\/wp-content\/uploads\/2024\/12\/IMG_4397.jpg 640w, https:\/\/colecalatrava.es\/wp-content\/uploads\/2024\/12\/IMG_4397-300x225.jpg 300w\" sizes=\"auto, (max-width: 640px) 100vw, 640px\" \/><\/figure>\n\n\n\n<figure class=\"wp-block-image size-full\"><img loading=\"lazy\" decoding=\"async\" width=\"640\" height=\"480\" src=\"https:\/\/colecalatrava.es\/wp-content\/uploads\/2024\/12\/IMG_4403.jpg\" alt=\"\" class=\"wp-image-1011\" srcset=\"https:\/\/colecalatrava.es\/wp-content\/uploads\/2024\/12\/IMG_4403.jpg 640w, https:\/\/colecalatrava.es\/wp-content\/uploads\/2024\/12\/IMG_4403-300x225.jpg 300w\" sizes=\"auto, (max-width: 640px) 100vw, 640px\" \/><\/figure>\n\n\n\n<figure class=\"wp-block-image size-large\"><img loading=\"lazy\" decoding=\"async\" width=\"1024\" height=\"411\" src=\"https:\/\/colecalatrava.es\/wp-content\/uploads\/2024\/12\/e4ffc135-d880-4a49-a9af-bb7cf1ad0bb5-1024x411.jpg\" alt=\"\" class=\"wp-image-1041\" srcset=\"https:\/\/colecalatrava.es\/wp-content\/uploads\/2024\/12\/e4ffc135-d880-4a49-a9af-bb7cf1ad0bb5-1024x411.jpg 1024w, https:\/\/colecalatrava.es\/wp-content\/uploads\/2024\/12\/e4ffc135-d880-4a49-a9af-bb7cf1ad0bb5-300x120.jpg 300w, https:\/\/colecalatrava.es\/wp-content\/uploads\/2024\/12\/e4ffc135-d880-4a49-a9af-bb7cf1ad0bb5-768x308.jpg 768w, https:\/\/colecalatrava.es\/wp-content\/uploads\/2024\/12\/e4ffc135-d880-4a49-a9af-bb7cf1ad0bb5-1536x617.jpg 1536w, https:\/\/colecalatrava.es\/wp-content\/uploads\/2024\/12\/e4ffc135-d880-4a49-a9af-bb7cf1ad0bb5.jpg 1726w\" sizes=\"auto, (max-width: 1024px) 100vw, 1024px\" \/><\/figure>\n\n\n\n<p>El \u00faltimo d\u00eda de clase hemos tenido chocolatada, visita de los Pajes Reales y entrega de premios de los concursos de puertas y Christmas navide\u00f1os que organiza la AMPA cada a\u00f1o. \u00a1Gracias a nuestra AMPA por involucrarse y ayudarnos en todo momento! <\/p>\n\n\n\n<p>Adem\u00e1s, en cada clase han tenido hasta sus propias campanadas. Y por \u00faltimo, no quiero dejarme a nuestro compa\u00f1ero Fernando Gigante, que se ha despedido de todos\/as para empezar una nueva etapa, la de la jubilaci\u00f3n.<\/p>\n\n\n\n<figure class=\"wp-block-image size-full\"><img loading=\"lazy\" decoding=\"async\" width=\"640\" height=\"480\" src=\"https:\/\/colecalatrava.es\/wp-content\/uploads\/2024\/12\/IMG_4426.jpg\" alt=\"\" class=\"wp-image-1042\" srcset=\"https:\/\/colecalatrava.es\/wp-content\/uploads\/2024\/12\/IMG_4426.jpg 640w, https:\/\/colecalatrava.es\/wp-content\/uploads\/2024\/12\/IMG_4426-300x225.jpg 300w\" sizes=\"auto, (max-width: 640px) 100vw, 640px\" \/><\/figure>\n\n\n\n<p>Ahora toca descansar y disfrutar de la familia. \u00a1Feliz Navidad!<\/p>\n\n\n\n<p><strong><em><mark style=\"background-color:rgba(0, 0, 0, 0)\" class=\"has-inline-color has-vivid-red-color\">D\u00cdA DE LA CONSTITUCI\u00d3N <\/mark><\/em><\/strong>(6 de diciembre)<\/p>\n\n\n\n<p>Como viene siendo tradici\u00f3n, este a\u00f1o hemos vuelto a conmemorar este d\u00eda desarrollando unas elecciones para votar el tema de Carnaval de este a\u00f1o. Nuestro alumnado de sexto ha conformado las mesas electorales que hemos habilitado: en la primera parte de la ma\u00f1ana una en el edificio Jaboner\u00eda para los\/as alumnos\/as de E. Infantil, 1\u00ba y 2\u00ba de E. Primaria, y en la \u00faltima parte de la ma\u00f1ana, otra en el edificio Calatrava para el resto de cursos.<\/p>\n\n\n\n<p>El tema que ha ganado por mayor\u00eda aplastante no os lo puedo decir ahora&#8230; \u00a1ya os enterar\u00e9is m\u00e1s adelante!<\/p>\n\n\n\n<figure class=\"wp-block-image size-large is-resized\"><img loading=\"lazy\" decoding=\"async\" width=\"1024\" height=\"771\" src=\"https:\/\/colecalatrava.es\/wp-content\/uploads\/2024\/12\/PHOTO-2024-12-05-14-48-18-1024x771.jpg\" alt=\"\" class=\"wp-image-989\" style=\"width:555px;height:auto\" srcset=\"https:\/\/colecalatrava.es\/wp-content\/uploads\/2024\/12\/PHOTO-2024-12-05-14-48-18-1024x771.jpg 1024w, https:\/\/colecalatrava.es\/wp-content\/uploads\/2024\/12\/PHOTO-2024-12-05-14-48-18-300x226.jpg 300w, https:\/\/colecalatrava.es\/wp-content\/uploads\/2024\/12\/PHOTO-2024-12-05-14-48-18-768x578.jpg 768w, https:\/\/colecalatrava.es\/wp-content\/uploads\/2024\/12\/PHOTO-2024-12-05-14-48-18-1536x1156.jpg 1536w, https:\/\/colecalatrava.es\/wp-content\/uploads\/2024\/12\/PHOTO-2024-12-05-14-48-18.jpg 1600w\" sizes=\"auto, (max-width: 1024px) 100vw, 1024px\" \/><\/figure>\n\n\n\n<figure class=\"wp-block-image size-large is-resized\"><img loading=\"lazy\" decoding=\"async\" width=\"1024\" height=\"856\" src=\"https:\/\/colecalatrava.es\/wp-content\/uploads\/2024\/12\/PHOTO-2024-12-05-14-46-58-1024x856.jpg\" alt=\"\" class=\"wp-image-991\" style=\"width:550px;height:auto\" srcset=\"https:\/\/colecalatrava.es\/wp-content\/uploads\/2024\/12\/PHOTO-2024-12-05-14-46-58-1024x856.jpg 1024w, https:\/\/colecalatrava.es\/wp-content\/uploads\/2024\/12\/PHOTO-2024-12-05-14-46-58-300x251.jpg 300w, https:\/\/colecalatrava.es\/wp-content\/uploads\/2024\/12\/PHOTO-2024-12-05-14-46-58-768x642.jpg 768w, https:\/\/colecalatrava.es\/wp-content\/uploads\/2024\/12\/PHOTO-2024-12-05-14-46-58-1536x1284.jpg 1536w, https:\/\/colecalatrava.es\/wp-content\/uploads\/2024\/12\/PHOTO-2024-12-05-14-46-58.jpg 1600w\" sizes=\"auto, (max-width: 1024px) 100vw, 1024px\" \/><\/figure>\n\n\n\n<p><strong><em><mark style=\"background-color:rgba(0, 0, 0, 0)\" class=\"has-inline-color has-vivid-red-color\">D\u00cdA DE ELIMINACI\u00d3N DE LA VIOLENCIA CONTRA LAS MUJERES <\/mark><\/em><\/strong><mark style=\"background-color:rgba(0, 0, 0, 0)\" class=\"has-inline-color has-black-color\">(25 de noviembre)<\/mark><\/p>\n\n\n\n<p>Una vez m\u00e1s conmemoramos este d\u00eda, d\u00e1ndole la repercusi\u00f3n e importancia que merece. Este a\u00f1o, lo hemos trabajado a trav\u00e9s de canciones relacionadas con este tema. En Infantil la de los payasos de \u00abAs\u00ed barr\u00eda, as\u00ed as\u00ed&#8230;\u00bb aunque adaptada a los m\u00e1s peques; en 1\u00ba ciclo \u00abLa igualdad de g\u00e9nero\u00bb de Andaluna y Samir; en 2\u00ba ciclo \u00abElla\u00bb de Bebe y en 3\u00ba ciclo \u00abLa puerta violeta\u00bb de Rozal\u00e9n. <\/p>\n\n\n\n<p>Una vez trabajadas las canciones en clase, cada grupo ha elaborado un ladrillo violeta en cartulina con una frase de la canci\u00f3n que le correspond\u00eda. Entre todos\/as, hemos construido un muro enorme en el  patio pegando las cartulinas una a una.<\/p>\n\n\n\n<figure class=\"wp-block-image size-full is-resized\"><img loading=\"lazy\" decoding=\"async\" width=\"640\" height=\"146\" src=\"https:\/\/colecalatrava.es\/wp-content\/uploads\/2024\/11\/IMG_4311-1.jpg\" alt=\"\" class=\"wp-image-976\" style=\"width:833px;height:auto\" srcset=\"https:\/\/colecalatrava.es\/wp-content\/uploads\/2024\/11\/IMG_4311-1.jpg 640w, https:\/\/colecalatrava.es\/wp-content\/uploads\/2024\/11\/IMG_4311-1-300x68.jpg 300w\" sizes=\"auto, (max-width: 640px) 100vw, 640px\" \/><\/figure>\n\n\n\n<figure class=\"wp-block-image size-large\"><img loading=\"lazy\" decoding=\"async\" width=\"1024\" height=\"461\" src=\"https:\/\/colecalatrava.es\/wp-content\/uploads\/2024\/11\/d9653e3a-4bfb-4229-9880-1fd1a4d263d7-1024x461.jpg\" alt=\"\" class=\"wp-image-973\" srcset=\"https:\/\/colecalatrava.es\/wp-content\/uploads\/2024\/11\/d9653e3a-4bfb-4229-9880-1fd1a4d263d7-1024x461.jpg 1024w, https:\/\/colecalatrava.es\/wp-content\/uploads\/2024\/11\/d9653e3a-4bfb-4229-9880-1fd1a4d263d7-300x135.jpg 300w, https:\/\/colecalatrava.es\/wp-content\/uploads\/2024\/11\/d9653e3a-4bfb-4229-9880-1fd1a4d263d7-768x346.jpg 768w, https:\/\/colecalatrava.es\/wp-content\/uploads\/2024\/11\/d9653e3a-4bfb-4229-9880-1fd1a4d263d7-1536x691.jpg 1536w, https:\/\/colecalatrava.es\/wp-content\/uploads\/2024\/11\/d9653e3a-4bfb-4229-9880-1fd1a4d263d7.jpg 1600w\" sizes=\"auto, (max-width: 1024px) 100vw, 1024px\" \/><\/figure>\n\n\n\n<p>Aqu\u00ed ten\u00e9is los ladrillos con algunos de los bonitos fragmentos de las canciones que han elegido nuestros\/as chicos\/as&#8230;<\/p>\n\n\n\n<figure class=\"wp-block-image size-full is-resized\"><img loading=\"lazy\" decoding=\"async\" width=\"640\" height=\"382\" src=\"https:\/\/colecalatrava.es\/wp-content\/uploads\/2024\/11\/IMG_4312.jpg\" alt=\"\" class=\"wp-image-977\" style=\"width:456px;height:auto\" srcset=\"https:\/\/colecalatrava.es\/wp-content\/uploads\/2024\/11\/IMG_4312.jpg 640w, https:\/\/colecalatrava.es\/wp-content\/uploads\/2024\/11\/IMG_4312-300x179.jpg 300w\" sizes=\"auto, (max-width: 640px) 100vw, 640px\" \/><\/figure>\n\n\n\n<figure class=\"wp-block-image size-full is-resized\"><img loading=\"lazy\" decoding=\"async\" width=\"640\" height=\"480\" src=\"https:\/\/colecalatrava.es\/wp-content\/uploads\/2024\/11\/IMG_4315.jpg\" alt=\"\" class=\"wp-image-979\" style=\"width:467px;height:auto\" srcset=\"https:\/\/colecalatrava.es\/wp-content\/uploads\/2024\/11\/IMG_4315.jpg 640w, https:\/\/colecalatrava.es\/wp-content\/uploads\/2024\/11\/IMG_4315-300x225.jpg 300w\" sizes=\"auto, (max-width: 640px) 100vw, 640px\" \/><\/figure>\n\n\n\n<figure class=\"wp-block-image size-full is-resized\"><img loading=\"lazy\" decoding=\"async\" width=\"640\" height=\"202\" src=\"https:\/\/colecalatrava.es\/wp-content\/uploads\/2024\/11\/IMG_4316.jpg\" alt=\"\" class=\"wp-image-980\" style=\"width:488px;height:auto\" srcset=\"https:\/\/colecalatrava.es\/wp-content\/uploads\/2024\/11\/IMG_4316.jpg 640w, https:\/\/colecalatrava.es\/wp-content\/uploads\/2024\/11\/IMG_4316-300x95.jpg 300w\" sizes=\"auto, (max-width: 640px) 100vw, 640px\" \/><\/figure>\n\n\n\n<p><strong><em><mark style=\"background-color:rgba(0, 0, 0, 0)\" class=\"has-inline-color has-vivid-red-color\">D\u00cdA DE LA TOLERANCIA <\/mark><\/em><\/strong><mark style=\"background-color:rgba(0, 0, 0, 0)\" class=\"has-inline-color has-black-color\">(16 de noviembre)<\/mark><\/p>\n\n\n\n<p>Aunque la tolerancia se trabaja d\u00eda a d\u00eda en el cole, esta semana hemos profundizado y reflexionado un poco m\u00e1s sobre este concepto tan amplio.<\/p>\n\n\n\n<p>En Infantil ha pintado un \u00e1rbol cuyas hojas eran sus manos.<\/p>\n\n\n\n<figure class=\"wp-block-image size-full is-resized\"><img loading=\"lazy\" decoding=\"async\" width=\"480\" height=\"640\" src=\"https:\/\/colecalatrava.es\/wp-content\/uploads\/2024\/11\/IMG_4251-rotated.jpg\" alt=\"\" class=\"wp-image-936\" style=\"width:310px;height:auto\" srcset=\"https:\/\/colecalatrava.es\/wp-content\/uploads\/2024\/11\/IMG_4251-rotated.jpg 480w, https:\/\/colecalatrava.es\/wp-content\/uploads\/2024\/11\/IMG_4251-225x300.jpg 225w\" sizes=\"auto, (max-width: 480px) 100vw, 480px\" \/><\/figure>\n\n\n\n<figure class=\"wp-block-image size-full\"><img loading=\"lazy\" decoding=\"async\" width=\"423\" height=\"640\" src=\"https:\/\/colecalatrava.es\/wp-content\/uploads\/2024\/11\/IMG_4257.jpg\" alt=\"\" class=\"wp-image-935\" srcset=\"https:\/\/colecalatrava.es\/wp-content\/uploads\/2024\/11\/IMG_4257.jpg 423w, https:\/\/colecalatrava.es\/wp-content\/uploads\/2024\/11\/IMG_4257-198x300.jpg 198w\" sizes=\"auto, (max-width: 423px) 100vw, 423px\" \/><\/figure>\n\n\n\n<p>En Primaria, cada clase ha elaborado una frase sobre el tema para formar un mural utilizando las letras de la palabra TOLERANCIA.<\/p>\n\n\n\n<figure class=\"wp-block-image size-large is-resized\"><img loading=\"lazy\" decoding=\"async\" width=\"1024\" height=\"771\" src=\"https:\/\/colecalatrava.es\/wp-content\/uploads\/2024\/11\/6971fec6-426e-4144-b236-5b38a69a1587-1024x771.jpg\" alt=\"\" class=\"wp-image-933\" style=\"width:673px;height:auto\" srcset=\"https:\/\/colecalatrava.es\/wp-content\/uploads\/2024\/11\/6971fec6-426e-4144-b236-5b38a69a1587-1024x771.jpg 1024w, https:\/\/colecalatrava.es\/wp-content\/uploads\/2024\/11\/6971fec6-426e-4144-b236-5b38a69a1587-300x226.jpg 300w, https:\/\/colecalatrava.es\/wp-content\/uploads\/2024\/11\/6971fec6-426e-4144-b236-5b38a69a1587-768x578.jpg 768w, https:\/\/colecalatrava.es\/wp-content\/uploads\/2024\/11\/6971fec6-426e-4144-b236-5b38a69a1587-1536x1156.jpg 1536w, https:\/\/colecalatrava.es\/wp-content\/uploads\/2024\/11\/6971fec6-426e-4144-b236-5b38a69a1587.jpg 1600w\" sizes=\"auto, (max-width: 1024px) 100vw, 1024px\" \/><\/figure>\n\n\n\n<p>Cuando se trabaja en equipo, nuestro alumnado puede sorprendernos. Ah\u00ed ten\u00e9is el resultado&#8230;<\/p>\n\n\n\n<figure class=\"wp-block-image size-large\"><img loading=\"lazy\" decoding=\"async\" width=\"496\" height=\"1024\" src=\"https:\/\/colecalatrava.es\/wp-content\/uploads\/2024\/11\/f3cd5873-5ff4-4bb7-b4f5-b68f607b9f32-496x1024.jpg\" alt=\"\" class=\"wp-image-929\" srcset=\"https:\/\/colecalatrava.es\/wp-content\/uploads\/2024\/11\/f3cd5873-5ff4-4bb7-b4f5-b68f607b9f32-496x1024.jpg 496w, https:\/\/colecalatrava.es\/wp-content\/uploads\/2024\/11\/f3cd5873-5ff4-4bb7-b4f5-b68f607b9f32-145x300.jpg 145w, https:\/\/colecalatrava.es\/wp-content\/uploads\/2024\/11\/f3cd5873-5ff4-4bb7-b4f5-b68f607b9f32.jpg 502w\" sizes=\"auto, (max-width: 496px) 100vw, 496px\" \/><\/figure>\n\n\n\n<p>Continuando con las actividades para conmemorar este d\u00eda, en el cole hemos empleado varios \u00e1lbumes ilustrados que han dado pie a hablar con los ni\u00f1os\/as de que por naturaleza, las personas somos diversas, diferentes y eso nos hace \u00fanicas. El respeto y la tolerancia son valores que debemos poner en pr\u00e1ctica a diario. <\/p>\n\n\n\n<figure class=\"wp-block-image size-large is-resized\"><img loading=\"lazy\" decoding=\"async\" width=\"1024\" height=\"459\" src=\"https:\/\/colecalatrava.es\/wp-content\/uploads\/2024\/11\/f504773b-04cc-48ec-ab22-907d068c5a34-1024x459.jpg\" alt=\"\" class=\"wp-image-928\" style=\"width:698px;height:auto\" srcset=\"https:\/\/colecalatrava.es\/wp-content\/uploads\/2024\/11\/f504773b-04cc-48ec-ab22-907d068c5a34-1024x459.jpg 1024w, https:\/\/colecalatrava.es\/wp-content\/uploads\/2024\/11\/f504773b-04cc-48ec-ab22-907d068c5a34-300x134.jpg 300w, https:\/\/colecalatrava.es\/wp-content\/uploads\/2024\/11\/f504773b-04cc-48ec-ab22-907d068c5a34-768x344.jpg 768w, https:\/\/colecalatrava.es\/wp-content\/uploads\/2024\/11\/f504773b-04cc-48ec-ab22-907d068c5a34-1536x688.jpg 1536w, https:\/\/colecalatrava.es\/wp-content\/uploads\/2024\/11\/f504773b-04cc-48ec-ab22-907d068c5a34.jpg 2000w\" sizes=\"auto, (max-width: 1024px) 100vw, 1024px\" \/><\/figure>\n\n\n\n<figure class=\"wp-block-image size-full is-resized\"><img loading=\"lazy\" decoding=\"async\" width=\"1024\" height=\"576\" src=\"https:\/\/colecalatrava.es\/wp-content\/uploads\/2024\/11\/image.jpeg\" alt=\"La imagen tiene un atributo ALT vac\u00edo; su nombre de archivo es bbe79025-0cd4-4bcb-9ade-db90205c9c7d-1024x576.jpg\" class=\"wp-image-954\" style=\"width:713px;height:auto\" srcset=\"https:\/\/colecalatrava.es\/wp-content\/uploads\/2024\/11\/image.jpeg 1024w, https:\/\/colecalatrava.es\/wp-content\/uploads\/2024\/11\/image-300x169.jpeg 300w, https:\/\/colecalatrava.es\/wp-content\/uploads\/2024\/11\/image-768x432.jpeg 768w\" sizes=\"auto, (max-width: 1024px) 100vw, 1024px\" \/><\/figure>\n\n\n\n<figure class=\"wp-block-image size-large is-resized\"><img loading=\"lazy\" decoding=\"async\" width=\"1024\" height=\"576\" src=\"https:\/\/colecalatrava.es\/wp-content\/uploads\/2024\/11\/PHOTO-2024-11-20-14-16-23-1024x576.jpg\" alt=\"\" class=\"wp-image-963\" style=\"width:718px;height:auto\" srcset=\"https:\/\/colecalatrava.es\/wp-content\/uploads\/2024\/11\/PHOTO-2024-11-20-14-16-23-1024x576.jpg 1024w, https:\/\/colecalatrava.es\/wp-content\/uploads\/2024\/11\/PHOTO-2024-11-20-14-16-23-300x169.jpg 300w, https:\/\/colecalatrava.es\/wp-content\/uploads\/2024\/11\/PHOTO-2024-11-20-14-16-23-768x432.jpg 768w, https:\/\/colecalatrava.es\/wp-content\/uploads\/2024\/11\/PHOTO-2024-11-20-14-16-23-1536x864.jpg 1536w, https:\/\/colecalatrava.es\/wp-content\/uploads\/2024\/11\/PHOTO-2024-11-20-14-16-23.jpg 1600w\" sizes=\"auto, (max-width: 1024px) 100vw, 1024px\" \/><\/figure>\n\n\n\n<p><strong><em><mark style=\"background-color:rgba(0, 0, 0, 0)\" class=\"has-inline-color has-vivid-red-color\">VISITA MOTILLA DEL AZUER <\/mark><\/em><\/strong><mark style=\"background-color:rgba(0, 0, 0, 0)\" class=\"has-inline-color has-black-color\">(noviembre)<\/mark><\/p>\n\n\n\n<p>Como cada a\u00f1o, nuestro alumnado de quinto ha visitado este yacimiento prehist\u00f3rico que tenemos la suerte de tener ubicado en nuestra localidad. Nuestros chavales, acompa\u00f1ados de sus profes Fernando, Satur y M. Cruces han podido ver dicho yacimiento acompa\u00f1ados por el gu\u00eda que les ha explicado c\u00f3mo era la vida en este entorno.<\/p>\n\n\n\n<figure class=\"wp-block-image size-full\"><img loading=\"lazy\" decoding=\"async\" width=\"640\" height=\"480\" src=\"https:\/\/colecalatrava.es\/wp-content\/uploads\/2024\/11\/ea055f94-ed2a-4ddd-b84a-e7f9121828bb.jpg\" alt=\"\" class=\"wp-image-931\" srcset=\"https:\/\/colecalatrava.es\/wp-content\/uploads\/2024\/11\/ea055f94-ed2a-4ddd-b84a-e7f9121828bb.jpg 640w, https:\/\/colecalatrava.es\/wp-content\/uploads\/2024\/11\/ea055f94-ed2a-4ddd-b84a-e7f9121828bb-300x225.jpg 300w\" sizes=\"auto, (max-width: 640px) 100vw, 640px\" \/><\/figure>\n\n\n\n<p><strong><em><mark style=\"background-color:rgba(0, 0, 0, 0)\" class=\"has-inline-color has-vivid-red-color\">CUENTACUENTOS BIBLIOTECA <\/mark><\/em><\/strong><mark style=\"background-color:rgba(0, 0, 0, 0)\" class=\"has-inline-color has-black-color\">(14 de noviembre)<\/mark><\/p>\n\n\n\n<p>Con motivo de las jornadas de oto\u00f1o que organiza la Biblioteca Municipal cada a\u00f1o, nuestro alumnado de primero se ha desplazado all\u00ed para escuchar el cuentacuentos \u00abCocinando Cuentos\u00bb, con unos chefs muy divertidos. Una actividad muy recomendable y divertida.<\/p>\n\n\n\n<figure class=\"wp-block-image size-full\"><img loading=\"lazy\" decoding=\"async\" width=\"640\" height=\"360\" src=\"https:\/\/colecalatrava.es\/wp-content\/uploads\/2024\/11\/ef0cd346-2056-4fca-be85-6bbb98fea0ca.jpg\" alt=\"\" class=\"wp-image-958\" srcset=\"https:\/\/colecalatrava.es\/wp-content\/uploads\/2024\/11\/ef0cd346-2056-4fca-be85-6bbb98fea0ca.jpg 640w, https:\/\/colecalatrava.es\/wp-content\/uploads\/2024\/11\/ef0cd346-2056-4fca-be85-6bbb98fea0ca-300x169.jpg 300w\" sizes=\"auto, (max-width: 640px) 100vw, 640px\" \/><\/figure>\n\n\n\n<p><strong><em><mark style=\"background-color:rgba(0, 0, 0, 0)\" class=\"has-inline-color has-vivid-red-color\">ACTIVIDAD D\u00cdA DISCAPACIDAD <\/mark><\/em><\/strong><mark style=\"background-color:rgba(0, 0, 0, 0)\" class=\"has-inline-color has-black-color\">(noviembre)<\/mark><\/p>\n\n\n\n<p>El Ayuntamiento nos ha invitado a realizar algunas actividades relacionadas con este d\u00eda. En Infantil, nos han contado el cuento \u00abGalaxia Diversa\u00bb, en el que aparec\u00edan unos planetas muy peculiares.<\/p>\n\n\n\n<figure class=\"wp-block-image size-full is-resized\"><img loading=\"lazy\" decoding=\"async\" width=\"640\" height=\"480\" src=\"https:\/\/colecalatrava.es\/wp-content\/uploads\/2024\/11\/IMG_4192.jpg\" alt=\"\" class=\"wp-image-940\" style=\"width:297px;height:auto\" srcset=\"https:\/\/colecalatrava.es\/wp-content\/uploads\/2024\/11\/IMG_4192.jpg 640w, https:\/\/colecalatrava.es\/wp-content\/uploads\/2024\/11\/IMG_4192-300x225.jpg 300w\" sizes=\"auto, (max-width: 640px) 100vw, 640px\" \/><\/figure>\n\n\n\n<figure class=\"wp-block-image size-full\"><img loading=\"lazy\" decoding=\"async\" width=\"640\" height=\"480\" src=\"https:\/\/colecalatrava.es\/wp-content\/uploads\/2024\/11\/IMG_4191.jpg\" alt=\"\" class=\"wp-image-941\" srcset=\"https:\/\/colecalatrava.es\/wp-content\/uploads\/2024\/11\/IMG_4191.jpg 640w, https:\/\/colecalatrava.es\/wp-content\/uploads\/2024\/11\/IMG_4191-300x225.jpg 300w\" sizes=\"auto, (max-width: 640px) 100vw, 640px\" \/><\/figure>\n\n\n\n<p>El alumnado de 4\u00ba de E. Primaria se desplaz\u00f3 al Pabell\u00f3n Ferial para conocer de primera mano la dificultad que supone montar en bici con problemas de movilidad.<\/p>\n\n\n\n<figure class=\"wp-block-image size-full\"><img loading=\"lazy\" decoding=\"async\" width=\"640\" height=\"480\" src=\"https:\/\/colecalatrava.es\/wp-content\/uploads\/2024\/11\/IMG_4202.jpg\" alt=\"\" class=\"wp-image-938\" srcset=\"https:\/\/colecalatrava.es\/wp-content\/uploads\/2024\/11\/IMG_4202.jpg 640w, https:\/\/colecalatrava.es\/wp-content\/uploads\/2024\/11\/IMG_4202-300x225.jpg 300w\" sizes=\"auto, (max-width: 640px) 100vw, 640px\" \/><\/figure>\n\n\n\n<p><strong><mark style=\"background-color:rgba(0, 0, 0, 0)\" class=\"has-inline-color has-vivid-red-color\"><em>PROGRAMA \u00abT\u00da CUENTAS\u00bb<\/em><\/mark><\/strong> (noviembre)<\/p>\n\n\n\n<p>Durante varios d\u00edas los alumnos\/as de 4\u00ba y 5\u00ba de Primaria de nuestro centro est\u00e1n participando en este programa en el que se trabaja la prevenci\u00f3n del bullying. Esta actuaciones implican no s\u00f3lo actuar cuando ocurren situaciones de acoso, sino tambi\u00e9n fomentar la empat\u00eda y la inclusi\u00f3n desde edades tempranas.<\/p>\n\n\n\n<p><\/p>\n\n\n\n<figure class=\"wp-block-image size-large is-resized\"><img loading=\"lazy\" decoding=\"async\" width=\"1024\" height=\"768\" src=\"https:\/\/colecalatrava.es\/wp-content\/uploads\/2024\/11\/PHOTO-2024-11-11-11-30-37-1024x768.jpg\" alt=\"\" class=\"wp-image-919\" style=\"width:569px;height:auto\" srcset=\"https:\/\/colecalatrava.es\/wp-content\/uploads\/2024\/11\/PHOTO-2024-11-11-11-30-37-1024x768.jpg 1024w, https:\/\/colecalatrava.es\/wp-content\/uploads\/2024\/11\/PHOTO-2024-11-11-11-30-37-300x225.jpg 300w, https:\/\/colecalatrava.es\/wp-content\/uploads\/2024\/11\/PHOTO-2024-11-11-11-30-37-768x576.jpg 768w, https:\/\/colecalatrava.es\/wp-content\/uploads\/2024\/11\/PHOTO-2024-11-11-11-30-37-1536x1152.jpg 1536w, https:\/\/colecalatrava.es\/wp-content\/uploads\/2024\/11\/PHOTO-2024-11-11-11-30-37.jpg 1600w\" sizes=\"auto, (max-width: 1024px) 100vw, 1024px\" \/><\/figure>\n\n\n\n<p><mark style=\"background-color:rgba(0, 0, 0, 0)\" class=\"has-inline-color has-vivid-red-color\"><strong><em>HALLOWEEN<\/em><\/strong><\/mark> (octubre)<\/p>\n\n\n\n<p>Aunque la situaci\u00f3n tan dram\u00e1tica que estamos viviendo en nuestro pa\u00eds, ha empa\u00f1ado las actividades que ten\u00edamos programadas y nos ha hecho eliminar algunas (como el baile que hab\u00edan preparado algunos compa\u00f1eros), s\u00ed que hemos desarrollado otras. <\/p>\n\n\n\n<p>Hemos decorado el cole, y la AMPA ha organizado el concurso de escobas terror\u00edficas, con premios para cada nivel&#8230;<\/p>\n\n\n\n<figure class=\"wp-block-image size-full is-resized\"><img loading=\"lazy\" decoding=\"async\" width=\"640\" height=\"274\" src=\"https:\/\/colecalatrava.es\/wp-content\/uploads\/2024\/11\/IMG_4115.jpg\" alt=\"\" class=\"wp-image-894\" style=\"width:505px;height:auto\" srcset=\"https:\/\/colecalatrava.es\/wp-content\/uploads\/2024\/11\/IMG_4115.jpg 640w, https:\/\/colecalatrava.es\/wp-content\/uploads\/2024\/11\/IMG_4115-300x128.jpg 300w\" sizes=\"auto, (max-width: 640px) 100vw, 640px\" \/><\/figure>\n\n\n\n<figure class=\"wp-block-image size-full is-resized\"><img loading=\"lazy\" decoding=\"async\" width=\"640\" height=\"480\" src=\"https:\/\/colecalatrava.es\/wp-content\/uploads\/2024\/11\/IMG_4120.jpg\" alt=\"\" class=\"wp-image-895\" style=\"width:512px;height:auto\" srcset=\"https:\/\/colecalatrava.es\/wp-content\/uploads\/2024\/11\/IMG_4120.jpg 640w, https:\/\/colecalatrava.es\/wp-content\/uploads\/2024\/11\/IMG_4120-300x225.jpg 300w\" sizes=\"auto, (max-width: 640px) 100vw, 640px\" \/><\/figure>\n\n\n\n<figure class=\"wp-block-image size-full is-resized\"><img loading=\"lazy\" decoding=\"async\" width=\"640\" height=\"480\" src=\"https:\/\/colecalatrava.es\/wp-content\/uploads\/2024\/11\/IMG_4112.jpg\" alt=\"\" class=\"wp-image-896\" style=\"width:555px;height:auto\" srcset=\"https:\/\/colecalatrava.es\/wp-content\/uploads\/2024\/11\/IMG_4112.jpg 640w, https:\/\/colecalatrava.es\/wp-content\/uploads\/2024\/11\/IMG_4112-300x225.jpg 300w\" sizes=\"auto, (max-width: 640px) 100vw, 640px\" \/><\/figure>\n\n\n\n<p>Aqu\u00ed ten\u00e9is a los premiados con su diploma y regalo&#8230;<\/p>\n\n\n\n<figure class=\"wp-block-image size-full is-resized\"><img loading=\"lazy\" decoding=\"async\" width=\"480\" height=\"640\" src=\"https:\/\/colecalatrava.es\/wp-content\/uploads\/2024\/11\/IMG_4129-1-rotated.jpg\" alt=\"\" class=\"wp-image-900\" style=\"width:324px;height:auto\" srcset=\"https:\/\/colecalatrava.es\/wp-content\/uploads\/2024\/11\/IMG_4129-1-rotated.jpg 480w, https:\/\/colecalatrava.es\/wp-content\/uploads\/2024\/11\/IMG_4129-1-225x300.jpg 225w\" sizes=\"auto, (max-width: 480px) 100vw, 480px\" \/><\/figure>\n\n\n\n<figure class=\"wp-block-image size-full is-resized\"><img loading=\"lazy\" decoding=\"async\" width=\"480\" height=\"640\" src=\"https:\/\/colecalatrava.es\/wp-content\/uploads\/2024\/11\/IMG_4130-1-rotated.jpg\" alt=\"\" class=\"wp-image-901\" style=\"width:326px;height:auto\" srcset=\"https:\/\/colecalatrava.es\/wp-content\/uploads\/2024\/11\/IMG_4130-1-rotated.jpg 480w, https:\/\/colecalatrava.es\/wp-content\/uploads\/2024\/11\/IMG_4130-1-225x300.jpg 225w\" sizes=\"auto, (max-width: 480px) 100vw, 480px\" \/><\/figure>\n\n\n\n<figure class=\"wp-block-image size-full is-resized\"><img loading=\"lazy\" decoding=\"async\" width=\"480\" height=\"640\" src=\"https:\/\/colecalatrava.es\/wp-content\/uploads\/2024\/11\/IMG_4132-rotated.jpg\" alt=\"\" class=\"wp-image-902\" style=\"width:329px;height:auto\" srcset=\"https:\/\/colecalatrava.es\/wp-content\/uploads\/2024\/11\/IMG_4132-rotated.jpg 480w, https:\/\/colecalatrava.es\/wp-content\/uploads\/2024\/11\/IMG_4132-225x300.jpg 225w\" sizes=\"auto, (max-width: 480px) 100vw, 480px\" \/><\/figure>\n\n\n\n<figure class=\"wp-block-image size-full is-resized\"><img loading=\"lazy\" decoding=\"async\" width=\"480\" height=\"640\" src=\"https:\/\/colecalatrava.es\/wp-content\/uploads\/2024\/11\/IMG_4133-rotated.jpg\" alt=\"\" class=\"wp-image-904\" style=\"width:344px;height:auto\" srcset=\"https:\/\/colecalatrava.es\/wp-content\/uploads\/2024\/11\/IMG_4133-rotated.jpg 480w, https:\/\/colecalatrava.es\/wp-content\/uploads\/2024\/11\/IMG_4133-225x300.jpg 225w\" sizes=\"auto, (max-width: 480px) 100vw, 480px\" \/><\/figure>\n\n\n\n<figure class=\"wp-block-image size-full is-resized\"><img loading=\"lazy\" decoding=\"async\" width=\"480\" height=\"640\" src=\"https:\/\/colecalatrava.es\/wp-content\/uploads\/2024\/11\/IMG_4134-rotated.jpg\" alt=\"\" class=\"wp-image-905\" style=\"width:344px;height:auto\" srcset=\"https:\/\/colecalatrava.es\/wp-content\/uploads\/2024\/11\/IMG_4134-rotated.jpg 480w, https:\/\/colecalatrava.es\/wp-content\/uploads\/2024\/11\/IMG_4134-225x300.jpg 225w\" sizes=\"auto, (max-width: 480px) 100vw, 480px\" \/><\/figure>\n\n\n\n<figure class=\"wp-block-image size-full is-resized\"><img loading=\"lazy\" decoding=\"async\" width=\"480\" height=\"640\" src=\"https:\/\/colecalatrava.es\/wp-content\/uploads\/2024\/11\/IMG_4136-rotated.jpg\" alt=\"\" class=\"wp-image-906\" style=\"width:348px;height:auto\" srcset=\"https:\/\/colecalatrava.es\/wp-content\/uploads\/2024\/11\/IMG_4136-rotated.jpg 480w, https:\/\/colecalatrava.es\/wp-content\/uploads\/2024\/11\/IMG_4136-225x300.jpg 225w\" sizes=\"auto, (max-width: 480px) 100vw, 480px\" \/><\/figure>\n\n\n\n<figure class=\"wp-block-image size-full is-resized\"><img loading=\"lazy\" decoding=\"async\" width=\"480\" height=\"640\" src=\"https:\/\/colecalatrava.es\/wp-content\/uploads\/2024\/11\/IMG_4137-rotated.jpg\" alt=\"\" class=\"wp-image-907\" style=\"width:346px;height:auto\" srcset=\"https:\/\/colecalatrava.es\/wp-content\/uploads\/2024\/11\/IMG_4137-rotated.jpg 480w, https:\/\/colecalatrava.es\/wp-content\/uploads\/2024\/11\/IMG_4137-225x300.jpg 225w\" sizes=\"auto, (max-width: 480px) 100vw, 480px\" \/><\/figure>\n\n\n\n<figure class=\"wp-block-image size-full is-resized\"><img loading=\"lazy\" decoding=\"async\" width=\"480\" height=\"640\" src=\"https:\/\/colecalatrava.es\/wp-content\/uploads\/2024\/11\/IMG_4140-rotated.jpg\" alt=\"\" class=\"wp-image-908\" style=\"width:350px;height:auto\" srcset=\"https:\/\/colecalatrava.es\/wp-content\/uploads\/2024\/11\/IMG_4140-rotated.jpg 480w, https:\/\/colecalatrava.es\/wp-content\/uploads\/2024\/11\/IMG_4140-225x300.jpg 225w\" sizes=\"auto, (max-width: 480px) 100vw, 480px\" \/><\/figure>\n\n\n\n<figure class=\"wp-block-image size-full is-resized\"><img loading=\"lazy\" decoding=\"async\" width=\"480\" height=\"640\" src=\"https:\/\/colecalatrava.es\/wp-content\/uploads\/2024\/11\/IMG_4141-rotated.jpg\" alt=\"\" class=\"wp-image-909\" style=\"width:350px;height:auto\" srcset=\"https:\/\/colecalatrava.es\/wp-content\/uploads\/2024\/11\/IMG_4141-rotated.jpg 480w, https:\/\/colecalatrava.es\/wp-content\/uploads\/2024\/11\/IMG_4141-225x300.jpg 225w\" sizes=\"auto, (max-width: 480px) 100vw, 480px\" \/><\/figure>\n\n\n\n<p>Nuestro alumnado de Primaria ha disfrutado den un pasaje del terror que ha organizado la AMPA, \u00a1ha sido todo un \u00e9xito!<\/p>\n\n\n\n<p>Y los peques de Infantil ha tenido una semana muy movidita, con talleres de Halloween, recetas e incluso pasaje del terror para peques.<\/p>\n\n\n\n<p>Muchas gracias por vuestra colaboraci\u00f3n, sin olvidar al pap\u00e1 de Mart\u00edn (alumno de clase de 4a\u00f1os B) que nos ha ayudado un mont\u00f3n en Infantil con las fotos y el pasaje del terror infantil.<\/p>\n\n\n\n<p><\/p>\n\n\n\n<p><strong><mark style=\"background-color:rgba(0, 0, 0, 0)\" class=\"has-inline-color has-vivid-cyan-blue-color\">CURSO 23\/24<\/mark><\/strong><\/p>\n\n\n\n<p><strong><em><mark style=\"background-color:rgba(0, 0, 0, 0)\" class=\"has-inline-color has-vivid-red-color\">VISITA A LA BIBLIOTECA<\/mark><\/em><\/strong> (mayo)<\/p>\n\n\n\n<p>Los peques del cole (3 y 4 a\u00f1os) van a realizar visitas a la biblioteca Municipal. Hoy han comenzado los de 3 a\u00f1itos. Anal\u00eda les ha contado cuentos muy chulos, les ha hecho el carnet a los que no lo ten\u00edan y los\/as ni\u00f1os\/as han manipulado todos los  cuentos que han querido, \u00a1cu\u00e1ntos cuentos hay en la Biblioteca!<\/p>\n\n\n\n<p>Aqu\u00ed os dejamos los cuentos que Anal\u00eda nos ha contado. Muchas gracias, \u00a1hemos disfrutado mucho!<\/p>\n\n\n\n<figure class=\"wp-block-image size-large is-resized\"><img loading=\"lazy\" decoding=\"async\" width=\"628\" height=\"1024\" src=\"https:\/\/colecalatrava.es\/wp-content\/uploads\/2024\/05\/IMG_3503-628x1024.jpg\" alt=\"\" class=\"wp-image-781\" style=\"width:373px;height:auto\" srcset=\"https:\/\/colecalatrava.es\/wp-content\/uploads\/2024\/05\/IMG_3503-628x1024.jpg 628w, https:\/\/colecalatrava.es\/wp-content\/uploads\/2024\/05\/IMG_3503-184x300.jpg 184w, https:\/\/colecalatrava.es\/wp-content\/uploads\/2024\/05\/IMG_3503-768x1252.jpg 768w, https:\/\/colecalatrava.es\/wp-content\/uploads\/2024\/05\/IMG_3503-942x1536.jpg 942w, https:\/\/colecalatrava.es\/wp-content\/uploads\/2024\/05\/IMG_3503.jpg 959w\" sizes=\"auto, (max-width: 628px) 100vw, 628px\" \/><\/figure>\n\n\n\n<figure class=\"wp-block-image size-large is-resized\"><img loading=\"lazy\" decoding=\"async\" width=\"721\" height=\"1024\" src=\"https:\/\/colecalatrava.es\/wp-content\/uploads\/2024\/05\/IMG_3504-721x1024.jpg\" alt=\"\" class=\"wp-image-782\" style=\"width:410px;height:auto\" srcset=\"https:\/\/colecalatrava.es\/wp-content\/uploads\/2024\/05\/IMG_3504-721x1024.jpg 721w, https:\/\/colecalatrava.es\/wp-content\/uploads\/2024\/05\/IMG_3504-211x300.jpg 211w, https:\/\/colecalatrava.es\/wp-content\/uploads\/2024\/05\/IMG_3504-768x1091.jpg 768w, https:\/\/colecalatrava.es\/wp-content\/uploads\/2024\/05\/IMG_3504.jpg 772w\" sizes=\"auto, (max-width: 721px) 100vw, 721px\" \/><\/figure>\n\n\n\n<figure class=\"wp-block-image size-large is-resized\"><img loading=\"lazy\" decoding=\"async\" width=\"674\" height=\"1024\" src=\"https:\/\/colecalatrava.es\/wp-content\/uploads\/2024\/05\/IMG_3505-674x1024.jpg\" alt=\"\" class=\"wp-image-783\" style=\"width:347px;height:auto\" srcset=\"https:\/\/colecalatrava.es\/wp-content\/uploads\/2024\/05\/IMG_3505-674x1024.jpg 674w, https:\/\/colecalatrava.es\/wp-content\/uploads\/2024\/05\/IMG_3505-197x300.jpg 197w, https:\/\/colecalatrava.es\/wp-content\/uploads\/2024\/05\/IMG_3505.jpg 714w\" sizes=\"auto, (max-width: 674px) 100vw, 674px\" \/><\/figure>\n\n\n\n<figure class=\"wp-block-image size-full is-resized\"><img loading=\"lazy\" decoding=\"async\" width=\"959\" height=\"930\" src=\"https:\/\/colecalatrava.es\/wp-content\/uploads\/2024\/05\/IMG_3506.jpg\" alt=\"\" class=\"wp-image-784\" style=\"width:404px;height:auto\" srcset=\"https:\/\/colecalatrava.es\/wp-content\/uploads\/2024\/05\/IMG_3506.jpg 959w, https:\/\/colecalatrava.es\/wp-content\/uploads\/2024\/05\/IMG_3506-300x291.jpg 300w, https:\/\/colecalatrava.es\/wp-content\/uploads\/2024\/05\/IMG_3506-768x745.jpg 768w\" sizes=\"auto, (max-width: 959px) 100vw, 959px\" \/><\/figure>\n\n\n\n<p><strong><em><mark style=\"background-color:rgba(0, 0, 0, 0)\" class=\"has-inline-color has-vivid-red-color\">D\u00cdA DE LA FAMILIA<\/mark><\/em><\/strong> (15 de mayo)<\/p>\n\n\n\n<p>Esta semana hemos trabajado este d\u00eda, enfocado desde la diversidad familiar. El D\u00eda de la Familia es un momento para celebrar los lazos que nos unen, reconocer el apoyo incondicional que recibimos y fortalecer los lazos de amor y solidaridad que nos mantienen unidos. <\/p>\n\n\n\n<p>Hoy hemos puesto el colof\u00f3n elaborando un mural de un \u00e1rbol de la familia en la que las hojas son palabras de los diferentes componentes de la familia. El mural se completa con un poema sobre los tipos de familia.<\/p>\n\n\n\n<figure class=\"wp-block-image size-full\"><img loading=\"lazy\" decoding=\"async\" width=\"480\" height=\"640\" src=\"https:\/\/colecalatrava.es\/wp-content\/uploads\/2024\/05\/PHOTO-2024-05-15-11-41-32.jpg\" alt=\"\" class=\"wp-image-763\" srcset=\"https:\/\/colecalatrava.es\/wp-content\/uploads\/2024\/05\/PHOTO-2024-05-15-11-41-32.jpg 480w, https:\/\/colecalatrava.es\/wp-content\/uploads\/2024\/05\/PHOTO-2024-05-15-11-41-32-225x300.jpg 225w\" sizes=\"auto, (max-width: 480px) 100vw, 480px\" \/><\/figure>\n\n\n\n<figure class=\"wp-block-image size-large\"><img loading=\"lazy\" decoding=\"async\" width=\"768\" height=\"1024\" src=\"https:\/\/colecalatrava.es\/wp-content\/uploads\/2024\/05\/PHOTO-2024-05-15-11-41-31-768x1024.jpg\" alt=\"\" class=\"wp-image-765\" srcset=\"https:\/\/colecalatrava.es\/wp-content\/uploads\/2024\/05\/PHOTO-2024-05-15-11-41-31-768x1024.jpg 768w, https:\/\/colecalatrava.es\/wp-content\/uploads\/2024\/05\/PHOTO-2024-05-15-11-41-31-225x300.jpg 225w, https:\/\/colecalatrava.es\/wp-content\/uploads\/2024\/05\/PHOTO-2024-05-15-11-41-31-1152x1536.jpg 1152w, https:\/\/colecalatrava.es\/wp-content\/uploads\/2024\/05\/PHOTO-2024-05-15-11-41-31.jpg 1500w\" sizes=\"auto, (max-width: 768px) 100vw, 768px\" \/><\/figure>\n\n\n\n<p><strong><em><mark style=\"background-color:rgba(0, 0, 0, 0)\" class=\"has-inline-color has-vivid-red-color\">CHARLAS POLIC\u00cdA LOCAL <\/mark><\/em><\/strong><mark style=\"background-color:rgba(0, 0, 0, 0)\" class=\"has-inline-color has-black-color\">(mayo)<\/mark><\/p>\n\n\n\n<p>Hoy hemos recibido la visita de la Polic\u00eda Local para impartir un curso de Seguridad Vial a nuestros\/as alumnos\/as de 4\u00ba, 5\u00ba y 6\u00ba de E. Primaria, sobre todo e cara al uso de bicicletas y monopatines en verano. Les han ense\u00f1ado aspectos relativos a se\u00f1alizaci\u00f3n vial, nuevos tipos de veh\u00edculos, conocimiento de las se\u00f1ales que utilizan para dirigir el tr\u00e1fico, saber actuar en caso de peligro, normas de circulaci\u00f3n vial b\u00e1sica que afectan al uso de bicicletas y patinetes, utilizaci\u00f3n del casco, cinturones de seguridad, &#8230;, y por \u00faltimo, conocer material policial y el veh\u00edculo policial. \u00a1C\u00f3mo les ha gustado el coche de polic\u00eda!<\/p>\n\n\n\n<figure class=\"wp-block-image size-large is-resized\"><img loading=\"lazy\" decoding=\"async\" width=\"1024\" height=\"768\" src=\"https:\/\/colecalatrava.es\/wp-content\/uploads\/2024\/05\/poli1-1024x768.jpg\" alt=\"\" class=\"wp-image-740\" style=\"width:450px;height:auto\" srcset=\"https:\/\/colecalatrava.es\/wp-content\/uploads\/2024\/05\/poli1-1024x768.jpg 1024w, https:\/\/colecalatrava.es\/wp-content\/uploads\/2024\/05\/poli1-300x225.jpg 300w, https:\/\/colecalatrava.es\/wp-content\/uploads\/2024\/05\/poli1-768x576.jpg 768w, https:\/\/colecalatrava.es\/wp-content\/uploads\/2024\/05\/poli1-1536x1152.jpg 1536w, https:\/\/colecalatrava.es\/wp-content\/uploads\/2024\/05\/poli1.jpg 2000w\" sizes=\"auto, (max-width: 1024px) 100vw, 1024px\" \/><\/figure>\n\n\n\n<figure class=\"wp-block-image size-large is-resized\"><img loading=\"lazy\" decoding=\"async\" width=\"1024\" height=\"768\" src=\"https:\/\/colecalatrava.es\/wp-content\/uploads\/2024\/05\/poli2-1024x768.jpg\" alt=\"\" class=\"wp-image-741\" style=\"width:469px;height:auto\" srcset=\"https:\/\/colecalatrava.es\/wp-content\/uploads\/2024\/05\/poli2-1024x768.jpg 1024w, https:\/\/colecalatrava.es\/wp-content\/uploads\/2024\/05\/poli2-300x225.jpg 300w, https:\/\/colecalatrava.es\/wp-content\/uploads\/2024\/05\/poli2-768x576.jpg 768w, https:\/\/colecalatrava.es\/wp-content\/uploads\/2024\/05\/poli2-1536x1152.jpg 1536w, https:\/\/colecalatrava.es\/wp-content\/uploads\/2024\/05\/poli2.jpg 1600w\" sizes=\"auto, (max-width: 1024px) 100vw, 1024px\" \/><\/figure>\n\n\n\n<figure class=\"wp-block-image size-large is-resized\"><img loading=\"lazy\" decoding=\"async\" width=\"1024\" height=\"768\" src=\"https:\/\/colecalatrava.es\/wp-content\/uploads\/2024\/05\/poli3-1024x768.jpg\" alt=\"\" class=\"wp-image-742\" style=\"width:465px;height:auto\" srcset=\"https:\/\/colecalatrava.es\/wp-content\/uploads\/2024\/05\/poli3-1024x768.jpg 1024w, https:\/\/colecalatrava.es\/wp-content\/uploads\/2024\/05\/poli3-300x225.jpg 300w, https:\/\/colecalatrava.es\/wp-content\/uploads\/2024\/05\/poli3-768x576.jpg 768w, https:\/\/colecalatrava.es\/wp-content\/uploads\/2024\/05\/poli3-1536x1152.jpg 1536w, https:\/\/colecalatrava.es\/wp-content\/uploads\/2024\/05\/poli3.jpg 1600w\" sizes=\"auto, (max-width: 1024px) 100vw, 1024px\" \/><\/figure>\n\n\n\n<p>Much\u00edsimas gracias a la Polic\u00eda Local por esta iniciativa.<\/p>\n\n\n\n<p><strong><em><mark style=\"background-color:rgba(0, 0, 0, 0)\" class=\"has-inline-color has-vivid-red-color\">D\u00cdA DE EUROPA <\/mark><\/em><\/strong>(9 de mayo)<\/p>\n\n\n\n<p>Hoy hemos conmemorado el d\u00eda de Europa en el cole. Durante esta semana hemos repartido los 27 pa\u00edses que conforman la Uni\u00f3n Europea en las distintas clases para que investiguen algunos aspectos (poblaci\u00f3n, bandera, idioma, localizaci\u00f3n, personajes, lugares, comidas, &#8230;). Con esa informaci\u00f3n, hemos elaborado una maleta desplegable para cada pa\u00eds que al abrirla, nos muestra toda la informaci\u00f3n&#8230;<\/p>\n\n\n\n<figure class=\"wp-block-image size-full is-resized\"><img loading=\"lazy\" decoding=\"async\" width=\"584\" height=\"640\" src=\"https:\/\/colecalatrava.es\/wp-content\/uploads\/2024\/05\/IMG_3410.jpg\" alt=\"\" class=\"wp-image-732\" style=\"width:347px;height:auto\" srcset=\"https:\/\/colecalatrava.es\/wp-content\/uploads\/2024\/05\/IMG_3410.jpg 584w, https:\/\/colecalatrava.es\/wp-content\/uploads\/2024\/05\/IMG_3410-274x300.jpg 274w\" sizes=\"auto, (max-width: 584px) 100vw, 584px\" \/><\/figure>\n\n\n\n<figure class=\"wp-block-image size-full is-resized\"><img loading=\"lazy\" decoding=\"async\" width=\"480\" height=\"640\" src=\"https:\/\/colecalatrava.es\/wp-content\/uploads\/2024\/05\/IMG_3411-rotated.jpg\" alt=\"\" class=\"wp-image-733\" style=\"width:374px;height:auto\" srcset=\"https:\/\/colecalatrava.es\/wp-content\/uploads\/2024\/05\/IMG_3411-rotated.jpg 480w, https:\/\/colecalatrava.es\/wp-content\/uploads\/2024\/05\/IMG_3411-225x300.jpg 225w\" sizes=\"auto, (max-width: 480px) 100vw, 480px\" \/><\/figure>\n\n\n\n<figure class=\"wp-block-image size-full is-resized\"><img loading=\"lazy\" decoding=\"async\" width=\"959\" height=\"475\" src=\"https:\/\/colecalatrava.es\/wp-content\/uploads\/2024\/05\/IMG_3409-1.jpg\" alt=\"\" class=\"wp-image-734\" style=\"width:709px;height:auto\" srcset=\"https:\/\/colecalatrava.es\/wp-content\/uploads\/2024\/05\/IMG_3409-1.jpg 959w, https:\/\/colecalatrava.es\/wp-content\/uploads\/2024\/05\/IMG_3409-1-300x149.jpg 300w, https:\/\/colecalatrava.es\/wp-content\/uploads\/2024\/05\/IMG_3409-1-768x380.jpg 768w\" sizes=\"auto, (max-width: 959px) 100vw, 959px\" \/><figcaption class=\"wp-element-caption\">Por un tiempo nuestros\/as alumnos\/as podr\u00e1n visitar este punto sobre Europa para consultar y manipular cualquier maleta con la informaci\u00f3n de cada pa\u00eds. <\/figcaption><\/figure>\n\n\n\n<p><strong><em><mark style=\"background-color:rgba(0, 0, 0, 0)\" class=\"has-inline-color has-vivid-red-color\">VISITA TABLAS DE DAIMIEL<\/mark><\/em><\/strong> (mayo)<\/p>\n\n\n\n<p>Un a\u00f1o m\u00e1s nuestros alumnos\/as de sexto han realizado la visita guiada que organiza el Parque Nacional para todos los colegios de la localidad. En ella han aprendido curiosidades sobre flora, fauna, forma de vida, etc. El tiempo ha acompa\u00f1ado la actividad y les ha permitido pasar un d\u00eda genial al aire libre. <\/p>\n\n\n\n<figure class=\"wp-block-image size-large\"><img loading=\"lazy\" decoding=\"async\" width=\"1024\" height=\"461\" src=\"https:\/\/colecalatrava.es\/wp-content\/uploads\/2024\/05\/PHOTO-2024-05-08-10-39-19-1024x461.jpg\" alt=\"\" class=\"wp-image-721\" srcset=\"https:\/\/colecalatrava.es\/wp-content\/uploads\/2024\/05\/PHOTO-2024-05-08-10-39-19-1024x461.jpg 1024w, https:\/\/colecalatrava.es\/wp-content\/uploads\/2024\/05\/PHOTO-2024-05-08-10-39-19-300x135.jpg 300w, https:\/\/colecalatrava.es\/wp-content\/uploads\/2024\/05\/PHOTO-2024-05-08-10-39-19-768x346.jpg 768w, https:\/\/colecalatrava.es\/wp-content\/uploads\/2024\/05\/PHOTO-2024-05-08-10-39-19-1536x692.jpg 1536w, https:\/\/colecalatrava.es\/wp-content\/uploads\/2024\/05\/PHOTO-2024-05-08-10-39-19.jpg 1600w\" sizes=\"auto, (max-width: 1024px) 100vw, 1024px\" \/><\/figure>\n\n\n\n<p><strong><em><mark style=\"background-color:rgba(0, 0, 0, 0)\" class=\"has-inline-color has-vivid-red-color\">SEMANA CULTURAL <\/mark><\/em><\/strong><mark style=\"background-color:rgba(0, 0, 0, 0)\" class=\"has-inline-color has-black-color\">(abril)<\/mark><\/p>\n\n\n\n<figure class=\"wp-block-image size-large is-resized\"><img loading=\"lazy\" decoding=\"async\" width=\"1024\" height=\"724\" src=\"https:\/\/colecalatrava.es\/wp-content\/uploads\/2024\/04\/1-2-1024x724.png\" alt=\"\" class=\"wp-image-662\" style=\"width:544px;height:auto\" srcset=\"https:\/\/colecalatrava.es\/wp-content\/uploads\/2024\/04\/1-2-1024x724.png 1024w, https:\/\/colecalatrava.es\/wp-content\/uploads\/2024\/04\/1-2-300x212.png 300w, https:\/\/colecalatrava.es\/wp-content\/uploads\/2024\/04\/1-2-768x543.png 768w, https:\/\/colecalatrava.es\/wp-content\/uploads\/2024\/04\/1-2-1536x1086.png 1536w, https:\/\/colecalatrava.es\/wp-content\/uploads\/2024\/04\/1-2.png 2000w\" sizes=\"auto, (max-width: 1024px) 100vw, 1024px\" \/><\/figure>\n\n\n\n<figure class=\"wp-block-image size-large is-resized\"><img loading=\"lazy\" decoding=\"async\" width=\"1024\" height=\"724\" src=\"https:\/\/colecalatrava.es\/wp-content\/uploads\/2024\/04\/2-1-1024x724.png\" alt=\"\" class=\"wp-image-663\" style=\"width:543px;height:auto\" srcset=\"https:\/\/colecalatrava.es\/wp-content\/uploads\/2024\/04\/2-1-1024x724.png 1024w, https:\/\/colecalatrava.es\/wp-content\/uploads\/2024\/04\/2-1-300x212.png 300w, https:\/\/colecalatrava.es\/wp-content\/uploads\/2024\/04\/2-1-768x543.png 768w, https:\/\/colecalatrava.es\/wp-content\/uploads\/2024\/04\/2-1-1536x1086.png 1536w, https:\/\/colecalatrava.es\/wp-content\/uploads\/2024\/04\/2-1.png 2000w\" sizes=\"auto, (max-width: 1024px) 100vw, 1024px\" \/><\/figure>\n\n\n\n<p>Aqu\u00ed os dejamos una galer\u00eda de im\u00e1genes con el resumen de las actividades que hemos desarrollado&#8230; <\/p>\n\n\n\n<figure class=\"wp-block-image size-large\"><img loading=\"lazy\" decoding=\"async\" width=\"724\" height=\"1024\" src=\"https:\/\/colecalatrava.es\/wp-content\/uploads\/2024\/04\/1-724x1024.jpg\" alt=\"\" class=\"wp-image-665\" srcset=\"https:\/\/colecalatrava.es\/wp-content\/uploads\/2024\/04\/1-724x1024.jpg 724w, https:\/\/colecalatrava.es\/wp-content\/uploads\/2024\/04\/1-212x300.jpg 212w, https:\/\/colecalatrava.es\/wp-content\/uploads\/2024\/04\/1-768x1086.jpg 768w, https:\/\/colecalatrava.es\/wp-content\/uploads\/2024\/04\/1-1086x1536.jpg 1086w, https:\/\/colecalatrava.es\/wp-content\/uploads\/2024\/04\/1.jpg 1414w\" sizes=\"auto, (max-width: 724px) 100vw, 724px\" \/><\/figure>\n\n\n\n<figure class=\"wp-block-image size-large\"><img loading=\"lazy\" decoding=\"async\" width=\"724\" height=\"1024\" src=\"https:\/\/colecalatrava.es\/wp-content\/uploads\/2024\/04\/2-724x1024.jpg\" alt=\"\" class=\"wp-image-666\" srcset=\"https:\/\/colecalatrava.es\/wp-content\/uploads\/2024\/04\/2-724x1024.jpg 724w, https:\/\/colecalatrava.es\/wp-content\/uploads\/2024\/04\/2-212x300.jpg 212w, https:\/\/colecalatrava.es\/wp-content\/uploads\/2024\/04\/2-768x1086.jpg 768w, https:\/\/colecalatrava.es\/wp-content\/uploads\/2024\/04\/2-1086x1536.jpg 1086w, https:\/\/colecalatrava.es\/wp-content\/uploads\/2024\/04\/2.jpg 1414w\" sizes=\"auto, (max-width: 724px) 100vw, 724px\" \/><\/figure>\n\n\n\n<figure class=\"wp-block-image size-large\"><img loading=\"lazy\" decoding=\"async\" width=\"724\" height=\"1024\" src=\"https:\/\/colecalatrava.es\/wp-content\/uploads\/2024\/04\/3-1-724x1024.jpg\" alt=\"\" class=\"wp-image-669\" srcset=\"https:\/\/colecalatrava.es\/wp-content\/uploads\/2024\/04\/3-1-724x1024.jpg 724w, https:\/\/colecalatrava.es\/wp-content\/uploads\/2024\/04\/3-1-212x300.jpg 212w, https:\/\/colecalatrava.es\/wp-content\/uploads\/2024\/04\/3-1-768x1086.jpg 768w, https:\/\/colecalatrava.es\/wp-content\/uploads\/2024\/04\/3-1-1086x1536.jpg 1086w, https:\/\/colecalatrava.es\/wp-content\/uploads\/2024\/04\/3-1.jpg 1414w\" sizes=\"auto, (max-width: 724px) 100vw, 724px\" \/><\/figure>\n\n\n\n<p><em><strong><mark style=\"background-color:rgba(0, 0, 0, 0)\" class=\"has-inline-color has-vivid-red-color\">D\u00cdA MUNDIAL DE CONCIENCIACI\u00d3N DEL AUTISMO <\/mark><\/strong><\/em><mark style=\"background-color:rgba(0, 0, 0, 0)\" class=\"has-inline-color has-black-color\">(abril)<\/mark><\/p>\n\n\n\n<p>Hoy hemos conmemorado este d\u00eda con distintas actividades, como visionado de pel\u00edculas y cortos relacionados con el tema. <\/p>\n\n\n\n<p>Tambi\u00e9n algunos de nuestro alumnado ha tenido un encuentro en el cole con Miguel Dom\u00ednguez, autor del libro \u00abHistoria de un Geranio y un Pa\u00f1uelo\u00bb. En \u00e9l, trata el tema del autismo a trav\u00e9s del relato de Hugo y su hermana Laura, que nos ense\u00f1a a ver el mundo a trav\u00e9s de otra mirada.<\/p>\n\n\n\n<figure class=\"wp-block-image size-large\"><img loading=\"lazy\" decoding=\"async\" width=\"1024\" height=\"770\" src=\"https:\/\/colecalatrava.es\/wp-content\/uploads\/2024\/04\/2776f48c-5006-4897-88ae-f5ef9593adc1-1024x770.jpg\" alt=\"\" class=\"wp-image-583\" srcset=\"https:\/\/colecalatrava.es\/wp-content\/uploads\/2024\/04\/2776f48c-5006-4897-88ae-f5ef9593adc1-1024x770.jpg 1024w, https:\/\/colecalatrava.es\/wp-content\/uploads\/2024\/04\/2776f48c-5006-4897-88ae-f5ef9593adc1-300x226.jpg 300w, https:\/\/colecalatrava.es\/wp-content\/uploads\/2024\/04\/2776f48c-5006-4897-88ae-f5ef9593adc1-768x578.jpg 768w, https:\/\/colecalatrava.es\/wp-content\/uploads\/2024\/04\/2776f48c-5006-4897-88ae-f5ef9593adc1-1536x1155.jpg 1536w, https:\/\/colecalatrava.es\/wp-content\/uploads\/2024\/04\/2776f48c-5006-4897-88ae-f5ef9593adc1.jpg 2000w\" sizes=\"auto, (max-width: 1024px) 100vw, 1024px\" \/><\/figure>\n\n\n\n<figure class=\"wp-block-image size-full\"><img loading=\"lazy\" decoding=\"async\" width=\"480\" height=\"640\" src=\"https:\/\/colecalatrava.es\/wp-content\/uploads\/2024\/04\/IMG_3214.jpg\" alt=\"\" class=\"wp-image-584\" srcset=\"https:\/\/colecalatrava.es\/wp-content\/uploads\/2024\/04\/IMG_3214.jpg 480w, https:\/\/colecalatrava.es\/wp-content\/uploads\/2024\/04\/IMG_3214-225x300.jpg 225w\" sizes=\"auto, (max-width: 480px) 100vw, 480px\" \/><\/figure>\n\n\n\n<p>Tambi\u00e9n nos ha acompa\u00f1ado Unai, hermano de uno de nuestros alumnos TEA para explicarnos, desde su vivencia personal, qu\u00e9 caracter\u00edsticas tiene el autismo y si diversidad. Ha compartido su experiencia con nosotros, no s\u00f3lo como hermano sino tambi\u00e9n como compa\u00f1ero de alumnado con estas caracter\u00edsticas. <\/p>\n\n\n\n<figure class=\"wp-block-image size-large\"><img loading=\"lazy\" decoding=\"async\" width=\"770\" height=\"1024\" src=\"https:\/\/colecalatrava.es\/wp-content\/uploads\/2024\/04\/9db353f9-8b53-40b7-afb3-ae02e19bf79e-770x1024.jpg\" alt=\"\" class=\"wp-image-585\" srcset=\"https:\/\/colecalatrava.es\/wp-content\/uploads\/2024\/04\/9db353f9-8b53-40b7-afb3-ae02e19bf79e-770x1024.jpg 770w, https:\/\/colecalatrava.es\/wp-content\/uploads\/2024\/04\/9db353f9-8b53-40b7-afb3-ae02e19bf79e-226x300.jpg 226w, https:\/\/colecalatrava.es\/wp-content\/uploads\/2024\/04\/9db353f9-8b53-40b7-afb3-ae02e19bf79e-768x1021.jpg 768w, https:\/\/colecalatrava.es\/wp-content\/uploads\/2024\/04\/9db353f9-8b53-40b7-afb3-ae02e19bf79e-1155x1536.jpg 1155w, https:\/\/colecalatrava.es\/wp-content\/uploads\/2024\/04\/9db353f9-8b53-40b7-afb3-ae02e19bf79e.jpg 1504w\" sizes=\"auto, (max-width: 770px) 100vw, 770px\" \/><\/figure>\n\n\n\n<p><strong><mark style=\"background-color:rgba(0, 0, 0, 0)\" class=\"has-inline-color has-vivid-red-color\"><em>D\u00cdA DE LA MUJER<\/em><\/mark><\/strong> (marzo)<\/p>\n\n\n\n<p>Un a\u00f1o m\u00e1s  el 8 de marzo hemos celebrado el \u00abD\u00eda de la Mujer\u00bb. El alumnado ha trabajado en clase sobre el tema y han tra\u00eddo una foto de una mujer.  Algunas de ellas eran personajes relevantes en ciencia, deporte, literatura, &#8230;,, , otras eran mujeres que desarrollan una labor profesional, incluyendo las desarrollan profesiones generalmente asociadas al g\u00e9nero masculino, como taxista, camionera, etc. Y las m\u00e1s importantes, nuestras madres o abuelas!<\/p>\n\n\n\n<p>Todos los grupos han ido bajando y pegando sus fotos, completando un mural que ha quedado as\u00ed de bonito&#8230;<\/p>\n\n\n\n<figure class=\"wp-block-image size-large\"><img loading=\"lazy\" decoding=\"async\" width=\"1024\" height=\"580\" src=\"https:\/\/colecalatrava.es\/wp-content\/uploads\/2024\/03\/dia1-1-1024x580.jpg\" alt=\"\" class=\"wp-image-573\" srcset=\"https:\/\/colecalatrava.es\/wp-content\/uploads\/2024\/03\/dia1-1-1024x580.jpg 1024w, https:\/\/colecalatrava.es\/wp-content\/uploads\/2024\/03\/dia1-1-300x170.jpg 300w, https:\/\/colecalatrava.es\/wp-content\/uploads\/2024\/03\/dia1-1-768x435.jpg 768w, https:\/\/colecalatrava.es\/wp-content\/uploads\/2024\/03\/dia1-1-1536x870.jpg 1536w, https:\/\/colecalatrava.es\/wp-content\/uploads\/2024\/03\/dia1-1.jpg 2048w\" sizes=\"auto, (max-width: 1024px) 100vw, 1024px\" \/><\/figure>\n\n\n\n<figure class=\"wp-block-image size-large\"><img loading=\"lazy\" decoding=\"async\" width=\"768\" height=\"1024\" src=\"https:\/\/colecalatrava.es\/wp-content\/uploads\/2024\/03\/dia2-768x1024.jpg\" alt=\"\" class=\"wp-image-574\" srcset=\"https:\/\/colecalatrava.es\/wp-content\/uploads\/2024\/03\/dia2-768x1024.jpg 768w, https:\/\/colecalatrava.es\/wp-content\/uploads\/2024\/03\/dia2-225x300.jpg 225w, https:\/\/colecalatrava.es\/wp-content\/uploads\/2024\/03\/dia2-1152x1536.jpg 1152w, https:\/\/colecalatrava.es\/wp-content\/uploads\/2024\/03\/dia2.jpg 1500w\" sizes=\"auto, (max-width: 768px) 100vw, 768px\" \/><\/figure>\n\n\n\n<figure class=\"wp-block-image size-full\"><img loading=\"lazy\" decoding=\"async\" width=\"640\" height=\"480\" src=\"https:\/\/colecalatrava.es\/wp-content\/uploads\/2024\/03\/dia3.jpg\" alt=\"\" class=\"wp-image-575\" srcset=\"https:\/\/colecalatrava.es\/wp-content\/uploads\/2024\/03\/dia3.jpg 640w, https:\/\/colecalatrava.es\/wp-content\/uploads\/2024\/03\/dia3-300x225.jpg 300w\" sizes=\"auto, (max-width: 640px) 100vw, 640px\" \/><\/figure>\n\n\n\n<p><strong><em><mark style=\"background-color:rgba(0, 0, 0, 0)\" class=\"has-inline-color has-vivid-red-color\">CARNAVAL <\/mark><\/em><\/strong><mark style=\"background-color:rgba(0, 0, 0, 0)\" class=\"has-inline-color has-black-color\">(febrero)<\/mark><\/p>\n\n\n\n<p>Despu\u00e9s de retrasar nuestro desfile de Carnaval por causas meteorol\u00f3gicas, hoy hemos podido realizarlo (y eso que la meteorolog\u00eda casi nos gasta una mala pasada). Como siempre, hemos ido hasta la Plaza de Espa\u00f1a. Este a\u00f1o la tem\u00e1tica ha sido \u00abDibujos animados\u00bb. Aqu\u00ed os dejamos las fotos para que ve\u00e1is c\u00f3mo ibamos&#8230;<\/p>\n\n\n\n<figure class=\"wp-block-image size-full\"><img loading=\"lazy\" decoding=\"async\" width=\"640\" height=\"480\" src=\"https:\/\/colecalatrava.es\/wp-content\/uploads\/2024\/02\/profes.jpg\" alt=\"\" class=\"wp-image-542\" srcset=\"https:\/\/colecalatrava.es\/wp-content\/uploads\/2024\/02\/profes.jpg 640w, https:\/\/colecalatrava.es\/wp-content\/uploads\/2024\/02\/profes-300x225.jpg 300w\" sizes=\"auto, (max-width: 640px) 100vw, 640px\" \/><\/figure>\n\n\n\n<figure class=\"wp-block-image size-full is-resized\"><img loading=\"lazy\" decoding=\"async\" width=\"640\" height=\"369\" src=\"https:\/\/colecalatrava.es\/wp-content\/uploads\/2024\/02\/c3a.png\" alt=\"\" class=\"wp-image-543\" style=\"width:840px;height:auto\" srcset=\"https:\/\/colecalatrava.es\/wp-content\/uploads\/2024\/02\/c3a.png 640w, https:\/\/colecalatrava.es\/wp-content\/uploads\/2024\/02\/c3a-300x173.png 300w\" sizes=\"auto, (max-width: 640px) 100vw, 640px\" \/><\/figure>\n\n\n\n<figure class=\"wp-block-image size-full is-resized\"><img loading=\"lazy\" decoding=\"async\" width=\"640\" height=\"369\" src=\"https:\/\/colecalatrava.es\/wp-content\/uploads\/2024\/02\/c4a.png\" alt=\"\" class=\"wp-image-544\" style=\"width:840px;height:auto\" srcset=\"https:\/\/colecalatrava.es\/wp-content\/uploads\/2024\/02\/c4a.png 640w, https:\/\/colecalatrava.es\/wp-content\/uploads\/2024\/02\/c4a-300x173.png 300w\" sizes=\"auto, (max-width: 640px) 100vw, 640px\" \/><\/figure>\n\n\n\n<figure class=\"wp-block-image size-full is-resized\"><img loading=\"lazy\" decoding=\"async\" width=\"640\" height=\"369\" src=\"https:\/\/colecalatrava.es\/wp-content\/uploads\/2024\/02\/c5a.png\" alt=\"\" class=\"wp-image-545\" style=\"width:840px;height:auto\" srcset=\"https:\/\/colecalatrava.es\/wp-content\/uploads\/2024\/02\/c5a.png 640w, https:\/\/colecalatrava.es\/wp-content\/uploads\/2024\/02\/c5a-300x173.png 300w\" sizes=\"auto, (max-width: 640px) 100vw, 640px\" \/><\/figure>\n\n\n\n<figure class=\"wp-block-image size-full is-resized\"><img loading=\"lazy\" decoding=\"async\" width=\"640\" height=\"371\" src=\"https:\/\/colecalatrava.es\/wp-content\/uploads\/2024\/02\/c1.png\" alt=\"\" class=\"wp-image-546\" style=\"width:840px;height:auto\" srcset=\"https:\/\/colecalatrava.es\/wp-content\/uploads\/2024\/02\/c1.png 640w, https:\/\/colecalatrava.es\/wp-content\/uploads\/2024\/02\/c1-300x174.png 300w\" sizes=\"auto, (max-width: 640px) 100vw, 640px\" \/><\/figure>\n\n\n\n<figure class=\"wp-block-image size-full is-resized\"><img loading=\"lazy\" decoding=\"async\" width=\"640\" height=\"369\" src=\"https:\/\/colecalatrava.es\/wp-content\/uploads\/2024\/02\/c2.png\" alt=\"\" class=\"wp-image-547\" style=\"width:840px;height:auto\" srcset=\"https:\/\/colecalatrava.es\/wp-content\/uploads\/2024\/02\/c2.png 640w, https:\/\/colecalatrava.es\/wp-content\/uploads\/2024\/02\/c2-300x173.png 300w\" sizes=\"auto, (max-width: 640px) 100vw, 640px\" \/><\/figure>\n\n\n\n<figure class=\"wp-block-image size-full is-resized\"><img loading=\"lazy\" decoding=\"async\" width=\"640\" height=\"368\" src=\"https:\/\/colecalatrava.es\/wp-content\/uploads\/2024\/02\/c3.png\" alt=\"\" class=\"wp-image-548\" style=\"width:840px;height:auto\" srcset=\"https:\/\/colecalatrava.es\/wp-content\/uploads\/2024\/02\/c3.png 640w, https:\/\/colecalatrava.es\/wp-content\/uploads\/2024\/02\/c3-300x173.png 300w\" sizes=\"auto, (max-width: 640px) 100vw, 640px\" \/><\/figure>\n\n\n\n<figure class=\"wp-block-image size-full is-resized\"><img loading=\"lazy\" decoding=\"async\" width=\"640\" height=\"370\" src=\"https:\/\/colecalatrava.es\/wp-content\/uploads\/2024\/02\/c4.png\" alt=\"\" class=\"wp-image-549\" style=\"width:840px;height:auto\" srcset=\"https:\/\/colecalatrava.es\/wp-content\/uploads\/2024\/02\/c4.png 640w, https:\/\/colecalatrava.es\/wp-content\/uploads\/2024\/02\/c4-300x173.png 300w\" sizes=\"auto, (max-width: 640px) 100vw, 640px\" \/><\/figure>\n\n\n\n<figure class=\"wp-block-image size-full is-resized\"><img loading=\"lazy\" decoding=\"async\" width=\"640\" height=\"368\" src=\"https:\/\/colecalatrava.es\/wp-content\/uploads\/2024\/02\/c5.png\" alt=\"\" class=\"wp-image-550\" style=\"width:840px;height:auto\" srcset=\"https:\/\/colecalatrava.es\/wp-content\/uploads\/2024\/02\/c5.png 640w, https:\/\/colecalatrava.es\/wp-content\/uploads\/2024\/02\/c5-300x173.png 300w\" sizes=\"auto, (max-width: 640px) 100vw, 640px\" \/><\/figure>\n\n\n\n<figure class=\"wp-block-image size-full is-resized\"><img loading=\"lazy\" decoding=\"async\" width=\"640\" height=\"369\" src=\"https:\/\/colecalatrava.es\/wp-content\/uploads\/2024\/02\/c6.png\" alt=\"\" class=\"wp-image-551\" style=\"width:840px;height:auto\" srcset=\"https:\/\/colecalatrava.es\/wp-content\/uploads\/2024\/02\/c6.png 640w, https:\/\/colecalatrava.es\/wp-content\/uploads\/2024\/02\/c6-300x173.png 300w\" sizes=\"auto, (max-width: 640px) 100vw, 640px\" \/><\/figure>\n\n\n\n<p><\/p>\n\n\n\n<p>Aqu\u00ed ten\u00e9is el v\u00eddeo del desfile completo que ha compartido con nosotros un pap\u00e1 de la clase de 3 a\u00f1os B, \u00a1mil gracias!&#8230; <a href=\"https:\/\/youtu.be\/tCdGmIjMLkU?si=0LX0f-_kqNDYNFwG\">https:\/\/youtu.be\/tCdGmIjMLkU?si=0LX0f-_kqNDYNFwG<\/a><\/p>\n\n\n\n<p>Como siempre, ha sido un d\u00eda fant\u00e1stico en el que hemos disfrutado un mont\u00f3n. <\/p>\n\n\n\n<p><\/p>\n\n\n\n<p><strong><em><mark style=\"background-color:rgba(0, 0, 0, 0)\" class=\"has-inline-color has-vivid-red-color\">D\u00cdA DE LA PAZ<\/mark><\/em><\/strong> (enero)<\/p>\n\n\n\n<p>Un a\u00f1o m\u00e1s, en el cole celebramos el D\u00eda de la Paz, m\u00e1s a\u00fan en estos tiempos en los que los conflictos b\u00e9licos forman parte de las noticias diarias. Aunque la educaci\u00f3n para la paz se trabaja todos los d\u00edas para formar a nuestros\/as alumnos\/as en valores que ayudan a solucionar conflictos y mejorar la convivencia, el 30 de enero lo conmemoramos en el cole.<\/p>\n\n\n\n<p>Este a\u00f1o la comunidad educativa ha le\u00eddo un manifiesto a favor de la paz. Despu\u00e9s, se ha realizado una quema de frases en contra de la paz. Un responsable de cada clase ha le\u00eddo la frase para su posterior quema.<\/p>\n\n\n\n<figure class=\"wp-block-image size-full\"><img loading=\"lazy\" decoding=\"async\" width=\"640\" height=\"371\" src=\"https:\/\/colecalatrava.es\/wp-content\/uploads\/2024\/02\/peace-1.png\" alt=\"\" class=\"wp-image-522\" srcset=\"https:\/\/colecalatrava.es\/wp-content\/uploads\/2024\/02\/peace-1.png 640w, https:\/\/colecalatrava.es\/wp-content\/uploads\/2024\/02\/peace-1-300x174.png 300w\" sizes=\"auto, (max-width: 640px) 100vw, 640px\" \/><\/figure>\n\n\n\n<p>Por \u00faltimo, todo el colegio ha bailado \u00abLa Mochila de la Paz\u00bb. Nos ha encantado ver a mayores con peque\u00f1os bailando, ayud\u00e1ndose y disfrutando.<\/p>\n\n\n\n<figure class=\"wp-block-image size-full\"><img loading=\"lazy\" decoding=\"async\" width=\"960\" height=\"694\" src=\"https:\/\/colecalatrava.es\/wp-content\/uploads\/2024\/02\/paz3.png\" alt=\"\" class=\"wp-image-525\" srcset=\"https:\/\/colecalatrava.es\/wp-content\/uploads\/2024\/02\/paz3.png 960w, https:\/\/colecalatrava.es\/wp-content\/uploads\/2024\/02\/paz3-300x217.png 300w, https:\/\/colecalatrava.es\/wp-content\/uploads\/2024\/02\/paz3-768x555.png 768w\" sizes=\"auto, (max-width: 960px) 100vw, 960px\" \/><\/figure>\n\n\n\n<p><strong><em><mark style=\"background-color:rgba(0, 0, 0, 0)\" class=\"has-inline-color has-vivid-red-color\">NAVIDAD<\/mark><\/em><\/strong> (diciembre)<\/p>\n\n\n\n<p>Este a\u00f1o se nos acumulan las actividades relacionadas con la Navidad. En el concurso local de Belenes hemos obtenido premios en las categor\u00edas de E. Infantil y 3\u00ba ciclo de Primaria. \u00a1Les han quedado geniales!<\/p>\n\n\n\n<figure class=\"wp-block-image size-full is-resized\"><img loading=\"lazy\" decoding=\"async\" width=\"640\" height=\"360\" src=\"https:\/\/colecalatrava.es\/wp-content\/uploads\/2024\/02\/Christ1-1.png\" alt=\"\" class=\"wp-image-517\" style=\"width:840px;height:auto\" srcset=\"https:\/\/colecalatrava.es\/wp-content\/uploads\/2024\/02\/Christ1-1.png 640w, https:\/\/colecalatrava.es\/wp-content\/uploads\/2024\/02\/Christ1-1-300x169.png 300w\" sizes=\"auto, (max-width: 640px) 100vw, 640px\" \/><\/figure>\n\n\n\n<p>El concurso de decoraci\u00f3n de puertas navide\u00f1as que organizamos con la AMPA ha tenido el nivel muy alto, y es que, cada curso se superan&#8230;<\/p>\n\n\n\n<figure class=\"wp-block-image size-full\"><img loading=\"lazy\" decoding=\"async\" width=\"640\" height=\"360\" src=\"https:\/\/colecalatrava.es\/wp-content\/uploads\/2024\/02\/Christ.png\" alt=\"\" class=\"wp-image-518\" srcset=\"https:\/\/colecalatrava.es\/wp-content\/uploads\/2024\/02\/Christ.png 640w, https:\/\/colecalatrava.es\/wp-content\/uploads\/2024\/02\/Christ-300x169.png 300w\" sizes=\"auto, (max-width: 640px) 100vw, 640px\" \/><\/figure>\n\n\n\n<p>Y por \u00faltimo, la funci\u00f3n de Navidad en el teatro Ayala para la que nuestro alumnado se prepara durante mucho tiempo, ha salido genial. Las familias han podido ver de primera mano el esfuerzo que supone prepararla.<\/p>\n\n\n\n<figure class=\"wp-block-image size-large\"><img loading=\"lazy\" decoding=\"async\" width=\"1024\" height=\"580\" src=\"https:\/\/colecalatrava.es\/wp-content\/uploads\/2024\/02\/navidad2-1024x580.jpg\" alt=\"\" class=\"wp-image-519\" srcset=\"https:\/\/colecalatrava.es\/wp-content\/uploads\/2024\/02\/navidad2-1024x580.jpg 1024w, https:\/\/colecalatrava.es\/wp-content\/uploads\/2024\/02\/navidad2-300x170.jpg 300w, https:\/\/colecalatrava.es\/wp-content\/uploads\/2024\/02\/navidad2-768x435.jpg 768w, https:\/\/colecalatrava.es\/wp-content\/uploads\/2024\/02\/navidad2.jpg 1280w\" sizes=\"auto, (max-width: 1024px) 100vw, 1024px\" \/><\/figure>\n\n\n\n<p><strong><em><mark style=\"background-color:rgba(0, 0, 0, 0)\" class=\"has-inline-color has-vivid-red-color\">PLAN DIRECTOR<\/mark><\/em><\/strong> (diciembre)<\/p>\n\n\n\n<figure class=\"wp-block-image size-large\"><img loading=\"lazy\" decoding=\"async\" width=\"1024\" height=\"768\" src=\"https:\/\/colecalatrava.es\/wp-content\/uploads\/2024\/02\/plan-director-1024x768.jpg\" alt=\"\" class=\"wp-image-512\" srcset=\"https:\/\/colecalatrava.es\/wp-content\/uploads\/2024\/02\/plan-director-1024x768.jpg 1024w, https:\/\/colecalatrava.es\/wp-content\/uploads\/2024\/02\/plan-director-300x225.jpg 300w, https:\/\/colecalatrava.es\/wp-content\/uploads\/2024\/02\/plan-director-768x576.jpg 768w, https:\/\/colecalatrava.es\/wp-content\/uploads\/2024\/02\/plan-director-1536x1152.jpg 1536w, https:\/\/colecalatrava.es\/wp-content\/uploads\/2024\/02\/plan-director.jpg 2048w\" sizes=\"auto, (max-width: 1024px) 100vw, 1024px\" \/><\/figure>\n\n\n\n<figure class=\"wp-block-image size-large\"><img loading=\"lazy\" decoding=\"async\" width=\"1024\" height=\"768\" src=\"https:\/\/colecalatrava.es\/wp-content\/uploads\/2024\/02\/plan-director1-1024x768.jpg\" alt=\"\" class=\"wp-image-513\" srcset=\"https:\/\/colecalatrava.es\/wp-content\/uploads\/2024\/02\/plan-director1-1024x768.jpg 1024w, https:\/\/colecalatrava.es\/wp-content\/uploads\/2024\/02\/plan-director1-300x225.jpg 300w, https:\/\/colecalatrava.es\/wp-content\/uploads\/2024\/02\/plan-director1-768x576.jpg 768w, https:\/\/colecalatrava.es\/wp-content\/uploads\/2024\/02\/plan-director1-1536x1152.jpg 1536w, https:\/\/colecalatrava.es\/wp-content\/uploads\/2024\/02\/plan-director1.jpg 2048w\" sizes=\"auto, (max-width: 1024px) 100vw, 1024px\" \/><\/figure>\n\n\n\n<p><strong><em><mark style=\"background-color:rgba(0, 0, 0, 0)\" class=\"has-inline-color has-vivid-red-color\">D\u00cdA CONTRA LA VIOLENCIA DE G\u00c9NERO<\/mark><\/em><\/strong> (noviembre)<\/p>\n\n\n\n<p>Un a\u00f1o m\u00e1s, el 25 de noviembre hemos conmemorado este d\u00eda en el cole. Todas las clases han preparado un ladrillo con una frase simb\u00f3lica que ha formado una pared entera llena de mensajes. Despu\u00e9s, se ha realizado un baile en el patio.<\/p>\n\n\n\n<figure class=\"wp-block-image size-large\"><img loading=\"lazy\" decoding=\"async\" width=\"1024\" height=\"285\" src=\"https:\/\/colecalatrava.es\/wp-content\/uploads\/2024\/02\/violencia-1024x285.jpg\" alt=\"\" class=\"wp-image-506\" srcset=\"https:\/\/colecalatrava.es\/wp-content\/uploads\/2024\/02\/violencia-1024x285.jpg 1024w, https:\/\/colecalatrava.es\/wp-content\/uploads\/2024\/02\/violencia-300x84.jpg 300w, https:\/\/colecalatrava.es\/wp-content\/uploads\/2024\/02\/violencia-768x214.jpg 768w, https:\/\/colecalatrava.es\/wp-content\/uploads\/2024\/02\/violencia-1536x428.jpg 1536w, https:\/\/colecalatrava.es\/wp-content\/uploads\/2024\/02\/violencia.jpg 1600w\" sizes=\"auto, (max-width: 1024px) 100vw, 1024px\" \/><\/figure>\n\n\n\n<figure class=\"wp-block-image size-large\"><img loading=\"lazy\" decoding=\"async\" width=\"1024\" height=\"461\" src=\"https:\/\/colecalatrava.es\/wp-content\/uploads\/2024\/02\/violencia1-1024x461.jpg\" alt=\"\" class=\"wp-image-508\" srcset=\"https:\/\/colecalatrava.es\/wp-content\/uploads\/2024\/02\/violencia1-1024x461.jpg 1024w, https:\/\/colecalatrava.es\/wp-content\/uploads\/2024\/02\/violencia1-300x135.jpg 300w, https:\/\/colecalatrava.es\/wp-content\/uploads\/2024\/02\/violencia1-768x346.jpg 768w, https:\/\/colecalatrava.es\/wp-content\/uploads\/2024\/02\/violencia1-1536x691.jpg 1536w, https:\/\/colecalatrava.es\/wp-content\/uploads\/2024\/02\/violencia1.jpg 1600w\" sizes=\"auto, (max-width: 1024px) 100vw, 1024px\" \/><\/figure>\n\n\n\n<figure class=\"wp-block-image size-large\"><img loading=\"lazy\" decoding=\"async\" width=\"1024\" height=\"461\" src=\"https:\/\/colecalatrava.es\/wp-content\/uploads\/2024\/02\/violencia3-1024x461.jpg\" alt=\"\" class=\"wp-image-509\" srcset=\"https:\/\/colecalatrava.es\/wp-content\/uploads\/2024\/02\/violencia3-1024x461.jpg 1024w, https:\/\/colecalatrava.es\/wp-content\/uploads\/2024\/02\/violencia3-300x135.jpg 300w, https:\/\/colecalatrava.es\/wp-content\/uploads\/2024\/02\/violencia3-768x346.jpg 768w, https:\/\/colecalatrava.es\/wp-content\/uploads\/2024\/02\/violencia3-1536x691.jpg 1536w, https:\/\/colecalatrava.es\/wp-content\/uploads\/2024\/02\/violencia3.jpg 1600w\" sizes=\"auto, (max-width: 1024px) 100vw, 1024px\" \/><\/figure>\n\n\n\n<p><strong><em><mark style=\"background-color:rgba(0, 0, 0, 0)\" class=\"has-inline-color has-vivid-red-color\">VISITA A LA MOTILLA<\/mark><\/em><\/strong> (noviembre)<\/p>\n\n\n\n<p>Como todos los a\u00f1os, el alumnado de 5\u00ba de E. Primaria ha disfrutado de una visita guiada a La Motilla del Azuer. Ha sido toda una oportunidad de disfrutar de este yacimiento arqueol\u00f3gico.<\/p>\n\n\n\n<figure class=\"wp-block-image size-large\"><img loading=\"lazy\" decoding=\"async\" width=\"1024\" height=\"461\" src=\"https:\/\/colecalatrava.es\/wp-content\/uploads\/2024\/02\/motilla1-1024x461.jpg\" alt=\"\" class=\"wp-image-501\" srcset=\"https:\/\/colecalatrava.es\/wp-content\/uploads\/2024\/02\/motilla1-1024x461.jpg 1024w, https:\/\/colecalatrava.es\/wp-content\/uploads\/2024\/02\/motilla1-300x135.jpg 300w, https:\/\/colecalatrava.es\/wp-content\/uploads\/2024\/02\/motilla1-768x345.jpg 768w, https:\/\/colecalatrava.es\/wp-content\/uploads\/2024\/02\/motilla1-1536x691.jpg 1536w, https:\/\/colecalatrava.es\/wp-content\/uploads\/2024\/02\/motilla1.jpg 2048w\" sizes=\"auto, (max-width: 1024px) 100vw, 1024px\" \/><\/figure>\n\n\n\n<p><strong><em><mark style=\"background-color:rgba(0, 0, 0, 0)\" class=\"has-inline-color has-vivid-red-color\">VIAJE AL CONGRESO DE LOS DIPUTADOS<\/mark><\/em><\/strong> (noviembre)<\/p>\n\n\n\n<p>El pasado 20 de noviembre, alumnado de 5\u00ba y 6\u00ba de Primaria del cole visitaron el Congreso acompa\u00f1ados por los profes Juan Manuel, Fernando, Ram\u00f3n y los familiares de dicho alumnado. Los\/as alumnos\/as se convirtieron en diputados por un d\u00eda para defender los derechos de la Infancia. \u00a1Menuda experiencia!<\/p>\n\n\n\n<figure class=\"wp-block-image size-full\"><img loading=\"lazy\" decoding=\"async\" width=\"1024\" height=\"768\" src=\"https:\/\/colecalatrava.es\/wp-content\/uploads\/2024\/02\/congreso.jpg\" alt=\"\" class=\"wp-image-499\" srcset=\"https:\/\/colecalatrava.es\/wp-content\/uploads\/2024\/02\/congreso.jpg 1024w, https:\/\/colecalatrava.es\/wp-content\/uploads\/2024\/02\/congreso-300x225.jpg 300w, https:\/\/colecalatrava.es\/wp-content\/uploads\/2024\/02\/congreso-768x576.jpg 768w\" sizes=\"auto, (max-width: 1024px) 100vw, 1024px\" \/><\/figure>\n\n\n\n<p><strong><em><mark style=\"background-color:rgba(0, 0, 0, 0)\" class=\"has-inline-color has-vivid-red-color\">TALLER DE LOS SENTIDOS (E. Infantil 4 a\u00f1os)<\/mark><\/em><\/strong> (noviembre)<\/p>\n\n\n\n<p>Hoy los peques de 4 a\u00f1os han desarrollado unos talleres sobre \u00ablos sentidos\u00bb con la ayuda de algunas familias. Han aprendido y experimentado un mont\u00f3n de cosas que no sab\u00edan relativas al olfato, el gusto, el tacto, el o\u00eddo y la vista. \u00a1Ha sido divertid\u00edsimo!<\/p>\n\n\n\n<figure class=\"wp-block-image size-full\"><img loading=\"lazy\" decoding=\"async\" width=\"640\" height=\"370\" src=\"https:\/\/colecalatrava.es\/wp-content\/uploads\/2024\/02\/sentidos.png\" alt=\"\" class=\"wp-image-495\" srcset=\"https:\/\/colecalatrava.es\/wp-content\/uploads\/2024\/02\/sentidos.png 640w, https:\/\/colecalatrava.es\/wp-content\/uploads\/2024\/02\/sentidos-300x173.png 300w\" sizes=\"auto, (max-width: 640px) 100vw, 640px\" \/><\/figure>\n\n\n\n<p><strong><em><mark style=\"background-color:rgba(0, 0, 0, 0)\" class=\"has-inline-color has-vivid-red-color\">CUENTO \u00abtu cuerpo es tuyo\u00bb<\/mark><\/em><\/strong> (noviembre)<\/p>\n\n\n\n<p>Desde Orientaci\u00f3n, se ha trabajado la educaci\u00f3n afectivo-sexual en la etapa de Infantil a trav\u00e9s del cuento \u00abTu Cuerpo es Tuyo\u00bb. Es fundamental impartir este tipo de formaci\u00f3n con los peques desde un enfoque que abarque la educaci\u00f3n emocional y las habilidades sociales. La educaci\u00f3n afectivo- sexual en las escuelas tiene efectos positivos entre el alumnado, como por ejemplo, contribuir a la prevenci\u00f3n y reducci\u00f3n de la violencia y la discriminaci\u00f3n de g\u00e9nero.<\/p>\n\n\n\n<figure class=\"wp-block-image size-full\"><img loading=\"lazy\" decoding=\"async\" width=\"947\" height=\"530\" src=\"https:\/\/colecalatrava.es\/wp-content\/uploads\/2024\/02\/tu-cuerpo.png\" alt=\"\" class=\"wp-image-493\" srcset=\"https:\/\/colecalatrava.es\/wp-content\/uploads\/2024\/02\/tu-cuerpo.png 947w, https:\/\/colecalatrava.es\/wp-content\/uploads\/2024\/02\/tu-cuerpo-300x168.png 300w, https:\/\/colecalatrava.es\/wp-content\/uploads\/2024\/02\/tu-cuerpo-768x430.png 768w\" sizes=\"auto, (max-width: 947px) 100vw, 947px\" \/><\/figure>\n\n\n\n<p><strong><em><mark style=\"background-color:rgba(0, 0, 0, 0)\" class=\"has-inline-color has-vivid-red-color\">HALLOWEEN<\/mark><\/em><\/strong> (octubre)<\/p>\n\n\n\n<p>Como en cursos anteriores, en el cole hemos celebrado Halloween a lo grande con diversas actividades a lo largo de la semana. En E. Infantil han realizado talleres chul\u00edsimos&#8230;<\/p>\n\n\n\n<figure class=\"wp-block-image size-full\"><img loading=\"lazy\" decoding=\"async\" width=\"640\" height=\"364\" src=\"https:\/\/colecalatrava.es\/wp-content\/uploads\/2024\/02\/HALLO2.png\" alt=\"\" class=\"wp-image-488\" srcset=\"https:\/\/colecalatrava.es\/wp-content\/uploads\/2024\/02\/HALLO2.png 640w, https:\/\/colecalatrava.es\/wp-content\/uploads\/2024\/02\/HALLO2-300x171.png 300w\" sizes=\"auto, (max-width: 640px) 100vw, 640px\" \/><\/figure>\n\n\n\n<p>El d\u00eda de la fiesta se han entregado los premios del concurso de \u00absombreros de bruja\u00bb que organizamos en colaboraci\u00f3n con la AMPA. La verdad es que el nivel estaba muy alto y cost\u00f3 decidirse&#8230;<\/p>\n\n\n\n<figure class=\"wp-block-image size-full\"><img loading=\"lazy\" decoding=\"async\" width=\"640\" height=\"369\" src=\"https:\/\/colecalatrava.es\/wp-content\/uploads\/2024\/02\/HALLO.png\" alt=\"\" class=\"wp-image-489\" srcset=\"https:\/\/colecalatrava.es\/wp-content\/uploads\/2024\/02\/HALLO.png 640w, https:\/\/colecalatrava.es\/wp-content\/uploads\/2024\/02\/HALLO-300x173.png 300w\" sizes=\"auto, (max-width: 640px) 100vw, 640px\" \/><\/figure>\n\n\n\n<p>Despu\u00e9s de la entrega de premios , hicimos un baile en el patio que prepararon las profes M. Jes\u00fas y Elena. \u00a1Lo pasamos genial! Muchas gracias a todos\/as los que lo han hecho posible!<\/p>\n\n\n\n<figure class=\"wp-block-image size-large\"><img loading=\"lazy\" decoding=\"async\" width=\"1024\" height=\"459\" src=\"https:\/\/colecalatrava.es\/wp-content\/uploads\/2024\/02\/halloween6-1024x459.png\" alt=\"\" class=\"wp-image-490\" srcset=\"https:\/\/colecalatrava.es\/wp-content\/uploads\/2024\/02\/halloween6-1024x459.png 1024w, https:\/\/colecalatrava.es\/wp-content\/uploads\/2024\/02\/halloween6-300x134.png 300w, https:\/\/colecalatrava.es\/wp-content\/uploads\/2024\/02\/halloween6-768x344.png 768w, https:\/\/colecalatrava.es\/wp-content\/uploads\/2024\/02\/halloween6.png 1254w\" sizes=\"auto, (max-width: 1024px) 100vw, 1024px\" \/><\/figure>\n","protected":false},"excerpt":{"rendered":"<p>CURSO 25\/26 D\u00cdA DEL LIBRO (23 de abril) De nuevo celebramos este d\u00eda con diversas actividades. En Infantil y 1\u00ba ciclo de Primaria, se han organizado distintas estaciones de lectura por la que han ido pasado los distintos grupos que han formado las tutoras mezclando las clases. Se han le\u00eddo cuentos como \u00abEl Gr\u00fafalo\u00bb, \u00abEl [&hellip;]<\/p>\n","protected":false},"author":1,"featured_media":0,"parent":0,"menu_order":0,"comment_status":"closed","ping_status":"closed","template":"","meta":{"footnotes":""},"class_list":["post-433","page","type-page","status-publish","hentry"],"_links":{"self":[{"href":"https:\/\/colecalatrava.es\/index.php?rest_route=\/wp\/v2\/pages\/433","targetHints":{"allow":["GET"]}}],"collection":[{"href":"https:\/\/colecalatrava.es\/index.php?rest_route=\/wp\/v2\/pages"}],"about":[{"href":"https:\/\/colecalatrava.es\/index.php?rest_route=\/wp\/v2\/types\/page"}],"author":[{"embeddable":true,"href":"https:\/\/colecalatrava.es\/index.php?rest_route=\/wp\/v2\/users\/1"}],"replies":[{"embeddable":true,"href":"https:\/\/colecalatrava.es\/index.php?rest_route=%2Fwp%2Fv2%2Fcomments&post=433"}],"version-history":[{"count":89,"href":"https:\/\/colecalatrava.es\/index.php?rest_route=\/wp\/v2\/pages\/433\/revisions"}],"predecessor-version":[{"id":2394,"href":"https:\/\/colecalatrava.es\/index.php?rest_route=\/wp\/v2\/pages\/433\/revisions\/2394"}],"wp:attachment":[{"href":"https:\/\/colecalatrava.es\/index.php?rest_route=%2Fwp%2Fv2%2Fmedia&parent=433"}],"curies":[{"name":"wp","href":"https:\/\/api.w.org\/{rel}","templated":true}]}}