{"id":428,"date":"2024-01-31T22:25:11","date_gmt":"2024-01-31T22:25:11","guid":{"rendered":"https:\/\/colecalatrava.es\/?page_id=428"},"modified":"2026-02-11T08:33:39","modified_gmt":"2026-02-11T08:33:39","slug":"proyecto-de-centro","status":"publish","type":"page","link":"https:\/\/colecalatrava.es\/?page_id=428","title":{"rendered":"PROYECTO DE CENTRO"},"content":{"rendered":"\n<p>En las sesiones de \u00abProyecto de Centro\u00bb trabajamos desde la metodolog\u00eda STEAM, enfocada en el desarrollo de los ODS (Objetivos de Desarrollo Sostenible de la Agenda 2030). Aunque tienen un nombre un poco confuso, son conocidos por todos. Aqu\u00ed los ten\u00e9is&#8230;<\/p>\n\n\n\n<p><\/p>\n\n\n\n<figure class=\"wp-block-image size-full\"><img loading=\"lazy\" decoding=\"async\" width=\"861\" height=\"542\" src=\"https:\/\/colecalatrava.es\/wp-content\/uploads\/2024\/02\/IMG_2866.jpg\" alt=\"\" class=\"wp-image-446\" srcset=\"https:\/\/colecalatrava.es\/wp-content\/uploads\/2024\/02\/IMG_2866.jpg 861w, https:\/\/colecalatrava.es\/wp-content\/uploads\/2024\/02\/IMG_2866-300x189.jpg 300w, https:\/\/colecalatrava.es\/wp-content\/uploads\/2024\/02\/IMG_2866-768x483.jpg 768w\" sizes=\"auto, (max-width: 861px) 100vw, 861px\" \/><\/figure>\n\n\n\n<p>Para ello, se ha creado el \u00abAula Activa\u00bb, destinada al desarrollo de estas sesiones, haciendo coincidir en el horario a los\/las tutores\/as de Primaria de cada nivel para que se trasladen ambas clases all\u00ed. Es un aula amplia que permite una gran variedad de agrupamientos (parejas, peque\u00f1o\/gran grupo, mezcla del alumnado de las dos clases, &#8230;) y dispone de panel digital y varias tablets.<\/p>\n\n\n\n<p><strong><em><mark style=\"background-color:rgba(0, 0, 0, 0)\" class=\"has-inline-color has-vivid-red-color\">CURSO 25\/26:<\/mark><\/em><\/strong><\/p>\n\n\n\n<p>Seguimos investigando sobre los ODS. En el 1\u00ba TRIMESTRE nuestro alumnado ha hecho todo esto:<\/p>\n\n\n\n<p>Los peques de 1\u00ba han conocido los ODS de manera general, para despu\u00e9s investigar sobre algunos de ellos y elaborar murales. Han preparado peque\u00f1as presentaciones para exponer al resto a trav\u00e9s de c\u00f3digos qr.<\/p>\n\n\n\n<figure class=\"wp-block-image size-full\"><img loading=\"lazy\" decoding=\"async\" width=\"480\" height=\"640\" src=\"https:\/\/colecalatrava.es\/wp-content\/uploads\/2026\/02\/IMG_6472-rotated.jpg\" alt=\"\" class=\"wp-image-2050\" srcset=\"https:\/\/colecalatrava.es\/wp-content\/uploads\/2026\/02\/IMG_6472-rotated.jpg 480w, https:\/\/colecalatrava.es\/wp-content\/uploads\/2026\/02\/IMG_6472-225x300.jpg 225w\" sizes=\"auto, (max-width: 480px) 100vw, 480px\" \/><\/figure>\n\n\n\n<p>Los grupos de 2\u00ba han trabajado sobre el reciclaje:<\/p>\n\n\n\n<figure class=\"wp-block-image size-large\"><img loading=\"lazy\" decoding=\"async\" width=\"1024\" height=\"768\" src=\"https:\/\/colecalatrava.es\/wp-content\/uploads\/2026\/02\/PHOTO-2026-01-19-13-42-49-1024x768.jpg\" alt=\"\" class=\"wp-image-2062\" srcset=\"https:\/\/colecalatrava.es\/wp-content\/uploads\/2026\/02\/PHOTO-2026-01-19-13-42-49-1024x768.jpg 1024w, https:\/\/colecalatrava.es\/wp-content\/uploads\/2026\/02\/PHOTO-2026-01-19-13-42-49-300x225.jpg 300w, https:\/\/colecalatrava.es\/wp-content\/uploads\/2026\/02\/PHOTO-2026-01-19-13-42-49-768x576.jpg 768w, https:\/\/colecalatrava.es\/wp-content\/uploads\/2026\/02\/PHOTO-2026-01-19-13-42-49-1536x1152.jpg 1536w, https:\/\/colecalatrava.es\/wp-content\/uploads\/2026\/02\/PHOTO-2026-01-19-13-42-49.jpg 1600w\" sizes=\"auto, (max-width: 1024px) 100vw, 1024px\" \/><\/figure>\n\n\n\n<p>Los terceros:<\/p>\n\n\n\n<figure class=\"wp-block-gallery has-nested-images columns-default is-cropped wp-block-gallery-1 is-layout-flex wp-block-gallery-is-layout-flex\">\n<figure class=\"wp-block-image size-large\"><img loading=\"lazy\" decoding=\"async\" width=\"1024\" height=\"768\" data-id=\"2068\" src=\"https:\/\/colecalatrava.es\/wp-content\/uploads\/2026\/02\/PHOTO-2026-01-20-14-47-12-1024x768.jpg\" alt=\"\" class=\"wp-image-2068\" srcset=\"https:\/\/colecalatrava.es\/wp-content\/uploads\/2026\/02\/PHOTO-2026-01-20-14-47-12-1024x768.jpg 1024w, https:\/\/colecalatrava.es\/wp-content\/uploads\/2026\/02\/PHOTO-2026-01-20-14-47-12-300x225.jpg 300w, https:\/\/colecalatrava.es\/wp-content\/uploads\/2026\/02\/PHOTO-2026-01-20-14-47-12-768x576.jpg 768w, https:\/\/colecalatrava.es\/wp-content\/uploads\/2026\/02\/PHOTO-2026-01-20-14-47-12-1536x1152.jpg 1536w, https:\/\/colecalatrava.es\/wp-content\/uploads\/2026\/02\/PHOTO-2026-01-20-14-47-12.jpg 1600w\" sizes=\"auto, (max-width: 1024px) 100vw, 1024px\" \/><\/figure>\n<\/figure>\n\n\n\n<p>Los cuartos han trabajado sobre el cambio clim\u00e1tico (acciones del ser humano, causas y consecuencias). Han elaborado un tablero en el que pidieron la participaci\u00f3n a los alumnos\/as que asistieron a su presentaci\u00f3n para clasificar tarjetas seg\u00fan sean acciones positivas o negativas:<\/p>\n\n\n\n<figure class=\"wp-block-gallery has-nested-images columns-default is-cropped wp-block-gallery-2 is-layout-flex wp-block-gallery-is-layout-flex\">\n<figure class=\"wp-block-image size-large\"><img loading=\"lazy\" decoding=\"async\" width=\"1024\" height=\"768\" data-id=\"2067\" src=\"https:\/\/colecalatrava.es\/wp-content\/uploads\/2026\/02\/PHOTO-2026-01-20-14-47-12-1-1024x768.jpg\" alt=\"\" class=\"wp-image-2067\" srcset=\"https:\/\/colecalatrava.es\/wp-content\/uploads\/2026\/02\/PHOTO-2026-01-20-14-47-12-1-1024x768.jpg 1024w, https:\/\/colecalatrava.es\/wp-content\/uploads\/2026\/02\/PHOTO-2026-01-20-14-47-12-1-300x225.jpg 300w, https:\/\/colecalatrava.es\/wp-content\/uploads\/2026\/02\/PHOTO-2026-01-20-14-47-12-1-768x576.jpg 768w, https:\/\/colecalatrava.es\/wp-content\/uploads\/2026\/02\/PHOTO-2026-01-20-14-47-12-1-1536x1152.jpg 1536w, https:\/\/colecalatrava.es\/wp-content\/uploads\/2026\/02\/PHOTO-2026-01-20-14-47-12-1.jpg 1600w\" sizes=\"auto, (max-width: 1024px) 100vw, 1024px\" \/><\/figure>\n\n\n\n<figure class=\"wp-block-image size-large\"><img loading=\"lazy\" decoding=\"async\" width=\"1024\" height=\"472\" data-id=\"2061\" src=\"https:\/\/colecalatrava.es\/wp-content\/uploads\/2026\/02\/PHOTO-2026-02-03-11-34-13-1024x472.jpg\" alt=\"\" class=\"wp-image-2061\" srcset=\"https:\/\/colecalatrava.es\/wp-content\/uploads\/2026\/02\/PHOTO-2026-02-03-11-34-13-1024x472.jpg 1024w, https:\/\/colecalatrava.es\/wp-content\/uploads\/2026\/02\/PHOTO-2026-02-03-11-34-13-300x138.jpg 300w, https:\/\/colecalatrava.es\/wp-content\/uploads\/2026\/02\/PHOTO-2026-02-03-11-34-13-768x354.jpg 768w, https:\/\/colecalatrava.es\/wp-content\/uploads\/2026\/02\/PHOTO-2026-02-03-11-34-13-1536x708.jpg 1536w, https:\/\/colecalatrava.es\/wp-content\/uploads\/2026\/02\/PHOTO-2026-02-03-11-34-13.jpg 1600w\" sizes=\"auto, (max-width: 1024px) 100vw, 1024px\" \/><\/figure>\n<\/figure>\n\n\n\n<p>Los quintos han elaborado maquetas sobre las diferencias entre la pobreza y la riqueza:<\/p>\n\n\n\n<figure class=\"wp-block-gallery has-nested-images columns-default is-cropped wp-block-gallery-3 is-layout-flex wp-block-gallery-is-layout-flex\">\n<figure class=\"wp-block-image size-large\"><img loading=\"lazy\" decoding=\"async\" width=\"1024\" height=\"768\" data-id=\"2066\" src=\"https:\/\/colecalatrava.es\/wp-content\/uploads\/2026\/02\/PHOTO-2026-01-20-14-47-12-2-1024x768.jpg\" alt=\"\" class=\"wp-image-2066\" srcset=\"https:\/\/colecalatrava.es\/wp-content\/uploads\/2026\/02\/PHOTO-2026-01-20-14-47-12-2-1024x768.jpg 1024w, https:\/\/colecalatrava.es\/wp-content\/uploads\/2026\/02\/PHOTO-2026-01-20-14-47-12-2-300x225.jpg 300w, https:\/\/colecalatrava.es\/wp-content\/uploads\/2026\/02\/PHOTO-2026-01-20-14-47-12-2-768x576.jpg 768w, https:\/\/colecalatrava.es\/wp-content\/uploads\/2026\/02\/PHOTO-2026-01-20-14-47-12-2-1536x1152.jpg 1536w, https:\/\/colecalatrava.es\/wp-content\/uploads\/2026\/02\/PHOTO-2026-01-20-14-47-12-2.jpg 1600w\" sizes=\"auto, (max-width: 1024px) 100vw, 1024px\" \/><\/figure>\n\n\n\n<figure class=\"wp-block-image size-large\"><img loading=\"lazy\" decoding=\"async\" width=\"1024\" height=\"768\" data-id=\"2064\" src=\"https:\/\/colecalatrava.es\/wp-content\/uploads\/2026\/02\/PHOTO-2026-01-19-13-14-42-1024x768.jpg\" alt=\"\" class=\"wp-image-2064\" srcset=\"https:\/\/colecalatrava.es\/wp-content\/uploads\/2026\/02\/PHOTO-2026-01-19-13-14-42-1024x768.jpg 1024w, https:\/\/colecalatrava.es\/wp-content\/uploads\/2026\/02\/PHOTO-2026-01-19-13-14-42-300x225.jpg 300w, https:\/\/colecalatrava.es\/wp-content\/uploads\/2026\/02\/PHOTO-2026-01-19-13-14-42-768x576.jpg 768w, https:\/\/colecalatrava.es\/wp-content\/uploads\/2026\/02\/PHOTO-2026-01-19-13-14-42-1536x1152.jpg 1536w, https:\/\/colecalatrava.es\/wp-content\/uploads\/2026\/02\/PHOTO-2026-01-19-13-14-42.jpg 1600w\" sizes=\"auto, (max-width: 1024px) 100vw, 1024px\" \/><\/figure>\n<\/figure>\n\n\n\n<p>Los sextos han trabajado sobre las vacunas:<\/p>\n\n\n\n<figure class=\"wp-block-gallery has-nested-images columns-default is-cropped wp-block-gallery-4 is-layout-flex wp-block-gallery-is-layout-flex\">\n<figure class=\"wp-block-image size-large\"><img loading=\"lazy\" decoding=\"async\" width=\"640\" height=\"480\" data-id=\"2065\" src=\"https:\/\/colecalatrava.es\/wp-content\/uploads\/2026\/02\/PHOTO-2026-01-20-14-47-36.jpg\" alt=\"\" class=\"wp-image-2065\" srcset=\"https:\/\/colecalatrava.es\/wp-content\/uploads\/2026\/02\/PHOTO-2026-01-20-14-47-36.jpg 640w, https:\/\/colecalatrava.es\/wp-content\/uploads\/2026\/02\/PHOTO-2026-01-20-14-47-36-300x225.jpg 300w\" sizes=\"auto, (max-width: 640px) 100vw, 640px\" \/><\/figure>\n\n\n\n<figure class=\"wp-block-image size-large\"><img loading=\"lazy\" decoding=\"async\" width=\"1024\" height=\"768\" data-id=\"2063\" src=\"https:\/\/colecalatrava.es\/wp-content\/uploads\/2026\/02\/PHOTO-2026-01-19-13-23-14-1024x768.jpg\" alt=\"\" class=\"wp-image-2063\" srcset=\"https:\/\/colecalatrava.es\/wp-content\/uploads\/2026\/02\/PHOTO-2026-01-19-13-23-14-1024x768.jpg 1024w, https:\/\/colecalatrava.es\/wp-content\/uploads\/2026\/02\/PHOTO-2026-01-19-13-23-14-300x225.jpg 300w, https:\/\/colecalatrava.es\/wp-content\/uploads\/2026\/02\/PHOTO-2026-01-19-13-23-14-768x576.jpg 768w, https:\/\/colecalatrava.es\/wp-content\/uploads\/2026\/02\/PHOTO-2026-01-19-13-23-14-1536x1152.jpg 1536w, https:\/\/colecalatrava.es\/wp-content\/uploads\/2026\/02\/PHOTO-2026-01-19-13-23-14.jpg 1600w\" sizes=\"auto, (max-width: 1024px) 100vw, 1024px\" \/><\/figure>\n<\/figure>\n\n\n\n<p><\/p>\n\n\n\n<p><strong><em><mark style=\"background-color:rgba(0, 0, 0, 0)\" class=\"has-inline-color has-vivid-red-color\">CURSO 24\/25:<\/mark><\/em><\/strong><\/p>\n\n\n\n<p>Este es el segundo curso que trabajamos e investigamos sobre los ODS. Aqu\u00ed os dejamos lo que hemos trabajado en el primer trimestre. Para darlo conocer al resto de cursos, hemos desarrollado unas sesiones dedicadas a las presentaciones de cada nivel.<\/p>\n\n\n\n<p>2\u00ba TRIMESTRE<\/p>\n\n\n\n<p>Nuestros\/as chicos\/as han seguido trabajando en este tema y han vuelto a presentar al resto de grupos los trabajos realizados. Aqu\u00ed os dejamos una muestra de ellos:<\/p>\n\n\n\n<p>Nuestros primeros han realizado una depuradora casera con algod\u00f3n, arena y piedras de direrentes tama\u00f1os.<\/p>\n\n\n\n<figure class=\"wp-block-gallery has-nested-images columns-default is-cropped wp-block-gallery-5 is-layout-flex wp-block-gallery-is-layout-flex\">\n<figure class=\"wp-block-image size-large\"><img loading=\"lazy\" decoding=\"async\" width=\"640\" height=\"360\" data-id=\"1720\" src=\"https:\/\/colecalatrava.es\/wp-content\/uploads\/2025\/06\/PHOTO-2025-04-10-21-21-14.jpg\" alt=\"\" class=\"wp-image-1720\" srcset=\"https:\/\/colecalatrava.es\/wp-content\/uploads\/2025\/06\/PHOTO-2025-04-10-21-21-14.jpg 640w, https:\/\/colecalatrava.es\/wp-content\/uploads\/2025\/06\/PHOTO-2025-04-10-21-21-14-300x169.jpg 300w\" sizes=\"auto, (max-width: 640px) 100vw, 640px\" \/><\/figure>\n\n\n\n<figure class=\"wp-block-image size-large\"><img loading=\"lazy\" decoding=\"async\" width=\"364\" height=\"640\" data-id=\"1719\" src=\"https:\/\/colecalatrava.es\/wp-content\/uploads\/2025\/06\/IMG_5400-1.jpg\" alt=\"\" class=\"wp-image-1719\" srcset=\"https:\/\/colecalatrava.es\/wp-content\/uploads\/2025\/06\/IMG_5400-1.jpg 364w, https:\/\/colecalatrava.es\/wp-content\/uploads\/2025\/06\/IMG_5400-1-171x300.jpg 171w\" sizes=\"auto, (max-width: 364px) 100vw, 364px\" \/><\/figure>\n<\/figure>\n\n\n\n<p>Los terceros una maqueta sobre el efecto invernadero:<\/p>\n\n\n\n<figure class=\"wp-block-image size-large\"><img loading=\"lazy\" decoding=\"async\" width=\"1024\" height=\"576\" src=\"https:\/\/colecalatrava.es\/wp-content\/uploads\/2025\/06\/85c930e6-9973-480a-8e27-f945d310fe9c-1024x576.jpg\" alt=\"\" class=\"wp-image-1709\" srcset=\"https:\/\/colecalatrava.es\/wp-content\/uploads\/2025\/06\/85c930e6-9973-480a-8e27-f945d310fe9c-1024x576.jpg 1024w, https:\/\/colecalatrava.es\/wp-content\/uploads\/2025\/06\/85c930e6-9973-480a-8e27-f945d310fe9c-300x169.jpg 300w, https:\/\/colecalatrava.es\/wp-content\/uploads\/2025\/06\/85c930e6-9973-480a-8e27-f945d310fe9c-768x432.jpg 768w, https:\/\/colecalatrava.es\/wp-content\/uploads\/2025\/06\/85c930e6-9973-480a-8e27-f945d310fe9c-1536x864.jpg 1536w, https:\/\/colecalatrava.es\/wp-content\/uploads\/2025\/06\/85c930e6-9973-480a-8e27-f945d310fe9c.jpg 1600w\" sizes=\"auto, (max-width: 1024px) 100vw, 1024px\" \/><\/figure>\n\n\n\n<figure class=\"wp-block-gallery has-nested-images columns-default is-cropped wp-block-gallery-6 is-layout-flex wp-block-gallery-is-layout-flex\">\n<figure class=\"wp-block-image size-large\"><img loading=\"lazy\" decoding=\"async\" width=\"1024\" height=\"576\" data-id=\"1708\" src=\"https:\/\/colecalatrava.es\/wp-content\/uploads\/2025\/06\/0966d31b-a557-4122-a70e-903750e44dad-1024x576.jpg\" alt=\"\" class=\"wp-image-1708\" srcset=\"https:\/\/colecalatrava.es\/wp-content\/uploads\/2025\/06\/0966d31b-a557-4122-a70e-903750e44dad-1024x576.jpg 1024w, https:\/\/colecalatrava.es\/wp-content\/uploads\/2025\/06\/0966d31b-a557-4122-a70e-903750e44dad-300x169.jpg 300w, https:\/\/colecalatrava.es\/wp-content\/uploads\/2025\/06\/0966d31b-a557-4122-a70e-903750e44dad-768x432.jpg 768w, https:\/\/colecalatrava.es\/wp-content\/uploads\/2025\/06\/0966d31b-a557-4122-a70e-903750e44dad-1536x864.jpg 1536w, https:\/\/colecalatrava.es\/wp-content\/uploads\/2025\/06\/0966d31b-a557-4122-a70e-903750e44dad.jpg 1600w\" sizes=\"auto, (max-width: 1024px) 100vw, 1024px\" \/><\/figure>\n\n\n\n<figure class=\"wp-block-image size-large\"><img loading=\"lazy\" decoding=\"async\" width=\"1024\" height=\"576\" data-id=\"1707\" src=\"https:\/\/colecalatrava.es\/wp-content\/uploads\/2025\/06\/eff052bc-4977-44be-868f-78fa430686a4-1024x576.jpg\" alt=\"\" class=\"wp-image-1707\" srcset=\"https:\/\/colecalatrava.es\/wp-content\/uploads\/2025\/06\/eff052bc-4977-44be-868f-78fa430686a4-1024x576.jpg 1024w, https:\/\/colecalatrava.es\/wp-content\/uploads\/2025\/06\/eff052bc-4977-44be-868f-78fa430686a4-300x169.jpg 300w, https:\/\/colecalatrava.es\/wp-content\/uploads\/2025\/06\/eff052bc-4977-44be-868f-78fa430686a4-768x432.jpg 768w, https:\/\/colecalatrava.es\/wp-content\/uploads\/2025\/06\/eff052bc-4977-44be-868f-78fa430686a4-1536x864.jpg 1536w, https:\/\/colecalatrava.es\/wp-content\/uploads\/2025\/06\/eff052bc-4977-44be-868f-78fa430686a4.jpg 1600w\" sizes=\"auto, (max-width: 1024px) 100vw, 1024px\" \/><\/figure>\n\n\n\n<figure class=\"wp-block-image size-large\"><img loading=\"lazy\" decoding=\"async\" width=\"1024\" height=\"576\" data-id=\"1706\" src=\"https:\/\/colecalatrava.es\/wp-content\/uploads\/2025\/06\/9ecc5cf3-5ea0-4e53-8525-97083e5ca4e6-1024x576.jpg\" alt=\"\" class=\"wp-image-1706\" srcset=\"https:\/\/colecalatrava.es\/wp-content\/uploads\/2025\/06\/9ecc5cf3-5ea0-4e53-8525-97083e5ca4e6-1024x576.jpg 1024w, https:\/\/colecalatrava.es\/wp-content\/uploads\/2025\/06\/9ecc5cf3-5ea0-4e53-8525-97083e5ca4e6-300x169.jpg 300w, https:\/\/colecalatrava.es\/wp-content\/uploads\/2025\/06\/9ecc5cf3-5ea0-4e53-8525-97083e5ca4e6-768x432.jpg 768w, https:\/\/colecalatrava.es\/wp-content\/uploads\/2025\/06\/9ecc5cf3-5ea0-4e53-8525-97083e5ca4e6-1536x864.jpg 1536w, https:\/\/colecalatrava.es\/wp-content\/uploads\/2025\/06\/9ecc5cf3-5ea0-4e53-8525-97083e5ca4e6.jpg 1600w\" sizes=\"auto, (max-width: 1024px) 100vw, 1024px\" \/><\/figure>\n\n\n\n<figure class=\"wp-block-image size-large\"><img loading=\"lazy\" decoding=\"async\" width=\"1024\" height=\"576\" data-id=\"1705\" src=\"https:\/\/colecalatrava.es\/wp-content\/uploads\/2025\/06\/bd2a782a-9877-447e-8731-72bbbcfa4cc6-1024x576.jpg\" alt=\"\" class=\"wp-image-1705\" srcset=\"https:\/\/colecalatrava.es\/wp-content\/uploads\/2025\/06\/bd2a782a-9877-447e-8731-72bbbcfa4cc6-1024x576.jpg 1024w, https:\/\/colecalatrava.es\/wp-content\/uploads\/2025\/06\/bd2a782a-9877-447e-8731-72bbbcfa4cc6-300x169.jpg 300w, https:\/\/colecalatrava.es\/wp-content\/uploads\/2025\/06\/bd2a782a-9877-447e-8731-72bbbcfa4cc6-768x432.jpg 768w, https:\/\/colecalatrava.es\/wp-content\/uploads\/2025\/06\/bd2a782a-9877-447e-8731-72bbbcfa4cc6-1536x864.jpg 1536w, https:\/\/colecalatrava.es\/wp-content\/uploads\/2025\/06\/bd2a782a-9877-447e-8731-72bbbcfa4cc6.jpg 1600w\" sizes=\"auto, (max-width: 1024px) 100vw, 1024px\" \/><\/figure>\n<\/figure>\n\n\n\n<p>1\u00ba TRIMESTRE<\/p>\n\n\n\n<figure class=\"wp-block-image size-large\"><img loading=\"lazy\" decoding=\"async\" width=\"1024\" height=\"576\" src=\"https:\/\/colecalatrava.es\/wp-content\/uploads\/2025\/02\/1-1-1024x576.png\" alt=\"\" class=\"wp-image-1089\" srcset=\"https:\/\/colecalatrava.es\/wp-content\/uploads\/2025\/02\/1-1-1024x576.png 1024w, https:\/\/colecalatrava.es\/wp-content\/uploads\/2025\/02\/1-1-300x169.png 300w, https:\/\/colecalatrava.es\/wp-content\/uploads\/2025\/02\/1-1-768x432.png 768w, https:\/\/colecalatrava.es\/wp-content\/uploads\/2025\/02\/1-1-1536x864.png 1536w, https:\/\/colecalatrava.es\/wp-content\/uploads\/2025\/02\/1-1-2048x1152.png 2048w\" sizes=\"auto, (max-width: 1024px) 100vw, 1024px\" \/><\/figure>\n\n\n\n<figure class=\"wp-block-image size-large\"><img loading=\"lazy\" decoding=\"async\" width=\"1024\" height=\"576\" src=\"https:\/\/colecalatrava.es\/wp-content\/uploads\/2025\/02\/2-1-1024x576.png\" alt=\"\" class=\"wp-image-1090\" srcset=\"https:\/\/colecalatrava.es\/wp-content\/uploads\/2025\/02\/2-1-1024x576.png 1024w, https:\/\/colecalatrava.es\/wp-content\/uploads\/2025\/02\/2-1-300x169.png 300w, https:\/\/colecalatrava.es\/wp-content\/uploads\/2025\/02\/2-1-768x432.png 768w, https:\/\/colecalatrava.es\/wp-content\/uploads\/2025\/02\/2-1-1536x864.png 1536w, https:\/\/colecalatrava.es\/wp-content\/uploads\/2025\/02\/2-1-2048x1152.png 2048w\" sizes=\"auto, (max-width: 1024px) 100vw, 1024px\" \/><\/figure>\n\n\n\n<figure class=\"wp-block-image size-large\"><img loading=\"lazy\" decoding=\"async\" width=\"1024\" height=\"576\" src=\"https:\/\/colecalatrava.es\/wp-content\/uploads\/2025\/02\/3-1-1024x576.png\" alt=\"\" class=\"wp-image-1091\" srcset=\"https:\/\/colecalatrava.es\/wp-content\/uploads\/2025\/02\/3-1-1024x576.png 1024w, https:\/\/colecalatrava.es\/wp-content\/uploads\/2025\/02\/3-1-300x169.png 300w, https:\/\/colecalatrava.es\/wp-content\/uploads\/2025\/02\/3-1-768x432.png 768w, https:\/\/colecalatrava.es\/wp-content\/uploads\/2025\/02\/3-1-1536x864.png 1536w, https:\/\/colecalatrava.es\/wp-content\/uploads\/2025\/02\/3-1-2048x1152.png 2048w\" sizes=\"auto, (max-width: 1024px) 100vw, 1024px\" \/><\/figure>\n\n\n\n<figure class=\"wp-block-image size-large\"><img loading=\"lazy\" decoding=\"async\" width=\"1024\" height=\"576\" src=\"https:\/\/colecalatrava.es\/wp-content\/uploads\/2025\/02\/4-1-1024x576.png\" alt=\"\" class=\"wp-image-1092\" srcset=\"https:\/\/colecalatrava.es\/wp-content\/uploads\/2025\/02\/4-1-1024x576.png 1024w, https:\/\/colecalatrava.es\/wp-content\/uploads\/2025\/02\/4-1-300x169.png 300w, https:\/\/colecalatrava.es\/wp-content\/uploads\/2025\/02\/4-1-768x432.png 768w, https:\/\/colecalatrava.es\/wp-content\/uploads\/2025\/02\/4-1-1536x864.png 1536w, https:\/\/colecalatrava.es\/wp-content\/uploads\/2025\/02\/4-1-2048x1152.png 2048w\" sizes=\"auto, (max-width: 1024px) 100vw, 1024px\" \/><\/figure>\n\n\n\n<figure class=\"wp-block-image size-large\"><img loading=\"lazy\" decoding=\"async\" width=\"1024\" height=\"576\" src=\"https:\/\/colecalatrava.es\/wp-content\/uploads\/2025\/02\/5-1-1024x576.png\" alt=\"\" class=\"wp-image-1093\" srcset=\"https:\/\/colecalatrava.es\/wp-content\/uploads\/2025\/02\/5-1-1024x576.png 1024w, https:\/\/colecalatrava.es\/wp-content\/uploads\/2025\/02\/5-1-300x169.png 300w, https:\/\/colecalatrava.es\/wp-content\/uploads\/2025\/02\/5-1-768x432.png 768w, https:\/\/colecalatrava.es\/wp-content\/uploads\/2025\/02\/5-1-1536x864.png 1536w, https:\/\/colecalatrava.es\/wp-content\/uploads\/2025\/02\/5-1-2048x1152.png 2048w\" sizes=\"auto, (max-width: 1024px) 100vw, 1024px\" \/><\/figure>\n\n\n\n<p><a href=\"https:\/\/drive.google.com\/file\/d\/187j6wAPH9NA1A4JPm2UsNAo1n9Z7QC-I\/view?usp=sharing\" data-type=\"link\" data-id=\"https:\/\/drive.google.com\/file\/d\/187j6wAPH9NA1A4JPm2UsNAo1n9Z7QC-I\/view?usp=sharing\">V\u00eddeo programa de radio 5\u00ba.<\/a><\/p>\n\n\n\n<figure class=\"wp-block-image size-large\"><img loading=\"lazy\" decoding=\"async\" width=\"1024\" height=\"576\" src=\"https:\/\/colecalatrava.es\/wp-content\/uploads\/2025\/02\/6-1-1024x576.png\" alt=\"\" class=\"wp-image-1094\" srcset=\"https:\/\/colecalatrava.es\/wp-content\/uploads\/2025\/02\/6-1-1024x576.png 1024w, https:\/\/colecalatrava.es\/wp-content\/uploads\/2025\/02\/6-1-300x169.png 300w, https:\/\/colecalatrava.es\/wp-content\/uploads\/2025\/02\/6-1-768x432.png 768w, https:\/\/colecalatrava.es\/wp-content\/uploads\/2025\/02\/6-1-1536x864.png 1536w, https:\/\/colecalatrava.es\/wp-content\/uploads\/2025\/02\/6-1-2048x1152.png 2048w\" sizes=\"auto, (max-width: 1024px) 100vw, 1024px\" \/><\/figure>\n\n\n\n<p><strong><em><mark style=\"background-color:rgba(0, 0, 0, 0)\" class=\"has-inline-color has-vivid-red-color\">CURSO 23\/24:<\/mark><\/em><\/strong><\/p>\n\n\n\n<p>Aqu\u00ed os dejamos algunos de los trabajos de nuestros\/as alumnos\/as sobre los ODS en el <strong><mark class=\"has-inline-color has-vivid-cyan-blue-color\">2\u00ba trimestre<\/mark><\/strong>:<\/p>\n\n\n\n<p>El alumnado de 1\u00ba ha iniciado su primer programa de radio en el que han hablado sobre el ecosistema terrestre (caracter\u00edsticas, elementos y c\u00f3mo cuidarlo). Es una actividad en la que lo han pasado genial y han aprendido mucho a cuidar su entorno.<\/p>\n\n\n\n<figure class=\"wp-block-image size-large is-resized\"><img loading=\"lazy\" decoding=\"async\" width=\"1024\" height=\"768\" src=\"https:\/\/colecalatrava.es\/wp-content\/uploads\/2024\/05\/PHOTO-2024-04-24-10-13-47-1-1024x768.jpg\" alt=\"\" class=\"wp-image-697\" style=\"width:394px;height:auto\" srcset=\"https:\/\/colecalatrava.es\/wp-content\/uploads\/2024\/05\/PHOTO-2024-04-24-10-13-47-1-1024x768.jpg 1024w, https:\/\/colecalatrava.es\/wp-content\/uploads\/2024\/05\/PHOTO-2024-04-24-10-13-47-1-300x225.jpg 300w, https:\/\/colecalatrava.es\/wp-content\/uploads\/2024\/05\/PHOTO-2024-04-24-10-13-47-1-768x576.jpg 768w, https:\/\/colecalatrava.es\/wp-content\/uploads\/2024\/05\/PHOTO-2024-04-24-10-13-47-1-1536x1152.jpg 1536w, https:\/\/colecalatrava.es\/wp-content\/uploads\/2024\/05\/PHOTO-2024-04-24-10-13-47-1.jpg 1600w\" sizes=\"auto, (max-width: 1024px) 100vw, 1024px\" \/><\/figure>\n\n\n\n<figure class=\"wp-block-image size-large is-resized\"><img loading=\"lazy\" decoding=\"async\" width=\"1024\" height=\"768\" src=\"https:\/\/colecalatrava.es\/wp-content\/uploads\/2024\/05\/PHOTO-2024-04-24-10-13-47-1024x768.jpg\" alt=\"\" class=\"wp-image-698\" style=\"width:396px;height:auto\" srcset=\"https:\/\/colecalatrava.es\/wp-content\/uploads\/2024\/05\/PHOTO-2024-04-24-10-13-47-1024x768.jpg 1024w, https:\/\/colecalatrava.es\/wp-content\/uploads\/2024\/05\/PHOTO-2024-04-24-10-13-47-300x225.jpg 300w, https:\/\/colecalatrava.es\/wp-content\/uploads\/2024\/05\/PHOTO-2024-04-24-10-13-47-768x576.jpg 768w, https:\/\/colecalatrava.es\/wp-content\/uploads\/2024\/05\/PHOTO-2024-04-24-10-13-47-1536x1152.jpg 1536w, https:\/\/colecalatrava.es\/wp-content\/uploads\/2024\/05\/PHOTO-2024-04-24-10-13-47.jpg 1600w\" sizes=\"auto, (max-width: 1024px) 100vw, 1024px\" \/><\/figure>\n\n\n\n<p>En 2\u00ba, tras conocer las medidas que toma el Ayuntamiento de Daimiel para evitar la deforestaci\u00f3n, con visita incluida al propio Ayuntamiento, pusieron el colof\u00f3n a su proyecto plantando un bonito madro\u00f1o en el cole. Nosotros\/as tambi\u00e9n cuidamos nuestro ecosistema terrestre y tomamos medidas para que no sea necesario talar tantos \u00e1rboles:<\/p>\n\n\n\n<figure class=\"wp-block-image size-full is-resized\"><img loading=\"lazy\" decoding=\"async\" width=\"480\" height=\"640\" src=\"https:\/\/colecalatrava.es\/wp-content\/uploads\/2024\/05\/8a608884-472e-41b3-ba70-4988433590a9.jpg\" alt=\"\" class=\"wp-image-699\" style=\"width:286px;height:auto\" srcset=\"https:\/\/colecalatrava.es\/wp-content\/uploads\/2024\/05\/8a608884-472e-41b3-ba70-4988433590a9.jpg 480w, https:\/\/colecalatrava.es\/wp-content\/uploads\/2024\/05\/8a608884-472e-41b3-ba70-4988433590a9-225x300.jpg 225w\" sizes=\"auto, (max-width: 480px) 100vw, 480px\" \/><\/figure>\n\n\n\n<figure class=\"wp-block-image size-full\"><img loading=\"lazy\" decoding=\"async\" width=\"640\" height=\"480\" src=\"https:\/\/colecalatrava.es\/wp-content\/uploads\/2024\/05\/PHOTO-2024-04-12-09-46-49.jpg\" alt=\"\" class=\"wp-image-700\" srcset=\"https:\/\/colecalatrava.es\/wp-content\/uploads\/2024\/05\/PHOTO-2024-04-12-09-46-49.jpg 640w, https:\/\/colecalatrava.es\/wp-content\/uploads\/2024\/05\/PHOTO-2024-04-12-09-46-49-300x225.jpg 300w\" sizes=\"auto, (max-width: 640px) 100vw, 640px\" \/><\/figure>\n\n\n\n<p>Nuestros\/as alumnos\/as de 3\u00ba han realizado una manualidad con materiales reciclados. Por \u00faltimo, una mam\u00e1 ha venido a contar un cuento sobre el cambio clim\u00e1tico.<\/p>\n\n\n\n<figure class=\"wp-block-image size-large is-resized\"><img loading=\"lazy\" decoding=\"async\" width=\"576\" height=\"1024\" src=\"https:\/\/colecalatrava.es\/wp-content\/uploads\/2024\/05\/PHOTO-2024-05-06-13-49-05-576x1024.jpg\" alt=\"\" class=\"wp-image-701\" style=\"width:230px;height:auto\" srcset=\"https:\/\/colecalatrava.es\/wp-content\/uploads\/2024\/05\/PHOTO-2024-05-06-13-49-05-576x1024.jpg 576w, https:\/\/colecalatrava.es\/wp-content\/uploads\/2024\/05\/PHOTO-2024-05-06-13-49-05-169x300.jpg 169w, https:\/\/colecalatrava.es\/wp-content\/uploads\/2024\/05\/PHOTO-2024-05-06-13-49-05-768x1365.jpg 768w, https:\/\/colecalatrava.es\/wp-content\/uploads\/2024\/05\/PHOTO-2024-05-06-13-49-05-864x1536.jpg 864w, https:\/\/colecalatrava.es\/wp-content\/uploads\/2024\/05\/PHOTO-2024-05-06-13-49-05.jpg 1080w\" sizes=\"auto, (max-width: 576px) 100vw, 576px\" \/><\/figure>\n\n\n\n<figure class=\"wp-block-image size-large is-resized\"><img loading=\"lazy\" decoding=\"async\" width=\"1024\" height=\"576\" src=\"https:\/\/colecalatrava.es\/wp-content\/uploads\/2024\/05\/PHOTO-2024-05-06-13-51-09-1024x576.jpg\" alt=\"\" class=\"wp-image-702\" style=\"width:375px;height:auto\" srcset=\"https:\/\/colecalatrava.es\/wp-content\/uploads\/2024\/05\/PHOTO-2024-05-06-13-51-09-1024x576.jpg 1024w, https:\/\/colecalatrava.es\/wp-content\/uploads\/2024\/05\/PHOTO-2024-05-06-13-51-09-300x169.jpg 300w, https:\/\/colecalatrava.es\/wp-content\/uploads\/2024\/05\/PHOTO-2024-05-06-13-51-09-768x432.jpg 768w, https:\/\/colecalatrava.es\/wp-content\/uploads\/2024\/05\/PHOTO-2024-05-06-13-51-09-1536x864.jpg 1536w, https:\/\/colecalatrava.es\/wp-content\/uploads\/2024\/05\/PHOTO-2024-05-06-13-51-09.jpg 1920w\" sizes=\"auto, (max-width: 1024px) 100vw, 1024px\" \/><\/figure>\n\n\n\n<figure class=\"wp-block-image size-large is-resized\"><img loading=\"lazy\" decoding=\"async\" width=\"1024\" height=\"576\" src=\"https:\/\/colecalatrava.es\/wp-content\/uploads\/2024\/05\/PHOTO-2024-05-06-13-51-59-1024x576.jpg\" alt=\"\" class=\"wp-image-703\" style=\"width:421px;height:auto\" srcset=\"https:\/\/colecalatrava.es\/wp-content\/uploads\/2024\/05\/PHOTO-2024-05-06-13-51-59-1024x576.jpg 1024w, https:\/\/colecalatrava.es\/wp-content\/uploads\/2024\/05\/PHOTO-2024-05-06-13-51-59-300x169.jpg 300w, https:\/\/colecalatrava.es\/wp-content\/uploads\/2024\/05\/PHOTO-2024-05-06-13-51-59-768x432.jpg 768w, https:\/\/colecalatrava.es\/wp-content\/uploads\/2024\/05\/PHOTO-2024-05-06-13-51-59-1536x864.jpg 1536w, https:\/\/colecalatrava.es\/wp-content\/uploads\/2024\/05\/PHOTO-2024-05-06-13-51-59.jpg 1920w\" sizes=\"auto, (max-width: 1024px) 100vw, 1024px\" \/><\/figure>\n\n\n\n<p>Los grupos de 4\u00ba han trabajado sobre los pa\u00edses m\u00e1s y menos contaminantes, realizando un poster gigante con ellos\/as:<\/p>\n\n\n\n<p><\/p>\n\n\n\n<figure class=\"wp-block-image size-large is-resized\"><img loading=\"lazy\" decoding=\"async\" width=\"1024\" height=\"768\" src=\"https:\/\/colecalatrava.es\/wp-content\/uploads\/2024\/05\/PHOTO-2024-04-12-09-45-18-1-1024x768.jpg\" alt=\"\" class=\"wp-image-704\" style=\"width:431px;height:auto\" srcset=\"https:\/\/colecalatrava.es\/wp-content\/uploads\/2024\/05\/PHOTO-2024-04-12-09-45-18-1-1024x768.jpg 1024w, https:\/\/colecalatrava.es\/wp-content\/uploads\/2024\/05\/PHOTO-2024-04-12-09-45-18-1-300x225.jpg 300w, https:\/\/colecalatrava.es\/wp-content\/uploads\/2024\/05\/PHOTO-2024-04-12-09-45-18-1-768x576.jpg 768w, https:\/\/colecalatrava.es\/wp-content\/uploads\/2024\/05\/PHOTO-2024-04-12-09-45-18-1-1536x1152.jpg 1536w, https:\/\/colecalatrava.es\/wp-content\/uploads\/2024\/05\/PHOTO-2024-04-12-09-45-18-1.jpg 1600w\" sizes=\"auto, (max-width: 1024px) 100vw, 1024px\" \/><\/figure>\n\n\n\n<figure class=\"wp-block-image size-large is-resized\"><img loading=\"lazy\" decoding=\"async\" width=\"1024\" height=\"768\" src=\"https:\/\/colecalatrava.es\/wp-content\/uploads\/2024\/05\/PHOTO-2024-04-12-09-45-17-1024x768.jpg\" alt=\"\" class=\"wp-image-705\" style=\"width:451px;height:auto\" srcset=\"https:\/\/colecalatrava.es\/wp-content\/uploads\/2024\/05\/PHOTO-2024-04-12-09-45-17-1024x768.jpg 1024w, https:\/\/colecalatrava.es\/wp-content\/uploads\/2024\/05\/PHOTO-2024-04-12-09-45-17-300x225.jpg 300w, https:\/\/colecalatrava.es\/wp-content\/uploads\/2024\/05\/PHOTO-2024-04-12-09-45-17-768x576.jpg 768w, https:\/\/colecalatrava.es\/wp-content\/uploads\/2024\/05\/PHOTO-2024-04-12-09-45-17-1536x1152.jpg 1536w, https:\/\/colecalatrava.es\/wp-content\/uploads\/2024\/05\/PHOTO-2024-04-12-09-45-17.jpg 1600w\" sizes=\"auto, (max-width: 1024px) 100vw, 1024px\" \/><\/figure>\n\n\n\n<p>En 5\u00ba han trabajado en torno a \u00abPOBREZA VS CONSUMISMO\u00bb:<\/p>\n\n\n\n<figure class=\"wp-block-image size-full is-resized\"><img loading=\"lazy\" decoding=\"async\" width=\"640\" height=\"480\" src=\"https:\/\/colecalatrava.es\/wp-content\/uploads\/2024\/05\/PHOTO-2024-04-12-09-46-30.jpg\" alt=\"\" class=\"wp-image-706\" style=\"width:373px;height:auto\" srcset=\"https:\/\/colecalatrava.es\/wp-content\/uploads\/2024\/05\/PHOTO-2024-04-12-09-46-30.jpg 640w, https:\/\/colecalatrava.es\/wp-content\/uploads\/2024\/05\/PHOTO-2024-04-12-09-46-30-300x225.jpg 300w\" sizes=\"auto, (max-width: 640px) 100vw, 640px\" \/><\/figure>\n\n\n\n<figure class=\"wp-block-image size-full is-resized\"><img loading=\"lazy\" decoding=\"async\" width=\"640\" height=\"480\" src=\"https:\/\/colecalatrava.es\/wp-content\/uploads\/2024\/05\/PHOTO-2024-04-12-09-46-21.jpg\" alt=\"\" class=\"wp-image-707\" style=\"width:392px;height:auto\" srcset=\"https:\/\/colecalatrava.es\/wp-content\/uploads\/2024\/05\/PHOTO-2024-04-12-09-46-21.jpg 640w, https:\/\/colecalatrava.es\/wp-content\/uploads\/2024\/05\/PHOTO-2024-04-12-09-46-21-300x225.jpg 300w\" sizes=\"auto, (max-width: 640px) 100vw, 640px\" \/><\/figure>\n\n\n\n<p>Y por \u00faltimo, 6\u00ba ha trabajado en torno al ODS de la salud y las vacunas. Realizaron una salida al entorno para observar el estado del medio ambiente y su influencia en la salud (pasado, presente y futuro). Realizaron una lluvia de ideas enfocada hacia la necesidad de cuidar el medio ambiente y su repercusi\u00f3n en la salud; enfermedades de antes y ahora y las vacunas para reducir enfermedades y mejorar el bienestar:<\/p>\n\n\n\n<figure class=\"wp-block-image size-large is-resized\"><img loading=\"lazy\" decoding=\"async\" width=\"1024\" height=\"768\" src=\"https:\/\/colecalatrava.es\/wp-content\/uploads\/2024\/05\/PHOTO-2024-04-16-07-42-02-1024x768.jpg\" alt=\"\" class=\"wp-image-708\" style=\"width:419px;height:auto\" srcset=\"https:\/\/colecalatrava.es\/wp-content\/uploads\/2024\/05\/PHOTO-2024-04-16-07-42-02-1024x768.jpg 1024w, https:\/\/colecalatrava.es\/wp-content\/uploads\/2024\/05\/PHOTO-2024-04-16-07-42-02-300x225.jpg 300w, https:\/\/colecalatrava.es\/wp-content\/uploads\/2024\/05\/PHOTO-2024-04-16-07-42-02-768x576.jpg 768w, https:\/\/colecalatrava.es\/wp-content\/uploads\/2024\/05\/PHOTO-2024-04-16-07-42-02-1536x1152.jpg 1536w, https:\/\/colecalatrava.es\/wp-content\/uploads\/2024\/05\/PHOTO-2024-04-16-07-42-02.jpg 2000w\" sizes=\"auto, (max-width: 1024px) 100vw, 1024px\" \/><\/figure>\n\n\n\n<figure class=\"wp-block-image size-large is-resized\"><img loading=\"lazy\" decoding=\"async\" width=\"1024\" height=\"768\" src=\"https:\/\/colecalatrava.es\/wp-content\/uploads\/2024\/05\/PHOTO-2024-04-16-07-42-04-1024x768.jpg\" alt=\"\" class=\"wp-image-709\" style=\"width:453px;height:auto\" srcset=\"https:\/\/colecalatrava.es\/wp-content\/uploads\/2024\/05\/PHOTO-2024-04-16-07-42-04-1024x768.jpg 1024w, https:\/\/colecalatrava.es\/wp-content\/uploads\/2024\/05\/PHOTO-2024-04-16-07-42-04-300x225.jpg 300w, https:\/\/colecalatrava.es\/wp-content\/uploads\/2024\/05\/PHOTO-2024-04-16-07-42-04-768x576.jpg 768w, https:\/\/colecalatrava.es\/wp-content\/uploads\/2024\/05\/PHOTO-2024-04-16-07-42-04-1536x1152.jpg 1536w, https:\/\/colecalatrava.es\/wp-content\/uploads\/2024\/05\/PHOTO-2024-04-16-07-42-04.jpg 2000w\" sizes=\"auto, (max-width: 1024px) 100vw, 1024px\" \/><\/figure>\n\n\n\n<p><\/p>\n\n\n\n<p>Aqu\u00ed os dejamos algunos de los trabajos de nuestros\/as alumnos\/as sobre los ODS en el <strong><mark style=\"background-color:rgba(0, 0, 0, 0)\" class=\"has-inline-color has-vivid-cyan-blue-color\">1\u00ba trimestre<\/mark><\/strong>:<\/p>\n\n\n\n<p><\/p>\n\n\n\n<p>En 1\u00ba y 2\u00ba han trabajado de manera conjunta, repartiendo los ODS con el fin de elaborar un trabajo por equipos en el que se representan a trav\u00e9s de dibujos acompa\u00f1ados de un c\u00f3digo QR que te lleva a la exposici\u00f3n que hacen los ni\u00f1os de cada uno de ellos.<\/p>\n\n\n\n<figure class=\"wp-block-image size-full\"><img loading=\"lazy\" decoding=\"async\" width=\"640\" height=\"369\" src=\"https:\/\/colecalatrava.es\/wp-content\/uploads\/2024\/02\/1.png\" alt=\"\" class=\"wp-image-447\" srcset=\"https:\/\/colecalatrava.es\/wp-content\/uploads\/2024\/02\/1.png 640w, https:\/\/colecalatrava.es\/wp-content\/uploads\/2024\/02\/1-300x173.png 300w\" sizes=\"auto, (max-width: 640px) 100vw, 640px\" \/><\/figure>\n\n\n\n<p>Los grupos de 3\u00ba han elaborado un juego de cartas en el que hay que asociar la imagen del ODS con su nombre.<\/p>\n\n\n\n<figure class=\"wp-block-image size-full\"><img loading=\"lazy\" decoding=\"async\" width=\"640\" height=\"369\" src=\"https:\/\/colecalatrava.es\/wp-content\/uploads\/2024\/02\/3.png\" alt=\"\" class=\"wp-image-448\" srcset=\"https:\/\/colecalatrava.es\/wp-content\/uploads\/2024\/02\/3.png 640w, https:\/\/colecalatrava.es\/wp-content\/uploads\/2024\/02\/3-300x173.png 300w\" sizes=\"auto, (max-width: 640px) 100vw, 640px\" \/><\/figure>\n\n\n\n<p>En 4\u00ba se han familiarizado con las im\u00e1genes que identifican cada ODS y han realizado diferentes juegos en el panel digital para familiarizarse con ellos. Por equipos han elaborado murales sobre el cambio clim\u00e1tico, para su posterior presentaci\u00f3n al resto de compa\u00f1eros\/as.<\/p>\n\n\n\n<figure class=\"wp-block-image size-full\"><img loading=\"lazy\" decoding=\"async\" width=\"640\" height=\"360\" src=\"https:\/\/colecalatrava.es\/wp-content\/uploads\/2024\/02\/4.png\" alt=\"\" class=\"wp-image-449\" srcset=\"https:\/\/colecalatrava.es\/wp-content\/uploads\/2024\/02\/4.png 640w, https:\/\/colecalatrava.es\/wp-content\/uploads\/2024\/02\/4-300x169.png 300w\" sizes=\"auto, (max-width: 640px) 100vw, 640px\" \/><\/figure>\n\n\n\n<p>Los grupos de 5\u00ba han trabajado con grupos heterog\u00e9neos, primero conociendo los diferentes ODS a trav\u00e9s de v\u00eddeos e investigando sobre ellos. Cada grupo investig\u00f3 2 o 3 de ellos para luego ponerlo en com\u00fan. Decidieron que el trabajo final ser\u00eda en forma de edificaciones alrededor de la Plaza de los ODS. Estos edificios son los propios ODS.<\/p>\n\n\n\n<figure class=\"wp-block-image size-full\"><img loading=\"lazy\" decoding=\"async\" width=\"640\" height=\"371\" src=\"https:\/\/colecalatrava.es\/wp-content\/uploads\/2024\/02\/5.png\" alt=\"\" class=\"wp-image-450\" srcset=\"https:\/\/colecalatrava.es\/wp-content\/uploads\/2024\/02\/5.png 640w, https:\/\/colecalatrava.es\/wp-content\/uploads\/2024\/02\/5-300x174.png 300w\" sizes=\"auto, (max-width: 640px) 100vw, 640px\" \/><\/figure>\n\n\n\n<p>El alumnado de 6\u00ba ha elaborado por equipos \u00abdobles c\u00edrculos\u00bb en los que al girar la parte superior se van mostrando los distintos ODS. Todo ello ha ido acompa\u00f1ado de v\u00eddeos, redacciones y puestas en com\u00fan.<\/p>\n\n\n\n<figure class=\"wp-block-image size-full\"><img loading=\"lazy\" decoding=\"async\" width=\"640\" height=\"369\" src=\"https:\/\/colecalatrava.es\/wp-content\/uploads\/2024\/02\/6.png\" alt=\"\" class=\"wp-image-451\" srcset=\"https:\/\/colecalatrava.es\/wp-content\/uploads\/2024\/02\/6.png 640w, https:\/\/colecalatrava.es\/wp-content\/uploads\/2024\/02\/6-300x173.png 300w\" sizes=\"auto, (max-width: 640px) 100vw, 640px\" \/><\/figure>\n\n\n\n<p>Para terminar este <strong><mark style=\"background-color:rgba(0, 0, 0, 0)\" class=\"has-inline-color has-vivid-cyan-blue-color\">3\u00ba TRIMESTRE<\/mark><\/strong>, nuestro alumnado ha hecho los siguientes trabajos:<\/p>\n\n\n\n<p>En 5\u00ba han realizado estos trabajos sobre las energ\u00edas&#8230;<\/p>\n\n\n\n<figure class=\"wp-block-image size-large is-resized\"><img loading=\"lazy\" decoding=\"async\" width=\"768\" height=\"1024\" src=\"https:\/\/colecalatrava.es\/wp-content\/uploads\/2024\/07\/PHOTO-2024-06-28-10-17-04-768x1024.jpg\" alt=\"\" class=\"wp-image-828\" style=\"width:507px;height:auto\" srcset=\"https:\/\/colecalatrava.es\/wp-content\/uploads\/2024\/07\/PHOTO-2024-06-28-10-17-04-768x1024.jpg 768w, https:\/\/colecalatrava.es\/wp-content\/uploads\/2024\/07\/PHOTO-2024-06-28-10-17-04-225x300.jpg 225w, https:\/\/colecalatrava.es\/wp-content\/uploads\/2024\/07\/PHOTO-2024-06-28-10-17-04-1152x1536.jpg 1152w, https:\/\/colecalatrava.es\/wp-content\/uploads\/2024\/07\/PHOTO-2024-06-28-10-17-04.jpg 1200w\" sizes=\"auto, (max-width: 768px) 100vw, 768px\" \/><\/figure>\n\n\n\n<p><\/p>\n\n\n\n<figure class=\"wp-block-image size-large is-resized\"><img loading=\"lazy\" decoding=\"async\" width=\"768\" height=\"1024\" src=\"https:\/\/colecalatrava.es\/wp-content\/uploads\/2024\/07\/PHOTO-2024-06-28-10-17-05-768x1024.jpg\" alt=\"\" class=\"wp-image-829\" style=\"width:509px;height:auto\" srcset=\"https:\/\/colecalatrava.es\/wp-content\/uploads\/2024\/07\/PHOTO-2024-06-28-10-17-05-768x1024.jpg 768w, https:\/\/colecalatrava.es\/wp-content\/uploads\/2024\/07\/PHOTO-2024-06-28-10-17-05-225x300.jpg 225w, https:\/\/colecalatrava.es\/wp-content\/uploads\/2024\/07\/PHOTO-2024-06-28-10-17-05-1152x1536.jpg 1152w, https:\/\/colecalatrava.es\/wp-content\/uploads\/2024\/07\/PHOTO-2024-06-28-10-17-05.jpg 1200w\" sizes=\"auto, (max-width: 768px) 100vw, 768px\" \/><\/figure>\n\n\n\n<p><\/p>\n\n\n\n<p>Los cuartos han trabajado sobre la contaminaci\u00f3n y el cuidado del planeta Tierra&#8230;<\/p>\n\n\n\n<figure class=\"wp-block-image size-large is-resized\"><img loading=\"lazy\" decoding=\"async\" width=\"1024\" height=\"768\" src=\"https:\/\/colecalatrava.es\/wp-content\/uploads\/2024\/07\/PHOTO-2024-06-28-09-08-56-1024x768.jpg\" alt=\"\" class=\"wp-image-834\" style=\"width:693px;height:auto\" srcset=\"https:\/\/colecalatrava.es\/wp-content\/uploads\/2024\/07\/PHOTO-2024-06-28-09-08-56-1024x768.jpg 1024w, https:\/\/colecalatrava.es\/wp-content\/uploads\/2024\/07\/PHOTO-2024-06-28-09-08-56-300x225.jpg 300w, https:\/\/colecalatrava.es\/wp-content\/uploads\/2024\/07\/PHOTO-2024-06-28-09-08-56-768x576.jpg 768w, https:\/\/colecalatrava.es\/wp-content\/uploads\/2024\/07\/PHOTO-2024-06-28-09-08-56-1536x1152.jpg 1536w, https:\/\/colecalatrava.es\/wp-content\/uploads\/2024\/07\/PHOTO-2024-06-28-09-08-56.jpg 1600w\" sizes=\"auto, (max-width: 1024px) 100vw, 1024px\" \/><\/figure>\n\n\n\n<p>Los grupos de 2\u00ba han trabajado sobre el cambio clim\u00e1tico a trav\u00e9s de la pel\u00edcula \u00abWall-E\u00bb. Han hecho un juego de parejas de los ODS.<\/p>\n\n\n\n<figure class=\"wp-block-image size-large is-resized\"><img loading=\"lazy\" decoding=\"async\" width=\"1024\" height=\"472\" src=\"https:\/\/colecalatrava.es\/wp-content\/uploads\/2024\/07\/PHOTO-2024-06-28-10-17-06-1024x472.jpg\" alt=\"\" class=\"wp-image-830\" style=\"width:666px;height:auto\" srcset=\"https:\/\/colecalatrava.es\/wp-content\/uploads\/2024\/07\/PHOTO-2024-06-28-10-17-06-1024x472.jpg 1024w, https:\/\/colecalatrava.es\/wp-content\/uploads\/2024\/07\/PHOTO-2024-06-28-10-17-06-300x138.jpg 300w, https:\/\/colecalatrava.es\/wp-content\/uploads\/2024\/07\/PHOTO-2024-06-28-10-17-06-768x354.jpg 768w, https:\/\/colecalatrava.es\/wp-content\/uploads\/2024\/07\/PHOTO-2024-06-28-10-17-06-1536x708.jpg 1536w, https:\/\/colecalatrava.es\/wp-content\/uploads\/2024\/07\/PHOTO-2024-06-28-10-17-06.jpg 1600w\" sizes=\"auto, (max-width: 1024px) 100vw, 1024px\" \/><\/figure>\n\n\n\n<figure class=\"wp-block-image size-large is-resized\"><img loading=\"lazy\" decoding=\"async\" width=\"1024\" height=\"768\" src=\"https:\/\/colecalatrava.es\/wp-content\/uploads\/2024\/07\/PHOTO-2024-06-28-10-19-46-1024x768.jpg\" alt=\"\" class=\"wp-image-831\" style=\"width:419px;height:auto\" srcset=\"https:\/\/colecalatrava.es\/wp-content\/uploads\/2024\/07\/PHOTO-2024-06-28-10-19-46-1024x768.jpg 1024w, https:\/\/colecalatrava.es\/wp-content\/uploads\/2024\/07\/PHOTO-2024-06-28-10-19-46-300x225.jpg 300w, https:\/\/colecalatrava.es\/wp-content\/uploads\/2024\/07\/PHOTO-2024-06-28-10-19-46-768x576.jpg 768w, https:\/\/colecalatrava.es\/wp-content\/uploads\/2024\/07\/PHOTO-2024-06-28-10-19-46-1536x1152.jpg 1536w, https:\/\/colecalatrava.es\/wp-content\/uploads\/2024\/07\/PHOTO-2024-06-28-10-19-46.jpg 1600w\" sizes=\"auto, (max-width: 1024px) 100vw, 1024px\" \/><\/figure>\n\n\n\n<figure class=\"wp-block-image size-large is-resized\"><img loading=\"lazy\" decoding=\"async\" width=\"1024\" height=\"580\" src=\"https:\/\/colecalatrava.es\/wp-content\/uploads\/2024\/07\/PHOTO-2024-06-28-10-19-47-1024x580.jpg\" alt=\"\" class=\"wp-image-833\" style=\"width:540px;height:auto\" srcset=\"https:\/\/colecalatrava.es\/wp-content\/uploads\/2024\/07\/PHOTO-2024-06-28-10-19-47-1024x580.jpg 1024w, https:\/\/colecalatrava.es\/wp-content\/uploads\/2024\/07\/PHOTO-2024-06-28-10-19-47-300x170.jpg 300w, https:\/\/colecalatrava.es\/wp-content\/uploads\/2024\/07\/PHOTO-2024-06-28-10-19-47-768x435.jpg 768w, https:\/\/colecalatrava.es\/wp-content\/uploads\/2024\/07\/PHOTO-2024-06-28-10-19-47-1536x870.jpg 1536w, https:\/\/colecalatrava.es\/wp-content\/uploads\/2024\/07\/PHOTO-2024-06-28-10-19-47.jpg 1600w\" sizes=\"auto, (max-width: 1024px) 100vw, 1024px\" \/><\/figure>\n","protected":false},"excerpt":{"rendered":"<p>En las sesiones de \u00abProyecto de Centro\u00bb trabajamos desde la metodolog\u00eda STEAM, enfocada en el desarrollo de los ODS (Objetivos de Desarrollo Sostenible de la Agenda 2030). Aunque tienen un nombre un poco confuso, son conocidos por todos. Aqu\u00ed los ten\u00e9is&#8230; Para ello, se ha creado el \u00abAula Activa\u00bb, destinada al desarrollo de estas sesiones, [&hellip;]<\/p>\n","protected":false},"author":1,"featured_media":0,"parent":0,"menu_order":0,"comment_status":"closed","ping_status":"closed","template":"","meta":{"footnotes":""},"class_list":["post-428","page","type-page","status-publish","hentry"],"_links":{"self":[{"href":"https:\/\/colecalatrava.es\/index.php?rest_route=\/wp\/v2\/pages\/428","targetHints":{"allow":["GET"]}}],"collection":[{"href":"https:\/\/colecalatrava.es\/index.php?rest_route=\/wp\/v2\/pages"}],"about":[{"href":"https:\/\/colecalatrava.es\/index.php?rest_route=\/wp\/v2\/types\/page"}],"author":[{"embeddable":true,"href":"https:\/\/colecalatrava.es\/index.php?rest_route=\/wp\/v2\/users\/1"}],"replies":[{"embeddable":true,"href":"https:\/\/colecalatrava.es\/index.php?rest_route=%2Fwp%2Fv2%2Fcomments&post=428"}],"version-history":[{"count":11,"href":"https:\/\/colecalatrava.es\/index.php?rest_route=\/wp\/v2\/pages\/428\/revisions"}],"predecessor-version":[{"id":2090,"href":"https:\/\/colecalatrava.es\/index.php?rest_route=\/wp\/v2\/pages\/428\/revisions\/2090"}],"wp:attachment":[{"href":"https:\/\/colecalatrava.es\/index.php?rest_route=%2Fwp%2Fv2%2Fmedia&parent=428"}],"curies":[{"name":"wp","href":"https:\/\/api.w.org\/{rel}","templated":true}]}}